{"id":98441,"date":"2019-01-28T09:44:04","date_gmt":"2019-01-28T08:44:04","guid":{"rendered":"https:\/\/www.green-solutions.info\/ultimas-noticias\/"},"modified":"2025-02-15T14:46:53","modified_gmt":"2025-02-15T13:46:53","slug":"ultimas-noticias","status":"publish","type":"page","link":"https:\/\/www.green-solutions.info\/pt-br\/ultimas-noticias\/","title":{"rendered":"\u00daltimas not\u00edcias"},"content":{"rendered":"<div class=\"wpb-content-wrapper\"><p>[vc_row full_width=&#8221;stretch_row_content_no_spaces&#8221; equal_height=&#8221;yes&#8221; css=&#8221;.vc_custom_1548442690034{margin-bottom: 0px !important;padding-bottom: 0px !important;}&#8221;][vc_column disable_custom_paddings_mobile=&#8221;true&#8221; css=&#8221;.vc_custom_1554373630288{padding-right: 190px !important;padding-left: 70px !important;background: #323236 url(https:\/\/www.green-solutions.info\/wp-content\/uploads\/2019\/04\/OurBlogTitle.png?id=1917) !important;background-position: center !important;background-repeat: no-repeat !important;background-size: contain !important;}&#8221; offset=&#8221;vc_col-md-6 vc_col-sm-offset-0&#8243; el_class=&#8221;verticalPageTitle&#8221;]<div class=\"clearboth\"><\/div><style>#thegem-divider-69ee3319c640d {margin-top: 85px !important;}<\/style><div id=\"thegem-divider-69ee3319c640d\" class=\"gem-divider  \" style=\"\" ><\/div><div class=\"clearboth\"><\/div><style>#thegem-divider-69ee3319c648d {margin-top: 270px !important;}<\/style><div id=\"thegem-divider-69ee3319c648d\" class=\"gem-divider  divider-hidden\" style=\"\" ><\/div>[vc_column_text css=&#8221;&#8221; css_animation=&#8221;bottom-to-top&#8221;]<\/p>\n<div class=\"title-xlarge\"><span style=\"color: #83bc1a;\"><br \/>Mantenha-se atualizado<span style=\"color: #ffffff;\">Nossas not\u00edcias.<\/span><\/span><\/div>\n<p>[\/vc_column_text]<div class=\"clearboth\"><\/div><style>#thegem-divider-69ee3319c64c6 {margin-top: 40px !important;}<\/style><div id=\"thegem-divider-69ee3319c64c6\" class=\"gem-divider  \" style=\"\" ><\/div>[vc_column_text css=&#8221;&#8221; css_animation=&#8221;bottom-to-top&#8221;]<\/p>\n<div class=\"styled-subtitle\"><span style=\"color: #ffffff;\">Manteremos voc\u00ea atualizado.<\/span><\/div>\n<p>[\/vc_column_text]<div class=\"clearboth\"><\/div><style>#thegem-divider-69ee3319c64f9 {margin-top: 90px !important;}<\/style><div id=\"thegem-divider-69ee3319c64f9\" class=\"gem-divider  \" style=\"\" ><\/div>[\/vc_column][vc_column css=&#8221;.vc_custom_1736111390297{background-image: url(https:\/\/www.green-solutions.info\/wp-content\/uploads\/2025\/01\/news.jpg?id=80487) !important;background-position: center !important;background-repeat: no-repeat !important;background-size: cover !important;}&#8221; offset=&#8221;vc_col-md-6&#8243;]<div class=\"clearboth\"><\/div><style>#thegem-divider-69ee3319c6534 {margin-top: 500px !important;}<\/style><div id=\"thegem-divider-69ee3319c6534\" class=\"gem-divider  \" style=\"\" ><\/div>[\/vc_column][\/vc_row][vc_row][vc_column]<div class=\"clearboth\"><\/div><style>#thegem-divider-69ee3319c6563 {margin-top: 60px !important;}<\/style><div id=\"thegem-divider-69ee3319c6563\" class=\"gem-divider  divider-hidden\" style=\"\" ><\/div>[\/vc_column][\/vc_row][vc_row full_width=&#8221;stretch_row_content&#8221; css=&#8221;.vc_custom_1736689362405{margin-top: 0px !important;margin-bottom: 0px !important;padding-top: 0px !important;padding-bottom: 0px !important;background-color: #f0f3f2 !important;}&#8221;][vc_column css=&#8221;.vc_custom_1554732108115{margin-top: 0px !important;margin-bottom: 0px !important;padding-top: 0px !important;padding-bottom: 0px !important;}&#8221;]<style>.portfolio.news-grid#style-d458646 .portfolio-item:not(.size-item), .preloader#style-preloader-d458646 .portfolio-item { padding: calc(20px\/2) !important; }.portfolio.news-grid#style-d458646 .portfolio-item.size-item { padding: 0 calc(20px\/2) !important; }.portfolio.news-grid#style-d458646 .portfolio-row, .preloader#style-preloader-d458646 .skeleton-posts.portfolio-row { margin: calc(-20px\/2); }.portfolio.news-grid#style-d458646.fullwidth-columns .portfolio-row { margin: calc(-20px\/2) 0; }.portfolio.news-grid#style-d458646 .fullwidth-block:not(.no-paddings) { padding-left: 20px; padding-right: 20px; }.portfolio.news-grid#style-d458646 .fullwidth-block .portfolio-row { padding-left: calc(20px\/2); padding-right: calc(20px\/2); }.portfolio.news-grid#style-d458646 .fullwidth-block .portfolio-top-panel { padding-left: 20px; padding-right: 20px; }.portfolio.news-grid#style-d458646.fullwidth-columns .with-filter-sidebar .filter-sidebar { padding-left: 20px; }.portfolio.news-grid#style-d458646.list-style.with-divider .portfolio-item .wrap:before { top: calc(-20px\/2); }@media (max-width: 991px) { .portfolio.news-grid#style-d458646 .portfolio-item:not(.size-item), .preloader#style-preloader-d458646 .portfolio-item { padding: calc(42px\/2) !important; }.portfolio.news-grid#style-d458646 .portfolio-item.size-item { padding: 0 calc(42px\/2) !important; }.portfolio.news-grid#style-d458646 .portfolio-row, .preloader#style-preloader-d458646 .skeleton-posts.portfolio-row { margin: calc(-42px\/2); }.portfolio.news-grid#style-d458646.fullwidth-columns .portfolio-row { margin: calc(-42px\/2) 0; }.portfolio.news-grid#style-d458646 .fullwidth-block:not(.no-paddings) { padding-left: 42px; padding-right: 42px; }.portfolio.news-grid#style-d458646 .fullwidth-block .portfolio-row { padding-left: calc(42px\/2); padding-right: calc(42px\/2); }.portfolio.news-grid#style-d458646 .fullwidth-block .portfolio-top-panel { padding-left: 42px; padding-right: 42px; }.portfolio.news-grid#style-d458646.fullwidth-columns .with-filter-sidebar .filter-sidebar { padding-left: 42px; }.portfolio.news-grid#style-d458646.list-style.with-divider .portfolio-item .wrap:before { top: calc(-42px\/2); }}@media (max-width: 767px) { .portfolio.news-grid#style-d458646 .portfolio-item:not(.size-item), .preloader#style-preloader-d458646 .portfolio-item { padding: calc(42px\/2) !important; }.portfolio.news-grid#style-d458646 .portfolio-item.size-item { padding: 0 calc(42px\/2) !important; }.portfolio.news-grid#style-d458646 .portfolio-row, .preloader#style-preloader-d458646 .skeleton-posts.portfolio-row { margin: calc(-42px\/2); }.portfolio.news-grid#style-d458646.fullwidth-columns .portfolio-row { margin: calc(-42px\/2) 0; }.portfolio.news-grid#style-d458646 .fullwidth-block:not(.no-paddings) { padding-left: 42px; padding-right: 42px; }.portfolio.news-grid#style-d458646 .fullwidth-block .portfolio-row { padding-left: calc(42px\/2); padding-right: calc(42px\/2); }.portfolio.news-grid#style-d458646 .fullwidth-block .portfolio-top-panel { padding-left: 42px; padding-right: 42px; }.portfolio.news-grid#style-d458646.fullwidth-columns .with-filter-sidebar .filter-sidebar { padding-left: 42px; }.portfolio.news-grid#style-d458646.list-style.with-divider .portfolio-item .wrap:before { top: calc(-42px\/2); }}.portfolio.news-grid#style-d458646 .portfolio-item .caption .title span { letter-spacing: px !important; }<\/style><style>.portfolio.news-grid#style-d458646 .portfolio-filters { text-align: center; }<\/style><div id=\"style-preloader-d458646\" class=\"preloader save-space\"><div class=\"preloader-spin\"><\/div><\/div> <div class=\"portfolio-preloader-wrapper panel-sidebar-position-left\"> <div class=\"portfolio portfolio-grid extended-portfolio-grid news-grid no-padding portfolio-pagination-scroll portfolio-style-justified background-style-transparent title-style-light hover-default-default title-on-hover caption-position-hover version-default loading-animation item-animation-move-up fullwidth-columns fullwidth-columns-5 hover-title columns-tablet-2 columns-mobile-1 disable-isotope next-page-preloading \" id=\"style-d458646\" data-style-uid=\"d458646\" data-portfolio-uid=\"grid_4bb0e6e1\" data-current-page=\"1\" data-per-page=\"24\" data-next-page=\"2\" data-pages-count=\"8\" data-hover=\"default\" data-portfolio-filter=\"[]\" data-portfolio-filter-attributes=\"null\" data-portfolio-filter-status=\"null\" data-portfolio-filter-price=\"null\" data-portfolio-filter-search=\"\"> <div class=\"portfolio-row-outer fullwidth-block fullwidth-block-69ee3319cd8ad no-paddings\"> <div class=\"portfolio-top-panel selected-only\"> <div class=\"portfolio-filter-item portfolio-selected-filters left\"> <div class=\"portfolio-selected-filter-item clear-filters\"> Clear Filters\t<\/div> <\/div> <\/div> <div class=\"row portfolio-row\"> <div class=\"portfolio-set clearfix\" data-max-row-height=\"380\"> <div class=\"portfolio-item arquivo-de-noticias pagina-inicial tourinfra-pt-br col-xs-12 col-sm-6 columns-desktop-5 item-animations-not-inited post-hide-date appearance-type- post-102577 post type-post status-publish format-standard has-post-thumbnail category-arquivo-de-noticias category-pagina-inicial category-tourinfra-pt-br\" data-default-sort=\"242\" data-sort-date=\"1755119833\"> <div class=\"wrap clearfix\"> <div class=\"image post-102577 post type-post status-publish format-standard has-post-thumbnail category-arquivo-de-noticias category-pagina-inicial category-tourinfra-pt-br\"> <div class=\"image-inner \"> <picture> <img src=\"https:\/\/www.green-solutions.info\/wp-content\/uploads\/2026\/04\/transparent-thegem-product-justified-square-m.png\" width=\"400\" height=\"400\" class=\"attachment-thegem-product-justified-square-m\" alt=\"A Grafschaft Bentheim conta com a tourinfra para o transporte de bicicletas\" \/> <\/picture> <div class=\"post-featured-content\"><a href=\"https:\/\/www.green-solutions.info\/pt-br\/a-grafschaft-bentheim-conta-com-a-tourinfra-para-o-transporte-de-bicicletas\/\"> <picture> <source srcset=\"https:\/\/www.green-solutions.info\/wp-content\/uploads\/2025\/08\/logo_beitrag-thegem-product-justified-square-m.png 1x\" sizes=\"100vw\"> <img src=\"https:\/\/www.green-solutions.info\/wp-content\/uploads\/2025\/08\/logo_beitrag-thegem-product-justified-square-m.png\" width=\"400\" height=\"400\" class=\"img-responsive\" alt=\"logo_beitrag\" \/> <\/picture> <\/a><\/div> <\/div> <div class=\"overlay\"> <div class=\"overlay-circle\"><\/div> <div class=\"links-wrapper\"> <div class=\"links\"> <div class=\"caption\"> <a href=\"https:\/\/www.green-solutions.info\/pt-br\/a-grafschaft-bentheim-conta-com-a-tourinfra-para-o-transporte-de-bicicletas\/\" class=\"portfolio-item-link\"> <span class=\"screen-reader-text\">A Grafschaft Bentheim conta com a tourinfra para o transporte de bicicletas<\/span> <\/a> <div class=\"slide-content\"> <div class=\"slide-content-visible\"> <div class=\"title\"> <span class=\"title-h5 \">A Grafschaft Bentheim conta com a tourinfra para o transporte de bicicletas<\/span> <\/div> <\/div> <div class=\"slide-content-hidden\"> <div class=\"description\"> <div class=\"subtitle\"> <span class=\"text-body\"><p>A Grafschaft Bentheim conta com a tourinfra<\/p>\n<\/span> <\/div> <\/div> <\/div> <\/div> <\/div> <\/div> <\/div> <\/div> <\/div> <\/div> <\/div> <div class=\"portfolio-item arquivo-de-noticias pagina-inicial referencias col-xs-12 col-sm-6 columns-desktop-5 item-animations-not-inited post-hide-date appearance-type- post-102431 post type-post status-publish format-standard has-post-thumbnail category-arquivo-de-noticias category-pagina-inicial category-referencias\" data-default-sort=\"242\" data-sort-date=\"1747931794\"> <div class=\"wrap clearfix\"> <div class=\"image post-102431 post type-post status-publish format-standard has-post-thumbnail category-arquivo-de-noticias category-pagina-inicial category-referencias\"> <div class=\"image-inner \"> <picture> <img src=\"https:\/\/www.green-solutions.info\/wp-content\/uploads\/2026\/04\/transparent-thegem-product-justified-square-m.png\" width=\"400\" height=\"400\" class=\"attachment-thegem-product-justified-square-m\" alt=\"O gerenciamento de QM no Chiemgau Rad &amp; MTB est\u00e1 ativo e em execu\u00e7\u00e3o\" \/> <\/picture> <div class=\"post-featured-content\"><a href=\"https:\/\/www.green-solutions.info\/pt-br\/o-gerenciamento-de-qm-no-chiemgau-rad-mtb-esta-ativo-e-em-execucao\/\"> <picture> <source srcset=\"https:\/\/www.green-solutions.info\/wp-content\/uploads\/2025\/05\/WEB_QM_Beitrag-thegem-product-justified-square-m.jpg 1x\" sizes=\"100vw\"> <img src=\"https:\/\/www.green-solutions.info\/wp-content\/uploads\/2025\/05\/WEB_QM_Beitrag-thegem-product-justified-square-m.jpg\" width=\"400\" height=\"400\" class=\"img-responsive\" alt=\"WEB_QM_Beitrag\" \/> <\/picture> <\/a><\/div> <\/div> <div class=\"overlay\"> <div class=\"overlay-circle\"><\/div> <div class=\"links-wrapper\"> <div class=\"links\"> <div class=\"caption\"> <a href=\"https:\/\/www.green-solutions.info\/pt-br\/o-gerenciamento-de-qm-no-chiemgau-rad-mtb-esta-ativo-e-em-execucao\/\" class=\"portfolio-item-link\"> <span class=\"screen-reader-text\">O gerenciamento de QM no Chiemgau Rad &amp; MTB est\u00e1 ativo e em execu\u00e7\u00e3o<\/span> <\/a> <div class=\"slide-content\"> <div class=\"slide-content-visible\"> <div class=\"title\"> <span class=\"title-h5 \">O gerenciamento de QM no Chiemgau Rad &amp; MTB est\u00e1 ativo e em execu\u00e7\u00e3o<\/span> <\/div> <\/div> <div class=\"slide-content-hidden\"> <div class=\"description\"> <div class=\"subtitle\"> <span class=\"text-body\"><p>Bicicleta de gerenciamento de QM e MTB em Chiemgau por green-solutions<\/p>\n<\/span> <\/div> <\/div> <\/div> <\/div> <\/div> <\/div> <\/div> <\/div> <\/div> <\/div> <\/div> <div class=\"portfolio-item arquivo-de-noticias pagina-inicial referencias col-xs-12 col-sm-6 columns-desktop-5 item-animations-not-inited post-hide-date appearance-type- post-101929 post type-post status-publish format-standard has-post-thumbnail category-arquivo-de-noticias category-pagina-inicial category-referencias\" data-default-sort=\"242\" data-sort-date=\"1747173587\"> <div class=\"wrap clearfix\"> <div class=\"image post-101929 post type-post status-publish format-standard has-post-thumbnail category-arquivo-de-noticias category-pagina-inicial category-referencias\"> <div class=\"image-inner \"> <picture> <img src=\"https:\/\/www.green-solutions.info\/wp-content\/uploads\/2026\/04\/transparent-thegem-product-justified-square-m.png\" width=\"400\" height=\"400\" class=\"attachment-thegem-product-justified-square-m\" alt=\"O Parque Natural Altm\u00fchltal est\u00e1 cada vez mais focado no turismo\" \/> <\/picture> <div class=\"post-featured-content\"><a href=\"https:\/\/www.green-solutions.info\/pt-br\/o-parque-natural-altmuehltal-esta-cada-vez-mais-focado-no-turismo\/\"> <picture> <source srcset=\"https:\/\/www.green-solutions.info\/wp-content\/uploads\/2025\/05\/altmuelttal_beitrag-thegem-product-justified-square-m.jpg 1x\" sizes=\"100vw\"> <img src=\"https:\/\/www.green-solutions.info\/wp-content\/uploads\/2025\/05\/altmuelttal_beitrag-thegem-product-justified-square-m.jpg\" width=\"400\" height=\"400\" class=\"img-responsive\" alt=\"altmuelttal_beitrag\" \/> <\/picture> <\/a><\/div> <\/div> <div class=\"overlay\"> <div class=\"overlay-circle\"><\/div> <div class=\"links-wrapper\"> <div class=\"links\"> <div class=\"caption\"> <a href=\"https:\/\/www.green-solutions.info\/pt-br\/o-parque-natural-altmuehltal-esta-cada-vez-mais-focado-no-turismo\/\" class=\"portfolio-item-link\"> <span class=\"screen-reader-text\">O Parque Natural Altm\u00fchltal est\u00e1 cada vez mais focado no turismo<\/span> <\/a> <div class=\"slide-content\"> <div class=\"slide-content-visible\"> <div class=\"title\"> <span class=\"title-h5 \">O Parque Natural Altm\u00fchltal est\u00e1 cada vez mais focado no turismo<\/span> <\/div> <\/div> <div class=\"slide-content-hidden\"> <div class=\"description\"> <div class=\"subtitle\"> <span class=\"text-body\"><p>O Naturpark Altn\u00fchltal conta com a tourinfra para gerenciar sua infraestrutura de caminhadas.<\/p>\n<\/span> <\/div> <\/div> <\/div> <\/div> <\/div> <\/div> <\/div> <\/div> <\/div> <\/div> <\/div> <div class=\"portfolio-item arquivo-de-noticias pagina-inicial referencias col-xs-12 col-sm-6 columns-desktop-5 item-animations-not-inited post-hide-date appearance-type- post-101870 post type-post status-publish format-standard has-post-thumbnail category-arquivo-de-noticias category-pagina-inicial category-referencias\" data-default-sort=\"211\" data-sort-date=\"1747002438\"> <div class=\"wrap clearfix\"> <div class=\"image post-101870 post type-post status-publish format-standard has-post-thumbnail category-arquivo-de-noticias category-pagina-inicial category-referencias\"> <div class=\"image-inner \"> <picture> <img src=\"https:\/\/www.green-solutions.info\/wp-content\/uploads\/2026\/04\/transparent-thegem-product-justified-square-m.png\" width=\"400\" height=\"400\" class=\"attachment-thegem-product-justified-square-m\" alt=\"Conclus\u00e3o do projeto de lazer Ile Frankenpfalz\" \/> <\/picture> <div class=\"post-featured-content\"><a href=\"https:\/\/www.green-solutions.info\/pt-br\/conclusao-do-projeto-de-lazer-ile-frankenpfalz\/\"> <picture> <source srcset=\"https:\/\/www.green-solutions.info\/wp-content\/uploads\/2025\/05\/ile_wandern_beitrag-1-thegem-product-justified-square-m.jpg 1x\" sizes=\"100vw\"> <img src=\"https:\/\/www.green-solutions.info\/wp-content\/uploads\/2025\/05\/ile_wandern_beitrag-1-thegem-product-justified-square-m.jpg\" width=\"400\" height=\"400\" class=\"img-responsive\" alt=\"ile_wandern_beitrag\" \/> <\/picture> <\/a><\/div> <\/div> <div class=\"overlay\"> <div class=\"overlay-circle\"><\/div> <div class=\"links-wrapper\"> <div class=\"links\"> <div class=\"caption\"> <a href=\"https:\/\/www.green-solutions.info\/pt-br\/conclusao-do-projeto-de-lazer-ile-frankenpfalz\/\" class=\"portfolio-item-link\"> <span class=\"screen-reader-text\">Conclus\u00e3o do projeto de lazer Ile Frankenpfalz<\/span> <\/a> <div class=\"slide-content\"> <div class=\"slide-content-visible\"> <div class=\"title\"> <span class=\"title-h5 \">Conclus\u00e3o do projeto de lazer Ile Frankenpfalz<\/span> <\/div> <\/div> <div class=\"slide-content-hidden\"> <div class=\"description\"> <div class=\"subtitle\"> <span class=\"text-body\"><p>Conclus\u00e3o bem-sucedida de um projeto de caminhada e ciclismo na regi\u00e3o ILE Frankenpfalz<\/p>\n<\/span> <\/div> <\/div> <\/div> <\/div> <\/div> <\/div> <\/div> <\/div> <\/div> <\/div> <\/div> <div class=\"portfolio-item arquivo-de-noticias pagina-inicial referencias col-xs-12 col-sm-6 columns-desktop-5 item-animations-not-inited post-hide-date appearance-type- post-101570 post type-post status-publish format-standard has-post-thumbnail category-arquivo-de-noticias category-pagina-inicial category-referencias\" data-default-sort=\"181\" data-sort-date=\"1741565628\"> <div class=\"wrap clearfix\"> <div class=\"image post-101570 post type-post status-publish format-standard has-post-thumbnail category-arquivo-de-noticias category-pagina-inicial category-referencias\"> <div class=\"image-inner \"> <picture> <img src=\"https:\/\/www.green-solutions.info\/wp-content\/uploads\/2026\/04\/transparent-thegem-product-justified-square-m.png\" width=\"400\" height=\"400\" class=\"attachment-thegem-product-justified-square-m\" alt=\"Gerente de inverno em a\u00e7\u00e3o na Maratona de Esqui de Engadin\" \/> <\/picture> <div class=\"post-featured-content\"><a href=\"https:\/\/www.green-solutions.info\/pt-br\/gerente-de-inverno-em-acao-na-maratona-de-esqui-de-engadin\/\"> <picture> <source srcset=\"https:\/\/www.green-solutions.info\/wp-content\/uploads\/2025\/03\/engadin-skimarathon_beitrag-thegem-product-justified-square-m.jpg 1x\" sizes=\"100vw\"> <img src=\"https:\/\/www.green-solutions.info\/wp-content\/uploads\/2025\/03\/engadin-skimarathon_beitrag-thegem-product-justified-square-m.jpg\" width=\"400\" height=\"400\" class=\"img-responsive\" alt=\"engadin-skimarathon_beitrag\" \/> <\/picture> <\/a><\/div> <\/div> <div class=\"overlay\"> <div class=\"overlay-circle\"><\/div> <div class=\"links-wrapper\"> <div class=\"links\"> <div class=\"caption\"> <a href=\"https:\/\/www.green-solutions.info\/pt-br\/gerente-de-inverno-em-acao-na-maratona-de-esqui-de-engadin\/\" class=\"portfolio-item-link\"> <span class=\"screen-reader-text\">Gerente de inverno em a\u00e7\u00e3o na Maratona de Esqui de Engadin<\/span> <\/a> <div class=\"slide-content\"> <div class=\"slide-content-visible\"> <div class=\"title\"> <span class=\"title-h5 \">Gerente de inverno em a\u00e7\u00e3o na Maratona de Esqui de Engadin<\/span> <\/div> <\/div> <div class=\"slide-content-hidden\"> <div class=\"description\"> <div class=\"subtitle\"> <span class=\"text-body\"><p>Condi\u00e7\u00f5es perfeitas das trilhas na Maratona de Esqui de Engadin!<\/p>\n<\/span> <\/div> <\/div> <\/div> <\/div> <\/div> <\/div> <\/div> <\/div> <\/div> <\/div> <\/div> <div class=\"portfolio-item arquivo-de-noticias pagina-inicial referencias col-xs-12 col-sm-6 columns-desktop-5 item-animations-not-inited post-hide-date appearance-type- post-101562 post type-post status-publish format-standard has-post-thumbnail category-arquivo-de-noticias category-pagina-inicial category-referencias\" data-default-sort=\"179\" data-sort-date=\"1740235799\"> <div class=\"wrap clearfix\"> <div class=\"image post-101562 post type-post status-publish format-standard has-post-thumbnail category-arquivo-de-noticias category-pagina-inicial category-referencias\"> <div class=\"image-inner \"> <picture> <img src=\"https:\/\/www.green-solutions.info\/wp-content\/uploads\/2026\/04\/transparent-thegem-product-justified-square-m.png\" width=\"400\" height=\"400\" class=\"attachment-thegem-product-justified-square-m\" alt=\"Digitalizar o planeta e a tourinfra Valor agregado para nossos clientes e para a natureza\" \/> <\/picture> <div class=\"post-featured-content\"><a href=\"https:\/\/www.green-solutions.info\/pt-br\/digitalizar-o-planeta-e-a-tourinfra-valor-agregado-para-nossos-clientes-e-para-a-natureza\/\"> <picture> <source srcset=\"https:\/\/www.green-solutions.info\/wp-content\/uploads\/2025\/02\/beitrag_digitize_the_planet-thegem-product-justified-square-m.jpg 1x\" sizes=\"100vw\"> <img src=\"https:\/\/www.green-solutions.info\/wp-content\/uploads\/2025\/02\/beitrag_digitize_the_planet-thegem-product-justified-square-m.jpg\" width=\"400\" height=\"400\" class=\"img-responsive\" alt=\"beitrag_digitize_the_planet\" \/> <\/picture> <\/a><\/div> <\/div> <div class=\"overlay\"> <div class=\"overlay-circle\"><\/div> <div class=\"links-wrapper\"> <div class=\"links\"> <div class=\"caption\"> <a href=\"https:\/\/www.green-solutions.info\/pt-br\/digitalizar-o-planeta-e-a-tourinfra-valor-agregado-para-nossos-clientes-e-para-a-natureza\/\" class=\"portfolio-item-link\"> <span class=\"screen-reader-text\">Digitalizar o planeta e a tourinfra Valor agregado para nossos clientes e para a natureza<\/span> <\/a> <div class=\"slide-content\"> <div class=\"slide-content-visible\"> <div class=\"title\"> <span class=\"title-h5 \">Digitalizar o planeta e a tourinfra Valor agregado para nossos clientes e para a natureza<\/span> <\/div> <\/div> <div class=\"slide-content-hidden\"> <div class=\"description\"> <div class=\"subtitle\"> <span class=\"text-body\"><p>Planejamento prospectivo &#8211; interface entre tourinfra e digitise the planet<\/p>\n<\/span> <\/div> <\/div> <\/div> <\/div> <\/div> <\/div> <\/div> <\/div> <\/div> <\/div> <\/div> <div class=\"portfolio-item arquivo-de-noticias pagina-inicial col-xs-12 col-sm-6 columns-desktop-5 item-animations-not-inited post-hide-date appearance-type- post-100771 post type-post status-publish format-standard has-post-thumbnail category-arquivo-de-noticias category-pagina-inicial\" data-default-sort=\"178\" data-sort-date=\"1740008880\"> <div class=\"wrap clearfix\"> <div class=\"image post-100771 post type-post status-publish format-standard has-post-thumbnail category-arquivo-de-noticias category-pagina-inicial\"> <div class=\"image-inner \"> <picture> <img src=\"https:\/\/www.green-solutions.info\/wp-content\/uploads\/2026\/04\/transparent-thegem-product-justified-square-m.png\" width=\"400\" height=\"400\" class=\"attachment-thegem-product-justified-square-m\" alt=\"Novo mapa de caminhadas para Arberland\" \/> <\/picture> <div class=\"post-featured-content\"><a href=\"https:\/\/www.green-solutions.info\/pt-br\/novo-mapa-de-caminhadas-para-arberland\/\"> <picture> <source srcset=\"https:\/\/www.green-solutions.info\/wp-content\/uploads\/2025\/02\/wander_karte_regen-thegem-product-justified-square-m.jpg 1x\" sizes=\"100vw\"> <img src=\"https:\/\/www.green-solutions.info\/wp-content\/uploads\/2025\/02\/wander_karte_regen-thegem-product-justified-square-m.jpg\" width=\"400\" height=\"400\" class=\"img-responsive\" alt=\"wander_karte_regen\" \/> <\/picture> <\/a><\/div> <\/div> <div class=\"overlay\"> <div class=\"overlay-circle\"><\/div> <div class=\"links-wrapper\"> <div class=\"links\"> <div class=\"caption\"> <a href=\"https:\/\/www.green-solutions.info\/pt-br\/novo-mapa-de-caminhadas-para-arberland\/\" class=\"portfolio-item-link\"> <span class=\"screen-reader-text\">Novo mapa de caminhadas para Arberland<\/span> <\/a> <div class=\"slide-content\"> <div class=\"slide-content-visible\"> <div class=\"title\"> <span class=\"title-h5 \">Novo mapa de caminhadas para Arberland<\/span> <\/div> <\/div> <div class=\"slide-content-hidden\"> <div class=\"description\"> <div class=\"subtitle\"> <span class=\"text-body\"><p>Destaques das diversas op\u00e7\u00f5es de caminhadas em Arberland<\/p>\n<\/span> <\/div> <\/div> <\/div> <\/div> <\/div> <\/div> <\/div> <\/div> <\/div> <\/div> <\/div> <div class=\"portfolio-item arquivo-de-noticias pagina-inicial referencias col-xs-12 col-sm-6 columns-desktop-5 item-animations-not-inited post-hide-date appearance-type- post-95946 post type-post status-publish format-standard has-post-thumbnail category-arquivo-de-noticias category-pagina-inicial category-referencias\" data-default-sort=\"176\" data-sort-date=\"1739233219\"> <div class=\"wrap clearfix\"> <div class=\"image post-95946 post type-post status-publish format-standard has-post-thumbnail category-arquivo-de-noticias category-pagina-inicial category-referencias\"> <div class=\"image-inner \"> <picture> <img src=\"https:\/\/www.green-solutions.info\/wp-content\/uploads\/2026\/04\/transparent-thegem-product-justified-square-m.png\" width=\"400\" height=\"400\" class=\"attachment-thegem-product-justified-square-m\" alt=\"Sistema de orienta\u00e7\u00e3o de trilhas Bodenmais \/ Bretterschachten\" \/> <\/picture> <div class=\"post-featured-content\"><a href=\"https:\/\/www.green-solutions.info\/pt-br\/sistema-de-orientacao-de-trilhas-bodenmais-bretterschachten\/\"> <picture> <source srcset=\"https:\/\/www.green-solutions.info\/wp-content\/uploads\/2025\/02\/beitrag_loipenleitsystem_500-thegem-product-justified-square-m.png 1x\" sizes=\"100vw\"> <img src=\"https:\/\/www.green-solutions.info\/wp-content\/uploads\/2025\/02\/beitrag_loipenleitsystem_500-thegem-product-justified-square-m.png\" width=\"400\" height=\"400\" class=\"img-responsive\" alt=\"beitrag_loipenleitsystem_500\" \/> <\/picture> <\/a><\/div> <\/div> <div class=\"overlay\"> <div class=\"overlay-circle\"><\/div> <div class=\"links-wrapper\"> <div class=\"links\"> <div class=\"caption\"> <a href=\"https:\/\/www.green-solutions.info\/pt-br\/sistema-de-orientacao-de-trilhas-bodenmais-bretterschachten\/\" class=\"portfolio-item-link\"> <span class=\"screen-reader-text\">Sistema de orienta\u00e7\u00e3o de trilhas Bodenmais \/ Bretterschachten<\/span> <\/a> <div class=\"slide-content\"> <div class=\"slide-content-visible\"> <div class=\"title\"> <span class=\"title-h5 \">Sistema de orienta\u00e7\u00e3o de trilhas Bodenmais \/ Bretterschachten<\/span> <\/div> <\/div> <div class=\"slide-content-hidden\"> <div class=\"description\"> <div class=\"subtitle\"> <span class=\"text-body\"><p>Uma rede de 45 km de trilhas foi otimizada e o n\u00famero total de trilhas agora cobre impressionantes 110 quil\u00f4metros para esquiadores de cross-country.<\/p>\n<\/span> <\/div> <\/div> <\/div> <\/div> <\/div> <\/div> <\/div> <\/div> <\/div> <\/div> <\/div> <div class=\"portfolio-item arquivo-de-noticias pagina-inicial col-xs-12 col-sm-6 columns-desktop-5 item-animations-not-inited post-hide-date appearance-type- post-96128 post type-post status-publish format-standard has-post-thumbnail category-arquivo-de-noticias category-pagina-inicial\" data-default-sort=\"211\" data-sort-date=\"1738188447\"> <div class=\"wrap clearfix\"> <div class=\"image post-96128 post type-post status-publish format-standard has-post-thumbnail category-arquivo-de-noticias category-pagina-inicial\"> <div class=\"image-inner \"> <picture> <img src=\"https:\/\/www.green-solutions.info\/wp-content\/uploads\/2026\/04\/transparent-thegem-product-justified-square-m.png\" width=\"400\" height=\"400\" class=\"attachment-thegem-product-justified-square-m\" alt=\"Conclus\u00e3o do projeto de caminhadas nos distritos de Traunstein e Berchtesgadener Land\" \/> <\/picture> <div class=\"post-featured-content\"><a href=\"https:\/\/www.green-solutions.info\/pt-br\/conclusao-do-projeto-de-caminhadas-nos-distritos-de-traunstein-e-berchtesgadener-land\/\"> <picture> <source srcset=\"https:\/\/www.green-solutions.info\/wp-content\/uploads\/2025\/01\/beitrag_chiemgau-thegem-product-justified-square-m.jpg 1x\" sizes=\"100vw\"> <img src=\"https:\/\/www.green-solutions.info\/wp-content\/uploads\/2025\/01\/beitrag_chiemgau-thegem-product-justified-square-m.jpg\" width=\"400\" height=\"400\" class=\"img-responsive\" alt=\"beitrag_chiemgau\" \/> <\/picture> <\/a><\/div> <\/div> <div class=\"overlay\"> <div class=\"overlay-circle\"><\/div> <div class=\"links-wrapper\"> <div class=\"links\"> <div class=\"caption\"> <a href=\"https:\/\/www.green-solutions.info\/pt-br\/conclusao-do-projeto-de-caminhadas-nos-distritos-de-traunstein-e-berchtesgadener-land\/\" class=\"portfolio-item-link\"> <span class=\"screen-reader-text\">Conclus\u00e3o do projeto de caminhadas nos distritos de Traunstein e Berchtesgadener Land<\/span> <\/a> <div class=\"slide-content\"> <div class=\"slide-content-visible\"> <div class=\"title\"> <span class=\"title-h5 \">Conclus\u00e3o do projeto de caminhadas nos distritos de Traunstein e Berchtesgadener Land<\/span> <\/div> <\/div> <div class=\"slide-content-hidden\"> <div class=\"description\"> <div class=\"subtitle\"> <span class=\"text-body\"><p>Conclus\u00e3o bem-sucedida de um projeto de caminhada pela green-solutions: sinaliza\u00e7\u00e3o padronizada de acordo com as especifica\u00e7\u00f5es da DAV em tempo recorde.<\/p>\n<\/span> <\/div> <\/div> <\/div> <\/div> <\/div> <\/div> <\/div> <\/div> <\/div> <\/div> <\/div> <div class=\"portfolio-item arquivo-de-noticias pagina-inicial referencias col-xs-12 col-sm-6 columns-desktop-5 item-animations-not-inited post-hide-date appearance-type- post-96151 post type-post status-publish format-standard has-post-thumbnail category-arquivo-de-noticias category-pagina-inicial category-referencias\" data-default-sort=\"261\" data-sort-date=\"1731370048\"> <div class=\"wrap clearfix\"> <div class=\"image post-96151 post type-post status-publish format-standard has-post-thumbnail category-arquivo-de-noticias category-pagina-inicial category-referencias\"> <div class=\"image-inner \"> <picture> <img src=\"https:\/\/www.green-solutions.info\/wp-content\/uploads\/2026\/04\/transparent-thegem-product-justified-square-m.png\" width=\"400\" height=\"400\" class=\"attachment-thegem-product-justified-square-m\" alt=\"Conclus\u00e3o do projeto de caminhada no distrito sul de Bad T\u00f6lz Wolfratshausen\" \/> <\/picture> <div class=\"post-featured-content\"><a href=\"https:\/\/www.green-solutions.info\/pt-br\/conclusao-do-projeto-de-caminhada-no-distrito-sul-de-bad-toelz-wolfratshausen\/\"> <picture> <source srcset=\"https:\/\/www.green-solutions.info\/wp-content\/uploads\/2025\/01\/wandern_toelzer_land-thegem-product-justified-square-m.jpg 1x\" sizes=\"100vw\"> <img src=\"https:\/\/www.green-solutions.info\/wp-content\/uploads\/2025\/01\/wandern_toelzer_land-thegem-product-justified-square-m.jpg\" width=\"400\" height=\"400\" class=\"img-responsive\" alt=\"wandern_toelzer_land\" \/> <\/picture> <\/a><\/div> <\/div> <div class=\"overlay\"> <div class=\"overlay-circle\"><\/div> <div class=\"links-wrapper\"> <div class=\"links\"> <div class=\"caption\"> <a href=\"https:\/\/www.green-solutions.info\/pt-br\/conclusao-do-projeto-de-caminhada-no-distrito-sul-de-bad-toelz-wolfratshausen\/\" class=\"portfolio-item-link\"> <span class=\"screen-reader-text\">Conclus\u00e3o do projeto de caminhada no distrito sul de Bad T\u00f6lz Wolfratshausen<\/span> <\/a> <div class=\"slide-content\"> <div class=\"slide-content-visible\"> <div class=\"title\"> <span class=\"title-h5 \">Conclus\u00e3o do projeto de caminhada no distrito sul de Bad T\u00f6lz Wolfratshausen<\/span> <\/div> <\/div> <div class=\"slide-content-hidden\"> <div class=\"description\"> <div class=\"subtitle\"> <span class=\"text-body\"><p>No distrito sul de Bad T\u00f6lz-Wolfratshausen, um conceito de trilha de caminhada intermunicipal oferece melhor orienta\u00e7\u00e3o.<\/p>\n<\/span> <\/div> <\/div> <\/div> <\/div> <\/div> <\/div> <\/div> <\/div> <\/div> <\/div> <\/div> <div class=\"portfolio-item arquivo-de-noticias pagina-inicial referencias col-xs-12 col-sm-6 columns-desktop-5 item-animations-not-inited post-hide-date appearance-type- post-96026 post type-post status-publish format-standard has-post-thumbnail category-arquivo-de-noticias category-pagina-inicial category-referencias\" data-default-sort=\"176\" data-sort-date=\"1728066290\"> <div class=\"wrap clearfix\"> <div class=\"image post-96026 post type-post status-publish format-standard has-post-thumbnail category-arquivo-de-noticias category-pagina-inicial category-referencias\"> <div class=\"image-inner \"> <picture> <img src=\"https:\/\/www.green-solutions.info\/wp-content\/uploads\/2026\/04\/transparent-thegem-product-justified-square-m.png\" width=\"400\" height=\"400\" class=\"attachment-thegem-product-justified-square-m\" alt=\"Conclus\u00e3o do projeto de caminhada na regi\u00e3o de Zugspitz\" \/> <\/picture> <div class=\"post-featured-content\"><a href=\"https:\/\/www.green-solutions.info\/pt-br\/conclusao-do-projeto-de-caminhada-na-regiao-de-zugspitz\/\"> <picture> <source srcset=\"https:\/\/www.green-solutions.info\/wp-content\/uploads\/2025\/01\/beitrag_zugspitz-region-thegem-product-justified-square-m.jpg 1x\" sizes=\"100vw\"> <img src=\"https:\/\/www.green-solutions.info\/wp-content\/uploads\/2025\/01\/beitrag_zugspitz-region-thegem-product-justified-square-m.jpg\" width=\"400\" height=\"400\" class=\"img-responsive\" alt=\"beitrag_zugspitz-region\" \/> <\/picture> <\/a><\/div> <\/div> <div class=\"overlay\"> <div class=\"overlay-circle\"><\/div> <div class=\"links-wrapper\"> <div class=\"links\"> <div class=\"caption\"> <a href=\"https:\/\/www.green-solutions.info\/pt-br\/conclusao-do-projeto-de-caminhada-na-regiao-de-zugspitz\/\" class=\"portfolio-item-link\"> <span class=\"screen-reader-text\">Conclus\u00e3o do projeto de caminhada na regi\u00e3o de Zugspitz<\/span> <\/a> <div class=\"slide-content\"> <div class=\"slide-content-visible\"> <div class=\"title\"> <span class=\"title-h5 \">Conclus\u00e3o do projeto de caminhada na regi\u00e3o de Zugspitz<\/span> <\/div> <\/div> <div class=\"slide-content-hidden\"> <div class=\"description\"> <div class=\"subtitle\"> <span class=\"text-body\"><p>Conclus\u00e3o de um projeto de caminhada na regi\u00e3o de Zugspitz com solu\u00e7\u00f5es ecol\u00f3gicas.<\/p>\n<\/span> <\/div> <\/div> <\/div> <\/div> <\/div> <\/div> <\/div> <\/div> <\/div> <\/div> <\/div> <div class=\"portfolio-item arquivo-de-noticias pagina-inicial referencias col-xs-12 col-sm-6 columns-desktop-5 item-animations-not-inited post-hide-date appearance-type- post-97193 post type-post status-publish format-standard has-post-thumbnail category-arquivo-de-noticias category-pagina-inicial category-referencias\" data-default-sort=\"260\" data-sort-date=\"1695727996\"> <div class=\"wrap clearfix\"> <div class=\"image post-97193 post type-post status-publish format-standard has-post-thumbnail category-arquivo-de-noticias category-pagina-inicial category-referencias\"> <div class=\"image-inner \"> <picture> <img src=\"https:\/\/www.green-solutions.info\/wp-content\/uploads\/2026\/04\/transparent-thegem-product-justified-square-m.png\" width=\"400\" height=\"400\" class=\"attachment-thegem-product-justified-square-m\" alt=\"Trilhas de ciclismo e caminhada ao redor do Ref\u00fagio de Montanha Allg\u00e4u da HUBERTUS\" \/> <\/picture> <div class=\"post-featured-content\"><a href=\"https:\/\/www.green-solutions.info\/pt-br\/trilhas-de-ciclismo-e-caminhada-ao-redor-do-refugio-de-montanha-allgaeu-da-hubertus\/\"> <picture> <source srcset=\"https:\/\/www.green-solutions.info\/wp-content\/uploads\/2023\/09\/rw_ww_HUBERTUS_Mountain_Refugio_Allgaeu_ents-thegem-product-justified-square-m.jpg 1x\" sizes=\"100vw\"> <img src=\"https:\/\/www.green-solutions.info\/wp-content\/uploads\/2023\/09\/rw_ww_HUBERTUS_Mountain_Refugio_Allgaeu_ents-thegem-product-justified-square-m.jpg\" width=\"400\" height=\"400\" class=\"img-responsive\" alt=\"rw_ww_HUBERTUS_Mountain_Refugio_Allgaeu_ents\" \/> <\/picture> <\/a><\/div> <\/div> <div class=\"overlay\"> <div class=\"overlay-circle\"><\/div> <div class=\"links-wrapper\"> <div class=\"links\"> <div class=\"caption\"> <a href=\"https:\/\/www.green-solutions.info\/pt-br\/trilhas-de-ciclismo-e-caminhada-ao-redor-do-refugio-de-montanha-allgaeu-da-hubertus\/\" class=\"portfolio-item-link\"> <span class=\"screen-reader-text\">Trilhas de ciclismo e caminhada ao redor do Ref\u00fagio de Montanha Allg\u00e4u da HUBERTUS<\/span> <\/a> <div class=\"slide-content\"> <div class=\"slide-content-visible\"> <div class=\"title\"> <span class=\"title-h5 \">Trilhas de ciclismo e caminhada ao redor do Ref\u00fagio de Montanha Allg\u00e4u da HUBERTUS<\/span> <\/div> <\/div> <div class=\"slide-content-hidden\"> <div class=\"description\"> <div class=\"subtitle\"> <span class=\"text-body\"><p>Layout e cartografia por green-solutions de um mapa de ciclismo e caminhadas para o Ref\u00fagio de Montanha Allg\u00e4u &#8211; Hubertus<\/p>\n<\/span> <\/div> <\/div> <\/div> <\/div> <\/div> <\/div> <\/div> <\/div> <\/div> <\/div> <\/div> <div class=\"portfolio-item arquivo-de-noticias pagina-inicial referencias col-xs-12 col-sm-6 columns-desktop-5 item-animations-not-inited post-hide-date appearance-type- post-97174 post type-post status-publish format-standard has-post-thumbnail category-arquivo-de-noticias category-pagina-inicial category-referencias\" data-default-sort=\"240\" data-sort-date=\"1689075227\"> <div class=\"wrap clearfix\"> <div class=\"image post-97174 post type-post status-publish format-standard has-post-thumbnail category-arquivo-de-noticias category-pagina-inicial category-referencias\"> <div class=\"image-inner \"> <picture> <img src=\"https:\/\/www.green-solutions.info\/wp-content\/uploads\/2026\/04\/transparent-thegem-product-justified-square-m.png\" width=\"400\" height=\"400\" class=\"attachment-thegem-product-justified-square-m\" alt=\"Evento informativo sobre o status do conceito de tr\u00e1fego de bicicletas em Altm\u00fchlfranken\" \/> <\/picture> <div class=\"post-featured-content\"><a href=\"https:\/\/www.green-solutions.info\/pt-br\/evento-informativo-sobre-o-status-do-conceito-de-trafego-de-bicicletas-em-altmuehlfranken\/\"> <picture> <source srcset=\"https:\/\/www.green-solutions.info\/wp-content\/uploads\/2023\/07\/infoveranstaltung-radvrkehrskonzept_ents-thegem-product-justified-square-m.jpg 1x\" sizes=\"100vw\"> <img src=\"https:\/\/www.green-solutions.info\/wp-content\/uploads\/2023\/07\/infoveranstaltung-radvrkehrskonzept_ents-thegem-product-justified-square-m.jpg\" width=\"400\" height=\"400\" class=\"img-responsive\" alt=\"infoveranstaltung-radvrkehrskonzept_ents\" \/> <\/picture> <\/a><\/div> <\/div> <div class=\"overlay\"> <div class=\"overlay-circle\"><\/div> <div class=\"links-wrapper\"> <div class=\"links\"> <div class=\"caption\"> <a href=\"https:\/\/www.green-solutions.info\/pt-br\/evento-informativo-sobre-o-status-do-conceito-de-trafego-de-bicicletas-em-altmuehlfranken\/\" class=\"portfolio-item-link\"> <span class=\"screen-reader-text\">Evento informativo sobre o status do conceito de tr\u00e1fego de bicicletas em Altm\u00fchlfranken<\/span> <\/a> <div class=\"slide-content\"> <div class=\"slide-content-visible\"> <div class=\"title\"> <span class=\"title-h5 \">Evento informativo sobre o status do conceito de tr\u00e1fego de bicicletas em Altm\u00fchlfranken<\/span> <\/div> <\/div> <div class=\"slide-content-hidden\"> <div class=\"description\"> <div class=\"subtitle\"> <span class=\"text-body\"><p>Evento informativo para todos os cidad\u00e3os sobre o status atual do conceito de ciclismo.<\/p>\n<\/span> <\/div> <\/div> <\/div> <\/div> <\/div> <\/div> <\/div> <\/div> <\/div> <\/div> <\/div> <div class=\"portfolio-item arquivo-de-noticias pagina-inicial col-xs-12 col-sm-6 columns-desktop-5 item-animations-not-inited post-hide-date appearance-type- post-96984 post type-post status-publish format-standard has-post-thumbnail category-arquivo-de-noticias category-pagina-inicial\" data-default-sort=\"244\" data-sort-date=\"1687952748\"> <div class=\"wrap clearfix\"> <div class=\"image post-96984 post type-post status-publish format-standard has-post-thumbnail category-arquivo-de-noticias category-pagina-inicial\"> <div class=\"image-inner \"> <picture> <img src=\"https:\/\/www.green-solutions.info\/wp-content\/uploads\/2026\/04\/transparent-thegem-product-justified-square-m.png\" width=\"400\" height=\"400\" class=\"attachment-thegem-product-justified-square-m\" alt=\"Confer\u00eancia global &#8220;Green Destinations Latin America 2023&#8221; (Destinos Verdes na Am\u00e9rica Latina 2023)\" \/> <\/picture> <div class=\"post-featured-content\"><a href=\"https:\/\/www.green-solutions.info\/pt-br\/conferencia-global-green-destinations-latin-america-2023-destinos-verdes-na-america-latina-2023\/\"> <picture> <source srcset=\"https:\/\/www.green-solutions.info\/wp-content\/uploads\/2025\/01\/brasilien-thegem-product-justified-square-m.jpg 1x\" sizes=\"100vw\"> <img src=\"https:\/\/www.green-solutions.info\/wp-content\/uploads\/2025\/01\/brasilien-thegem-product-justified-square-m.jpg\" width=\"400\" height=\"400\" class=\"img-responsive\" alt=\"brasilien\" \/> <\/picture> <\/a><\/div> <\/div> <div class=\"overlay\"> <div class=\"overlay-circle\"><\/div> <div class=\"links-wrapper\"> <div class=\"links\"> <div class=\"caption\"> <a href=\"https:\/\/www.green-solutions.info\/pt-br\/conferencia-global-green-destinations-latin-america-2023-destinos-verdes-na-america-latina-2023\/\" class=\"portfolio-item-link\"> <span class=\"screen-reader-text\">Confer\u00eancia global &#8220;Green Destinations Latin America 2023&#8221; (Destinos Verdes na Am\u00e9rica Latina 2023)<\/span> <\/a> <div class=\"slide-content\"> <div class=\"slide-content-visible\"> <div class=\"title\"> <span class=\"title-h5 \">Confer\u00eancia global &#8220;Green Destinations Latin America 2023&#8221; (Destinos Verdes na Am\u00e9rica Latina 2023)<\/span> <\/div> <\/div> <div class=\"slide-content-hidden\"> <div class=\"description\"> <div class=\"subtitle\"> <span class=\"text-body\"><p>Planejamos isso para 2024.<\/p>\n<\/span> <\/div> <\/div> <\/div> <\/div> <\/div> <\/div> <\/div> <\/div> <\/div> <\/div> <\/div> <div class=\"portfolio-item arquivo-de-noticias pagina-inicial referencias col-xs-12 col-sm-6 columns-desktop-5 item-animations-not-inited post-hide-date appearance-type- post-97154 post type-post status-publish format-standard has-post-thumbnail category-arquivo-de-noticias category-pagina-inicial category-referencias\" data-default-sort=\"243\" data-sort-date=\"1687261389\"> <div class=\"wrap clearfix\"> <div class=\"image post-97154 post type-post status-publish format-standard has-post-thumbnail category-arquivo-de-noticias category-pagina-inicial category-referencias\"> <div class=\"image-inner \"> <picture> <img src=\"https:\/\/www.green-solutions.info\/wp-content\/uploads\/2026\/04\/transparent-thegem-product-justified-square-m.png\" width=\"400\" height=\"400\" class=\"attachment-thegem-product-justified-square-m\" alt=\"Mapa de ciclismo &#8211; BIKE &amp; WORK\" \/> <\/picture> <div class=\"post-featured-content\"><a href=\"https:\/\/www.green-solutions.info\/pt-br\/mapa-de-ciclismo-bike-work\/\"> <picture> <source srcset=\"https:\/\/www.green-solutions.info\/wp-content\/uploads\/2023\/06\/fahrradkarte_bike_n_work_ents-thegem-product-justified-square-m.jpg 1x\" sizes=\"100vw\"> <img src=\"https:\/\/www.green-solutions.info\/wp-content\/uploads\/2023\/06\/fahrradkarte_bike_n_work_ents-thegem-product-justified-square-m.jpg\" width=\"400\" height=\"400\" class=\"img-responsive\" alt=\"fahrradkarte_bike_n_work_ents\" \/> <\/picture> <\/a><\/div> <\/div> <div class=\"overlay\"> <div class=\"overlay-circle\"><\/div> <div class=\"links-wrapper\"> <div class=\"links\"> <div class=\"caption\"> <a href=\"https:\/\/www.green-solutions.info\/pt-br\/mapa-de-ciclismo-bike-work\/\" class=\"portfolio-item-link\"> <span class=\"screen-reader-text\">Mapa de ciclismo &#8211; BIKE &amp; WORK<\/span> <\/a> <div class=\"slide-content\"> <div class=\"slide-content-visible\"> <div class=\"title\"> <span class=\"title-h5 \">Mapa de ciclismo &#8211; BIKE &amp; WORK<\/span> <\/div> <\/div> <div class=\"slide-content-hidden\"> <div class=\"description\"> <div class=\"subtitle\"> <span class=\"text-body\"><p>BIKE &amp; WORK Layout, logotipo e cartografia por green-solutions.<\/p>\n<\/span> <\/div> <\/div> <\/div> <\/div> <\/div> <\/div> <\/div> <\/div> <\/div> <\/div> <\/div> <div class=\"portfolio-item arquivo-de-noticias pagina-inicial referencias col-xs-12 col-sm-6 columns-desktop-5 item-animations-not-inited post-hide-date appearance-type- post-97082 post type-post status-publish format-standard has-post-thumbnail category-arquivo-de-noticias category-pagina-inicial category-referencias\" data-default-sort=\"241\" data-sort-date=\"1685447077\"> <div class=\"wrap clearfix\"> <div class=\"image post-97082 post type-post status-publish format-standard has-post-thumbnail category-arquivo-de-noticias category-pagina-inicial category-referencias\"> <div class=\"image-inner \"> <picture> <img src=\"https:\/\/www.green-solutions.info\/wp-content\/uploads\/2026\/04\/transparent-thegem-product-justified-square-m.png\" width=\"400\" height=\"400\" class=\"attachment-thegem-product-justified-square-m\" alt=\"Altm\u00fchlfranken est\u00e1 pedalando!\" \/> <\/picture> <div class=\"post-featured-content\"><a href=\"https:\/\/www.green-solutions.info\/pt-br\/altmuehlfranken-esta-pedalando\/\"> <picture> <source srcset=\"https:\/\/www.green-solutions.info\/wp-content\/uploads\/2023\/05\/altmuehl_franken_radelt_ents-thegem-product-justified-square-m.jpg 1x\" sizes=\"100vw\"> <img src=\"https:\/\/www.green-solutions.info\/wp-content\/uploads\/2023\/05\/altmuehl_franken_radelt_ents-thegem-product-justified-square-m.jpg\" width=\"400\" height=\"400\" class=\"img-responsive\" alt=\"altmuehl_franken_radelt_ents\" \/> <\/picture> <\/a><\/div> <\/div> <div class=\"overlay\"> <div class=\"overlay-circle\"><\/div> <div class=\"links-wrapper\"> <div class=\"links\"> <div class=\"caption\"> <a href=\"https:\/\/www.green-solutions.info\/pt-br\/altmuehlfranken-esta-pedalando\/\" class=\"portfolio-item-link\"> <span class=\"screen-reader-text\">Altm\u00fchlfranken est\u00e1 pedalando!<\/span> <\/a> <div class=\"slide-content\"> <div class=\"slide-content-visible\"> <div class=\"title\"> <span class=\"title-h5 \">Altm\u00fchlfranken est\u00e1 pedalando!<\/span> <\/div> <\/div> <div class=\"slide-content-hidden\"> <div class=\"description\"> <div class=\"subtitle\"> <span class=\"text-body\"><p>Come\u00e7a a pesquisa de ciclovias para o conceito de ciclismo di\u00e1rio e de lazer em todo o distrito de Altm\u00fchlfranken.<\/p>\n<\/span> <\/div> <\/div> <\/div> <\/div> <\/div> <\/div> <\/div> <\/div> <\/div> <\/div> <\/div> <div class=\"portfolio-item arquivo-de-noticias pagina-inicial referencias col-xs-12 col-sm-6 columns-desktop-5 item-animations-not-inited post-hide-date appearance-type- post-97072 post type-post status-publish format-standard has-post-thumbnail category-arquivo-de-noticias category-pagina-inicial category-referencias\" data-default-sort=\"242\" data-sort-date=\"1684842310\"> <div class=\"wrap clearfix\"> <div class=\"image post-97072 post type-post status-publish format-standard has-post-thumbnail category-arquivo-de-noticias category-pagina-inicial category-referencias\"> <div class=\"image-inner \"> <picture> <img src=\"https:\/\/www.green-solutions.info\/wp-content\/uploads\/2026\/04\/transparent-thegem-product-justified-square-m.png\" width=\"400\" height=\"400\" class=\"attachment-thegem-product-justified-square-m\" alt=\"A rede de ciclovias do distrito de Starnberg est\u00e1 sendo otimizada &#8211; primeira etapa conclu\u00edda\" \/> <\/picture> <div class=\"post-featured-content\"><a href=\"https:\/\/www.green-solutions.info\/pt-br\/a-rede-de-ciclovias-do-distrito-de-starnberg-esta-sendo-otimizada-primeira-etapa-concluida\/\"> <picture> <source srcset=\"https:\/\/www.green-solutions.info\/wp-content\/uploads\/2023\/05\/Auftaktveranstaltung_c_Landratsamt-Starnberg_ents-thegem-product-justified-square-m.jpg 1x\" sizes=\"100vw\"> <img src=\"https:\/\/www.green-solutions.info\/wp-content\/uploads\/2023\/05\/Auftaktveranstaltung_c_Landratsamt-Starnberg_ents-thegem-product-justified-square-m.jpg\" width=\"400\" height=\"400\" class=\"img-responsive\" alt=\"Auftaktveranstaltung_c_Landratsamt-Starnberg_ents\" \/> <\/picture> <\/a><\/div> <\/div> <div class=\"overlay\"> <div class=\"overlay-circle\"><\/div> <div class=\"links-wrapper\"> <div class=\"links\"> <div class=\"caption\"> <a href=\"https:\/\/www.green-solutions.info\/pt-br\/a-rede-de-ciclovias-do-distrito-de-starnberg-esta-sendo-otimizada-primeira-etapa-concluida\/\" class=\"portfolio-item-link\"> <span class=\"screen-reader-text\">A rede de ciclovias do distrito de Starnberg est\u00e1 sendo otimizada &#8211; primeira etapa conclu\u00edda<\/span> <\/a> <div class=\"slide-content\"> <div class=\"slide-content-visible\"> <div class=\"title\"> <span class=\"title-h5 \">A rede de ciclovias do distrito de Starnberg est\u00e1 sendo otimizada &#8211; primeira etapa conclu\u00edda<\/span> <\/div> <\/div> <div class=\"slide-content-hidden\"> <div class=\"description\"> <div class=\"subtitle\"> <span class=\"text-body\"><p>O planejamento da sinaliza\u00e7\u00e3o de ciclovias pela green-solutions torna-se vis\u00edvel. Os munic\u00edpios instalam as novas placas de sinaliza\u00e7\u00e3o de ciclovias. A sinaliza\u00e7\u00e3o \u00e9 verificada com o tourinfra. <\/p>\n<\/span> <\/div> <\/div> <\/div> <\/div> <\/div> <\/div> <\/div> <\/div> <\/div> <\/div> <\/div> <div class=\"portfolio-item arquivo-de-noticias pagina-inicial col-xs-12 col-sm-6 columns-desktop-5 item-animations-not-inited post-hide-date appearance-type- post-96944 post type-post status-publish format-standard has-post-thumbnail category-arquivo-de-noticias category-pagina-inicial\" data-default-sort=\"244\" data-sort-date=\"1683546427\"> <div class=\"wrap clearfix\"> <div class=\"image post-96944 post type-post status-publish format-standard has-post-thumbnail category-arquivo-de-noticias category-pagina-inicial\"> <div class=\"image-inner \"> <picture> <img src=\"https:\/\/www.green-solutions.info\/wp-content\/uploads\/2026\/04\/transparent-thegem-product-justified-square-m.png\" width=\"400\" height=\"400\" class=\"attachment-thegem-product-justified-square-m\" alt=\"Internacionaliza\u00e7\u00e3o &#8211; Novos clientes no Brasil\" \/> <\/picture> <div class=\"post-featured-content\"><a href=\"https:\/\/www.green-solutions.info\/pt-br\/internacionalizacao-novos-clientes-no-brasil\/\"> <picture> <source srcset=\"https:\/\/www.green-solutions.info\/wp-content\/uploads\/2025\/01\/brasilien_flag-thegem-product-justified-square-m.jpg 1x\" sizes=\"100vw\"> <img src=\"https:\/\/www.green-solutions.info\/wp-content\/uploads\/2025\/01\/brasilien_flag-thegem-product-justified-square-m.jpg\" width=\"400\" height=\"400\" class=\"img-responsive\" alt=\"brasilien_flag\" \/> <\/picture> <\/a><\/div> <\/div> <div class=\"overlay\"> <div class=\"overlay-circle\"><\/div> <div class=\"links-wrapper\"> <div class=\"links\"> <div class=\"caption\"> <a href=\"https:\/\/www.green-solutions.info\/pt-br\/internacionalizacao-novos-clientes-no-brasil\/\" class=\"portfolio-item-link\"> <span class=\"screen-reader-text\">Internacionaliza\u00e7\u00e3o &#8211; Novos clientes no Brasil<\/span> <\/a> <div class=\"slide-content\"> <div class=\"slide-content-visible\"> <div class=\"title\"> <span class=\"title-h5 \">Internacionaliza\u00e7\u00e3o &#8211; Novos clientes no Brasil<\/span> <\/div> <\/div> <div class=\"slide-content-hidden\"> <div class=\"description\"> <div class=\"subtitle\"> <span class=\"text-body\"><p>Planejamos isso para 2024.<\/p>\n<\/span> <\/div> <\/div> <\/div> <\/div> <\/div> <\/div> <\/div> <\/div> <\/div> <\/div> <\/div> <div class=\"portfolio-item arquivo-de-noticias pagina-inicial referencias col-xs-12 col-sm-6 columns-desktop-5 item-animations-not-inited post-hide-date appearance-type- post-96963 post type-post status-publish format-standard has-post-thumbnail category-arquivo-de-noticias category-pagina-inicial category-referencias\" data-default-sort=\"245\" data-sort-date=\"1678967201\"> <div class=\"wrap clearfix\"> <div class=\"image post-96963 post type-post status-publish format-standard has-post-thumbnail category-arquivo-de-noticias category-pagina-inicial category-referencias\"> <div class=\"image-inner \"> <picture> <img src=\"https:\/\/www.green-solutions.info\/wp-content\/uploads\/2026\/04\/transparent-thegem-product-justified-square-m.png\" width=\"400\" height=\"400\" class=\"attachment-thegem-product-justified-square-m\" alt=\"Mapa da ciclovia Kocher-Jagst\" \/> <\/picture> <div class=\"post-featured-content\"><a href=\"https:\/\/www.green-solutions.info\/pt-br\/mapa-da-ciclovia-kocher-jagst\/\"> <picture> <source srcset=\"https:\/\/www.green-solutions.info\/wp-content\/uploads\/2023\/03\/rk_kocher-jagst-radweg_ents-thegem-product-justified-square-m.jpg 1x\" sizes=\"100vw\"> <img src=\"https:\/\/www.green-solutions.info\/wp-content\/uploads\/2023\/03\/rk_kocher-jagst-radweg_ents-thegem-product-justified-square-m.jpg\" width=\"400\" height=\"400\" class=\"img-responsive\" alt=\"rk_kocher-jagst-radweg_ents\" \/> <\/picture> <\/a><\/div> <\/div> <div class=\"overlay\"> <div class=\"overlay-circle\"><\/div> <div class=\"links-wrapper\"> <div class=\"links\"> <div class=\"caption\"> <a href=\"https:\/\/www.green-solutions.info\/pt-br\/mapa-da-ciclovia-kocher-jagst\/\" class=\"portfolio-item-link\"> <span class=\"screen-reader-text\">Mapa da ciclovia Kocher-Jagst<\/span> <\/a> <div class=\"slide-content\"> <div class=\"slide-content-visible\"> <div class=\"title\"> <span class=\"title-h5 \">Mapa da ciclovia Kocher-Jagst<\/span> <\/div> <\/div> <div class=\"slide-content-hidden\"> <div class=\"description\"> <div class=\"subtitle\"> <span class=\"text-body\"><p>Layout e cartografia por green-solutions<\/p>\n<\/span> <\/div> <\/div> <\/div> <\/div> <\/div> <\/div> <\/div> <\/div> <\/div> <\/div> <\/div> <div class=\"portfolio-item arquivo-de-noticias pagina-inicial col-xs-12 col-sm-6 columns-desktop-5 item-animations-not-inited post-hide-date appearance-type- post-96873 post type-post status-publish format-standard has-post-thumbnail category-arquivo-de-noticias category-pagina-inicial\" data-default-sort=\"248\" data-sort-date=\"1678189653\"> <div class=\"wrap clearfix\"> <div class=\"image post-96873 post type-post status-publish format-standard has-post-thumbnail category-arquivo-de-noticias category-pagina-inicial\"> <div class=\"image-inner \"> <picture> <img src=\"https:\/\/www.green-solutions.info\/wp-content\/uploads\/2026\/04\/transparent-thegem-product-justified-square-m.png\" width=\"400\" height=\"400\" class=\"attachment-thegem-product-justified-square-m\" alt=\"ITB &#8211; Not\u00edcias\" \/> <\/picture> <div class=\"post-featured-content\"><a href=\"https:\/\/www.green-solutions.info\/pt-br\/itb-noticias\/\"> <picture> <source srcset=\"https:\/\/www.green-solutions.info\/wp-content\/uploads\/2025\/01\/itb_berlin_2023-thegem-product-justified-square-m.jpg 1x\" sizes=\"100vw\"> <img src=\"https:\/\/www.green-solutions.info\/wp-content\/uploads\/2025\/01\/itb_berlin_2023-thegem-product-justified-square-m.jpg\" width=\"400\" height=\"400\" class=\"img-responsive\" alt=\"itb_berlin_2023\" \/> <\/picture> <\/a><\/div> <\/div> <div class=\"overlay\"> <div class=\"overlay-circle\"><\/div> <div class=\"links-wrapper\"> <div class=\"links\"> <div class=\"caption\"> <a href=\"https:\/\/www.green-solutions.info\/pt-br\/itb-noticias\/\" class=\"portfolio-item-link\"> <span class=\"screen-reader-text\">ITB &#8211; Not\u00edcias<\/span> <\/a> <div class=\"slide-content\"> <div class=\"slide-content-visible\"> <div class=\"title\"> <span class=\"title-h5 \">ITB &#8211; Not\u00edcias<\/span> <\/div> <\/div> <div class=\"slide-content-hidden\"> <div class=\"description\"> <div class=\"subtitle\"> <span class=\"text-body\"><p>Planejamos isso para 2024.<\/p>\n<\/span> <\/div> <\/div> <\/div> <\/div> <\/div> <\/div> <\/div> <\/div> <\/div> <\/div> <\/div> <div class=\"portfolio-item arge-nordico arquivo-de-noticias pagina-inicial referencias col-xs-12 col-sm-6 columns-desktop-5 item-animations-not-inited post-hide-date appearance-type- post-96862 post type-post status-publish format-standard has-post-thumbnail category-arge-nordico category-arquivo-de-noticias category-pagina-inicial category-referencias\" data-default-sort=\"249\" data-sort-date=\"1676202477\"> <div class=\"wrap clearfix\"> <div class=\"image post-96862 post type-post status-publish format-standard has-post-thumbnail category-arge-nordico category-arquivo-de-noticias category-pagina-inicial category-referencias\"> <div class=\"image-inner \"> <picture> <img src=\"https:\/\/www.green-solutions.info\/wp-content\/uploads\/2026\/04\/transparent-thegem-product-justified-square-m.png\" width=\"400\" height=\"400\" class=\"attachment-thegem-product-justified-square-m\" alt=\"Temporada movimentada para o gerente de trilhas para a temporada 2022-2023\" \/> <\/picture> <div class=\"post-featured-content\"><a href=\"https:\/\/www.green-solutions.info\/pt-br\/temporada-movimentada-para-o-gerente-de-trilhas-para-a-temporada-2022-2023\/\"> <picture> <source srcset=\"https:\/\/www.green-solutions.info\/wp-content\/uploads\/2023\/02\/loipenmanager_Saison_22-23-thegem-product-justified-square-m.jpg 1x\" sizes=\"100vw\"> <img src=\"https:\/\/www.green-solutions.info\/wp-content\/uploads\/2023\/02\/loipenmanager_Saison_22-23-thegem-product-justified-square-m.jpg\" width=\"400\" height=\"400\" class=\"img-responsive\" alt=\"loipenmanager_Saison_22-23\" \/> <\/picture> <\/a><\/div> <\/div> <div class=\"overlay\"> <div class=\"overlay-circle\"><\/div> <div class=\"links-wrapper\"> <div class=\"links\"> <div class=\"caption\"> <a href=\"https:\/\/www.green-solutions.info\/pt-br\/temporada-movimentada-para-o-gerente-de-trilhas-para-a-temporada-2022-2023\/\" class=\"portfolio-item-link\"> <span class=\"screen-reader-text\">Temporada movimentada para o gerente de trilhas para a temporada 2022-2023<\/span> <\/a> <div class=\"slide-content\"> <div class=\"slide-content-visible\"> <div class=\"title\"> <span class=\"title-h5 \">Temporada movimentada para o gerente de trilhas para a temporada 2022-2023<\/span> <\/div> <\/div> <div class=\"slide-content-hidden\"> <div class=\"description\"> <div class=\"subtitle\"> <span class=\"text-body\"><p>Gerenciador de trilhas em uso nos Alpes<\/p>\n<\/span> <\/div> <\/div> <\/div> <\/div> <\/div> <\/div> <\/div> <\/div> <\/div> <\/div> <\/div> <div class=\"portfolio-item arquivo-de-noticias pagina-inicial col-xs-12 col-sm-6 columns-desktop-5 item-animations-not-inited post-hide-date appearance-type- post-96773 post type-post status-publish format-standard has-post-thumbnail category-arquivo-de-noticias category-pagina-inicial\" data-default-sort=\"250\" data-sort-date=\"1675684123\"> <div class=\"wrap clearfix\"> <div class=\"image post-96773 post type-post status-publish format-standard has-post-thumbnail category-arquivo-de-noticias category-pagina-inicial\"> <div class=\"image-inner \"> <picture> <img src=\"https:\/\/www.green-solutions.info\/wp-content\/uploads\/2026\/04\/transparent-thegem-product-justified-square-m.png\" width=\"400\" height=\"400\" class=\"attachment-thegem-product-justified-square-m\" alt=\"Pr\u00eamio ADAC para o Turismo de Chiemgau\" \/> <\/picture> <div class=\"post-featured-content\"><a href=\"https:\/\/www.green-solutions.info\/pt-br\/premio-adac-para-o-turismo-de-chiemgau\/\"> <picture> <source srcset=\"https:\/\/www.green-solutions.info\/wp-content\/uploads\/2023\/02\/ADAC_Ausz_Chiem_tour_ents-thegem-product-justified-square-m.jpg 1x\" sizes=\"100vw\"> <img src=\"https:\/\/www.green-solutions.info\/wp-content\/uploads\/2023\/02\/ADAC_Ausz_Chiem_tour_ents-thegem-product-justified-square-m.jpg\" width=\"400\" height=\"400\" class=\"img-responsive\" alt=\"ADAC_Ausz_Chiem_tour_ents\" \/> <\/picture> <\/a><\/div> <\/div> <div class=\"overlay\"> <div class=\"overlay-circle\"><\/div> <div class=\"links-wrapper\"> <div class=\"links\"> <div class=\"caption\"> <a href=\"https:\/\/www.green-solutions.info\/pt-br\/premio-adac-para-o-turismo-de-chiemgau\/\" class=\"portfolio-item-link\"> <span class=\"screen-reader-text\">Pr\u00eamio ADAC para o Turismo de Chiemgau<\/span> <\/a> <div class=\"slide-content\"> <div class=\"slide-content-visible\"> <div class=\"title\"> <span class=\"title-h5 \">Pr\u00eamio ADAC para o Turismo de Chiemgau<\/span> <\/div> <\/div> <div class=\"slide-content-hidden\"> <div class=\"description\"> <div class=\"subtitle\"> <span class=\"text-body\"><p>Planejamos isso para 2024.<\/p>\n<\/span> <\/div> <\/div> <\/div> <\/div> <\/div> <\/div> <\/div> <\/div> <\/div> <\/div> <\/div> <div class=\"portfolio-item arquivo-de-noticias pagina-inicial referencias col-xs-12 col-sm-6 columns-desktop-5 item-animations-not-inited post-hide-date appearance-type- post-96758 post type-post status-publish format-standard has-post-thumbnail category-arquivo-de-noticias category-pagina-inicial category-referencias\" data-default-sort=\"251\" data-sort-date=\"1673956280\"> <div class=\"wrap clearfix\"> <div class=\"image post-96758 post type-post status-publish format-standard has-post-thumbnail category-arquivo-de-noticias category-pagina-inicial category-referencias\"> <div class=\"image-inner \"> <picture> <img src=\"https:\/\/www.green-solutions.info\/wp-content\/uploads\/2026\/04\/transparent-thegem-product-justified-square-m.png\" width=\"400\" height=\"400\" class=\"attachment-thegem-product-justified-square-m\" alt=\"Tr\u00eas de uma s\u00f3 vez &#8211; mapas gerais das ciclovias de longa dist\u00e2ncia SAR, HZR e WTR\" \/> <\/picture> <div class=\"post-featured-content\"><a href=\"https:\/\/www.green-solutions.info\/pt-br\/tres-de-uma-so-vez-mapas-gerais-das-ciclovias-de-longa-distancia-sar-hzr-e-wtr\/\"> <picture> <source srcset=\"https:\/\/www.green-solutions.info\/wp-content\/uploads\/2023\/01\/lfrw_SAR_HZR_WTR_beitragsbild_ents-thegem-product-justified-square-m.jpg 1x\" sizes=\"100vw\"> <img src=\"https:\/\/www.green-solutions.info\/wp-content\/uploads\/2023\/01\/lfrw_SAR_HZR_WTR_beitragsbild_ents-thegem-product-justified-square-m.jpg\" width=\"400\" height=\"400\" class=\"img-responsive\" alt=\"lfrw_SAR_HZR_WTR_beitragsbild_ents\" \/> <\/picture> <\/a><\/div> <\/div> <div class=\"overlay\"> <div class=\"overlay-circle\"><\/div> <div class=\"links-wrapper\"> <div class=\"links\"> <div class=\"caption\"> <a href=\"https:\/\/www.green-solutions.info\/pt-br\/tres-de-uma-so-vez-mapas-gerais-das-ciclovias-de-longa-distancia-sar-hzr-e-wtr\/\" class=\"portfolio-item-link\"> <span class=\"screen-reader-text\">Tr\u00eas de uma s\u00f3 vez &#8211; mapas gerais das ciclovias de longa dist\u00e2ncia SAR, HZR e WTR<\/span> <\/a> <div class=\"slide-content\"> <div class=\"slide-content-visible\"> <div class=\"title\"> <span class=\"title-h5 \">Tr\u00eas de uma s\u00f3 vez &#8211; mapas gerais das ciclovias de longa dist\u00e2ncia SAR, HZR e WTR<\/span> <\/div> <\/div> <div class=\"slide-content-hidden\"> <div class=\"description\"> <div class=\"subtitle\"> <span class=\"text-body\"><p>Mapas de ciclismo para as rotas de ciclismo de longa dist\u00e2ncia em Baden W\u00fcrttemberg<\/p>\n<\/span> <\/div> <\/div> <\/div> <\/div> <\/div> <\/div> <\/div> <\/div> <\/div> <\/div> <\/div> <div class=\"portfolio-item arge-nordico arquivo-de-noticias pagina-inicial referencias col-xs-12 col-sm-6 columns-desktop-5 item-animations-not-inited post-hide-date appearance-type- post-96731 post type-post status-publish format-standard has-post-thumbnail category-arge-nordico category-arquivo-de-noticias category-pagina-inicial category-referencias\" data-default-sort=\"252\" data-sort-date=\"1671105144\"> <div class=\"wrap clearfix\"> <div class=\"image post-96731 post type-post status-publish format-standard has-post-thumbnail category-arge-nordico category-arquivo-de-noticias category-pagina-inicial category-referencias\"> <div class=\"image-inner \"> <picture> <img src=\"https:\/\/www.green-solutions.info\/wp-content\/uploads\/2026\/04\/transparent-thegem-product-justified-square-m.png\" width=\"400\" height=\"400\" class=\"attachment-thegem-product-justified-square-m\" alt=\"Novos sistemas de orienta\u00e7\u00e3o de trilhas\" \/> <\/picture> <div class=\"post-featured-content\"><a href=\"https:\/\/www.green-solutions.info\/pt-br\/novos-sistemas-de-orientacao-de-trilhas\/\"> <picture> <source srcset=\"https:\/\/www.green-solutions.info\/wp-content\/uploads\/2022\/12\/loipenschild_ents-thegem-product-justified-square-m.jpg 1x\" sizes=\"100vw\"> <img src=\"https:\/\/www.green-solutions.info\/wp-content\/uploads\/2022\/12\/loipenschild_ents-thegem-product-justified-square-m.jpg\" width=\"400\" height=\"400\" class=\"img-responsive\" alt=\"loipenschild_ents\" \/> <\/picture> <\/a><\/div> <\/div> <div class=\"overlay\"> <div class=\"overlay-circle\"><\/div> <div class=\"links-wrapper\"> <div class=\"links\"> <div class=\"caption\"> <a href=\"https:\/\/www.green-solutions.info\/pt-br\/novos-sistemas-de-orientacao-de-trilhas\/\" class=\"portfolio-item-link\"> <span class=\"screen-reader-text\">Novos sistemas de orienta\u00e7\u00e3o de trilhas<\/span> <\/a> <div class=\"slide-content\"> <div class=\"slide-content-visible\"> <div class=\"title\"> <span class=\"title-h5 \">Novos sistemas de orienta\u00e7\u00e3o de trilhas<\/span> <\/div> <\/div> <div class=\"slide-content-hidden\"> <div class=\"description\"> <div class=\"subtitle\"> <span class=\"text-body\"><p>Sinaliza\u00e7\u00e3o de trilhas com base no tourinfra da green-solutions &amp; Wiesendanger Medien<\/p>\n<\/span> <\/div> <\/div> <\/div> <\/div> <\/div> <\/div> <\/div> <\/div> <\/div> <\/div> <\/div> <\/div><!-- .portflio-set --> <div class=\"portfolio-item-size-container\"> <div class=\"portfolio-item col-xs-12 col-sm-6 columns-desktop-5 item-animations-not-inited post-hide-date post-96731 post type-post status-publish format-standard has-post-thumbnail category-arge-nordico category-arquivo-de-noticias category-pagina-inicial category-referencias\"> <\/div> <\/div> <\/div><!-- .row--> <div class=\"portfolio-scroll-pagination\"><\/div> <script type=\"text\/javascript\">if (typeof(gem_fix_fullwidth_position) == \"function\") { gem_fix_fullwidth_position(document.querySelector(\".portfolio-row-outer.fullwidth-block-69ee3319cd8ad\")); }<\/script> <\/div><!-- .full-width --> <\/div><!-- .portfolio--> <\/div><!-- .portfolio-preloader-wrapper--><div class=\"clearboth\"><\/div><style>#thegem-divider-69ee331a0e5ba {margin-top: 60px !important;}<\/style><div id=\"thegem-divider-69ee331a0e5ba\" class=\"gem-divider  divider-hidden\" style=\"\" ><\/div>[\/vc_column][\/vc_row]<\/p>\n<\/div>","protected":false},"excerpt":{"rendered":"<p>[vc_row full_width=&#8221;stretch_row_content_no_spaces&#8221; equal_height=&#8221;yes&#8221; css=&#8221;.vc_custom_1548442690034{margin-bottom: 0px !important;padding-bottom: 0px !important;}&#8221;][vc_column disable_custom_paddings_mobile=&#8221;true&#8221; css=&#8221;.vc_custom_1554373630288{padding-right: 190px !important;padding-left: 70px !important;background: #323236 url(https:\/\/www.green-solutions.info\/wp-content\/uploads\/2019\/04\/OurBlogTitle.png?id=1917) !important;background-position: center !important;background-repeat: no-repeat&#8230;<\/p>\n","protected":false},"author":1,"featured_media":0,"parent":0,"menu_order":77,"comment_status":"closed","ping_status":"closed","template":"","meta":{"om_disable_all_campaigns":false,"_monsterinsights_skip_tracking":false,"_monsterinsights_sitenote_active":false,"_monsterinsights_sitenote_note":"","_monsterinsights_sitenote_category":0,"footnotes":""},"categories":[1279,1273,1274],"tags":[],"class_list":{"0":"post-98441","1":"page","2":"type-page","3":"status-publish","5":"category-projeto-2025","6":"category-projeto-2025-incompleto","7":"category-solucoes-ecologicas"},"aioseo_notices":[],"_links":{"self":[{"href":"https:\/\/www.green-solutions.info\/pt-br\/wp-json\/wp\/v2\/pages\/98441","targetHints":{"allow":["GET"]}}],"collection":[{"href":"https:\/\/www.green-solutions.info\/pt-br\/wp-json\/wp\/v2\/pages"}],"about":[{"href":"https:\/\/www.green-solutions.info\/pt-br\/wp-json\/wp\/v2\/types\/page"}],"author":[{"embeddable":true,"href":"https:\/\/www.green-solutions.info\/pt-br\/wp-json\/wp\/v2\/users\/1"}],"replies":[{"embeddable":true,"href":"https:\/\/www.green-solutions.info\/pt-br\/wp-json\/wp\/v2\/comments?post=98441"}],"version-history":[{"count":0,"href":"https:\/\/www.green-solutions.info\/pt-br\/wp-json\/wp\/v2\/pages\/98441\/revisions"}],"wp:attachment":[{"href":"https:\/\/www.green-solutions.info\/pt-br\/wp-json\/wp\/v2\/media?parent=98441"}],"wp:term":[{"taxonomy":"category","embeddable":true,"href":"https:\/\/www.green-solutions.info\/pt-br\/wp-json\/wp\/v2\/categories?post=98441"},{"taxonomy":"post_tag","embeddable":true,"href":"https:\/\/www.green-solutions.info\/pt-br\/wp-json\/wp\/v2\/tags?post=98441"}],"curies":[{"name":"wp","href":"https:\/\/api.w.org\/{rel}","templated":true}]}}