{"id":98021,"date":"2016-03-21T21:42:17","date_gmt":"2016-03-21T20:42:17","guid":{"rendered":"https:\/\/www.green-solutions.info\/projetos-de-referencia\/"},"modified":"2025-02-15T14:45:11","modified_gmt":"2025-02-15T13:45:11","slug":"projetos-de-referencia","status":"publish","type":"page","link":"https:\/\/www.green-solutions.info\/pt-br\/projetos-de-referencia\/","title":{"rendered":"Projetos de refer\u00eancia"},"content":{"rendered":"<div class=\"wpb-content-wrapper\"><p>[vc_row full_width=&#8221;stretch_row_content_no_spaces&#8221; equal_height=&#8221;yes&#8221; css=&#8221;.vc_custom_1550842308747{margin-bottom: 0px !important;padding-bottom: 0px !important;}&#8221;][vc_column disable_custom_paddings_mobile=&#8221;true&#8221; css=&#8221;.vc_custom_1554372732512{padding-right: 190px !important;padding-left: 70px !important;background: #323236 url(https:\/\/www.green-solutions.info\/wp-content\/uploads\/2019\/04\/AboutUsTitle.png?id=1914) !important;background-position: center !important;background-repeat: no-repeat !important;background-size: contain !important;}&#8221; offset=&#8221;vc_col-md-6 vc_col-sm-offset-0&#8243; el_class=&#8221;verticalPageTitle&#8221;]<div class=\"clearboth\"><\/div><style>#thegem-divider-69ee331f5094b {margin-top: 85px !important;}<\/style><div id=\"thegem-divider-69ee331f5094b\" class=\"gem-divider  \" style=\"\" ><\/div><div class=\"clearboth\"><\/div><style>#thegem-divider-69ee331f509c5 {margin-top: 270px !important;}<\/style><div id=\"thegem-divider-69ee331f509c5\" class=\"gem-divider  divider-hidden\" style=\"\" ><\/div>[vc_column_text css=&#8221;&#8221; css_animation=&#8221;bottom-to-top&#8221;]<\/p>\n<div class=\"title-xlarge\"><span style=\"color: #ffffff;\"><br \/>\nf<span style=\"color: #a8c307;\">ora do digital<\/span> Clientes satisfeitos<\/span><\/div>\n<p>[\/vc_column_text]<div class=\"clearboth\"><\/div><style>#thegem-divider-69ee331f509fe {margin-top: 40px !important;}<\/style><div id=\"thegem-divider-69ee331f509fe\" class=\"gem-divider  \" style=\"\" ><\/div>[vc_column_text css=&#8221;&#8221; css_animation=&#8221;bottom-to-top&#8221;]<\/p>\n<div class=\"styled-subtitle\"><span style=\"color: #ffffff;\">&#8220;O quanto for necess\u00e1rio &#8211; o m\u00ednimo poss\u00edvel&#8221;<\/span><\/div>\n<p>[\/vc_column_text]<div class=\"clearboth\"><\/div><style>#thegem-divider-69ee331f50a2f {margin-top: 90px !important;}<\/style><div id=\"thegem-divider-69ee331f50a2f\" class=\"gem-divider  \" style=\"\" ><\/div>[\/vc_column][vc_column css=&#8221;.vc_custom_1737157759784{background-image: url(https:\/\/www.green-solutions.info\/wp-content\/uploads\/2025\/01\/referenzen.png?id=82342) !important;background-position: center !important;background-repeat: no-repeat !important;background-size: cover !important;}&#8221; offset=&#8221;vc_col-md-6&#8243;]<div class=\"clearboth\"><\/div><style>#thegem-divider-69ee331f50a5e {margin-top: 500px !important;}<\/style><div id=\"thegem-divider-69ee331f50a5e\" class=\"gem-divider  \" style=\"\" ><\/div>[\/vc_column][\/vc_row][vc_row][vc_column]<div class=\"clearboth\"><\/div><style>#thegem-divider-69ee331f50a8b {margin-top: 60px !important;}<\/style><div id=\"thegem-divider-69ee331f50a8b\" class=\"gem-divider  divider-hidden\" style=\"\" ><\/div>[\/vc_column][\/vc_row][vc_row][vc_column]<style>.portfolio.news-grid#style-4813cb2 .portfolio-item:not(.size-item), .preloader#style-preloader-4813cb2 .portfolio-item { padding: calc(20px\/2) !important; }.portfolio.news-grid#style-4813cb2 .portfolio-item.size-item { padding: 0 calc(20px\/2) !important; }.portfolio.news-grid#style-4813cb2 .portfolio-row, .preloader#style-preloader-4813cb2 .skeleton-posts.portfolio-row { margin: calc(-20px\/2); }.portfolio.news-grid#style-4813cb2.fullwidth-columns .portfolio-row { margin: calc(-20px\/2) 0; }.portfolio.news-grid#style-4813cb2 .fullwidth-block:not(.no-paddings) { padding-left: 20px; padding-right: 20px; }.portfolio.news-grid#style-4813cb2 .fullwidth-block .portfolio-row { padding-left: calc(20px\/2); padding-right: calc(20px\/2); }.portfolio.news-grid#style-4813cb2 .fullwidth-block .portfolio-top-panel { padding-left: 20px; padding-right: 20px; }.portfolio.news-grid#style-4813cb2.fullwidth-columns .with-filter-sidebar .filter-sidebar { padding-left: 20px; }.portfolio.news-grid#style-4813cb2.list-style.with-divider .portfolio-item .wrap:before { top: calc(-20px\/2); }.portfolio.news-grid#style-4813cb2 .fullwidth-block .portfolio-top-panel:not(.gem-sticky-block), .portfolio.news-grid#style-4813cb2 .portfolio-item.not-found .found-wrap { padding-left: 21px !important; padding-right: 21px !important; }.portfolio.news-grid#style-4813cb2 .with-filter-sidebar .filter-sidebar { padding-left: 21px !important; }.portfolio.news-grid#style-4813cb2 .portfolio-item .caption .title span { letter-spacing: px !important; }<\/style><style><\/style><div id=\"style-preloader-4813cb2\" class=\"preloader save-space\"><div class=\"preloader-spin\"><\/div><\/div> <div class=\"portfolio-preloader-wrapper panel-sidebar-position-left\"> <div class=\"portfolio portfolio-grid extended-portfolio-grid news-grid no-padding portfolio-pagination-scroll portfolio-style-justified background-style-transparent title-style-light hover-default-default title-on-hover caption-position-hover version-default loading-animation item-animation-fade-in fullwidth-columns fullwidth-columns-5 hover-title columns-tablet-2 columns-mobile-1 disable-isotope next-page-preloading \" id=\"style-4813cb2\" data-style-uid=\"4813cb2\" data-portfolio-uid=\"grid_058d440\" data-current-page=\"1\" data-per-page=\"50\" data-next-page=\"2\" data-pages-count=\"4\" data-hover=\"default\" data-portfolio-filter=\"[]\" data-portfolio-filter-attributes=\"null\" data-portfolio-filter-status=\"null\" data-portfolio-filter-price=\"null\" data-portfolio-filter-search=\"\"> <div class=\"portfolio-row-outer fullwidth-block fullwidth-block-69ee331f5bbd8 no-paddings\"> <div class=\"portfolio-top-panel filter-type-default\"> <div class=\"portfolio-top-panel-row filter-style-buttons\"> <div class=\"portfolio-top-panel-left\"><div class=\"portfolio-filter-item portfolio-selected-filters left\"> <div class=\"portfolio-selected-filter-item clear-filters\"> Clear Filters\t<\/div> <\/div> <\/div> <div class=\"portfolio-top-panel-right\"> <div class=\"portfolio-sorting title-h6\"> <div class=\"orderby light\"> <label for=\"\" data-value=\"date\">Data<\/label> <a href=\"javascript:void(0);\" role=\"button\" class=\"sorting-switcher\" data-current=\"date\" aria-label=\"Order by\"><\/a> <label for=\"\" data-value=\"name\">Name<\/label> <\/div> <div class=\"portfolio-sorting-sep\"><\/div> <div class=\"order light\"> <label for=\"\" data-value=\"DESC\">Desc<\/label> <a href=\"javascript:void(0);\" role=\"button\" class=\"sorting-switcher\" data-current=\"DESC\" aria-label=\"Order\"><\/a> <label for=\"\" data-value=\"ASC\">Asc<\/label> <\/div> <\/div> <\/div> <\/div> <\/div> <div class=\"row portfolio-row\"> <div class=\"portfolio-set clearfix\" data-max-row-height=\"380\"> <div class=\"portfolio-item arquivo-de-noticias pagina-inicial tourinfra-pt-br col-xs-12 col-sm-6 columns-desktop-5 item-animations-not-inited post-hide-date appearance-type- post-102577 post type-post status-publish format-standard has-post-thumbnail category-arquivo-de-noticias category-pagina-inicial category-tourinfra-pt-br\" data-default-sort=\"242\" data-sort-date=\"1755119833\"> <div class=\"wrap clearfix\"> <div class=\"image post-102577 post type-post status-publish format-standard has-post-thumbnail category-arquivo-de-noticias category-pagina-inicial category-tourinfra-pt-br\"> <div class=\"image-inner \"> <picture> <img src=\"https:\/\/www.green-solutions.info\/wp-content\/uploads\/2026\/04\/transparent-thegem-product-justified-square-m.png\" width=\"400\" height=\"400\" class=\"attachment-thegem-product-justified-square-m\" alt=\"A Grafschaft Bentheim conta com a tourinfra para o transporte de bicicletas\" \/> <\/picture> <div class=\"post-featured-content\"><a href=\"https:\/\/www.green-solutions.info\/pt-br\/a-grafschaft-bentheim-conta-com-a-tourinfra-para-o-transporte-de-bicicletas\/\"> <picture> <source srcset=\"https:\/\/www.green-solutions.info\/wp-content\/uploads\/2025\/08\/logo_beitrag-thegem-product-justified-square-m.png 1x\" sizes=\"100vw\"> <img src=\"https:\/\/www.green-solutions.info\/wp-content\/uploads\/2025\/08\/logo_beitrag-thegem-product-justified-square-m.png\" width=\"400\" height=\"400\" class=\"img-responsive\" alt=\"logo_beitrag\" \/> <\/picture> <\/a><\/div> <\/div> <div class=\"overlay\"> <div class=\"overlay-circle\"><\/div> <div class=\"links-wrapper\"> <div class=\"links\"> <div class=\"caption\"> <a href=\"https:\/\/www.green-solutions.info\/pt-br\/a-grafschaft-bentheim-conta-com-a-tourinfra-para-o-transporte-de-bicicletas\/\" class=\"portfolio-item-link\"> <span class=\"screen-reader-text\">A Grafschaft Bentheim conta com a tourinfra para o transporte de bicicletas<\/span> <\/a> <div class=\"slide-content\"> <div class=\"slide-content-visible\"> <div class=\"title\"> <span class=\"title-h5 \">A Grafschaft Bentheim conta com a tourinfra para o transporte de bicicletas<\/span> <\/div> <\/div> <div class=\"slide-content-hidden\"> <div class=\"description\"> <div class=\"subtitle\"> <span class=\"text-body\"><p>A Grafschaft Bentheim conta com a tourinfra<\/p>\n<\/span> <\/div> <\/div> <\/div> <\/div> <\/div> <\/div> <\/div> <\/div> <\/div> <\/div> <\/div> <div class=\"portfolio-item arquivo-de-noticias pagina-inicial referencias col-xs-12 col-sm-6 columns-desktop-5 item-animations-not-inited post-hide-date appearance-type- post-102431 post type-post status-publish format-standard has-post-thumbnail category-arquivo-de-noticias category-pagina-inicial category-referencias\" data-default-sort=\"242\" data-sort-date=\"1747931794\"> <div class=\"wrap clearfix\"> <div class=\"image post-102431 post type-post status-publish format-standard has-post-thumbnail category-arquivo-de-noticias category-pagina-inicial category-referencias\"> <div class=\"image-inner \"> <picture> <img src=\"https:\/\/www.green-solutions.info\/wp-content\/uploads\/2026\/04\/transparent-thegem-product-justified-square-m.png\" width=\"400\" height=\"400\" class=\"attachment-thegem-product-justified-square-m\" alt=\"O gerenciamento de QM no Chiemgau Rad &amp; MTB est\u00e1 ativo e em execu\u00e7\u00e3o\" \/> <\/picture> <div class=\"post-featured-content\"><a href=\"https:\/\/www.green-solutions.info\/pt-br\/o-gerenciamento-de-qm-no-chiemgau-rad-mtb-esta-ativo-e-em-execucao\/\"> <picture> <source srcset=\"https:\/\/www.green-solutions.info\/wp-content\/uploads\/2025\/05\/WEB_QM_Beitrag-thegem-product-justified-square-m.jpg 1x\" sizes=\"100vw\"> <img src=\"https:\/\/www.green-solutions.info\/wp-content\/uploads\/2025\/05\/WEB_QM_Beitrag-thegem-product-justified-square-m.jpg\" width=\"400\" height=\"400\" class=\"img-responsive\" alt=\"WEB_QM_Beitrag\" \/> <\/picture> <\/a><\/div> <\/div> <div class=\"overlay\"> <div class=\"overlay-circle\"><\/div> <div class=\"links-wrapper\"> <div class=\"links\"> <div class=\"caption\"> <a href=\"https:\/\/www.green-solutions.info\/pt-br\/o-gerenciamento-de-qm-no-chiemgau-rad-mtb-esta-ativo-e-em-execucao\/\" class=\"portfolio-item-link\"> <span class=\"screen-reader-text\">O gerenciamento de QM no Chiemgau Rad &amp; MTB est\u00e1 ativo e em execu\u00e7\u00e3o<\/span> <\/a> <div class=\"slide-content\"> <div class=\"slide-content-visible\"> <div class=\"title\"> <span class=\"title-h5 \">O gerenciamento de QM no Chiemgau Rad &amp; MTB est\u00e1 ativo e em execu\u00e7\u00e3o<\/span> <\/div> <\/div> <div class=\"slide-content-hidden\"> <div class=\"description\"> <div class=\"subtitle\"> <span class=\"text-body\"><p>Bicicleta de gerenciamento de QM e MTB em Chiemgau por green-solutions<\/p>\n<\/span> <\/div> <\/div> <\/div> <\/div> <\/div> <\/div> <\/div> <\/div> <\/div> <\/div> <\/div> <div class=\"portfolio-item arquivo-de-noticias pagina-inicial referencias col-xs-12 col-sm-6 columns-desktop-5 item-animations-not-inited post-hide-date appearance-type- post-101929 post type-post status-publish format-standard has-post-thumbnail category-arquivo-de-noticias category-pagina-inicial category-referencias\" data-default-sort=\"242\" data-sort-date=\"1747173587\"> <div class=\"wrap clearfix\"> <div class=\"image post-101929 post type-post status-publish format-standard has-post-thumbnail category-arquivo-de-noticias category-pagina-inicial category-referencias\"> <div class=\"image-inner \"> <picture> <img src=\"https:\/\/www.green-solutions.info\/wp-content\/uploads\/2026\/04\/transparent-thegem-product-justified-square-m.png\" width=\"400\" height=\"400\" class=\"attachment-thegem-product-justified-square-m\" alt=\"O Parque Natural Altm\u00fchltal est\u00e1 cada vez mais focado no turismo\" \/> <\/picture> <div class=\"post-featured-content\"><a href=\"https:\/\/www.green-solutions.info\/pt-br\/o-parque-natural-altmuehltal-esta-cada-vez-mais-focado-no-turismo\/\"> <picture> <source srcset=\"https:\/\/www.green-solutions.info\/wp-content\/uploads\/2025\/05\/altmuelttal_beitrag-thegem-product-justified-square-m.jpg 1x\" sizes=\"100vw\"> <img src=\"https:\/\/www.green-solutions.info\/wp-content\/uploads\/2025\/05\/altmuelttal_beitrag-thegem-product-justified-square-m.jpg\" width=\"400\" height=\"400\" class=\"img-responsive\" alt=\"altmuelttal_beitrag\" \/> <\/picture> <\/a><\/div> <\/div> <div class=\"overlay\"> <div class=\"overlay-circle\"><\/div> <div class=\"links-wrapper\"> <div class=\"links\"> <div class=\"caption\"> <a href=\"https:\/\/www.green-solutions.info\/pt-br\/o-parque-natural-altmuehltal-esta-cada-vez-mais-focado-no-turismo\/\" class=\"portfolio-item-link\"> <span class=\"screen-reader-text\">O Parque Natural Altm\u00fchltal est\u00e1 cada vez mais focado no turismo<\/span> <\/a> <div class=\"slide-content\"> <div class=\"slide-content-visible\"> <div class=\"title\"> <span class=\"title-h5 \">O Parque Natural Altm\u00fchltal est\u00e1 cada vez mais focado no turismo<\/span> <\/div> <\/div> <div class=\"slide-content-hidden\"> <div class=\"description\"> <div class=\"subtitle\"> <span class=\"text-body\"><p>O Naturpark Altn\u00fchltal conta com a tourinfra para gerenciar sua infraestrutura de caminhadas.<\/p>\n<\/span> <\/div> <\/div> <\/div> <\/div> <\/div> <\/div> <\/div> <\/div> <\/div> <\/div> <\/div> <div class=\"portfolio-item arquivo-de-noticias pagina-inicial referencias col-xs-12 col-sm-6 columns-desktop-5 item-animations-not-inited post-hide-date appearance-type- post-101870 post type-post status-publish format-standard has-post-thumbnail category-arquivo-de-noticias category-pagina-inicial category-referencias\" data-default-sort=\"211\" data-sort-date=\"1747002438\"> <div class=\"wrap clearfix\"> <div class=\"image post-101870 post type-post status-publish format-standard has-post-thumbnail category-arquivo-de-noticias category-pagina-inicial category-referencias\"> <div class=\"image-inner \"> <picture> <img src=\"https:\/\/www.green-solutions.info\/wp-content\/uploads\/2026\/04\/transparent-thegem-product-justified-square-m.png\" width=\"400\" height=\"400\" class=\"attachment-thegem-product-justified-square-m\" alt=\"Conclus\u00e3o do projeto de lazer Ile Frankenpfalz\" \/> <\/picture> <div class=\"post-featured-content\"><a href=\"https:\/\/www.green-solutions.info\/pt-br\/conclusao-do-projeto-de-lazer-ile-frankenpfalz\/\"> <picture> <source srcset=\"https:\/\/www.green-solutions.info\/wp-content\/uploads\/2025\/05\/ile_wandern_beitrag-1-thegem-product-justified-square-m.jpg 1x\" sizes=\"100vw\"> <img src=\"https:\/\/www.green-solutions.info\/wp-content\/uploads\/2025\/05\/ile_wandern_beitrag-1-thegem-product-justified-square-m.jpg\" width=\"400\" height=\"400\" class=\"img-responsive\" alt=\"ile_wandern_beitrag\" \/> <\/picture> <\/a><\/div> <\/div> <div class=\"overlay\"> <div class=\"overlay-circle\"><\/div> <div class=\"links-wrapper\"> <div class=\"links\"> <div class=\"caption\"> <a href=\"https:\/\/www.green-solutions.info\/pt-br\/conclusao-do-projeto-de-lazer-ile-frankenpfalz\/\" class=\"portfolio-item-link\"> <span class=\"screen-reader-text\">Conclus\u00e3o do projeto de lazer Ile Frankenpfalz<\/span> <\/a> <div class=\"slide-content\"> <div class=\"slide-content-visible\"> <div class=\"title\"> <span class=\"title-h5 \">Conclus\u00e3o do projeto de lazer Ile Frankenpfalz<\/span> <\/div> <\/div> <div class=\"slide-content-hidden\"> <div class=\"description\"> <div class=\"subtitle\"> <span class=\"text-body\"><p>Conclus\u00e3o bem-sucedida de um projeto de caminhada e ciclismo na regi\u00e3o ILE Frankenpfalz<\/p>\n<\/span> <\/div> <\/div> <\/div> <\/div> <\/div> <\/div> <\/div> <\/div> <\/div> <\/div> <\/div> <div class=\"portfolio-item arquivo-de-noticias pagina-inicial referencias col-xs-12 col-sm-6 columns-desktop-5 item-animations-not-inited post-hide-date appearance-type- post-101570 post type-post status-publish format-standard has-post-thumbnail category-arquivo-de-noticias category-pagina-inicial category-referencias\" data-default-sort=\"181\" data-sort-date=\"1741565628\"> <div class=\"wrap clearfix\"> <div class=\"image post-101570 post type-post status-publish format-standard has-post-thumbnail category-arquivo-de-noticias category-pagina-inicial category-referencias\"> <div class=\"image-inner \"> <picture> <img src=\"https:\/\/www.green-solutions.info\/wp-content\/uploads\/2026\/04\/transparent-thegem-product-justified-square-m.png\" width=\"400\" height=\"400\" class=\"attachment-thegem-product-justified-square-m\" alt=\"Gerente de inverno em a\u00e7\u00e3o na Maratona de Esqui de Engadin\" \/> <\/picture> <div class=\"post-featured-content\"><a href=\"https:\/\/www.green-solutions.info\/pt-br\/gerente-de-inverno-em-acao-na-maratona-de-esqui-de-engadin\/\"> <picture> <source srcset=\"https:\/\/www.green-solutions.info\/wp-content\/uploads\/2025\/03\/engadin-skimarathon_beitrag-thegem-product-justified-square-m.jpg 1x\" sizes=\"100vw\"> <img src=\"https:\/\/www.green-solutions.info\/wp-content\/uploads\/2025\/03\/engadin-skimarathon_beitrag-thegem-product-justified-square-m.jpg\" width=\"400\" height=\"400\" class=\"img-responsive\" alt=\"engadin-skimarathon_beitrag\" \/> <\/picture> <\/a><\/div> <\/div> <div class=\"overlay\"> <div class=\"overlay-circle\"><\/div> <div class=\"links-wrapper\"> <div class=\"links\"> <div class=\"caption\"> <a href=\"https:\/\/www.green-solutions.info\/pt-br\/gerente-de-inverno-em-acao-na-maratona-de-esqui-de-engadin\/\" class=\"portfolio-item-link\"> <span class=\"screen-reader-text\">Gerente de inverno em a\u00e7\u00e3o na Maratona de Esqui de Engadin<\/span> <\/a> <div class=\"slide-content\"> <div class=\"slide-content-visible\"> <div class=\"title\"> <span class=\"title-h5 \">Gerente de inverno em a\u00e7\u00e3o na Maratona de Esqui de Engadin<\/span> <\/div> <\/div> <div class=\"slide-content-hidden\"> <div class=\"description\"> <div class=\"subtitle\"> <span class=\"text-body\"><p>Condi\u00e7\u00f5es perfeitas das trilhas na Maratona de Esqui de Engadin!<\/p>\n<\/span> <\/div> <\/div> <\/div> <\/div> <\/div> <\/div> <\/div> <\/div> <\/div> <\/div> <\/div> <div class=\"portfolio-item arquivo-de-noticias pagina-inicial referencias col-xs-12 col-sm-6 columns-desktop-5 item-animations-not-inited post-hide-date appearance-type- post-101562 post type-post status-publish format-standard has-post-thumbnail category-arquivo-de-noticias category-pagina-inicial category-referencias\" data-default-sort=\"179\" data-sort-date=\"1740235799\"> <div class=\"wrap clearfix\"> <div class=\"image post-101562 post type-post status-publish format-standard has-post-thumbnail category-arquivo-de-noticias category-pagina-inicial category-referencias\"> <div class=\"image-inner \"> <picture> <img src=\"https:\/\/www.green-solutions.info\/wp-content\/uploads\/2026\/04\/transparent-thegem-product-justified-square-m.png\" width=\"400\" height=\"400\" class=\"attachment-thegem-product-justified-square-m\" alt=\"Digitalizar o planeta e a tourinfra Valor agregado para nossos clientes e para a natureza\" \/> <\/picture> <div class=\"post-featured-content\"><a href=\"https:\/\/www.green-solutions.info\/pt-br\/digitalizar-o-planeta-e-a-tourinfra-valor-agregado-para-nossos-clientes-e-para-a-natureza\/\"> <picture> <source srcset=\"https:\/\/www.green-solutions.info\/wp-content\/uploads\/2025\/02\/beitrag_digitize_the_planet-thegem-product-justified-square-m.jpg 1x\" sizes=\"100vw\"> <img src=\"https:\/\/www.green-solutions.info\/wp-content\/uploads\/2025\/02\/beitrag_digitize_the_planet-thegem-product-justified-square-m.jpg\" width=\"400\" height=\"400\" class=\"img-responsive\" alt=\"beitrag_digitize_the_planet\" \/> <\/picture> <\/a><\/div> <\/div> <div class=\"overlay\"> <div class=\"overlay-circle\"><\/div> <div class=\"links-wrapper\"> <div class=\"links\"> <div class=\"caption\"> <a href=\"https:\/\/www.green-solutions.info\/pt-br\/digitalizar-o-planeta-e-a-tourinfra-valor-agregado-para-nossos-clientes-e-para-a-natureza\/\" class=\"portfolio-item-link\"> <span class=\"screen-reader-text\">Digitalizar o planeta e a tourinfra Valor agregado para nossos clientes e para a natureza<\/span> <\/a> <div class=\"slide-content\"> <div class=\"slide-content-visible\"> <div class=\"title\"> <span class=\"title-h5 \">Digitalizar o planeta e a tourinfra Valor agregado para nossos clientes e para a natureza<\/span> <\/div> <\/div> <div class=\"slide-content-hidden\"> <div class=\"description\"> <div class=\"subtitle\"> <span class=\"text-body\"><p>Planejamento prospectivo &#8211; interface entre tourinfra e digitise the planet<\/p>\n<\/span> <\/div> <\/div> <\/div> <\/div> <\/div> <\/div> <\/div> <\/div> <\/div> <\/div> <\/div> <div class=\"portfolio-item arquivo-de-noticias pagina-inicial referencias col-xs-12 col-sm-6 columns-desktop-5 item-animations-not-inited post-hide-date appearance-type- post-95946 post type-post status-publish format-standard has-post-thumbnail category-arquivo-de-noticias category-pagina-inicial category-referencias\" data-default-sort=\"176\" data-sort-date=\"1739233219\"> <div class=\"wrap clearfix\"> <div class=\"image post-95946 post type-post status-publish format-standard has-post-thumbnail category-arquivo-de-noticias category-pagina-inicial category-referencias\"> <div class=\"image-inner \"> <picture> <img src=\"https:\/\/www.green-solutions.info\/wp-content\/uploads\/2026\/04\/transparent-thegem-product-justified-square-m.png\" width=\"400\" height=\"400\" class=\"attachment-thegem-product-justified-square-m\" alt=\"Sistema de orienta\u00e7\u00e3o de trilhas Bodenmais \/ Bretterschachten\" \/> <\/picture> <div class=\"post-featured-content\"><a href=\"https:\/\/www.green-solutions.info\/pt-br\/sistema-de-orientacao-de-trilhas-bodenmais-bretterschachten\/\"> <picture> <source srcset=\"https:\/\/www.green-solutions.info\/wp-content\/uploads\/2025\/02\/beitrag_loipenleitsystem_500-thegem-product-justified-square-m.png 1x\" sizes=\"100vw\"> <img src=\"https:\/\/www.green-solutions.info\/wp-content\/uploads\/2025\/02\/beitrag_loipenleitsystem_500-thegem-product-justified-square-m.png\" width=\"400\" height=\"400\" class=\"img-responsive\" alt=\"beitrag_loipenleitsystem_500\" \/> <\/picture> <\/a><\/div> <\/div> <div class=\"overlay\"> <div class=\"overlay-circle\"><\/div> <div class=\"links-wrapper\"> <div class=\"links\"> <div class=\"caption\"> <a href=\"https:\/\/www.green-solutions.info\/pt-br\/sistema-de-orientacao-de-trilhas-bodenmais-bretterschachten\/\" class=\"portfolio-item-link\"> <span class=\"screen-reader-text\">Sistema de orienta\u00e7\u00e3o de trilhas Bodenmais \/ Bretterschachten<\/span> <\/a> <div class=\"slide-content\"> <div class=\"slide-content-visible\"> <div class=\"title\"> <span class=\"title-h5 \">Sistema de orienta\u00e7\u00e3o de trilhas Bodenmais \/ Bretterschachten<\/span> <\/div> <\/div> <div class=\"slide-content-hidden\"> <div class=\"description\"> <div class=\"subtitle\"> <span class=\"text-body\"><p>Uma rede de 45 km de trilhas foi otimizada e o n\u00famero total de trilhas agora cobre impressionantes 110 quil\u00f4metros para esquiadores de cross-country.<\/p>\n<\/span> <\/div> <\/div> <\/div> <\/div> <\/div> <\/div> <\/div> <\/div> <\/div> <\/div> <\/div> <div class=\"portfolio-item arquivo-de-noticias pagina-inicial referencias col-xs-12 col-sm-6 columns-desktop-5 item-animations-not-inited post-hide-date appearance-type- post-96151 post type-post status-publish format-standard has-post-thumbnail category-arquivo-de-noticias category-pagina-inicial category-referencias\" data-default-sort=\"261\" data-sort-date=\"1731370048\"> <div class=\"wrap clearfix\"> <div class=\"image post-96151 post type-post status-publish format-standard has-post-thumbnail category-arquivo-de-noticias category-pagina-inicial category-referencias\"> <div class=\"image-inner \"> <picture> <img src=\"https:\/\/www.green-solutions.info\/wp-content\/uploads\/2026\/04\/transparent-thegem-product-justified-square-m.png\" width=\"400\" height=\"400\" class=\"attachment-thegem-product-justified-square-m\" alt=\"Conclus\u00e3o do projeto de caminhada no distrito sul de Bad T\u00f6lz Wolfratshausen\" \/> <\/picture> <div class=\"post-featured-content\"><a href=\"https:\/\/www.green-solutions.info\/pt-br\/conclusao-do-projeto-de-caminhada-no-distrito-sul-de-bad-toelz-wolfratshausen\/\"> <picture> <source srcset=\"https:\/\/www.green-solutions.info\/wp-content\/uploads\/2025\/01\/wandern_toelzer_land-thegem-product-justified-square-m.jpg 1x\" sizes=\"100vw\"> <img src=\"https:\/\/www.green-solutions.info\/wp-content\/uploads\/2025\/01\/wandern_toelzer_land-thegem-product-justified-square-m.jpg\" width=\"400\" height=\"400\" class=\"img-responsive\" alt=\"wandern_toelzer_land\" \/> <\/picture> <\/a><\/div> <\/div> <div class=\"overlay\"> <div class=\"overlay-circle\"><\/div> <div class=\"links-wrapper\"> <div class=\"links\"> <div class=\"caption\"> <a href=\"https:\/\/www.green-solutions.info\/pt-br\/conclusao-do-projeto-de-caminhada-no-distrito-sul-de-bad-toelz-wolfratshausen\/\" class=\"portfolio-item-link\"> <span class=\"screen-reader-text\">Conclus\u00e3o do projeto de caminhada no distrito sul de Bad T\u00f6lz Wolfratshausen<\/span> <\/a> <div class=\"slide-content\"> <div class=\"slide-content-visible\"> <div class=\"title\"> <span class=\"title-h5 \">Conclus\u00e3o do projeto de caminhada no distrito sul de Bad T\u00f6lz Wolfratshausen<\/span> <\/div> <\/div> <div class=\"slide-content-hidden\"> <div class=\"description\"> <div class=\"subtitle\"> <span class=\"text-body\"><p>No distrito sul de Bad T\u00f6lz-Wolfratshausen, um conceito de trilha de caminhada intermunicipal oferece melhor orienta\u00e7\u00e3o.<\/p>\n<\/span> <\/div> <\/div> <\/div> <\/div> <\/div> <\/div> <\/div> <\/div> <\/div> <\/div> <\/div> <div class=\"portfolio-item arquivo-de-noticias pagina-inicial referencias col-xs-12 col-sm-6 columns-desktop-5 item-animations-not-inited post-hide-date appearance-type- post-96026 post type-post status-publish format-standard has-post-thumbnail category-arquivo-de-noticias category-pagina-inicial category-referencias\" data-default-sort=\"176\" data-sort-date=\"1728066290\"> <div class=\"wrap clearfix\"> <div class=\"image post-96026 post type-post status-publish format-standard has-post-thumbnail category-arquivo-de-noticias category-pagina-inicial category-referencias\"> <div class=\"image-inner \"> <picture> <img src=\"https:\/\/www.green-solutions.info\/wp-content\/uploads\/2026\/04\/transparent-thegem-product-justified-square-m.png\" width=\"400\" height=\"400\" class=\"attachment-thegem-product-justified-square-m\" alt=\"Conclus\u00e3o do projeto de caminhada na regi\u00e3o de Zugspitz\" \/> <\/picture> <div class=\"post-featured-content\"><a href=\"https:\/\/www.green-solutions.info\/pt-br\/conclusao-do-projeto-de-caminhada-na-regiao-de-zugspitz\/\"> <picture> <source srcset=\"https:\/\/www.green-solutions.info\/wp-content\/uploads\/2025\/01\/beitrag_zugspitz-region-thegem-product-justified-square-m.jpg 1x\" sizes=\"100vw\"> <img src=\"https:\/\/www.green-solutions.info\/wp-content\/uploads\/2025\/01\/beitrag_zugspitz-region-thegem-product-justified-square-m.jpg\" width=\"400\" height=\"400\" class=\"img-responsive\" alt=\"beitrag_zugspitz-region\" \/> <\/picture> <\/a><\/div> <\/div> <div class=\"overlay\"> <div class=\"overlay-circle\"><\/div> <div class=\"links-wrapper\"> <div class=\"links\"> <div class=\"caption\"> <a href=\"https:\/\/www.green-solutions.info\/pt-br\/conclusao-do-projeto-de-caminhada-na-regiao-de-zugspitz\/\" class=\"portfolio-item-link\"> <span class=\"screen-reader-text\">Conclus\u00e3o do projeto de caminhada na regi\u00e3o de Zugspitz<\/span> <\/a> <div class=\"slide-content\"> <div class=\"slide-content-visible\"> <div class=\"title\"> <span class=\"title-h5 \">Conclus\u00e3o do projeto de caminhada na regi\u00e3o de Zugspitz<\/span> <\/div> <\/div> <div class=\"slide-content-hidden\"> <div class=\"description\"> <div class=\"subtitle\"> <span class=\"text-body\"><p>Conclus\u00e3o de um projeto de caminhada na regi\u00e3o de Zugspitz com solu\u00e7\u00f5es ecol\u00f3gicas.<\/p>\n<\/span> <\/div> <\/div> <\/div> <\/div> <\/div> <\/div> <\/div> <\/div> <\/div> <\/div> <\/div> <div class=\"portfolio-item arquivo-de-noticias pagina-inicial referencias col-xs-12 col-sm-6 columns-desktop-5 item-animations-not-inited post-hide-date appearance-type- post-97193 post type-post status-publish format-standard has-post-thumbnail category-arquivo-de-noticias category-pagina-inicial category-referencias\" data-default-sort=\"260\" data-sort-date=\"1695727996\"> <div class=\"wrap clearfix\"> <div class=\"image post-97193 post type-post status-publish format-standard has-post-thumbnail category-arquivo-de-noticias category-pagina-inicial category-referencias\"> <div class=\"image-inner \"> <picture> <img src=\"https:\/\/www.green-solutions.info\/wp-content\/uploads\/2026\/04\/transparent-thegem-product-justified-square-m.png\" width=\"400\" height=\"400\" class=\"attachment-thegem-product-justified-square-m\" alt=\"Trilhas de ciclismo e caminhada ao redor do Ref\u00fagio de Montanha Allg\u00e4u da HUBERTUS\" \/> <\/picture> <div class=\"post-featured-content\"><a href=\"https:\/\/www.green-solutions.info\/pt-br\/trilhas-de-ciclismo-e-caminhada-ao-redor-do-refugio-de-montanha-allgaeu-da-hubertus\/\"> <picture> <source srcset=\"https:\/\/www.green-solutions.info\/wp-content\/uploads\/2023\/09\/rw_ww_HUBERTUS_Mountain_Refugio_Allgaeu_ents-thegem-product-justified-square-m.jpg 1x\" sizes=\"100vw\"> <img src=\"https:\/\/www.green-solutions.info\/wp-content\/uploads\/2023\/09\/rw_ww_HUBERTUS_Mountain_Refugio_Allgaeu_ents-thegem-product-justified-square-m.jpg\" width=\"400\" height=\"400\" class=\"img-responsive\" alt=\"rw_ww_HUBERTUS_Mountain_Refugio_Allgaeu_ents\" \/> <\/picture> <\/a><\/div> <\/div> <div class=\"overlay\"> <div class=\"overlay-circle\"><\/div> <div class=\"links-wrapper\"> <div class=\"links\"> <div class=\"caption\"> <a href=\"https:\/\/www.green-solutions.info\/pt-br\/trilhas-de-ciclismo-e-caminhada-ao-redor-do-refugio-de-montanha-allgaeu-da-hubertus\/\" class=\"portfolio-item-link\"> <span class=\"screen-reader-text\">Trilhas de ciclismo e caminhada ao redor do Ref\u00fagio de Montanha Allg\u00e4u da HUBERTUS<\/span> <\/a> <div class=\"slide-content\"> <div class=\"slide-content-visible\"> <div class=\"title\"> <span class=\"title-h5 \">Trilhas de ciclismo e caminhada ao redor do Ref\u00fagio de Montanha Allg\u00e4u da HUBERTUS<\/span> <\/div> <\/div> <div class=\"slide-content-hidden\"> <div class=\"description\"> <div class=\"subtitle\"> <span class=\"text-body\"><p>Layout e cartografia por green-solutions de um mapa de ciclismo e caminhadas para o Ref\u00fagio de Montanha Allg\u00e4u &#8211; Hubertus<\/p>\n<\/span> <\/div> <\/div> <\/div> <\/div> <\/div> <\/div> <\/div> <\/div> <\/div> <\/div> <\/div> <div class=\"portfolio-item arquivo-de-noticias pagina-inicial referencias col-xs-12 col-sm-6 columns-desktop-5 item-animations-not-inited post-hide-date appearance-type- post-97174 post type-post status-publish format-standard has-post-thumbnail category-arquivo-de-noticias category-pagina-inicial category-referencias\" data-default-sort=\"240\" data-sort-date=\"1689075227\"> <div class=\"wrap clearfix\"> <div class=\"image post-97174 post type-post status-publish format-standard has-post-thumbnail category-arquivo-de-noticias category-pagina-inicial category-referencias\"> <div class=\"image-inner \"> <picture> <img src=\"https:\/\/www.green-solutions.info\/wp-content\/uploads\/2026\/04\/transparent-thegem-product-justified-square-m.png\" width=\"400\" height=\"400\" class=\"attachment-thegem-product-justified-square-m\" alt=\"Evento informativo sobre o status do conceito de tr\u00e1fego de bicicletas em Altm\u00fchlfranken\" \/> <\/picture> <div class=\"post-featured-content\"><a href=\"https:\/\/www.green-solutions.info\/pt-br\/evento-informativo-sobre-o-status-do-conceito-de-trafego-de-bicicletas-em-altmuehlfranken\/\"> <picture> <source srcset=\"https:\/\/www.green-solutions.info\/wp-content\/uploads\/2023\/07\/infoveranstaltung-radvrkehrskonzept_ents-thegem-product-justified-square-m.jpg 1x\" sizes=\"100vw\"> <img src=\"https:\/\/www.green-solutions.info\/wp-content\/uploads\/2023\/07\/infoveranstaltung-radvrkehrskonzept_ents-thegem-product-justified-square-m.jpg\" width=\"400\" height=\"400\" class=\"img-responsive\" alt=\"infoveranstaltung-radvrkehrskonzept_ents\" \/> <\/picture> <\/a><\/div> <\/div> <div class=\"overlay\"> <div class=\"overlay-circle\"><\/div> <div class=\"links-wrapper\"> <div class=\"links\"> <div class=\"caption\"> <a href=\"https:\/\/www.green-solutions.info\/pt-br\/evento-informativo-sobre-o-status-do-conceito-de-trafego-de-bicicletas-em-altmuehlfranken\/\" class=\"portfolio-item-link\"> <span class=\"screen-reader-text\">Evento informativo sobre o status do conceito de tr\u00e1fego de bicicletas em Altm\u00fchlfranken<\/span> <\/a> <div class=\"slide-content\"> <div class=\"slide-content-visible\"> <div class=\"title\"> <span class=\"title-h5 \">Evento informativo sobre o status do conceito de tr\u00e1fego de bicicletas em Altm\u00fchlfranken<\/span> <\/div> <\/div> <div class=\"slide-content-hidden\"> <div class=\"description\"> <div class=\"subtitle\"> <span class=\"text-body\"><p>Evento informativo para todos os cidad\u00e3os sobre o status atual do conceito de ciclismo.<\/p>\n<\/span> <\/div> <\/div> <\/div> <\/div> <\/div> <\/div> <\/div> <\/div> <\/div> <\/div> <\/div> <div class=\"portfolio-item arquivo-de-noticias pagina-inicial referencias col-xs-12 col-sm-6 columns-desktop-5 item-animations-not-inited post-hide-date appearance-type- post-97154 post type-post status-publish format-standard has-post-thumbnail category-arquivo-de-noticias category-pagina-inicial category-referencias\" data-default-sort=\"243\" data-sort-date=\"1687261389\"> <div class=\"wrap clearfix\"> <div class=\"image post-97154 post type-post status-publish format-standard has-post-thumbnail category-arquivo-de-noticias category-pagina-inicial category-referencias\"> <div class=\"image-inner \"> <picture> <img src=\"https:\/\/www.green-solutions.info\/wp-content\/uploads\/2026\/04\/transparent-thegem-product-justified-square-m.png\" width=\"400\" height=\"400\" class=\"attachment-thegem-product-justified-square-m\" alt=\"Mapa de ciclismo &#8211; BIKE &amp; WORK\" \/> <\/picture> <div class=\"post-featured-content\"><a href=\"https:\/\/www.green-solutions.info\/pt-br\/mapa-de-ciclismo-bike-work\/\"> <picture> <source srcset=\"https:\/\/www.green-solutions.info\/wp-content\/uploads\/2023\/06\/fahrradkarte_bike_n_work_ents-thegem-product-justified-square-m.jpg 1x\" sizes=\"100vw\"> <img src=\"https:\/\/www.green-solutions.info\/wp-content\/uploads\/2023\/06\/fahrradkarte_bike_n_work_ents-thegem-product-justified-square-m.jpg\" width=\"400\" height=\"400\" class=\"img-responsive\" alt=\"fahrradkarte_bike_n_work_ents\" \/> <\/picture> <\/a><\/div> <\/div> <div class=\"overlay\"> <div class=\"overlay-circle\"><\/div> <div class=\"links-wrapper\"> <div class=\"links\"> <div class=\"caption\"> <a href=\"https:\/\/www.green-solutions.info\/pt-br\/mapa-de-ciclismo-bike-work\/\" class=\"portfolio-item-link\"> <span class=\"screen-reader-text\">Mapa de ciclismo &#8211; BIKE &amp; WORK<\/span> <\/a> <div class=\"slide-content\"> <div class=\"slide-content-visible\"> <div class=\"title\"> <span class=\"title-h5 \">Mapa de ciclismo &#8211; BIKE &amp; WORK<\/span> <\/div> <\/div> <div class=\"slide-content-hidden\"> <div class=\"description\"> <div class=\"subtitle\"> <span class=\"text-body\"><p>BIKE &amp; WORK Layout, logotipo e cartografia por green-solutions.<\/p>\n<\/span> <\/div> <\/div> <\/div> <\/div> <\/div> <\/div> <\/div> <\/div> <\/div> <\/div> <\/div> <div class=\"portfolio-item arquivo-de-noticias pagina-inicial referencias col-xs-12 col-sm-6 columns-desktop-5 item-animations-not-inited post-hide-date appearance-type- post-97082 post type-post status-publish format-standard has-post-thumbnail category-arquivo-de-noticias category-pagina-inicial category-referencias\" data-default-sort=\"241\" data-sort-date=\"1685447077\"> <div class=\"wrap clearfix\"> <div class=\"image post-97082 post type-post status-publish format-standard has-post-thumbnail category-arquivo-de-noticias category-pagina-inicial category-referencias\"> <div class=\"image-inner \"> <picture> <img src=\"https:\/\/www.green-solutions.info\/wp-content\/uploads\/2026\/04\/transparent-thegem-product-justified-square-m.png\" width=\"400\" height=\"400\" class=\"attachment-thegem-product-justified-square-m\" alt=\"Altm\u00fchlfranken est\u00e1 pedalando!\" \/> <\/picture> <div class=\"post-featured-content\"><a href=\"https:\/\/www.green-solutions.info\/pt-br\/altmuehlfranken-esta-pedalando\/\"> <picture> <source srcset=\"https:\/\/www.green-solutions.info\/wp-content\/uploads\/2023\/05\/altmuehl_franken_radelt_ents-thegem-product-justified-square-m.jpg 1x\" sizes=\"100vw\"> <img src=\"https:\/\/www.green-solutions.info\/wp-content\/uploads\/2023\/05\/altmuehl_franken_radelt_ents-thegem-product-justified-square-m.jpg\" width=\"400\" height=\"400\" class=\"img-responsive\" alt=\"altmuehl_franken_radelt_ents\" \/> <\/picture> <\/a><\/div> <\/div> <div class=\"overlay\"> <div class=\"overlay-circle\"><\/div> <div class=\"links-wrapper\"> <div class=\"links\"> <div class=\"caption\"> <a href=\"https:\/\/www.green-solutions.info\/pt-br\/altmuehlfranken-esta-pedalando\/\" class=\"portfolio-item-link\"> <span class=\"screen-reader-text\">Altm\u00fchlfranken est\u00e1 pedalando!<\/span> <\/a> <div class=\"slide-content\"> <div class=\"slide-content-visible\"> <div class=\"title\"> <span class=\"title-h5 \">Altm\u00fchlfranken est\u00e1 pedalando!<\/span> <\/div> <\/div> <div class=\"slide-content-hidden\"> <div class=\"description\"> <div class=\"subtitle\"> <span class=\"text-body\"><p>Come\u00e7a a pesquisa de ciclovias para o conceito de ciclismo di\u00e1rio e de lazer em todo o distrito de Altm\u00fchlfranken.<\/p>\n<\/span> <\/div> <\/div> <\/div> <\/div> <\/div> <\/div> <\/div> <\/div> <\/div> <\/div> <\/div> <div class=\"portfolio-item arquivo-de-noticias pagina-inicial referencias col-xs-12 col-sm-6 columns-desktop-5 item-animations-not-inited post-hide-date appearance-type- post-97072 post type-post status-publish format-standard has-post-thumbnail category-arquivo-de-noticias category-pagina-inicial category-referencias\" data-default-sort=\"242\" data-sort-date=\"1684842310\"> <div class=\"wrap clearfix\"> <div class=\"image post-97072 post type-post status-publish format-standard has-post-thumbnail category-arquivo-de-noticias category-pagina-inicial category-referencias\"> <div class=\"image-inner \"> <picture> <img src=\"https:\/\/www.green-solutions.info\/wp-content\/uploads\/2026\/04\/transparent-thegem-product-justified-square-m.png\" width=\"400\" height=\"400\" class=\"attachment-thegem-product-justified-square-m\" alt=\"A rede de ciclovias do distrito de Starnberg est\u00e1 sendo otimizada &#8211; primeira etapa conclu\u00edda\" \/> <\/picture> <div class=\"post-featured-content\"><a href=\"https:\/\/www.green-solutions.info\/pt-br\/a-rede-de-ciclovias-do-distrito-de-starnberg-esta-sendo-otimizada-primeira-etapa-concluida\/\"> <picture> <source srcset=\"https:\/\/www.green-solutions.info\/wp-content\/uploads\/2023\/05\/Auftaktveranstaltung_c_Landratsamt-Starnberg_ents-thegem-product-justified-square-m.jpg 1x\" sizes=\"100vw\"> <img src=\"https:\/\/www.green-solutions.info\/wp-content\/uploads\/2023\/05\/Auftaktveranstaltung_c_Landratsamt-Starnberg_ents-thegem-product-justified-square-m.jpg\" width=\"400\" height=\"400\" class=\"img-responsive\" alt=\"Auftaktveranstaltung_c_Landratsamt-Starnberg_ents\" \/> <\/picture> <\/a><\/div> <\/div> <div class=\"overlay\"> <div class=\"overlay-circle\"><\/div> <div class=\"links-wrapper\"> <div class=\"links\"> <div class=\"caption\"> <a href=\"https:\/\/www.green-solutions.info\/pt-br\/a-rede-de-ciclovias-do-distrito-de-starnberg-esta-sendo-otimizada-primeira-etapa-concluida\/\" class=\"portfolio-item-link\"> <span class=\"screen-reader-text\">A rede de ciclovias do distrito de Starnberg est\u00e1 sendo otimizada &#8211; primeira etapa conclu\u00edda<\/span> <\/a> <div class=\"slide-content\"> <div class=\"slide-content-visible\"> <div class=\"title\"> <span class=\"title-h5 \">A rede de ciclovias do distrito de Starnberg est\u00e1 sendo otimizada &#8211; primeira etapa conclu\u00edda<\/span> <\/div> <\/div> <div class=\"slide-content-hidden\"> <div class=\"description\"> <div class=\"subtitle\"> <span class=\"text-body\"><p>O planejamento da sinaliza\u00e7\u00e3o de ciclovias pela green-solutions torna-se vis\u00edvel. Os munic\u00edpios instalam as novas placas de sinaliza\u00e7\u00e3o de ciclovias. A sinaliza\u00e7\u00e3o \u00e9 verificada com o tourinfra. <\/p>\n<\/span> <\/div> <\/div> <\/div> <\/div> <\/div> <\/div> <\/div> <\/div> <\/div> <\/div> <\/div> <div class=\"portfolio-item arquivo-de-noticias pagina-inicial referencias col-xs-12 col-sm-6 columns-desktop-5 item-animations-not-inited post-hide-date appearance-type- post-96963 post type-post status-publish format-standard has-post-thumbnail category-arquivo-de-noticias category-pagina-inicial category-referencias\" data-default-sort=\"245\" data-sort-date=\"1678967201\"> <div class=\"wrap clearfix\"> <div class=\"image post-96963 post type-post status-publish format-standard has-post-thumbnail category-arquivo-de-noticias category-pagina-inicial category-referencias\"> <div class=\"image-inner \"> <picture> <img src=\"https:\/\/www.green-solutions.info\/wp-content\/uploads\/2026\/04\/transparent-thegem-product-justified-square-m.png\" width=\"400\" height=\"400\" class=\"attachment-thegem-product-justified-square-m\" alt=\"Mapa da ciclovia Kocher-Jagst\" \/> <\/picture> <div class=\"post-featured-content\"><a href=\"https:\/\/www.green-solutions.info\/pt-br\/mapa-da-ciclovia-kocher-jagst\/\"> <picture> <source srcset=\"https:\/\/www.green-solutions.info\/wp-content\/uploads\/2023\/03\/rk_kocher-jagst-radweg_ents-thegem-product-justified-square-m.jpg 1x\" sizes=\"100vw\"> <img src=\"https:\/\/www.green-solutions.info\/wp-content\/uploads\/2023\/03\/rk_kocher-jagst-radweg_ents-thegem-product-justified-square-m.jpg\" width=\"400\" height=\"400\" class=\"img-responsive\" alt=\"rk_kocher-jagst-radweg_ents\" \/> <\/picture> <\/a><\/div> <\/div> <div class=\"overlay\"> <div class=\"overlay-circle\"><\/div> <div class=\"links-wrapper\"> <div class=\"links\"> <div class=\"caption\"> <a href=\"https:\/\/www.green-solutions.info\/pt-br\/mapa-da-ciclovia-kocher-jagst\/\" class=\"portfolio-item-link\"> <span class=\"screen-reader-text\">Mapa da ciclovia Kocher-Jagst<\/span> <\/a> <div class=\"slide-content\"> <div class=\"slide-content-visible\"> <div class=\"title\"> <span class=\"title-h5 \">Mapa da ciclovia Kocher-Jagst<\/span> <\/div> <\/div> <div class=\"slide-content-hidden\"> <div class=\"description\"> <div class=\"subtitle\"> <span class=\"text-body\"><p>Layout e cartografia por green-solutions<\/p>\n<\/span> <\/div> <\/div> <\/div> <\/div> <\/div> <\/div> <\/div> <\/div> <\/div> <\/div> <\/div> <div class=\"portfolio-item arge-nordico arquivo-de-noticias pagina-inicial referencias col-xs-12 col-sm-6 columns-desktop-5 item-animations-not-inited post-hide-date appearance-type- post-96862 post type-post status-publish format-standard has-post-thumbnail category-arge-nordico category-arquivo-de-noticias category-pagina-inicial category-referencias\" data-default-sort=\"249\" data-sort-date=\"1676202477\"> <div class=\"wrap clearfix\"> <div class=\"image post-96862 post type-post status-publish format-standard has-post-thumbnail category-arge-nordico category-arquivo-de-noticias category-pagina-inicial category-referencias\"> <div class=\"image-inner \"> <picture> <img src=\"https:\/\/www.green-solutions.info\/wp-content\/uploads\/2026\/04\/transparent-thegem-product-justified-square-m.png\" width=\"400\" height=\"400\" class=\"attachment-thegem-product-justified-square-m\" alt=\"Temporada movimentada para o gerente de trilhas para a temporada 2022-2023\" \/> <\/picture> <div class=\"post-featured-content\"><a href=\"https:\/\/www.green-solutions.info\/pt-br\/temporada-movimentada-para-o-gerente-de-trilhas-para-a-temporada-2022-2023\/\"> <picture> <source srcset=\"https:\/\/www.green-solutions.info\/wp-content\/uploads\/2023\/02\/loipenmanager_Saison_22-23-thegem-product-justified-square-m.jpg 1x\" sizes=\"100vw\"> <img src=\"https:\/\/www.green-solutions.info\/wp-content\/uploads\/2023\/02\/loipenmanager_Saison_22-23-thegem-product-justified-square-m.jpg\" width=\"400\" height=\"400\" class=\"img-responsive\" alt=\"loipenmanager_Saison_22-23\" \/> <\/picture> <\/a><\/div> <\/div> <div class=\"overlay\"> <div class=\"overlay-circle\"><\/div> <div class=\"links-wrapper\"> <div class=\"links\"> <div class=\"caption\"> <a href=\"https:\/\/www.green-solutions.info\/pt-br\/temporada-movimentada-para-o-gerente-de-trilhas-para-a-temporada-2022-2023\/\" class=\"portfolio-item-link\"> <span class=\"screen-reader-text\">Temporada movimentada para o gerente de trilhas para a temporada 2022-2023<\/span> <\/a> <div class=\"slide-content\"> <div class=\"slide-content-visible\"> <div class=\"title\"> <span class=\"title-h5 \">Temporada movimentada para o gerente de trilhas para a temporada 2022-2023<\/span> <\/div> <\/div> <div class=\"slide-content-hidden\"> <div class=\"description\"> <div class=\"subtitle\"> <span class=\"text-body\"><p>Gerenciador de trilhas em uso nos Alpes<\/p>\n<\/span> <\/div> <\/div> <\/div> <\/div> <\/div> <\/div> <\/div> <\/div> <\/div> <\/div> <\/div> <div class=\"portfolio-item arquivo-de-noticias pagina-inicial referencias col-xs-12 col-sm-6 columns-desktop-5 item-animations-not-inited post-hide-date appearance-type- post-96758 post type-post status-publish format-standard has-post-thumbnail category-arquivo-de-noticias category-pagina-inicial category-referencias\" data-default-sort=\"251\" data-sort-date=\"1673956280\"> <div class=\"wrap clearfix\"> <div class=\"image post-96758 post type-post status-publish format-standard has-post-thumbnail category-arquivo-de-noticias category-pagina-inicial category-referencias\"> <div class=\"image-inner \"> <picture> <img src=\"https:\/\/www.green-solutions.info\/wp-content\/uploads\/2026\/04\/transparent-thegem-product-justified-square-m.png\" width=\"400\" height=\"400\" class=\"attachment-thegem-product-justified-square-m\" alt=\"Tr\u00eas de uma s\u00f3 vez &#8211; mapas gerais das ciclovias de longa dist\u00e2ncia SAR, HZR e WTR\" \/> <\/picture> <div class=\"post-featured-content\"><a href=\"https:\/\/www.green-solutions.info\/pt-br\/tres-de-uma-so-vez-mapas-gerais-das-ciclovias-de-longa-distancia-sar-hzr-e-wtr\/\"> <picture> <source srcset=\"https:\/\/www.green-solutions.info\/wp-content\/uploads\/2023\/01\/lfrw_SAR_HZR_WTR_beitragsbild_ents-thegem-product-justified-square-m.jpg 1x\" sizes=\"100vw\"> <img src=\"https:\/\/www.green-solutions.info\/wp-content\/uploads\/2023\/01\/lfrw_SAR_HZR_WTR_beitragsbild_ents-thegem-product-justified-square-m.jpg\" width=\"400\" height=\"400\" class=\"img-responsive\" alt=\"lfrw_SAR_HZR_WTR_beitragsbild_ents\" \/> <\/picture> <\/a><\/div> <\/div> <div class=\"overlay\"> <div class=\"overlay-circle\"><\/div> <div class=\"links-wrapper\"> <div class=\"links\"> <div class=\"caption\"> <a href=\"https:\/\/www.green-solutions.info\/pt-br\/tres-de-uma-so-vez-mapas-gerais-das-ciclovias-de-longa-distancia-sar-hzr-e-wtr\/\" class=\"portfolio-item-link\"> <span class=\"screen-reader-text\">Tr\u00eas de uma s\u00f3 vez &#8211; mapas gerais das ciclovias de longa dist\u00e2ncia SAR, HZR e WTR<\/span> <\/a> <div class=\"slide-content\"> <div class=\"slide-content-visible\"> <div class=\"title\"> <span class=\"title-h5 \">Tr\u00eas de uma s\u00f3 vez &#8211; mapas gerais das ciclovias de longa dist\u00e2ncia SAR, HZR e WTR<\/span> <\/div> <\/div> <div class=\"slide-content-hidden\"> <div class=\"description\"> <div class=\"subtitle\"> <span class=\"text-body\"><p>Mapas de ciclismo para as rotas de ciclismo de longa dist\u00e2ncia em Baden W\u00fcrttemberg<\/p>\n<\/span> <\/div> <\/div> <\/div> <\/div> <\/div> <\/div> <\/div> <\/div> <\/div> <\/div> <\/div> <div class=\"portfolio-item arge-nordico arquivo-de-noticias pagina-inicial referencias col-xs-12 col-sm-6 columns-desktop-5 item-animations-not-inited post-hide-date appearance-type- post-96731 post type-post status-publish format-standard has-post-thumbnail category-arge-nordico category-arquivo-de-noticias category-pagina-inicial category-referencias\" data-default-sort=\"252\" data-sort-date=\"1671105144\"> <div class=\"wrap clearfix\"> <div class=\"image post-96731 post type-post status-publish format-standard has-post-thumbnail category-arge-nordico category-arquivo-de-noticias category-pagina-inicial category-referencias\"> <div class=\"image-inner \"> <picture> <img src=\"https:\/\/www.green-solutions.info\/wp-content\/uploads\/2026\/04\/transparent-thegem-product-justified-square-m.png\" width=\"400\" height=\"400\" class=\"attachment-thegem-product-justified-square-m\" alt=\"Novos sistemas de orienta\u00e7\u00e3o de trilhas\" \/> <\/picture> <div class=\"post-featured-content\"><a href=\"https:\/\/www.green-solutions.info\/pt-br\/novos-sistemas-de-orientacao-de-trilhas\/\"> <picture> <source srcset=\"https:\/\/www.green-solutions.info\/wp-content\/uploads\/2022\/12\/loipenschild_ents-thegem-product-justified-square-m.jpg 1x\" sizes=\"100vw\"> <img src=\"https:\/\/www.green-solutions.info\/wp-content\/uploads\/2022\/12\/loipenschild_ents-thegem-product-justified-square-m.jpg\" width=\"400\" height=\"400\" class=\"img-responsive\" alt=\"loipenschild_ents\" \/> <\/picture> <\/a><\/div> <\/div> <div class=\"overlay\"> <div class=\"overlay-circle\"><\/div> <div class=\"links-wrapper\"> <div class=\"links\"> <div class=\"caption\"> <a href=\"https:\/\/www.green-solutions.info\/pt-br\/novos-sistemas-de-orientacao-de-trilhas\/\" class=\"portfolio-item-link\"> <span class=\"screen-reader-text\">Novos sistemas de orienta\u00e7\u00e3o de trilhas<\/span> <\/a> <div class=\"slide-content\"> <div class=\"slide-content-visible\"> <div class=\"title\"> <span class=\"title-h5 \">Novos sistemas de orienta\u00e7\u00e3o de trilhas<\/span> <\/div> <\/div> <div class=\"slide-content-hidden\"> <div class=\"description\"> <div class=\"subtitle\"> <span class=\"text-body\"><p>Sinaliza\u00e7\u00e3o de trilhas com base no tourinfra da green-solutions &amp; Wiesendanger Medien<\/p>\n<\/span> <\/div> <\/div> <\/div> <\/div> <\/div> <\/div> <\/div> <\/div> <\/div> <\/div> <\/div> <div class=\"portfolio-item arquivo-de-noticias pagina-inicial referencias col-xs-12 col-sm-6 columns-desktop-5 item-animations-not-inited post-hide-date appearance-type- post-96662 post type-post status-publish format-standard has-post-thumbnail category-arquivo-de-noticias category-pagina-inicial category-referencias\" data-default-sort=\"253\" data-sort-date=\"1666266777\"> <div class=\"wrap clearfix\"> <div class=\"image post-96662 post type-post status-publish format-standard has-post-thumbnail category-arquivo-de-noticias category-pagina-inicial category-referencias\"> <div class=\"image-inner \"> <picture> <img src=\"https:\/\/www.green-solutions.info\/wp-content\/uploads\/2026\/04\/transparent-thegem-product-justified-square-m.png\" width=\"400\" height=\"400\" class=\"attachment-thegem-product-justified-square-m\" alt=\"Mapa da rota de peregrina\u00e7\u00e3o em Lakeland\" \/> <\/picture> <div class=\"post-featured-content\"><a href=\"https:\/\/www.green-solutions.info\/pt-br\/mapa-da-rota-de-peregrinacao-em-lakeland\/\"> <picture> <source srcset=\"https:\/\/www.green-solutions.info\/wp-content\/uploads\/2022\/10\/pilgerweg_seenland_ents-thegem-product-justified-square-m.jpg 1x\" sizes=\"100vw\"> <img src=\"https:\/\/www.green-solutions.info\/wp-content\/uploads\/2022\/10\/pilgerweg_seenland_ents-thegem-product-justified-square-m.jpg\" width=\"400\" height=\"400\" class=\"img-responsive\" alt=\"pilgerweg_seenland_ents\" \/> <\/picture> <\/a><\/div> <\/div> <div class=\"overlay\"> <div class=\"overlay-circle\"><\/div> <div class=\"links-wrapper\"> <div class=\"links\"> <div class=\"caption\"> <a href=\"https:\/\/www.green-solutions.info\/pt-br\/mapa-da-rota-de-peregrinacao-em-lakeland\/\" class=\"portfolio-item-link\"> <span class=\"screen-reader-text\">Mapa da rota de peregrina\u00e7\u00e3o em Lakeland<\/span> <\/a> <div class=\"slide-content\"> <div class=\"slide-content-visible\"> <div class=\"title\"> <span class=\"title-h5 \">Mapa da rota de peregrina\u00e7\u00e3o em Lakeland<\/span> <\/div> <\/div> <div class=\"slide-content-hidden\"> <div class=\"description\"> <div class=\"subtitle\"> <span class=\"text-body\"><p>Mapa da rota de peregrina\u00e7\u00e3o em Lakeland<\/p>\n<\/span> <\/div> <\/div> <\/div> <\/div> <\/div> <\/div> <\/div> <\/div> <\/div> <\/div> <\/div> <div class=\"portfolio-item arquivo-de-noticias pagina-inicial referencias col-xs-12 col-sm-6 columns-desktop-5 item-animations-not-inited post-hide-date appearance-type- post-96651 post type-post status-publish format-standard has-post-thumbnail category-arquivo-de-noticias category-pagina-inicial category-referencias\" data-default-sort=\"254\" data-sort-date=\"1663674810\"> <div class=\"wrap clearfix\"> <div class=\"image post-96651 post type-post status-publish format-standard has-post-thumbnail category-arquivo-de-noticias category-pagina-inicial category-referencias\"> <div class=\"image-inner \"> <picture> <img src=\"https:\/\/www.green-solutions.info\/wp-content\/uploads\/2026\/04\/transparent-thegem-product-justified-square-m.png\" width=\"400\" height=\"400\" class=\"attachment-thegem-product-justified-square-m\" alt=\"Bad Griesbach &#8211; Mapa de ciclismo com sugest\u00f5es de passeios\" \/> <\/picture> <div class=\"post-featured-content\"><a href=\"https:\/\/www.green-solutions.info\/pt-br\/bad-griesbach-mapa-de-ciclismo-com-sugestoes-de-passeios\/\"> <picture> <source srcset=\"https:\/\/www.green-solutions.info\/wp-content\/uploads\/2022\/09\/bad_griessbach_ents-thegem-product-justified-square-m.jpg 1x\" sizes=\"100vw\"> <img src=\"https:\/\/www.green-solutions.info\/wp-content\/uploads\/2022\/09\/bad_griessbach_ents-thegem-product-justified-square-m.jpg\" width=\"400\" height=\"400\" class=\"img-responsive\" alt=\"bad_griessbach_ents\" \/> <\/picture> <\/a><\/div> <\/div> <div class=\"overlay\"> <div class=\"overlay-circle\"><\/div> <div class=\"links-wrapper\"> <div class=\"links\"> <div class=\"caption\"> <a href=\"https:\/\/www.green-solutions.info\/pt-br\/bad-griesbach-mapa-de-ciclismo-com-sugestoes-de-passeios\/\" class=\"portfolio-item-link\"> <span class=\"screen-reader-text\">Bad Griesbach &#8211; Mapa de ciclismo com sugest\u00f5es de passeios<\/span> <\/a> <div class=\"slide-content\"> <div class=\"slide-content-visible\"> <div class=\"title\"> <span class=\"title-h5 \">Bad Griesbach &#8211; Mapa de ciclismo com sugest\u00f5es de passeios<\/span> <\/div> <\/div> <div class=\"slide-content-hidden\"> <div class=\"description\"> <div class=\"subtitle\"> <span class=\"text-body\"><p>Bad Griesbach &#8211; Mapa de ciclismo com sugest\u00f5es de passeios<\/p>\n<\/span> <\/div> <\/div> <\/div> <\/div> <\/div> <\/div> <\/div> <\/div> <\/div> <\/div> <\/div> <div class=\"portfolio-item arquivo-de-noticias pagina-inicial referencias col-xs-12 col-sm-6 columns-desktop-5 item-animations-not-inited post-hide-date appearance-type- post-96446 post type-post status-publish format-standard has-post-thumbnail category-arquivo-de-noticias category-pagina-inicial category-referencias\" data-default-sort=\"256\" data-sort-date=\"1659441266\"> <div class=\"wrap clearfix\"> <div class=\"image post-96446 post type-post status-publish format-standard has-post-thumbnail category-arquivo-de-noticias category-pagina-inicial category-referencias\"> <div class=\"image-inner \"> <picture> <img src=\"https:\/\/www.green-solutions.info\/wp-content\/uploads\/2026\/04\/transparent-thegem-product-justified-square-m.png\" width=\"400\" height=\"400\" class=\"attachment-thegem-product-justified-square-m\" alt=\"Gerenciamento de qualidade e montagem na Trans Bayerwald\" \/> <\/picture> <div class=\"post-featured-content\"><a href=\"https:\/\/www.green-solutions.info\/pt-br\/gerenciamento-de-qualidade-e-montagem-na-trans-bayerwald\/\"> <picture> <source srcset=\"https:\/\/www.green-solutions.info\/wp-content\/uploads\/2022\/08\/qm_tb_ents-thegem-product-justified-square-m.jpg 1x\" sizes=\"100vw\"> <img src=\"https:\/\/www.green-solutions.info\/wp-content\/uploads\/2022\/08\/qm_tb_ents-thegem-product-justified-square-m.jpg\" width=\"400\" height=\"400\" class=\"img-responsive\" alt=\"qm_tb_ents\" \/> <\/picture> <\/a><\/div> <\/div> <div class=\"overlay\"> <div class=\"overlay-circle\"><\/div> <div class=\"links-wrapper\"> <div class=\"links\"> <div class=\"caption\"> <a href=\"https:\/\/www.green-solutions.info\/pt-br\/gerenciamento-de-qualidade-e-montagem-na-trans-bayerwald\/\" class=\"portfolio-item-link\"> <span class=\"screen-reader-text\">Gerenciamento de qualidade e montagem na Trans Bayerwald<\/span> <\/a> <div class=\"slide-content\"> <div class=\"slide-content-visible\"> <div class=\"title\"> <span class=\"title-h5 \">Gerenciamento de qualidade e montagem na Trans Bayerwald<\/span> <\/div> <\/div> <div class=\"slide-content-hidden\"> <div class=\"description\"> <div class=\"subtitle\"> <span class=\"text-body\"><p>Uso externo no Trans Bayerwald<\/p>\n<\/span> <\/div> <\/div> <\/div> <\/div> <\/div> <\/div> <\/div> <\/div> <\/div> <\/div> <\/div> <div class=\"portfolio-item arquivo-de-noticias pagina-inicial referencias col-xs-12 col-sm-6 columns-desktop-5 item-animations-not-inited post-hide-date appearance-type- post-96369 post type-post status-publish format-standard has-post-thumbnail category-arquivo-de-noticias category-pagina-inicial category-referencias\" data-default-sort=\"269\" data-sort-date=\"1659009289\"> <div class=\"wrap clearfix\"> <div class=\"image post-96369 post type-post status-publish format-standard has-post-thumbnail category-arquivo-de-noticias category-pagina-inicial category-referencias\"> <div class=\"image-inner \"> <picture> <img src=\"https:\/\/www.green-solutions.info\/wp-content\/uploads\/2026\/04\/transparent-thegem-product-justified-square-m.png\" width=\"400\" height=\"400\" class=\"attachment-thegem-product-justified-square-m\" alt=\"A Reserva da Biosfera de Rh\u00f6n conta com o tourinfra\u00ae.\" \/> <\/picture> <div class=\"post-featured-content\"><a href=\"https:\/\/www.green-solutions.info\/pt-br\/a-reserva-da-biosfera-de-rhoen-conta-com-o-tourinfra\/\"> <picture> <source srcset=\"https:\/\/www.green-solutions.info\/wp-content\/uploads\/2022\/07\/rhoen_beitragsbild_ents-thegem-product-justified-square-m.jpg 1x\" sizes=\"100vw\"> <img src=\"https:\/\/www.green-solutions.info\/wp-content\/uploads\/2022\/07\/rhoen_beitragsbild_ents-thegem-product-justified-square-m.jpg\" width=\"400\" height=\"400\" class=\"img-responsive\" alt=\"rhoen_beitragsbild_ents\" \/> <\/picture> <\/a><\/div> <\/div> <div class=\"overlay\"> <div class=\"overlay-circle\"><\/div> <div class=\"links-wrapper\"> <div class=\"links\"> <div class=\"caption\"> <a href=\"https:\/\/www.green-solutions.info\/pt-br\/a-reserva-da-biosfera-de-rhoen-conta-com-o-tourinfra\/\" class=\"portfolio-item-link\"> <span class=\"screen-reader-text\">A Reserva da Biosfera de Rh\u00f6n conta com o tourinfra\u00ae.<\/span> <\/a> <div class=\"slide-content\"> <div class=\"slide-content-visible\"> <div class=\"title\"> <span class=\"title-h5 \">A Reserva da Biosfera de Rh\u00f6n conta com o tourinfra\u00ae.<\/span> <\/div> <\/div> <div class=\"slide-content-hidden\"> <div class=\"description\"> <div class=\"subtitle\"> <span class=\"text-body\"><p>A Reserva da Biosfera de Rh\u00f6n conta com o tourinfra\u00ae.<\/p>\n<\/span> <\/div> <\/div> <\/div> <\/div> <\/div> <\/div> <\/div> <\/div> <\/div> <\/div> <\/div> <div class=\"portfolio-item arquivo-de-noticias pagina-inicial referencias col-xs-12 col-sm-6 columns-desktop-5 item-animations-not-inited post-hide-date appearance-type- post-96361 post type-post status-publish format-standard has-post-thumbnail category-arquivo-de-noticias category-pagina-inicial category-referencias\" data-default-sort=\"257\" data-sort-date=\"1654775715\"> <div class=\"wrap clearfix\"> <div class=\"image post-96361 post type-post status-publish format-standard has-post-thumbnail category-arquivo-de-noticias category-pagina-inicial category-referencias\"> <div class=\"image-inner \"> <picture> <img src=\"https:\/\/www.green-solutions.info\/wp-content\/uploads\/2026\/04\/transparent-thegem-product-justified-square-m.png\" width=\"400\" height=\"400\" class=\"attachment-thegem-product-justified-square-m\" alt=\"O Parque Natural Steigerwald conta com o tourinfra\u00ae.\" \/> <\/picture> <div class=\"post-featured-content\"><a href=\"https:\/\/www.green-solutions.info\/pt-br\/o-parque-natural-steigerwald-conta-com-o-tourinfra\/\"> <picture> <source srcset=\"https:\/\/www.green-solutions.info\/wp-content\/uploads\/2022\/06\/Hauptwegweiser_Naturpark_Steigerwald_ents-thegem-product-justified-square-m.jpg 1x\" sizes=\"100vw\"> <img src=\"https:\/\/www.green-solutions.info\/wp-content\/uploads\/2022\/06\/Hauptwegweiser_Naturpark_Steigerwald_ents-thegem-product-justified-square-m.jpg\" width=\"400\" height=\"400\" class=\"img-responsive\" alt=\"Hauptwegweiser_Naturpark_Steigerwald_ents\" \/> <\/picture> <\/a><\/div> <\/div> <div class=\"overlay\"> <div class=\"overlay-circle\"><\/div> <div class=\"links-wrapper\"> <div class=\"links\"> <div class=\"caption\"> <a href=\"https:\/\/www.green-solutions.info\/pt-br\/o-parque-natural-steigerwald-conta-com-o-tourinfra\/\" class=\"portfolio-item-link\"> <span class=\"screen-reader-text\">O Parque Natural Steigerwald conta com o tourinfra\u00ae.<\/span> <\/a> <div class=\"slide-content\"> <div class=\"slide-content-visible\"> <div class=\"title\"> <span class=\"title-h5 \">O Parque Natural Steigerwald conta com o tourinfra\u00ae.<\/span> <\/div> <\/div> <div class=\"slide-content-hidden\"> <div class=\"description\"> <div class=\"subtitle\"> <span class=\"text-body\"><p>O Parque Natural Steigerwald conta com o tourinfra\u00ae.<\/p>\n<\/span> <\/div> <\/div> <\/div> <\/div> <\/div> <\/div> <\/div> <\/div> <\/div> <\/div> <\/div> <div class=\"portfolio-item arquivo-de-noticias pagina-inicial referencias col-xs-12 col-sm-6 columns-desktop-5 item-animations-not-inited post-hide-date appearance-type- post-96251 post type-post status-publish format-standard has-post-thumbnail category-arquivo-de-noticias category-pagina-inicial category-referencias\" data-default-sort=\"262\" data-sort-date=\"1648122962\"> <div class=\"wrap clearfix\"> <div class=\"image post-96251 post type-post status-publish format-standard has-post-thumbnail category-arquivo-de-noticias category-pagina-inicial category-referencias\"> <div class=\"image-inner \"> <picture> <img src=\"https:\/\/www.green-solutions.info\/wp-content\/uploads\/2026\/04\/transparent-thegem-product-justified-square-m.png\" width=\"400\" height=\"400\" class=\"attachment-thegem-product-justified-square-m\" alt=\"Parque de corrida Miesbach Hausham\" \/> <\/picture> <div class=\"post-featured-content\"><a href=\"https:\/\/www.green-solutions.info\/pt-br\/parque-de-corrida-miesbach-hausham\/\"> <picture> <source srcset=\"https:\/\/www.green-solutions.info\/wp-content\/uploads\/2022\/03\/IMG_3339-2.jpg-web-800_ents-thegem-product-justified-square-m.jpg 1x\" sizes=\"100vw\"> <img src=\"https:\/\/www.green-solutions.info\/wp-content\/uploads\/2022\/03\/IMG_3339-2.jpg-web-800_ents-thegem-product-justified-square-m.jpg\" width=\"400\" height=\"400\" class=\"img-responsive\" alt=\"IMG_3339-2.jpg-web-800_ents\" \/> <\/picture> <\/a><\/div> <\/div> <div class=\"overlay\"> <div class=\"overlay-circle\"><\/div> <div class=\"links-wrapper\"> <div class=\"links\"> <div class=\"caption\"> <a href=\"https:\/\/www.green-solutions.info\/pt-br\/parque-de-corrida-miesbach-hausham\/\" class=\"portfolio-item-link\"> <span class=\"screen-reader-text\">Parque de corrida Miesbach Hausham<\/span> <\/a> <div class=\"slide-content\"> <div class=\"slide-content-visible\"> <div class=\"title\"> <span class=\"title-h5 \">Parque de corrida Miesbach Hausham<\/span> <\/div> <\/div> <div class=\"slide-content-hidden\"> <div class=\"description\"> <div class=\"subtitle\"> <span class=\"text-body\"><p>Medidas de dire\u00e7\u00e3o e infraestrutura para o parque de corrida Miesbach-Hausham<\/p>\n<\/span> <\/div> <\/div> <\/div> <\/div> <\/div> <\/div> <\/div> <\/div> <\/div> <\/div> <\/div> <div class=\"portfolio-item arge-nordico arquivo-de-noticias pagina-inicial referencias col-xs-12 col-sm-6 columns-desktop-5 item-animations-not-inited post-hide-date appearance-type- post-96235 post type-post status-publish format-standard has-post-thumbnail category-arge-nordico category-arquivo-de-noticias category-pagina-inicial category-referencias\" data-default-sort=\"269\" data-sort-date=\"1639914983\"> <div class=\"wrap clearfix\"> <div class=\"image post-96235 post type-post status-publish format-standard has-post-thumbnail category-arge-nordico category-arquivo-de-noticias category-pagina-inicial category-referencias\"> <div class=\"image-inner \"> <picture> <img src=\"https:\/\/www.green-solutions.info\/wp-content\/uploads\/2026\/04\/transparent-thegem-product-justified-square-m.png\" width=\"400\" height=\"400\" class=\"attachment-thegem-product-justified-square-m\" alt=\"Gerentes de trilhas em a\u00e7\u00e3o do Rh\u00f6n a Sankt Moritz\" \/> <\/picture> <div class=\"post-featured-content\"><a href=\"https:\/\/www.green-solutions.info\/pt-br\/gerentes-de-trilhas-em-acao-do-rhoen-a-sankt-moritz\/\"> <picture> <source srcset=\"https:\/\/www.green-solutions.info\/wp-content\/uploads\/2021\/12\/beitraege-lm_ents-thegem-product-justified-square-m.jpg 1x\" sizes=\"100vw\"> <img src=\"https:\/\/www.green-solutions.info\/wp-content\/uploads\/2021\/12\/beitraege-lm_ents-thegem-product-justified-square-m.jpg\" width=\"400\" height=\"400\" class=\"img-responsive\" alt=\"beitraege-lm_ents\" \/> <\/picture> <\/a><\/div> <\/div> <div class=\"overlay\"> <div class=\"overlay-circle\"><\/div> <div class=\"links-wrapper\"> <div class=\"links\"> <div class=\"caption\"> <a href=\"https:\/\/www.green-solutions.info\/pt-br\/gerentes-de-trilhas-em-acao-do-rhoen-a-sankt-moritz\/\" class=\"portfolio-item-link\"> <span class=\"screen-reader-text\">Gerentes de trilhas em a\u00e7\u00e3o do Rh\u00f6n a Sankt Moritz<\/span> <\/a> <div class=\"slide-content\"> <div class=\"slide-content-visible\"> <div class=\"title\"> <span class=\"title-h5 \">Gerentes de trilhas em a\u00e7\u00e3o do Rh\u00f6n a Sankt Moritz<\/span> <\/div> <\/div> <div class=\"slide-content-hidden\"> <div class=\"description\"> <div class=\"subtitle\"> <span class=\"text-body\"><p>Planejamos isso para 2024.<\/p>\n<\/span> <\/div> <\/div> <\/div> <\/div> <\/div> <\/div> <\/div> <\/div> <\/div> <\/div> <\/div> <div class=\"portfolio-item arquivo-de-noticias lancamento-tourinfra pagina-inicial referencias col-xs-12 col-sm-6 columns-desktop-5 item-animations-not-inited post-hide-date appearance-type- post-96160 post type-post status-publish format-standard has-post-thumbnail category-arquivo-de-noticias category-lancamento-tourinfra category-pagina-inicial category-referencias\" data-default-sort=\"266\" data-sort-date=\"1638014240\"> <div class=\"wrap clearfix\"> <div class=\"image post-96160 post type-post status-publish format-standard has-post-thumbnail category-arquivo-de-noticias category-lancamento-tourinfra category-pagina-inicial category-referencias\"> <div class=\"image-inner \"> <picture> <img src=\"https:\/\/www.green-solutions.info\/wp-content\/uploads\/2026\/04\/transparent-thegem-product-justified-square-m.png\" width=\"400\" height=\"400\" class=\"attachment-thegem-product-justified-square-m\" alt=\"Novo sistema de gerenciamento de qualidade entra em opera\u00e7\u00e3o\" \/> <\/picture> <div class=\"post-featured-content\"><a href=\"https:\/\/www.green-solutions.info\/pt-br\/novo-sistema-de-gerenciamento-de-qualidade-entra-em-operacao\/\"> <picture> <source srcset=\"https:\/\/www.green-solutions.info\/wp-content\/uploads\/2021\/11\/qm2_beitrag_ents-thegem-product-justified-square-m.jpg 1x\" sizes=\"100vw\"> <img src=\"https:\/\/www.green-solutions.info\/wp-content\/uploads\/2021\/11\/qm2_beitrag_ents-thegem-product-justified-square-m.jpg\" width=\"400\" height=\"400\" class=\"img-responsive\" alt=\"qm2_beitrag_ents\" \/> <\/picture> <\/a><\/div> <\/div> <div class=\"overlay\"> <div class=\"overlay-circle\"><\/div> <div class=\"links-wrapper\"> <div class=\"links\"> <div class=\"caption\"> <a href=\"https:\/\/www.green-solutions.info\/pt-br\/novo-sistema-de-gerenciamento-de-qualidade-entra-em-operacao\/\" class=\"portfolio-item-link\"> <span class=\"screen-reader-text\">Novo sistema de gerenciamento de qualidade entra em opera\u00e7\u00e3o<\/span> <\/a> <div class=\"slide-content\"> <div class=\"slide-content-visible\"> <div class=\"title\"> <span class=\"title-h5 \">Novo sistema de gerenciamento de qualidade entra em opera\u00e7\u00e3o<\/span> <\/div> <\/div> <div class=\"slide-content-hidden\"> <div class=\"description\"> <div class=\"subtitle\"> <span class=\"text-body\"><p>Gerenciamento de qualidade amplamente expandido dispon\u00edvel para todos os usu\u00e1rios e clientes da tourinfra\u00ae.<\/p>\n<\/span> <\/div> <\/div> <\/div> <\/div> <\/div> <\/div> <\/div> <\/div> <\/div> <\/div> <\/div> <div class=\"portfolio-item arquivo-de-noticias referencias tourinfra-pt-br col-xs-12 col-sm-6 columns-desktop-5 item-animations-not-inited post-hide-date appearance-type- post-94060 post type-post status-publish format-standard has-post-thumbnail category-arquivo-de-noticias category-referencias category-tourinfra-pt-br\" data-default-sort=\"229\" data-sort-date=\"1636985862\"> <div class=\"wrap clearfix\"> <div class=\"image post-94060 post type-post status-publish format-standard has-post-thumbnail category-arquivo-de-noticias category-referencias category-tourinfra-pt-br\"> <div class=\"image-inner \"> <picture> <img src=\"https:\/\/www.green-solutions.info\/wp-content\/uploads\/2026\/04\/transparent-thegem-product-justified-square-m.png\" width=\"400\" height=\"400\" class=\"attachment-thegem-product-justified-square-m\" alt=\"Nova sinaliza\u00e7\u00e3o de trilhas de caminhada no ILE Zellertal\" \/> <\/picture> <div class=\"post-featured-content\"><a href=\"https:\/\/www.green-solutions.info\/pt-br\/nova-sinalizacao-de-trilhas-de-caminhada-no-ile-zellertal\/\"> <picture> <source srcset=\"https:\/\/www.green-solutions.info\/wp-content\/uploads\/2021\/11\/beitraege-ile_ents-thegem-product-justified-square-m.jpg 1x\" sizes=\"100vw\"> <img src=\"https:\/\/www.green-solutions.info\/wp-content\/uploads\/2021\/11\/beitraege-ile_ents-thegem-product-justified-square-m.jpg\" width=\"400\" height=\"400\" class=\"img-responsive\" alt=\"beitraege-ile_ents\" \/> <\/picture> <\/a><\/div> <\/div> <div class=\"overlay\"> <div class=\"overlay-circle\"><\/div> <div class=\"links-wrapper\"> <div class=\"links\"> <div class=\"caption\"> <a href=\"https:\/\/www.green-solutions.info\/pt-br\/nova-sinalizacao-de-trilhas-de-caminhada-no-ile-zellertal\/\" class=\"portfolio-item-link\"> <span class=\"screen-reader-text\">Nova sinaliza\u00e7\u00e3o de trilhas de caminhada no ILE Zellertal<\/span> <\/a> <div class=\"slide-content\"> <div class=\"slide-content-visible\"> <div class=\"title\"> <span class=\"title-h5 \">Nova sinaliza\u00e7\u00e3o de trilhas de caminhada no ILE Zellertal<\/span> <\/div> <\/div> <div class=\"slide-content-hidden\"> <div class=\"description\"> <div class=\"subtitle\"> <span class=\"text-body\"><p>Nova sinaliza\u00e7\u00e3o de trilha de caminhada no ILE Zellertal realizada com a ajuda da tourinfra.<\/p>\n<\/span> <\/div> <\/div> <\/div> <\/div> <\/div> <\/div> <\/div> <\/div> <\/div> <\/div> <\/div> <div class=\"portfolio-item arquivo-de-noticias referencias col-xs-12 col-sm-6 columns-desktop-5 item-animations-not-inited post-hide-date appearance-type- post-94067 post type-post status-publish format-standard has-post-thumbnail category-arquivo-de-noticias category-referencias\" data-default-sort=\"105\" data-sort-date=\"1636621778\"> <div class=\"wrap clearfix\"> <div class=\"image post-94067 post type-post status-publish format-standard has-post-thumbnail category-arquivo-de-noticias category-referencias\"> <div class=\"image-inner \"> <picture> <img src=\"https:\/\/www.green-solutions.info\/wp-content\/uploads\/2026\/04\/transparent-thegem-product-justified-square-m.png\" width=\"400\" height=\"400\" class=\"attachment-thegem-product-justified-square-m\" alt=\"Cliente premium da Emsland viajando pelo norte com a tourinframobil\" \/> <\/picture> <div class=\"post-featured-content\"><a href=\"https:\/\/www.green-solutions.info\/pt-br\/cliente-premium-da-emsland-viajando-pelo-norte-com-a-tourinframobil\/\"> <picture> <source srcset=\"https:\/\/www.green-solutions.info\/wp-content\/uploads\/2021\/11\/rtl-nord_ents-thegem-product-justified-square-m.jpg 1x\" sizes=\"100vw\"> <img src=\"https:\/\/www.green-solutions.info\/wp-content\/uploads\/2021\/11\/rtl-nord_ents-thegem-product-justified-square-m.jpg\" width=\"400\" height=\"400\" class=\"img-responsive\" alt=\"rtl-nord_ents\" \/> <\/picture> <\/a><\/div> <\/div> <div class=\"overlay\"> <div class=\"overlay-circle\"><\/div> <div class=\"links-wrapper\"> <div class=\"links\"> <div class=\"caption\"> <a href=\"https:\/\/www.green-solutions.info\/pt-br\/cliente-premium-da-emsland-viajando-pelo-norte-com-a-tourinframobil\/\" class=\"portfolio-item-link\"> <span class=\"screen-reader-text\">Cliente premium da Emsland viajando pelo norte com a tourinframobil<\/span> <\/a> <div class=\"slide-content\"> <div class=\"slide-content-visible\"> <div class=\"title\"> <span class=\"title-h5 \">Cliente premium da Emsland viajando pelo norte com a tourinframobil<\/span> <\/div> <\/div> <div class=\"slide-content-hidden\"> <div class=\"description\"> <div class=\"subtitle\"> <span class=\"text-body\"><p>Tourinramobil em a\u00e7\u00e3o em Emsland, a RTL deu uma olhada mais de perto.<\/p>\n<\/span> <\/div> <\/div> <\/div> <\/div> <\/div> <\/div> <\/div> <\/div> <\/div> <\/div> <\/div> <div class=\"portfolio-item arquivo-de-noticias referencias col-xs-12 col-sm-6 columns-desktop-5 item-animations-not-inited post-hide-date appearance-type- post-94158 post type-post status-publish format-standard has-post-thumbnail category-arquivo-de-noticias category-referencias\" data-default-sort=\"104\" data-sort-date=\"1628171262\"> <div class=\"wrap clearfix\"> <div class=\"image post-94158 post type-post status-publish format-standard has-post-thumbnail category-arquivo-de-noticias category-referencias\"> <div class=\"image-inner \"> <picture> <img src=\"https:\/\/www.green-solutions.info\/wp-content\/uploads\/2026\/04\/transparent-thegem-product-justified-square-m.png\" width=\"400\" height=\"400\" class=\"attachment-thegem-product-justified-square-m\" alt=\"Uma dupla perfeita &#8211; Mapa de MTB de Chiemgau Oeste e Leste\" \/> <\/picture> <div class=\"post-featured-content\"><a href=\"https:\/\/www.green-solutions.info\/pt-br\/uma-dupla-perfeita-mapa-de-mtb-de-chiemgau-oeste-e-leste\/\"> <picture> <source srcset=\"https:\/\/www.green-solutions.info\/wp-content\/uploads\/2021\/08\/image00068web800x700_mtb_chiem_ents-thegem-product-justified-square-m.jpg 1x\" sizes=\"100vw\"> <img src=\"https:\/\/www.green-solutions.info\/wp-content\/uploads\/2021\/08\/image00068web800x700_mtb_chiem_ents-thegem-product-justified-square-m.jpg\" width=\"400\" height=\"400\" class=\"img-responsive\" alt=\"image00068web800x700_mtb_chiem_ents\" \/> <\/picture> <\/a><\/div> <\/div> <div class=\"overlay\"> <div class=\"overlay-circle\"><\/div> <div class=\"links-wrapper\"> <div class=\"links\"> <div class=\"caption\"> <a href=\"https:\/\/www.green-solutions.info\/pt-br\/uma-dupla-perfeita-mapa-de-mtb-de-chiemgau-oeste-e-leste\/\" class=\"portfolio-item-link\"> <span class=\"screen-reader-text\">Uma dupla perfeita &#8211; Mapa de MTB de Chiemgau Oeste e Leste<\/span> <\/a> <div class=\"slide-content\"> <div class=\"slide-content-visible\"> <div class=\"title\"> <span class=\"title-h5 \">Uma dupla perfeita &#8211; Mapa de MTB de Chiemgau Oeste e Leste<\/span> <\/div> <\/div> <div class=\"slide-content-hidden\"> <div class=\"description\"> <div class=\"subtitle\"> <span class=\"text-body\"><p>Mapa de MTB de Chiemgau Oeste e Leste<\/p>\n<\/span> <\/div> <\/div> <\/div> <\/div> <\/div> <\/div> <\/div> <\/div> <\/div> <\/div> <\/div> <div class=\"portfolio-item arquivo-de-noticias referencias col-xs-12 col-sm-6 columns-desktop-5 item-animations-not-inited post-hide-date appearance-type- post-94247 post type-post status-publish format-standard has-post-thumbnail category-arquivo-de-noticias category-referencias\" data-default-sort=\"463\" data-sort-date=\"1628074749\"> <div class=\"wrap clearfix\"> <div class=\"image post-94247 post type-post status-publish format-standard has-post-thumbnail category-arquivo-de-noticias category-referencias\"> <div class=\"image-inner \"> <picture> <img src=\"https:\/\/www.green-solutions.info\/wp-content\/uploads\/2026\/04\/transparent-thegem-product-justified-square-m.png\" width=\"400\" height=\"400\" class=\"attachment-thegem-product-justified-square-m\" alt=\"Dois de uma vez &#8211; Mapa de ciclismo e caminhadas de Pfaffenhofen\" \/> <\/picture> <div class=\"post-featured-content\"><a href=\"https:\/\/www.green-solutions.info\/pt-br\/dois-de-uma-vez-mapa-de-ciclismo-e-caminhadas-de-pfaffenhofen\/\"> <picture> <source srcset=\"https:\/\/www.green-solutions.info\/wp-content\/uploads\/2021\/08\/DSCF0970-Beitragsbild_wk_pfaff_ents-thegem-product-justified-square-m.jpg 1x\" sizes=\"100vw\"> <img src=\"https:\/\/www.green-solutions.info\/wp-content\/uploads\/2021\/08\/DSCF0970-Beitragsbild_wk_pfaff_ents-thegem-product-justified-square-m.jpg\" width=\"400\" height=\"400\" class=\"img-responsive\" alt=\"DSCF0970-Beitragsbild_wk_pfaff_ents\" \/> <\/picture> <\/a><\/div> <\/div> <div class=\"overlay\"> <div class=\"overlay-circle\"><\/div> <div class=\"links-wrapper\"> <div class=\"links\"> <div class=\"caption\"> <a href=\"https:\/\/www.green-solutions.info\/pt-br\/dois-de-uma-vez-mapa-de-ciclismo-e-caminhadas-de-pfaffenhofen\/\" class=\"portfolio-item-link\"> <span class=\"screen-reader-text\">Dois de uma vez &#8211; Mapa de ciclismo e caminhadas de Pfaffenhofen<\/span> <\/a> <div class=\"slide-content\"> <div class=\"slide-content-visible\"> <div class=\"title\"> <span class=\"title-h5 \">Dois de uma vez &#8211; Mapa de ciclismo e caminhadas de Pfaffenhofen<\/span> <\/div> <\/div> <div class=\"slide-content-hidden\"> <div class=\"description\"> <div class=\"subtitle\"> <span class=\"text-body\"><p>Mapa de ciclismo e caminhadas de Pfaffenhofen<\/p>\n<\/span> <\/div> <\/div> <\/div> <\/div> <\/div> <\/div> <\/div> <\/div> <\/div> <\/div> <\/div> <div class=\"portfolio-item arquivo-de-noticias cartografia referencias col-xs-12 col-sm-6 columns-desktop-5 item-animations-not-inited post-hide-date appearance-type- post-94559 post type-post status-publish format-standard has-post-thumbnail category-arquivo-de-noticias category-cartografia category-referencias\" data-default-sort=\"524\" data-sort-date=\"1625732887\"> <div class=\"wrap clearfix\"> <div class=\"image post-94559 post type-post status-publish format-standard has-post-thumbnail category-arquivo-de-noticias category-cartografia category-referencias\"> <div class=\"image-inner \"> <picture> <img src=\"https:\/\/www.green-solutions.info\/wp-content\/uploads\/2026\/04\/transparent-thegem-product-justified-square-m.png\" width=\"400\" height=\"400\" class=\"attachment-thegem-product-justified-square-m\" alt=\"Obermain Jura &#8211; O Jardim de Deus\" \/> <\/picture> <div class=\"post-featured-content\"><a href=\"https:\/\/www.green-solutions.info\/pt-br\/obermain-jura-o-jardim-de-deus\/\"> <picture> <source srcset=\"https:\/\/www.green-solutions.info\/wp-content\/uploads\/2021\/07\/IMG_2419-Beitragsbild_ents-thegem-product-justified-square-m.jpg 1x\" sizes=\"100vw\"> <img src=\"https:\/\/www.green-solutions.info\/wp-content\/uploads\/2021\/07\/IMG_2419-Beitragsbild_ents-thegem-product-justified-square-m.jpg\" width=\"400\" height=\"400\" class=\"img-responsive\" alt=\"IMG_2419-Beitragsbild_ents\" \/> <\/picture> <\/a><\/div> <\/div> <div class=\"overlay\"> <div class=\"overlay-circle\"><\/div> <div class=\"links-wrapper\"> <div class=\"links\"> <div class=\"caption\"> <a href=\"https:\/\/www.green-solutions.info\/pt-br\/obermain-jura-o-jardim-de-deus\/\" class=\"portfolio-item-link\"> <span class=\"screen-reader-text\">Obermain Jura &#8211; O Jardim de Deus<\/span> <\/a> <div class=\"slide-content\"> <div class=\"slide-content-visible\"> <div class=\"title\"> <span class=\"title-h5 \">Obermain Jura &#8211; O Jardim de Deus<\/span> <\/div> <\/div> <div class=\"slide-content-hidden\"> <div class=\"description\"> <div class=\"subtitle\"> <span class=\"text-body\"><p>Obermain Jura &#8211; O Jardim de Deus Tudo em um relance &#8211; Mapa geral da regi\u00e3o tur\u00edstica<\/p>\n<\/span> <\/div> <\/div> <\/div> <\/div> <\/div> <\/div> <\/div> <\/div> <\/div> <\/div> <\/div> <div class=\"portfolio-item arquivo-de-noticias cartografia referencias col-xs-12 col-sm-6 columns-desktop-5 item-animations-not-inited post-hide-date appearance-type- post-94369 post type-post status-publish format-standard has-post-thumbnail category-arquivo-de-noticias category-cartografia category-referencias\" data-default-sort=\"539\" data-sort-date=\"1622104200\"> <div class=\"wrap clearfix\"> <div class=\"image post-94369 post type-post status-publish format-standard has-post-thumbnail category-arquivo-de-noticias category-cartografia category-referencias\"> <div class=\"image-inner \"> <picture> <img src=\"https:\/\/www.green-solutions.info\/wp-content\/uploads\/2026\/04\/transparent-thegem-product-justified-square-m.png\" width=\"400\" height=\"400\" class=\"attachment-thegem-product-justified-square-m\" alt=\"Passeios de descoberta em motorhome entre o Reno e o Alb da Su\u00e1bia\" \/> <\/picture> <div class=\"post-featured-content\"><a href=\"https:\/\/www.green-solutions.info\/pt-br\/passeios-de-descoberta-em-motorhome-entre-o-reno-e-o-alb-da-suabia\/\"> <picture> <source srcset=\"https:\/\/www.green-solutions.info\/wp-content\/uploads\/2021\/05\/IMG_2403.Titelbild-neujpg_ents-thegem-product-justified-square-m.jpg 1x\" sizes=\"100vw\"> <img src=\"https:\/\/www.green-solutions.info\/wp-content\/uploads\/2021\/05\/IMG_2403.Titelbild-neujpg_ents-thegem-product-justified-square-m.jpg\" width=\"400\" height=\"400\" class=\"img-responsive\" alt=\"IMG_2403.Titelbild-neujpg_ents\" \/> <\/picture> <\/a><\/div> <\/div> <div class=\"overlay\"> <div class=\"overlay-circle\"><\/div> <div class=\"links-wrapper\"> <div class=\"links\"> <div class=\"caption\"> <a href=\"https:\/\/www.green-solutions.info\/pt-br\/passeios-de-descoberta-em-motorhome-entre-o-reno-e-o-alb-da-suabia\/\" class=\"portfolio-item-link\"> <span class=\"screen-reader-text\">Passeios de descoberta em motorhome entre o Reno e o Alb da Su\u00e1bia<\/span> <\/a> <div class=\"slide-content\"> <div class=\"slide-content-visible\"> <div class=\"title\"> <span class=\"title-h5 \">Passeios de descoberta em motorhome entre o Reno e o Alb da Su\u00e1bia<\/span> <\/div> <\/div> <div class=\"slide-content-hidden\"> <div class=\"description\"> <div class=\"subtitle\"> <span class=\"text-body\"><p>Passeios de descoberta em motorhome entre o Reno e o Alb da Su\u00e1bia<\/p>\n<\/span> <\/div> <\/div> <\/div> <\/div> <\/div> <\/div> <\/div> <\/div> <\/div> <\/div> <\/div> <div class=\"portfolio-item arquivo-de-noticias referencias col-xs-12 col-sm-6 columns-desktop-5 item-animations-not-inited post-hide-date appearance-type- post-94641 post type-post status-publish format-standard has-post-thumbnail category-arquivo-de-noticias category-referencias\" data-default-sort=\"540\" data-sort-date=\"1613036566\"> <div class=\"wrap clearfix\"> <div class=\"image post-94641 post type-post status-publish format-standard has-post-thumbnail category-arquivo-de-noticias category-referencias\"> <div class=\"image-inner \"> <picture> <img src=\"https:\/\/www.green-solutions.info\/wp-content\/uploads\/2026\/04\/transparent-thegem-product-justified-square-m.png\" width=\"400\" height=\"400\" class=\"attachment-thegem-product-justified-square-m\" alt=\"Experimente, aprenda, descubra &#8211; Mapa de ciclismo de Simultankirchen\" \/> <\/picture> <div class=\"post-featured-content\"><a href=\"https:\/\/www.green-solutions.info\/pt-br\/experimente-aprenda-descubra-mapa-de-ciclismo-de-simultankirchen\/\"> <picture> <source srcset=\"https:\/\/www.green-solutions.info\/wp-content\/uploads\/2021\/02\/IMG_2188BBeitragsbildneu-_ents-1-thegem-product-justified-square-m.jpg 1x\" sizes=\"100vw\"> <img src=\"https:\/\/www.green-solutions.info\/wp-content\/uploads\/2021\/02\/IMG_2188BBeitragsbildneu-_ents-1-thegem-product-justified-square-m.jpg\" width=\"400\" height=\"400\" class=\"img-responsive\" alt=\"IMG_2188BBeitragsbildneu-_ents\" \/> <\/picture> <\/a><\/div> <\/div> <div class=\"overlay\"> <div class=\"overlay-circle\"><\/div> <div class=\"links-wrapper\"> <div class=\"links\"> <div class=\"caption\"> <a href=\"https:\/\/www.green-solutions.info\/pt-br\/experimente-aprenda-descubra-mapa-de-ciclismo-de-simultankirchen\/\" class=\"portfolio-item-link\"> <span class=\"screen-reader-text\">Experimente, aprenda, descubra &#8211; Mapa de ciclismo de Simultankirchen<\/span> <\/a> <div class=\"slide-content\"> <div class=\"slide-content-visible\"> <div class=\"title\"> <span class=\"title-h5 \">Experimente, aprenda, descubra &#8211; Mapa de ciclismo de Simultankirchen<\/span> <\/div> <\/div> <div class=\"slide-content-hidden\"> <div class=\"description\"> <div class=\"subtitle\"> <span class=\"text-body\"><p>Um pacote completo e despreocupado para a Simultankirchen F\u00f6rderverein. Desde o mapeamento de rotas e sinaliza\u00e7\u00e3o at\u00e9 o mapa impresso e o resultado do passeio no site &#8211; tudo em uma \u00fanica fonte da green-solutions. <\/p>\n<\/span> <\/div> <\/div> <\/div> <\/div> <\/div> <\/div> <\/div> <\/div> <\/div> <\/div> <\/div> <div class=\"portfolio-item arge-nordico arquivo-de-noticias referencias col-xs-12 col-sm-6 columns-desktop-5 item-animations-not-inited post-hide-date appearance-type- post-94666 post type-post status-publish format-standard has-post-thumbnail category-arge-nordico category-arquivo-de-noticias category-referencias\" data-default-sort=\"525\" data-sort-date=\"1612310127\"> <div class=\"wrap clearfix\"> <div class=\"image post-94666 post type-post status-publish format-standard has-post-thumbnail category-arge-nordico category-arquivo-de-noticias category-referencias\"> <div class=\"image-inner \"> <picture> <img src=\"https:\/\/www.green-solutions.info\/wp-content\/uploads\/2026\/04\/transparent-thegem-product-justified-square-m.png\" width=\"400\" height=\"400\" class=\"attachment-thegem-product-justified-square-m\" alt=\"Gerente de trilhas em a\u00e7\u00e3o no Rh\u00f6n\" \/> <\/picture> <div class=\"post-featured-content\"><a href=\"https:\/\/www.green-solutions.info\/pt-br\/gerente-de-trilhas-em-acao-no-rhoen\/\"> <picture> <source srcset=\"https:\/\/www.green-solutions.info\/wp-content\/uploads\/2021\/02\/loipenpark_ents-thegem-product-justified-square-m.jpg 1x\" sizes=\"100vw\"> <img src=\"https:\/\/www.green-solutions.info\/wp-content\/uploads\/2021\/02\/loipenpark_ents-thegem-product-justified-square-m.jpg\" width=\"400\" height=\"400\" class=\"img-responsive\" alt=\"loipenpark_ents\" \/> <\/picture> <\/a><\/div> <\/div> <div class=\"overlay\"> <div class=\"overlay-circle\"><\/div> <div class=\"links-wrapper\"> <div class=\"links\"> <div class=\"caption\"> <a href=\"https:\/\/www.green-solutions.info\/pt-br\/gerente-de-trilhas-em-acao-no-rhoen\/\" class=\"portfolio-item-link\"> <span class=\"screen-reader-text\">Gerente de trilhas em a\u00e7\u00e3o no Rh\u00f6n<\/span> <\/a> <div class=\"slide-content\"> <div class=\"slide-content-visible\"> <div class=\"title\"> <span class=\"title-h5 \">Gerente de trilhas em a\u00e7\u00e3o no Rh\u00f6n<\/span> <\/div> <\/div> <div class=\"slide-content-hidden\"> <div class=\"description\"> <div class=\"subtitle\"> <span class=\"text-body\"><p>Gerente de trilhas no Rh\u00f6n<\/p>\n<\/span> <\/div> <\/div> <\/div> <\/div> <\/div> <\/div> <\/div> <\/div> <\/div> <\/div> <\/div> <div class=\"portfolio-item arge-nordico arquivo-de-noticias referencias col-xs-12 col-sm-6 columns-desktop-5 item-animations-not-inited post-hide-date appearance-type- post-94770 post type-post status-publish format-standard has-post-thumbnail category-arge-nordico category-arquivo-de-noticias category-referencias\" data-default-sort=\"526\" data-sort-date=\"1612129212\"> <div class=\"wrap clearfix\"> <div class=\"image post-94770 post type-post status-publish format-standard has-post-thumbnail category-arge-nordico category-arquivo-de-noticias category-referencias\"> <div class=\"image-inner \"> <picture> <img src=\"https:\/\/www.green-solutions.info\/wp-content\/uploads\/2026\/04\/transparent-thegem-product-justified-square-m.png\" width=\"400\" height=\"400\" class=\"attachment-thegem-product-justified-square-m\" alt=\"Gerentes de trilhas em a\u00e7\u00e3o em Engadin e Davos\" \/> <\/picture> <div class=\"post-featured-content\"><a href=\"https:\/\/www.green-solutions.info\/pt-br\/gerentes-de-trilhas-em-acao-em-engadin-e-davos\/\"> <picture> <source srcset=\"https:\/\/www.green-solutions.info\/wp-content\/uploads\/2021\/01\/wp_engadin_ents-thegem-product-justified-square-m.jpg 1x\" sizes=\"100vw\"> <img src=\"https:\/\/www.green-solutions.info\/wp-content\/uploads\/2021\/01\/wp_engadin_ents-thegem-product-justified-square-m.jpg\" width=\"400\" height=\"400\" class=\"img-responsive\" alt=\"wp_engadin_ents\" \/> <\/picture> <\/a><\/div> <\/div> <div class=\"overlay\"> <div class=\"overlay-circle\"><\/div> <div class=\"links-wrapper\"> <div class=\"links\"> <div class=\"caption\"> <a href=\"https:\/\/www.green-solutions.info\/pt-br\/gerentes-de-trilhas-em-acao-em-engadin-e-davos\/\" class=\"portfolio-item-link\"> <span class=\"screen-reader-text\">Gerentes de trilhas em a\u00e7\u00e3o em Engadin e Davos<\/span> <\/a> <div class=\"slide-content\"> <div class=\"slide-content-visible\"> <div class=\"title\"> <span class=\"title-h5 \">Gerentes de trilhas em a\u00e7\u00e3o em Engadin e Davos<\/span> <\/div> <\/div> <div class=\"slide-content-hidden\"> <div class=\"description\"> <div class=\"subtitle\"> <span class=\"text-body\"><p>Gerente de trilhas em a\u00e7\u00e3o na Engadina<\/p>\n<\/span> <\/div> <\/div> <\/div> <\/div> <\/div> <\/div> <\/div> <\/div> <\/div> <\/div> <\/div> <div class=\"portfolio-item arge-nordico arquivo-de-noticias referencias col-xs-12 col-sm-6 columns-desktop-5 item-animations-not-inited post-hide-date appearance-type- post-94852 post type-post status-publish format-standard has-post-thumbnail category-arge-nordico category-arquivo-de-noticias category-referencias\" data-default-sort=\"531\" data-sort-date=\"1606998657\"> <div class=\"wrap clearfix\"> <div class=\"image post-94852 post type-post status-publish format-standard has-post-thumbnail category-arge-nordico category-arquivo-de-noticias category-referencias\"> <div class=\"image-inner \"> <picture> <img src=\"https:\/\/www.green-solutions.info\/wp-content\/uploads\/2026\/04\/transparent-thegem-product-justified-square-m.png\" width=\"400\" height=\"400\" class=\"attachment-thegem-product-justified-square-m\" alt=\"Para\u00edso para esquiadores de cross-country &#8211; Nova sinaliza\u00e7\u00e3o para o Tannheimer Tal e gerente de trilha\" \/> <\/picture> <div class=\"post-featured-content\"><a href=\"https:\/\/www.green-solutions.info\/pt-br\/paraiso-para-esquiadores-de-cross-country-nova-sinalizacao-para-o-tannheimer-tal-e-gerente-de-trilha\/\"> <picture> <source srcset=\"https:\/\/www.green-solutions.info\/wp-content\/uploads\/2020\/12\/loipenmanager-tannheimer-tal_ents-1-thegem-product-justified-square-m.jpg 1x\" sizes=\"100vw\"> <img src=\"https:\/\/www.green-solutions.info\/wp-content\/uploads\/2020\/12\/loipenmanager-tannheimer-tal_ents-1-thegem-product-justified-square-m.jpg\" width=\"400\" height=\"400\" class=\"img-responsive\" alt=\"loipenmanager-tannheimer-tal_ents\" \/> <\/picture> <\/a><\/div> <\/div> <div class=\"overlay\"> <div class=\"overlay-circle\"><\/div> <div class=\"links-wrapper\"> <div class=\"links\"> <div class=\"caption\"> <a href=\"https:\/\/www.green-solutions.info\/pt-br\/paraiso-para-esquiadores-de-cross-country-nova-sinalizacao-para-o-tannheimer-tal-e-gerente-de-trilha\/\" class=\"portfolio-item-link\"> <span class=\"screen-reader-text\">Para\u00edso para esquiadores de cross-country &#8211; Nova sinaliza\u00e7\u00e3o para o Tannheimer Tal e gerente de trilha<\/span> <\/a> <div class=\"slide-content\"> <div class=\"slide-content-visible\"> <div class=\"title\"> <span class=\"title-h5 \">Para\u00edso para esquiadores de cross-country &#8211; Nova sinaliza\u00e7\u00e3o para o Tannheimer Tal e gerente de trilha<\/span> <\/div> <\/div> <div class=\"slide-content-hidden\"> <div class=\"description\"> <div class=\"subtitle\"> <span class=\"text-body\"><p>Gerenciador de trilhas e sinaliza\u00e7\u00e3o de trilhas para o Tannheimer Tal<\/p>\n<\/span> <\/div> <\/div> <\/div> <\/div> <\/div> <\/div> <\/div> <\/div> <\/div> <\/div> <\/div> <div class=\"portfolio-item arquivo-de-noticias cartografia referencias col-xs-12 col-sm-6 columns-desktop-5 item-animations-not-inited post-hide-date appearance-type- post-94872 post type-post status-publish format-standard has-post-thumbnail category-arquivo-de-noticias category-cartografia category-referencias\" data-default-sort=\"105\" data-sort-date=\"1605776709\"> <div class=\"wrap clearfix\"> <div class=\"image post-94872 post type-post status-publish format-standard has-post-thumbnail category-arquivo-de-noticias category-cartografia category-referencias\"> <div class=\"image-inner \"> <picture> <img src=\"https:\/\/www.green-solutions.info\/wp-content\/uploads\/2026\/04\/transparent-thegem-product-justified-square-m.png\" width=\"400\" height=\"400\" class=\"attachment-thegem-product-justified-square-m\" alt=\"Um mapa de caminhada e caminhada n\u00f3rdica para Bad Griesbach\" \/> <\/picture> <div class=\"post-featured-content\"><a href=\"https:\/\/www.green-solutions.info\/pt-br\/um-mapa-de-caminhada-e-caminhada-nordica-para-bad-griesbach\/\"> <picture> <source srcset=\"https:\/\/www.green-solutions.info\/wp-content\/uploads\/2020\/11\/bad_giressbach_beitrag_ents-thegem-product-justified-square-m.jpg 1x\" sizes=\"100vw\"> <img src=\"https:\/\/www.green-solutions.info\/wp-content\/uploads\/2020\/11\/bad_giressbach_beitrag_ents-thegem-product-justified-square-m.jpg\" width=\"400\" height=\"400\" class=\"img-responsive\" alt=\"bad_giressbach_beitrag_ents\" \/> <\/picture> <\/a><\/div> <\/div> <div class=\"overlay\"> <div class=\"overlay-circle\"><\/div> <div class=\"links-wrapper\"> <div class=\"links\"> <div class=\"caption\"> <a href=\"https:\/\/www.green-solutions.info\/pt-br\/um-mapa-de-caminhada-e-caminhada-nordica-para-bad-griesbach\/\" class=\"portfolio-item-link\"> <span class=\"screen-reader-text\">Um mapa de caminhada e caminhada n\u00f3rdica para Bad Griesbach<\/span> <\/a> <div class=\"slide-content\"> <div class=\"slide-content-visible\"> <div class=\"title\"> <span class=\"title-h5 \">Um mapa de caminhada e caminhada n\u00f3rdica para Bad Griesbach<\/span> <\/div> <\/div> <div class=\"slide-content-hidden\"> <div class=\"description\"> <div class=\"subtitle\"> <span class=\"text-body\"><p>O Bad Griesbach Guest &amp; Spa Service encomendou a green-solutions o layout e a cria\u00e7\u00e3o de um mapa de caminhadas e de caminhada n\u00f3rdica.<\/p>\n<\/span> <\/div> <\/div> <\/div> <\/div> <\/div> <\/div> <\/div> <\/div> <\/div> <\/div> <\/div> <div class=\"portfolio-item arquivo-de-noticias referencias col-xs-12 col-sm-6 columns-desktop-5 item-animations-not-inited post-hide-date appearance-type- post-94892 post type-post status-publish format-standard has-post-thumbnail category-arquivo-de-noticias category-referencias\" data-default-sort=\"530\" data-sort-date=\"1600906366\"> <div class=\"wrap clearfix\"> <div class=\"image post-94892 post type-post status-publish format-standard has-post-thumbnail category-arquivo-de-noticias category-referencias\"> <div class=\"image-inner \"> <picture> <img src=\"https:\/\/www.green-solutions.info\/wp-content\/uploads\/2026\/04\/transparent-thegem-product-justified-square-m.png\" width=\"400\" height=\"400\" class=\"attachment-thegem-product-justified-square-m\" alt=\"A sinaliza\u00e7\u00e3o para MTB nos Alpes de Chiemgau est\u00e1 sendo instalada\" \/> <\/picture> <div class=\"post-featured-content\"><a href=\"https:\/\/www.green-solutions.info\/pt-br\/a-sinalizacao-para-mtb-nos-alpes-de-chiemgau-esta-sendo-instalada\/\"> <picture> <source srcset=\"https:\/\/www.green-solutions.info\/wp-content\/uploads\/2020\/09\/web_mtb_montage_06_ents-thegem-product-justified-square-m.jpg 1x\" sizes=\"100vw\"> <img src=\"https:\/\/www.green-solutions.info\/wp-content\/uploads\/2020\/09\/web_mtb_montage_06_ents-thegem-product-justified-square-m.jpg\" width=\"400\" height=\"400\" class=\"img-responsive\" alt=\"web_mtb_montage_06_ents\" \/> <\/picture> <\/a><\/div> <\/div> <div class=\"overlay\"> <div class=\"overlay-circle\"><\/div> <div class=\"links-wrapper\"> <div class=\"links\"> <div class=\"caption\"> <a href=\"https:\/\/www.green-solutions.info\/pt-br\/a-sinalizacao-para-mtb-nos-alpes-de-chiemgau-esta-sendo-instalada\/\" class=\"portfolio-item-link\"> <span class=\"screen-reader-text\">A sinaliza\u00e7\u00e3o para MTB nos Alpes de Chiemgau est\u00e1 sendo instalada<\/span> <\/a> <div class=\"slide-content\"> <div class=\"slide-content-visible\"> <div class=\"title\"> <span class=\"title-h5 \">A sinaliza\u00e7\u00e3o para MTB nos Alpes de Chiemgau est\u00e1 sendo instalada<\/span> <\/div> <\/div> <div class=\"slide-content-hidden\"> <div class=\"description\"> <div class=\"subtitle\"> <span class=\"text-body\"><p>A sinaliza\u00e7\u00e3o de MTB est\u00e1 instalada<\/p>\n<\/span> <\/div> <\/div> <\/div> <\/div> <\/div> <\/div> <\/div> <\/div> <\/div> <\/div> <\/div> <div class=\"portfolio-item arquivo-de-noticias referencias col-xs-12 col-sm-6 columns-desktop-5 item-animations-not-inited post-hide-date appearance-type- post-94980 post type-post status-publish format-standard has-post-thumbnail category-arquivo-de-noticias category-referencias\" data-default-sort=\"288\" data-sort-date=\"1594297549\"> <div class=\"wrap clearfix\"> <div class=\"image post-94980 post type-post status-publish format-standard has-post-thumbnail category-arquivo-de-noticias category-referencias\"> <div class=\"image-inner \"> <picture> <img src=\"https:\/\/www.green-solutions.info\/wp-content\/uploads\/2026\/04\/transparent-thegem-product-justified-square-m.png\" width=\"400\" height=\"400\" class=\"attachment-thegem-product-justified-square-m\" alt=\"rad &amp; tour &#8211; Emsland Tourismus\" \/> <\/picture> <div class=\"post-featured-content\"><a href=\"https:\/\/www.green-solutions.info\/pt-br\/rad-tour-emsland-tourismus\/\"> <picture> <source srcset=\"https:\/\/www.green-solutions.info\/wp-content\/uploads\/2020\/07\/rad_tour_emsland-thegem-product-justified-square-m.jpg 1x\" sizes=\"100vw\"> <img src=\"https:\/\/www.green-solutions.info\/wp-content\/uploads\/2020\/07\/rad_tour_emsland-thegem-product-justified-square-m.jpg\" width=\"400\" height=\"400\" class=\"img-responsive\" alt=\"rad_tour_emsland\" \/> <\/picture> <\/a><\/div> <\/div> <div class=\"overlay\"> <div class=\"overlay-circle\"><\/div> <div class=\"links-wrapper\"> <div class=\"links\"> <div class=\"caption\"> <a href=\"https:\/\/www.green-solutions.info\/pt-br\/rad-tour-emsland-tourismus\/\" class=\"portfolio-item-link\"> <span class=\"screen-reader-text\">rad &amp; tour &#8211; Emsland Tourismus<\/span> <\/a> <div class=\"slide-content\"> <div class=\"slide-content-visible\"> <div class=\"title\"> <span class=\"title-h5 \">rad &amp; tour &#8211; Emsland Tourismus<\/span> <\/div> <\/div> <div class=\"slide-content-hidden\"> <div class=\"description\"> <div class=\"subtitle\"> <span class=\"text-body\"><p>O sul de Emsland e Grafschaft Bentheim s\u00e3o regi\u00f5es de lazer perfeitas para o ciclismo.<\/p>\n<\/span> <\/div> <\/div> <\/div> <\/div> <\/div> <\/div> <\/div> <\/div> <\/div> <\/div> <\/div> <div class=\"portfolio-item arquivo-de-noticias referencias col-xs-12 col-sm-6 columns-desktop-5 item-animations-not-inited post-hide-date appearance-type- post-95502 post type-post status-publish format-standard has-post-thumbnail category-arquivo-de-noticias category-referencias\" data-default-sort=\"521\" data-sort-date=\"1589987733\"> <div class=\"wrap clearfix\"> <div class=\"image post-95502 post type-post status-publish format-standard has-post-thumbnail category-arquivo-de-noticias category-referencias\"> <div class=\"image-inner \"> <picture> <img src=\"https:\/\/www.green-solutions.info\/wp-content\/uploads\/2026\/04\/transparent-thegem-product-justified-square-m.png\" width=\"400\" height=\"400\" class=\"attachment-thegem-product-justified-square-m\" alt=\"O Emsland &#8211; a segunda regi\u00e3o mais popular da Alemanha para f\u00e9rias de ciclismo\" \/> <\/picture> <div class=\"post-featured-content\"><a href=\"https:\/\/www.green-solutions.info\/pt-br\/o-emsland-a-segunda-regiao-mais-popular-da-alemanha-para-ferias-de-ciclismo\/\"> <picture> <source srcset=\"https:\/\/www.green-solutions.info\/wp-content\/uploads\/2020\/05\/emsland_RadExpress-thegem-product-justified-square-m.jpg 1x\" sizes=\"100vw\"> <img src=\"https:\/\/www.green-solutions.info\/wp-content\/uploads\/2020\/05\/emsland_RadExpress-thegem-product-justified-square-m.jpg\" width=\"400\" height=\"400\" class=\"img-responsive\" alt=\"emsland_RadExpress\" \/> <\/picture> <\/a><\/div> <\/div> <div class=\"overlay\"> <div class=\"overlay-circle\"><\/div> <div class=\"links-wrapper\"> <div class=\"links\"> <div class=\"caption\"> <a href=\"https:\/\/www.green-solutions.info\/pt-br\/o-emsland-a-segunda-regiao-mais-popular-da-alemanha-para-ferias-de-ciclismo\/\" class=\"portfolio-item-link\"> <span class=\"screen-reader-text\">O Emsland &#8211; a segunda regi\u00e3o mais popular da Alemanha para f\u00e9rias de ciclismo<\/span> <\/a> <div class=\"slide-content\"> <div class=\"slide-content-visible\"> <div class=\"title\"> <span class=\"title-h5 \">O Emsland &#8211; a segunda regi\u00e3o mais popular da Alemanha para f\u00e9rias de ciclismo<\/span> <\/div> <\/div> <div class=\"slide-content-hidden\"> <div class=\"description\"> <div class=\"subtitle\"> <span class=\"text-body\"><p>O Emsland &#8211; a segunda regi\u00e3o mais popular da Alemanha para f\u00e9rias de ciclismo<\/p>\n<\/span> <\/div> <\/div> <\/div> <\/div> <\/div> <\/div> <\/div> <\/div> <\/div> <\/div> <\/div> <div class=\"portfolio-item arquivo-de-noticias referencias col-xs-12 col-sm-6 columns-desktop-5 item-animations-not-inited post-hide-date appearance-type- post-95902 post type-post status-publish format-standard has-post-thumbnail category-arquivo-de-noticias category-referencias\" data-default-sort=\"40\" data-sort-date=\"1589243984\"> <div class=\"wrap clearfix\"> <div class=\"image post-95902 post type-post status-publish format-standard has-post-thumbnail category-arquivo-de-noticias category-referencias\"> <div class=\"image-inner \"> <picture> <img src=\"https:\/\/www.green-solutions.info\/wp-content\/uploads\/2026\/04\/transparent-thegem-product-justified-square-m.png\" width=\"400\" height=\"400\" class=\"attachment-thegem-product-justified-square-m\" alt=\"Trans-Bayerwald homenageada: 3\u00ba LUGAR no Pr\u00eamio ADAC de Turismo\" \/> <\/picture> <div class=\"post-featured-content\"><a href=\"https:\/\/www.green-solutions.info\/pt-br\/trans-bayerwald-homenageada-3o-lugar-no-premio-adac-de-turismo\/\"> <picture> <source srcset=\"https:\/\/www.green-solutions.info\/wp-content\/uploads\/2020\/05\/tbw_preis_ents-thegem-product-justified-square-m.jpg 1x\" sizes=\"100vw\"> <img src=\"https:\/\/www.green-solutions.info\/wp-content\/uploads\/2020\/05\/tbw_preis_ents-thegem-product-justified-square-m.jpg\" width=\"400\" height=\"400\" class=\"img-responsive\" alt=\"tbw_preis_ents\" \/> <\/picture> <\/a><\/div> <\/div> <div class=\"overlay\"> <div class=\"overlay-circle\"><\/div> <div class=\"links-wrapper\"> <div class=\"links\"> <div class=\"caption\"> <a href=\"https:\/\/www.green-solutions.info\/pt-br\/trans-bayerwald-homenageada-3o-lugar-no-premio-adac-de-turismo\/\" class=\"portfolio-item-link\"> <span class=\"screen-reader-text\">Trans-Bayerwald homenageada: 3\u00ba LUGAR no Pr\u00eamio ADAC de Turismo<\/span> <\/a> <div class=\"slide-content\"> <div class=\"slide-content-visible\"> <div class=\"title\"> <span class=\"title-h5 \">Trans-Bayerwald homenageada: 3\u00ba LUGAR no Pr\u00eamio ADAC de Turismo<\/span> <\/div> <\/div> <div class=\"slide-content-hidden\"> <div class=\"description\"> <div class=\"subtitle\"> <span class=\"text-body\"><p>Trans-Bayerwald homenageada: 3\u00ba LUGAR no Pr\u00eamio ADAC de Turismo Bav\u00e1ria 2020<\/p>\n<\/span> <\/div> <\/div> <\/div> <\/div> <\/div> <\/div> <\/div> <\/div> <\/div> <\/div> <\/div> <div class=\"portfolio-item arquivo-de-noticias referencias col-xs-12 col-sm-6 columns-desktop-5 item-animations-not-inited post-hide-date appearance-type- post-96524 post type-post status-publish format-standard has-post-thumbnail category-arquivo-de-noticias category-referencias\" data-default-sort=\"536\" data-sort-date=\"1583488371\"> <div class=\"wrap clearfix\"> <div class=\"image post-96524 post type-post status-publish format-standard has-post-thumbnail category-arquivo-de-noticias category-referencias\"> <div class=\"image-inner \"> <picture> <img src=\"https:\/\/www.green-solutions.info\/wp-content\/uploads\/2026\/04\/transparent-thegem-product-justified-square-m.png\" width=\"400\" height=\"400\" class=\"attachment-thegem-product-justified-square-m\" alt=\"Gerenciamento de qualidade no Parque Natural dos Alpes de Ammergau\" \/> <\/picture> <div class=\"post-featured-content\"><a href=\"https:\/\/www.green-solutions.info\/pt-br\/gerenciamento-de-qualidade-no-parque-natural-dos-alpes-de-ammergau\/\"> <picture> <source srcset=\"https:\/\/www.green-solutions.info\/wp-content\/uploads\/2020\/03\/ammergauer_alpen_beitrag_ent-thegem-product-justified-square-m.jpg 1x\" sizes=\"100vw\"> <img src=\"https:\/\/www.green-solutions.info\/wp-content\/uploads\/2020\/03\/ammergauer_alpen_beitrag_ent-thegem-product-justified-square-m.jpg\" width=\"400\" height=\"400\" class=\"img-responsive\" alt=\"ammergauer_alpen_beitrag_ent\" \/> <\/picture> <\/a><\/div> <\/div> <div class=\"overlay\"> <div class=\"overlay-circle\"><\/div> <div class=\"links-wrapper\"> <div class=\"links\"> <div class=\"caption\"> <a href=\"https:\/\/www.green-solutions.info\/pt-br\/gerenciamento-de-qualidade-no-parque-natural-dos-alpes-de-ammergau\/\" class=\"portfolio-item-link\"> <span class=\"screen-reader-text\">Gerenciamento de qualidade no Parque Natural dos Alpes de Ammergau<\/span> <\/a> <div class=\"slide-content\"> <div class=\"slide-content-visible\"> <div class=\"title\"> <span class=\"title-h5 \">Gerenciamento de qualidade no Parque Natural dos Alpes de Ammergau<\/span> <\/div> <\/div> <div class=\"slide-content-hidden\"> <div class=\"description\"> <div class=\"subtitle\"> <span class=\"text-body\"><p>A digitaliza\u00e7\u00e3o nos Alpes de Ammergau se torna vis\u00edvel<\/p>\n<\/span> <\/div> <\/div> <\/div> <\/div> <\/div> <\/div> <\/div> <\/div> <\/div> <\/div> <\/div> <div class=\"portfolio-item arquivo-de-noticias referencias col-xs-12 col-sm-6 columns-desktop-5 item-animations-not-inited post-hide-date appearance-type- post-95923 post type-post status-publish format-standard has-post-thumbnail category-arquivo-de-noticias category-referencias\" data-default-sort=\"45\" data-sort-date=\"1582906577\"> <div class=\"wrap clearfix\"> <div class=\"image post-95923 post type-post status-publish format-standard has-post-thumbnail category-arquivo-de-noticias category-referencias\"> <div class=\"image-inner \"> <picture> <img src=\"https:\/\/www.green-solutions.info\/wp-content\/uploads\/2026\/04\/transparent-thegem-product-justified-square-m.png\" width=\"400\" height=\"400\" class=\"attachment-thegem-product-justified-square-m\" alt=\"A Bav\u00e1ria tem um novo sistema de orienta\u00e7\u00e3o para MTB\" \/> <\/picture> <div class=\"post-featured-content\"><a href=\"https:\/\/www.green-solutions.info\/pt-br\/a-bavaria-tem-um-novo-sistema-de-orientacao-para-mtb\/\"> <picture> <source srcset=\"https:\/\/www.green-solutions.info\/wp-content\/uploads\/2020\/02\/mtb-chiemgau-1_enst-thegem-product-justified-square-m.jpg 1x\" sizes=\"100vw\"> <img src=\"https:\/\/www.green-solutions.info\/wp-content\/uploads\/2020\/02\/mtb-chiemgau-1_enst-thegem-product-justified-square-m.jpg\" width=\"400\" height=\"400\" class=\"img-responsive\" alt=\"mtb-chiemgau-1_enst\" \/> <\/picture> <\/a><\/div> <\/div> <div class=\"overlay\"> <div class=\"overlay-circle\"><\/div> <div class=\"links-wrapper\"> <div class=\"links\"> <div class=\"caption\"> <a href=\"https:\/\/www.green-solutions.info\/pt-br\/a-bavaria-tem-um-novo-sistema-de-orientacao-para-mtb\/\" class=\"portfolio-item-link\"> <span class=\"screen-reader-text\">A Bav\u00e1ria tem um novo sistema de orienta\u00e7\u00e3o para MTB<\/span> <\/a> <div class=\"slide-content\"> <div class=\"slide-content-visible\"> <div class=\"title\"> <span class=\"title-h5 \">A Bav\u00e1ria tem um novo sistema de orienta\u00e7\u00e3o para MTB<\/span> <\/div> <\/div> <div class=\"slide-content-hidden\"> <div class=\"description\"> <div class=\"subtitle\"> <span class=\"text-body\"><p>A Bav\u00e1ria tem um novo sistema de orienta\u00e7\u00e3o para MTB<\/p>\n<\/span> <\/div> <\/div> <\/div> <\/div> <\/div> <\/div> <\/div> <\/div> <\/div> <\/div> <\/div> <div class=\"portfolio-item arquivo-de-noticias referencias col-xs-12 col-sm-6 columns-desktop-5 item-animations-not-inited post-hide-date appearance-type- post-96621 post type-post status-publish format-standard has-post-thumbnail category-arquivo-de-noticias category-referencias\" data-default-sort=\"545\" data-sort-date=\"1581503031\"> <div class=\"wrap clearfix\"> <div class=\"image post-96621 post type-post status-publish format-standard has-post-thumbnail category-arquivo-de-noticias category-referencias\"> <div class=\"image-inner \"> <picture> <img src=\"https:\/\/www.green-solutions.info\/wp-content\/uploads\/2026\/04\/transparent-thegem-product-justified-square-m.png\" width=\"400\" height=\"400\" class=\"attachment-thegem-product-justified-square-m\" alt=\"WineExperienceCard da green-solutions\" \/> <\/picture> <div class=\"post-featured-content\"><a href=\"https:\/\/www.green-solutions.info\/pt-br\/wineexperiencecard-da-green-solutions\/\"> <picture> <source srcset=\"https:\/\/www.green-solutions.info\/wp-content\/uploads\/2020\/02\/heilbronnerlanad_beitrag_ents-thegem-product-justified-square-m.jpg 1x\" sizes=\"100vw\"> <img src=\"https:\/\/www.green-solutions.info\/wp-content\/uploads\/2020\/02\/heilbronnerlanad_beitrag_ents-thegem-product-justified-square-m.jpg\" width=\"400\" height=\"400\" class=\"img-responsive\" alt=\"heilbronnerlanad_beitrag_ents\" \/> <\/picture> <\/a><\/div> <\/div> <div class=\"overlay\"> <div class=\"overlay-circle\"><\/div> <div class=\"links-wrapper\"> <div class=\"links\"> <div class=\"caption\"> <a href=\"https:\/\/www.green-solutions.info\/pt-br\/wineexperiencecard-da-green-solutions\/\" class=\"portfolio-item-link\"> <span class=\"screen-reader-text\">WineExperienceCard da green-solutions<\/span> <\/a> <div class=\"slide-content\"> <div class=\"slide-content-visible\"> <div class=\"title\"> <span class=\"title-h5 \">WineExperienceCard da green-solutions<\/span> <\/div> <\/div> <div class=\"slide-content-hidden\"> <div class=\"description\"> <div class=\"subtitle\"> <span class=\"text-body\"><p>WineExperienceMap na regi\u00e3o de Heilbronn realizado pela green-solutions<\/p>\n<\/span> <\/div> <\/div> <\/div> <\/div> <\/div> <\/div> <\/div> <\/div> <\/div> <\/div> <\/div> <div class=\"portfolio-item arquivo-de-noticias referencias col-xs-12 col-sm-6 columns-desktop-5 item-animations-not-inited post-hide-date appearance-type- post-91957 post type-post status-publish format-standard has-post-thumbnail category-arquivo-de-noticias category-referencias\" data-default-sort=\"545\" data-sort-date=\"1580158496\"> <div class=\"wrap clearfix\"> <div class=\"image post-91957 post type-post status-publish format-standard has-post-thumbnail category-arquivo-de-noticias category-referencias\"> <div class=\"image-inner \"> <picture> <img src=\"https:\/\/www.green-solutions.info\/wp-content\/uploads\/2026\/04\/transparent-thegem-product-justified-square-m.png\" width=\"400\" height=\"400\" class=\"attachment-thegem-product-justified-square-m\" alt=\"Tannheimer Tal conta com o gerente da trilha\" \/> <\/picture> <div class=\"post-featured-content\"><a href=\"https:\/\/www.green-solutions.info\/pt-br\/tannheimer-tal-conta-com-o-gerente-da-trilha\/\"> <picture> <source srcset=\"https:\/\/www.green-solutions.info\/wp-content\/uploads\/2020\/01\/tannheimer-tal_ents-thegem-product-justified-square-m.jpg 1x\" sizes=\"100vw\"> <img src=\"https:\/\/www.green-solutions.info\/wp-content\/uploads\/2020\/01\/tannheimer-tal_ents-thegem-product-justified-square-m.jpg\" width=\"400\" height=\"400\" class=\"img-responsive\" alt=\"tannheimer-tal_ents\" \/> <\/picture> <\/a><\/div> <\/div> <div class=\"overlay\"> <div class=\"overlay-circle\"><\/div> <div class=\"links-wrapper\"> <div class=\"links\"> <div class=\"caption\"> <a href=\"https:\/\/www.green-solutions.info\/pt-br\/tannheimer-tal-conta-com-o-gerente-da-trilha\/\" class=\"portfolio-item-link\"> <span class=\"screen-reader-text\">Tannheimer Tal conta com o gerente da trilha<\/span> <\/a> <div class=\"slide-content\"> <div class=\"slide-content-visible\"> <div class=\"title\"> <span class=\"title-h5 \">Tannheimer Tal conta com o gerente da trilha<\/span> <\/div> <\/div> <div class=\"slide-content-hidden\"> <div class=\"description\"> <div class=\"subtitle\"> <span class=\"text-body\"><p>Tannheimer Tal conta com o gerente da trilha<\/p>\n<\/span> <\/div> <\/div> <\/div> <\/div> <\/div> <\/div> <\/div> <\/div> <\/div> <\/div> <\/div> <div class=\"portfolio-item arquivo-de-noticias referencias col-xs-12 col-sm-6 columns-desktop-5 item-animations-not-inited post-hide-date appearance-type- post-90075 post type-post status-publish format-standard has-post-thumbnail category-arquivo-de-noticias category-referencias tag-ciclovias tag-cycletravelregion-pt-br tag-planejamento tag-sinalizacao-do-fgsv tag-solucoes-ecologicas tag-tourinfra-pt-br tag-tourinfra-mobile-pt-br\" data-default-sort=\"112\" data-sort-date=\"1580001000\"> <div class=\"wrap clearfix\"> <div class=\"image post-90075 post type-post status-publish format-standard has-post-thumbnail category-arquivo-de-noticias category-referencias tag-ciclovias tag-cycletravelregion-pt-br tag-planejamento tag-sinalizacao-do-fgsv tag-solucoes-ecologicas tag-tourinfra-pt-br tag-tourinfra-mobile-pt-br\"> <div class=\"image-inner \"> <picture> <img src=\"https:\/\/www.green-solutions.info\/wp-content\/uploads\/2026\/04\/transparent-thegem-product-justified-square-m.png\" width=\"400\" height=\"400\" class=\"attachment-thegem-product-justified-square-m\" alt=\"Sucesso de nosso planejamento &#8211; Inn-Salzach se torna uma CycleTravelRegion\" \/> <\/picture> <div class=\"post-featured-content\"><a href=\"https:\/\/www.green-solutions.info\/pt-br\/sucesso-de-nosso-planejamento-inn-salzach-se-torna-uma-cycletravelregion\/\"> <picture> <source srcset=\"https:\/\/www.green-solutions.info\/wp-content\/uploads\/2020\/01\/inn-salzach-beitrag_ents-thegem-product-justified-square-m.jpg 1x\" sizes=\"100vw\"> <img src=\"https:\/\/www.green-solutions.info\/wp-content\/uploads\/2020\/01\/inn-salzach-beitrag_ents-thegem-product-justified-square-m.jpg\" width=\"400\" height=\"400\" class=\"img-responsive\" alt=\"inn-salzach-beitrag_ents\" \/> <\/picture> <\/a><\/div> <\/div> <div class=\"overlay\"> <div class=\"overlay-circle\"><\/div> <div class=\"links-wrapper\"> <div class=\"links\"> <div class=\"caption\"> <a href=\"https:\/\/www.green-solutions.info\/pt-br\/sucesso-de-nosso-planejamento-inn-salzach-se-torna-uma-cycletravelregion\/\" class=\"portfolio-item-link\"> <span class=\"screen-reader-text\">Sucesso de nosso planejamento &#8211; Inn-Salzach se torna uma CycleTravelRegion<\/span> <\/a> <div class=\"slide-content\"> <div class=\"slide-content-visible\"> <div class=\"title\"> <span class=\"title-h5 \">Sucesso de nosso planejamento &#8211; Inn-Salzach se torna uma CycleTravelRegion<\/span> <\/div> <\/div> <div class=\"slide-content-hidden\"> <div class=\"description\"> <div class=\"subtitle\"> <span class=\"text-body\"><p>Sucesso de nosso planejamento &#8211; Inn-Salzach se torna uma CycleTravelRegion<\/p>\n<\/span> <\/div> <\/div> <\/div> <\/div> <\/div> <\/div> <\/div> <\/div> <\/div> <\/div> <\/div> <div class=\"portfolio-item arquivo-de-noticias referencias tourinfra-pt-br col-xs-12 col-sm-6 columns-desktop-5 item-animations-not-inited post-hide-date appearance-type- post-92048 post type-post status-publish format-standard has-post-thumbnail category-arquivo-de-noticias category-referencias category-tourinfra-pt-br tag-gerente-de-trilhas tag-modulo-de-trilha tag-tourinfra-pt-br\" data-default-sort=\"193\" data-sort-date=\"1576966859\"> <div class=\"wrap clearfix\"> <div class=\"image post-92048 post type-post status-publish format-standard has-post-thumbnail category-arquivo-de-noticias category-referencias category-tourinfra-pt-br tag-gerente-de-trilhas tag-modulo-de-trilha tag-tourinfra-pt-br\"> <div class=\"image-inner \"> <picture> <img src=\"https:\/\/www.green-solutions.info\/wp-content\/uploads\/2026\/04\/transparent-thegem-product-justified-square-m.png\" width=\"400\" height=\"400\" class=\"attachment-thegem-product-justified-square-m\" alt=\"Gerente de trilhas pronto para a temporada nos Alpes\" \/> <\/picture> <div class=\"post-featured-content\"><a href=\"https:\/\/www.green-solutions.info\/pt-br\/gerente-de-trilhas-pronto-para-a-temporada-nos-alpes\/\"> <picture> <source srcset=\"https:\/\/www.green-solutions.info\/wp-content\/uploads\/2019\/12\/loipenmanager_gr_ents-thegem-product-justified-square-m.jpg 1x\" sizes=\"100vw\"> <img src=\"https:\/\/www.green-solutions.info\/wp-content\/uploads\/2019\/12\/loipenmanager_gr_ents-thegem-product-justified-square-m.jpg\" width=\"400\" height=\"400\" class=\"img-responsive\" alt=\"loipenmanager_gr_ents\" \/> <\/picture> <\/a><\/div> <\/div> <div class=\"overlay\"> <div class=\"overlay-circle\"><\/div> <div class=\"links-wrapper\"> <div class=\"links\"> <div class=\"caption\"> <a href=\"https:\/\/www.green-solutions.info\/pt-br\/gerente-de-trilhas-pronto-para-a-temporada-nos-alpes\/\" class=\"portfolio-item-link\"> <span class=\"screen-reader-text\">Gerente de trilhas pronto para a temporada nos Alpes<\/span> <\/a> <div class=\"slide-content\"> <div class=\"slide-content-visible\"> <div class=\"title\"> <span class=\"title-h5 \">Gerente de trilhas pronto para a temporada nos Alpes<\/span> <\/div> <\/div> <div class=\"slide-content-hidden\"> <div class=\"description\"> <div class=\"subtitle\"> <span class=\"text-body\"><p>Gerente de trilhas pronto para a temporada nos Alpes<\/p>\n<\/span> <\/div> <\/div> <\/div> <\/div> <\/div> <\/div> <\/div> <\/div> <\/div> <\/div> <\/div> <div class=\"portfolio-item arquivo-de-noticias nao-categorizado referencias col-xs-12 col-sm-6 columns-desktop-5 item-animations-not-inited post-hide-date appearance-type- post-92049 post type-post status-publish format-standard has-post-thumbnail category-arquivo-de-noticias category-nao-categorizado category-referencias tag-cartografia-pt-br tag-ciclovia-da-pousada tag-folheto tag-osm-pt-br tag-pagina-inicial tag-passeio-de-bicicleta tag-tourinfra-pt-br\" data-default-sort=\"513\" data-sort-date=\"1574008394\"> <div class=\"wrap clearfix\"> <div class=\"image post-92049 post type-post status-publish format-standard has-post-thumbnail category-arquivo-de-noticias category-nao-categorizado category-referencias tag-cartografia-pt-br tag-ciclovia-da-pousada tag-folheto tag-osm-pt-br tag-pagina-inicial tag-passeio-de-bicicleta tag-tourinfra-pt-br\"> <div class=\"image-inner \"> <picture> <img src=\"https:\/\/www.green-solutions.info\/wp-content\/uploads\/2026\/04\/transparent-thegem-product-justified-square-m.png\" width=\"400\" height=\"400\" class=\"attachment-thegem-product-justified-square-m\" alt=\"Folheto da ciclovia da pousada\" \/> <\/picture> <div class=\"post-featured-content\"><a href=\"https:\/\/www.green-solutions.info\/pt-br\/folheto-da-ciclovia-da-pousada\/\"> <picture> <source srcset=\"https:\/\/www.green-solutions.info\/wp-content\/uploads\/2019\/11\/inn-radweg-beitrag_ents-1-thegem-product-justified-square-m.jpg 1x\" sizes=\"100vw\"> <img src=\"https:\/\/www.green-solutions.info\/wp-content\/uploads\/2019\/11\/inn-radweg-beitrag_ents-1-thegem-product-justified-square-m.jpg\" width=\"400\" height=\"400\" class=\"img-responsive\" alt=\"inn-radweg-beitrag_ents\" \/> <\/picture> <\/a><\/div> <\/div> <div class=\"overlay\"> <div class=\"overlay-circle\"><\/div> <div class=\"links-wrapper\"> <div class=\"links\"> <div class=\"caption\"> <a href=\"https:\/\/www.green-solutions.info\/pt-br\/folheto-da-ciclovia-da-pousada\/\" class=\"portfolio-item-link\"> <span class=\"screen-reader-text\">Folheto da ciclovia da pousada<\/span> <\/a> <div class=\"slide-content\"> <div class=\"slide-content-visible\"> <div class=\"title\"> <span class=\"title-h5 \">Folheto da ciclovia da pousada<\/span> <\/div> <\/div> <div class=\"slide-content-hidden\"> <div class=\"description\"> <div class=\"subtitle\"> <span class=\"text-body\"><p>Folheto sobre a ciclovia da pousada<\/p>\n<\/span> <\/div> <\/div> <\/div> <\/div> <\/div> <\/div> <\/div> <\/div> <\/div> <\/div> <\/div> <div class=\"portfolio-item arquivo-de-noticias nao-categorizado referencias col-xs-12 col-sm-6 columns-desktop-5 item-animations-not-inited post-hide-date appearance-type- post-92175 post type-post status-publish format-standard has-post-thumbnail category-arquivo-de-noticias category-nao-categorizado category-referencias tag-alto-palatinado tag-modulo-de-turismo tag-natureza-navi tag-pagina-inicial tag-tourinfra-pt-br\" data-default-sort=\"217\" data-sort-date=\"1573003692\"> <div class=\"wrap clearfix\"> <div class=\"image post-92175 post type-post status-publish format-standard has-post-thumbnail category-arquivo-de-noticias category-nao-categorizado category-referencias tag-alto-palatinado tag-modulo-de-turismo tag-natureza-navi tag-pagina-inicial tag-tourinfra-pt-br\"> <div class=\"image-inner \"> <picture> <img src=\"https:\/\/www.green-solutions.info\/wp-content\/uploads\/2026\/04\/transparent-thegem-product-justified-square-m.png\" width=\"400\" height=\"400\" class=\"attachment-thegem-product-justified-square-m\" alt=\"Nature Navi entra em opera\u00e7\u00e3o na Floresta do Alto Palatinado\" \/> <\/picture> <div class=\"post-featured-content\"><a href=\"https:\/\/www.green-solutions.info\/pt-br\/nature-navi-entra-em-operacao-na-floresta-do-alto-palatinado\/\"> <picture> <source srcset=\"https:\/\/www.green-solutions.info\/wp-content\/uploads\/2019\/11\/oberpfaelzter_natur-navi_ents-thegem-product-justified-square-m.jpg 1x\" sizes=\"100vw\"> <img src=\"https:\/\/www.green-solutions.info\/wp-content\/uploads\/2019\/11\/oberpfaelzter_natur-navi_ents-thegem-product-justified-square-m.jpg\" width=\"400\" height=\"400\" class=\"img-responsive\" alt=\"oberpfaelzter_natur-navi_ents\" \/> <\/picture> <\/a><\/div> <\/div> <div class=\"overlay\"> <div class=\"overlay-circle\"><\/div> <div class=\"links-wrapper\"> <div class=\"links\"> <div class=\"caption\"> <a href=\"https:\/\/www.green-solutions.info\/pt-br\/nature-navi-entra-em-operacao-na-floresta-do-alto-palatinado\/\" class=\"portfolio-item-link\"> <span class=\"screen-reader-text\">Nature Navi entra em opera\u00e7\u00e3o na Floresta do Alto Palatinado<\/span> <\/a> <div class=\"slide-content\"> <div class=\"slide-content-visible\"> <div class=\"title\"> <span class=\"title-h5 \">Nature Navi entra em opera\u00e7\u00e3o na Floresta do Alto Palatinado<\/span> <\/div> <\/div> <div class=\"slide-content-hidden\"> <div class=\"description\"> <div class=\"subtitle\"> <span class=\"text-body\"><p>O Nature Navi entra em opera\u00e7\u00e3o. O resultado do projeto forma a base para os futuros m\u00f3dulos tur\u00edsticos da green-solutions <\/p>\n<\/span> <\/div> <\/div> <\/div> <\/div> <\/div> <\/div> <\/div> <\/div> <\/div> <\/div> <\/div> <div class=\"portfolio-item arquivo-de-noticias cartografia nao-categorizado referencias col-xs-12 col-sm-6 columns-desktop-5 item-animations-not-inited post-hide-date appearance-type- post-92460 post type-post status-publish format-standard has-post-thumbnail category-arquivo-de-noticias category-cartografia category-nao-categorizado category-referencias tag-alpes-de-ammergau tag-cartografia-pt-br tag-mapa-de-caminhada tag-pagina-inicial tag-tourinfra-pt-br tag-trilhas-para-caminhadas\" data-default-sort=\"434\" data-sort-date=\"1572996426\"> <div class=\"wrap clearfix\"> <div class=\"image post-92460 post type-post status-publish format-standard has-post-thumbnail category-arquivo-de-noticias category-cartografia category-nao-categorizado category-referencias tag-alpes-de-ammergau tag-cartografia-pt-br tag-mapa-de-caminhada tag-pagina-inicial tag-tourinfra-pt-br tag-trilhas-para-caminhadas\"> <div class=\"image-inner \"> <picture> <img src=\"https:\/\/www.green-solutions.info\/wp-content\/uploads\/2026\/04\/transparent-thegem-product-justified-square-m.png\" width=\"400\" height=\"400\" class=\"attachment-thegem-product-justified-square-m\" alt=\"Mapa de caminhada dos Alpes de Ammergau\" \/> <\/picture> <div class=\"post-featured-content\"><a href=\"https:\/\/www.green-solutions.info\/pt-br\/mapa-de-caminhada-dos-alpes-de-ammergau\/\"> <picture> <source srcset=\"https:\/\/www.green-solutions.info\/wp-content\/uploads\/2019\/11\/karte_beitrag_ents-thegem-product-justified-square-m.jpg 1x\" sizes=\"100vw\"> <img src=\"https:\/\/www.green-solutions.info\/wp-content\/uploads\/2019\/11\/karte_beitrag_ents-thegem-product-justified-square-m.jpg\" width=\"400\" height=\"400\" class=\"img-responsive\" alt=\"karte_beitrag_ents\" \/> <\/picture> <\/a><\/div> <\/div> <div class=\"overlay\"> <div class=\"overlay-circle\"><\/div> <div class=\"links-wrapper\"> <div class=\"links\"> <div class=\"caption\"> <a href=\"https:\/\/www.green-solutions.info\/pt-br\/mapa-de-caminhada-dos-alpes-de-ammergau\/\" class=\"portfolio-item-link\"> <span class=\"screen-reader-text\">Mapa de caminhada dos Alpes de Ammergau<\/span> <\/a> <div class=\"slide-content\"> <div class=\"slide-content-visible\"> <div class=\"title\"> <span class=\"title-h5 \">Mapa de caminhada dos Alpes de Ammergau<\/span> <\/div> <\/div> <div class=\"slide-content-hidden\"> <div class=\"description\"> <div class=\"subtitle\"> <span class=\"text-body\"><p>O extenso mapa de caminhadas foi criado em estreita colabora\u00e7\u00e3o com a equipe da Ammergauer Alpen GmbH. Os h\u00f3spedes encontrar\u00e3o n\u00e3o apenas uma variedade de trilhas tem\u00e1ticas e caminhadas em cabanas, mas tamb\u00e9m trilhas de inverno e passeios pelas montanhas alpinas. <\/p>\n<\/span> <\/div> <\/div> <\/div> <\/div> <\/div> <\/div> <\/div> <\/div> <\/div> <\/div> <\/div> <\/div><!-- .portflio-set --> <div class=\"portfolio-item-size-container\"> <div class=\"portfolio-item col-xs-12 col-sm-6 columns-desktop-5 item-animations-not-inited post-hide-date post-92460 post type-post status-publish format-standard has-post-thumbnail category-arquivo-de-noticias category-cartografia category-nao-categorizado category-referencias tag-alpes-de-ammergau tag-cartografia-pt-br tag-mapa-de-caminhada tag-pagina-inicial tag-tourinfra-pt-br tag-trilhas-para-caminhadas\"> <\/div> <\/div> <\/div><!-- .row--> <div class=\"portfolio-scroll-pagination\"><\/div> <script type=\"text\/javascript\">if (typeof(gem_fix_fullwidth_position) == \"function\") { gem_fix_fullwidth_position(document.querySelector(\".portfolio-row-outer.fullwidth-block-69ee331f5bbd8\")); }<\/script> <\/div><!-- .full-width --> <\/div><!-- .portfolio--> <\/div><!-- .portfolio-preloader-wrapper--><div class=\"clearboth\"><\/div><style>#thegem-divider-69ee331fbcfba {margin-top: 60px !important;}<\/style><div id=\"thegem-divider-69ee331fbcfba\" class=\"gem-divider  divider-hidden\" style=\"\" ><\/div>[\/vc_column][\/vc_row]<\/p>\n<\/div>","protected":false},"excerpt":{"rendered":"<p>[vc_row full_width=&#8221;stretch_row_content_no_spaces&#8221; equal_height=&#8221;yes&#8221; css=&#8221;.vc_custom_1550842308747{margin-bottom: 0px !important;padding-bottom: 0px !important;}&#8221;][vc_column disable_custom_paddings_mobile=&#8221;true&#8221; css=&#8221;.vc_custom_1554372732512{padding-right: 190px !important;padding-left: 70px !important;background: #323236 url(https:\/\/www.green-solutions.info\/wp-content\/uploads\/2019\/04\/AboutUsTitle.png?id=1914) !important;background-position: center !important;background-repeat: no-repeat&#8230;<\/p>\n","protected":false},"author":1,"featured_media":0,"parent":0,"menu_order":78,"comment_status":"closed","ping_status":"closed","template":"","meta":{"om_disable_all_campaigns":false,"_monsterinsights_skip_tracking":false,"_monsterinsights_sitenote_active":false,"_monsterinsights_sitenote_note":"","_monsterinsights_sitenote_category":0,"footnotes":""},"categories":[1279,1273,1274],"tags":[],"class_list":{"0":"post-98021","1":"page","2":"type-page","3":"status-publish","5":"category-projeto-2025","6":"category-projeto-2025-incompleto","7":"category-solucoes-ecologicas"},"aioseo_notices":[],"_links":{"self":[{"href":"https:\/\/www.green-solutions.info\/pt-br\/wp-json\/wp\/v2\/pages\/98021","targetHints":{"allow":["GET"]}}],"collection":[{"href":"https:\/\/www.green-solutions.info\/pt-br\/wp-json\/wp\/v2\/pages"}],"about":[{"href":"https:\/\/www.green-solutions.info\/pt-br\/wp-json\/wp\/v2\/types\/page"}],"author":[{"embeddable":true,"href":"https:\/\/www.green-solutions.info\/pt-br\/wp-json\/wp\/v2\/users\/1"}],"replies":[{"embeddable":true,"href":"https:\/\/www.green-solutions.info\/pt-br\/wp-json\/wp\/v2\/comments?post=98021"}],"version-history":[{"count":0,"href":"https:\/\/www.green-solutions.info\/pt-br\/wp-json\/wp\/v2\/pages\/98021\/revisions"}],"wp:attachment":[{"href":"https:\/\/www.green-solutions.info\/pt-br\/wp-json\/wp\/v2\/media?parent=98021"}],"wp:term":[{"taxonomy":"category","embeddable":true,"href":"https:\/\/www.green-solutions.info\/pt-br\/wp-json\/wp\/v2\/categories?post=98021"},{"taxonomy":"post_tag","embeddable":true,"href":"https:\/\/www.green-solutions.info\/pt-br\/wp-json\/wp\/v2\/tags?post=98021"}],"curies":[{"name":"wp","href":"https:\/\/api.w.org\/{rel}","templated":true}]}}