{"id":98509,"date":"2019-01-28T09:44:04","date_gmt":"2019-01-28T08:44:04","guid":{"rendered":"https:\/\/www.green-solutions.info\/ultimas-noticias\/"},"modified":"2025-02-15T14:46:59","modified_gmt":"2025-02-15T13:46:59","slug":"ultimas-noticias","status":"publish","type":"page","link":"https:\/\/www.green-solutions.info\/es\/ultimas-noticias\/","title":{"rendered":"\u00daltimas noticias"},"content":{"rendered":"<div class=\"wpb-content-wrapper\"><p>[vc_row full_width=\u00bbstretch_row_content_no_spaces\u00bb equal_height=\u00bbyes\u00bb css=\u00bb.vc_custom_1548442690034{margin-bottom: 0px !important;padding-bottom: 0px !important;}\u00bb][vc_column disable_custom_paddings_mobile=\u00bbtrue\u00bb css=\u00bb.vc_custom_1554373630288{padding-right: 190px !important;padding-left: 70px !important;background: #323236 url(https:\/\/www.green-solutions.info\/wp-content\/uploads\/2019\/04\/OurBlogTitle.png?id=1917) !important;background-position: center !important;background-repeat: no-repeat !important;background-size: contain !important;}\u00bb offset=\u00bbvc_col-md-6 vc_col-sm-offset-0&#8243; el_class=\u00bbverticalPageTitle\u00bb]<div class=\"clearboth\"><\/div><style>#thegem-divider-69ee1c50bdd7f {margin-top: 85px !important;}<\/style><div id=\"thegem-divider-69ee1c50bdd7f\" class=\"gem-divider  \" style=\"\" ><\/div><div class=\"clearboth\"><\/div><style>#thegem-divider-69ee1c50bddf0 {margin-top: 270px !important;}<\/style><div id=\"thegem-divider-69ee1c50bddf0\" class=\"gem-divider  divider-hidden\" style=\"\" ><\/div>[vc_column_text css=\u00bb\u00bb css_animation=\u00bbbottom-to-top\u00bb]<\/p>\n<div class=\"title-xlarge\"><span style=\"color: #83bc1a;\"><br \/>Mantente al d\u00eda<span style=\"color: #ffffff;\">Nuestras noticias.<\/span><\/span><\/div>\n<p>[\/vc_column_text]<div class=\"clearboth\"><\/div><style>#thegem-divider-69ee1c50bde26 {margin-top: 40px !important;}<\/style><div id=\"thegem-divider-69ee1c50bde26\" class=\"gem-divider  \" style=\"\" ><\/div>[vc_column_text css=\u00bb\u00bb css_animation=\u00bbbottom-to-top\u00bb]<\/p>\n<div class=\"styled-subtitle\"><span style=\"color: #ffffff;\">Te mantendremos informado.<\/span><\/div>\n<p>[\/vc_column_text]<div class=\"clearboth\"><\/div><style>#thegem-divider-69ee1c50bde55 {margin-top: 90px !important;}<\/style><div id=\"thegem-divider-69ee1c50bde55\" class=\"gem-divider  \" style=\"\" ><\/div>[\/vc_column][vc_column css=\u00bb.vc_custom_1736111390297{background-image: url(https:\/\/www.green-solutions.info\/wp-content\/uploads\/2025\/01\/news.jpg?id=80487) !important;background-position: center !important;background-repeat: no-repeat !important;background-size: cover !important;}\u00bb offset=\u00bbvc_col-md-6&#8243;]<div class=\"clearboth\"><\/div><style>#thegem-divider-69ee1c50bde81 {margin-top: 500px !important;}<\/style><div id=\"thegem-divider-69ee1c50bde81\" class=\"gem-divider  \" style=\"\" ><\/div>[\/vc_column][\/vc_row][vc_row][vc_column]<div class=\"clearboth\"><\/div><style>#thegem-divider-69ee1c50bdead {margin-top: 60px !important;}<\/style><div id=\"thegem-divider-69ee1c50bdead\" class=\"gem-divider  divider-hidden\" style=\"\" ><\/div>[\/vc_column][\/vc_row][vc_row full_width=\u00bbstretch_row_content\u00bb css=\u00bb.vc_custom_1736689362405{margin-top: 0px !important;margin-bottom: 0px !important;padding-top: 0px !important;padding-bottom: 0px !important;background-color: #f0f3f2 !important;}\u00bb][vc_column css=\u00bb.vc_custom_1554732108115{margin-top: 0px !important;margin-bottom: 0px !important;padding-top: 0px !important;padding-bottom: 0px !important;}\u00bb]<style>.portfolio.news-grid#style-7915b25 .portfolio-item:not(.size-item), .preloader#style-preloader-7915b25 .portfolio-item { padding: calc(20px\/2) !important; }.portfolio.news-grid#style-7915b25 .portfolio-item.size-item { padding: 0 calc(20px\/2) !important; }.portfolio.news-grid#style-7915b25 .portfolio-row, .preloader#style-preloader-7915b25 .skeleton-posts.portfolio-row { margin: calc(-20px\/2); }.portfolio.news-grid#style-7915b25.fullwidth-columns .portfolio-row { margin: calc(-20px\/2) 0; }.portfolio.news-grid#style-7915b25 .fullwidth-block:not(.no-paddings) { padding-left: 20px; padding-right: 20px; }.portfolio.news-grid#style-7915b25 .fullwidth-block .portfolio-row { padding-left: calc(20px\/2); padding-right: calc(20px\/2); }.portfolio.news-grid#style-7915b25 .fullwidth-block .portfolio-top-panel { padding-left: 20px; padding-right: 20px; }.portfolio.news-grid#style-7915b25.fullwidth-columns .with-filter-sidebar .filter-sidebar { padding-left: 20px; }.portfolio.news-grid#style-7915b25.list-style.with-divider .portfolio-item .wrap:before { top: calc(-20px\/2); }@media (max-width: 991px) { .portfolio.news-grid#style-7915b25 .portfolio-item:not(.size-item), .preloader#style-preloader-7915b25 .portfolio-item { padding: calc(42px\/2) !important; }.portfolio.news-grid#style-7915b25 .portfolio-item.size-item { padding: 0 calc(42px\/2) !important; }.portfolio.news-grid#style-7915b25 .portfolio-row, .preloader#style-preloader-7915b25 .skeleton-posts.portfolio-row { margin: calc(-42px\/2); }.portfolio.news-grid#style-7915b25.fullwidth-columns .portfolio-row { margin: calc(-42px\/2) 0; }.portfolio.news-grid#style-7915b25 .fullwidth-block:not(.no-paddings) { padding-left: 42px; padding-right: 42px; }.portfolio.news-grid#style-7915b25 .fullwidth-block .portfolio-row { padding-left: calc(42px\/2); padding-right: calc(42px\/2); }.portfolio.news-grid#style-7915b25 .fullwidth-block .portfolio-top-panel { padding-left: 42px; padding-right: 42px; }.portfolio.news-grid#style-7915b25.fullwidth-columns .with-filter-sidebar .filter-sidebar { padding-left: 42px; }.portfolio.news-grid#style-7915b25.list-style.with-divider .portfolio-item .wrap:before { top: calc(-42px\/2); }}@media (max-width: 767px) { .portfolio.news-grid#style-7915b25 .portfolio-item:not(.size-item), .preloader#style-preloader-7915b25 .portfolio-item { padding: calc(42px\/2) !important; }.portfolio.news-grid#style-7915b25 .portfolio-item.size-item { padding: 0 calc(42px\/2) !important; }.portfolio.news-grid#style-7915b25 .portfolio-row, .preloader#style-preloader-7915b25 .skeleton-posts.portfolio-row { margin: calc(-42px\/2); }.portfolio.news-grid#style-7915b25.fullwidth-columns .portfolio-row { margin: calc(-42px\/2) 0; }.portfolio.news-grid#style-7915b25 .fullwidth-block:not(.no-paddings) { padding-left: 42px; padding-right: 42px; }.portfolio.news-grid#style-7915b25 .fullwidth-block .portfolio-row { padding-left: calc(42px\/2); padding-right: calc(42px\/2); }.portfolio.news-grid#style-7915b25 .fullwidth-block .portfolio-top-panel { padding-left: 42px; padding-right: 42px; }.portfolio.news-grid#style-7915b25.fullwidth-columns .with-filter-sidebar .filter-sidebar { padding-left: 42px; }.portfolio.news-grid#style-7915b25.list-style.with-divider .portfolio-item .wrap:before { top: calc(-42px\/2); }}.portfolio.news-grid#style-7915b25 .portfolio-item .caption .title span { letter-spacing: px !important; }<\/style><style>.portfolio.news-grid#style-7915b25 .portfolio-filters { text-align: center; }<\/style><div id=\"style-preloader-7915b25\" class=\"preloader save-space\"><div class=\"preloader-spin\"><\/div><\/div> <div class=\"portfolio-preloader-wrapper panel-sidebar-position-left\"> <div class=\"portfolio portfolio-grid extended-portfolio-grid news-grid no-padding portfolio-pagination-scroll portfolio-style-justified background-style-transparent title-style-light hover-default-default title-on-hover caption-position-hover version-default loading-animation item-animation-move-up fullwidth-columns fullwidth-columns-5 hover-title columns-tablet-2 columns-mobile-1 disable-isotope next-page-preloading \" id=\"style-7915b25\" data-style-uid=\"7915b25\" data-portfolio-uid=\"grid_4bb0e6e1\" data-current-page=\"1\" data-per-page=\"24\" data-next-page=\"2\" data-pages-count=\"8\" data-hover=\"default\" data-portfolio-filter=\"[]\" data-portfolio-filter-attributes=\"null\" data-portfolio-filter-status=\"null\" data-portfolio-filter-price=\"null\" data-portfolio-filter-search=\"\"> <div class=\"portfolio-row-outer fullwidth-block fullwidth-block-69ee1c50c3ca1 no-paddings\"> <div class=\"portfolio-top-panel selected-only\"> <div class=\"portfolio-filter-item portfolio-selected-filters left\"> <div class=\"portfolio-selected-filter-item clear-filters\"> Clear Filters\t<\/div> <\/div> <\/div> <div class=\"row portfolio-row\"> <div class=\"portfolio-set clearfix\" data-max-row-height=\"380\"> <div class=\"portfolio-item archivo-de-noticias pagina-de-inicio tourinfra-es col-xs-12 col-sm-6 columns-desktop-5 item-animations-not-inited post-hide-date appearance-type- post-102573 post type-post status-publish format-standard has-post-thumbnail category-archivo-de-noticias category-pagina-de-inicio category-tourinfra-es\" data-default-sort=\"242\" data-sort-date=\"1755119833\"> <div class=\"wrap clearfix\"> <div class=\"image post-102573 post type-post status-publish format-standard has-post-thumbnail category-archivo-de-noticias category-pagina-de-inicio category-tourinfra-es\"> <div class=\"image-inner \"> <picture> <img src=\"https:\/\/www.green-solutions.info\/wp-content\/uploads\/2026\/04\/transparent-thegem-product-justified-square-m.png\" width=\"400\" height=\"400\" class=\"attachment-thegem-product-justified-square-m\" alt=\"Grafschaft Bentheim conf\u00eda en tourinfra para el transporte en bicicleta\" \/> <\/picture> <div class=\"post-featured-content\"><a href=\"https:\/\/www.green-solutions.info\/es\/grafschaft-bentheim-confia-en-tourinfra-para-el-transporte-en-bicicleta\/\"> <picture> <source srcset=\"https:\/\/www.green-solutions.info\/wp-content\/uploads\/2025\/08\/logo_beitrag-thegem-product-justified-square-m.png 1x\" sizes=\"100vw\"> <img src=\"https:\/\/www.green-solutions.info\/wp-content\/uploads\/2025\/08\/logo_beitrag-thegem-product-justified-square-m.png\" width=\"400\" height=\"400\" class=\"img-responsive\" alt=\"logo_beitrag\" \/> <\/picture> <\/a><\/div> <\/div> <div class=\"overlay\"> <div class=\"overlay-circle\"><\/div> <div class=\"links-wrapper\"> <div class=\"links\"> <div class=\"caption\"> <a href=\"https:\/\/www.green-solutions.info\/es\/grafschaft-bentheim-confia-en-tourinfra-para-el-transporte-en-bicicleta\/\" class=\"portfolio-item-link\"> <span class=\"screen-reader-text\">Grafschaft Bentheim conf\u00eda en tourinfra para el transporte en bicicleta<\/span> <\/a> <div class=\"slide-content\"> <div class=\"slide-content-visible\"> <div class=\"title\"> <span class=\"title-h5 \">Grafschaft Bentheim conf\u00eda en tourinfra para el transporte en bicicleta<\/span> <\/div> <\/div> <div class=\"slide-content-hidden\"> <div class=\"description\"> <div class=\"subtitle\"> <span class=\"text-body\"><p>Grafschaft Bentheim conf\u00eda en tourinfra<\/p>\n<\/span> <\/div> <\/div> <\/div> <\/div> <\/div> <\/div> <\/div> <\/div> <\/div> <\/div> <\/div> <div class=\"portfolio-item archivo-de-noticias pagina-de-inicio referencias-es col-xs-12 col-sm-6 columns-desktop-5 item-animations-not-inited post-hide-date appearance-type- post-102433 post type-post status-publish format-standard has-post-thumbnail category-archivo-de-noticias category-pagina-de-inicio category-referencias-es\" data-default-sort=\"242\" data-sort-date=\"1747931794\"> <div class=\"wrap clearfix\"> <div class=\"image post-102433 post type-post status-publish format-standard has-post-thumbnail category-archivo-de-noticias category-pagina-de-inicio category-referencias-es\"> <div class=\"image-inner \"> <picture> <img src=\"https:\/\/www.green-solutions.info\/wp-content\/uploads\/2026\/04\/transparent-thegem-product-justified-square-m.png\" width=\"400\" height=\"400\" class=\"attachment-thegem-product-justified-square-m\" alt=\"La gesti\u00f3n QM en Chiemgau Rad &amp; MTB est\u00e1 en marcha\" \/> <\/picture> <div class=\"post-featured-content\"><a href=\"https:\/\/www.green-solutions.info\/es\/la-gestion-qm-en-chiemgau-rad-mtb-esta-en-marcha\/\"> <picture> <source srcset=\"https:\/\/www.green-solutions.info\/wp-content\/uploads\/2025\/05\/WEB_QM_Beitrag-thegem-product-justified-square-m.jpg 1x\" sizes=\"100vw\"> <img src=\"https:\/\/www.green-solutions.info\/wp-content\/uploads\/2025\/05\/WEB_QM_Beitrag-thegem-product-justified-square-m.jpg\" width=\"400\" height=\"400\" class=\"img-responsive\" alt=\"WEB_QM_Beitrag\" \/> <\/picture> <\/a><\/div> <\/div> <div class=\"overlay\"> <div class=\"overlay-circle\"><\/div> <div class=\"links-wrapper\"> <div class=\"links\"> <div class=\"caption\"> <a href=\"https:\/\/www.green-solutions.info\/es\/la-gestion-qm-en-chiemgau-rad-mtb-esta-en-marcha\/\" class=\"portfolio-item-link\"> <span class=\"screen-reader-text\">La gesti\u00f3n QM en Chiemgau Rad &amp; MTB est\u00e1 en marcha<\/span> <\/a> <div class=\"slide-content\"> <div class=\"slide-content-visible\"> <div class=\"title\"> <span class=\"title-h5 \">La gesti\u00f3n QM en Chiemgau Rad &amp; MTB est\u00e1 en marcha<\/span> <\/div> <\/div> <div class=\"slide-content-hidden\"> <div class=\"description\"> <div class=\"subtitle\"> <span class=\"text-body\"><p>Gesti\u00f3n QM bicicleta y BTT en Chiemgau por green-solutions<\/p>\n<\/span> <\/div> <\/div> <\/div> <\/div> <\/div> <\/div> <\/div> <\/div> <\/div> <\/div> <\/div> <div class=\"portfolio-item archivo-de-noticias pagina-de-inicio referencias-es col-xs-12 col-sm-6 columns-desktop-5 item-animations-not-inited post-hide-date appearance-type- post-101932 post type-post status-publish format-standard has-post-thumbnail category-archivo-de-noticias category-pagina-de-inicio category-referencias-es\" data-default-sort=\"242\" data-sort-date=\"1747173587\"> <div class=\"wrap clearfix\"> <div class=\"image post-101932 post type-post status-publish format-standard has-post-thumbnail category-archivo-de-noticias category-pagina-de-inicio category-referencias-es\"> <div class=\"image-inner \"> <picture> <img src=\"https:\/\/www.green-solutions.info\/wp-content\/uploads\/2026\/04\/transparent-thegem-product-justified-square-m.png\" width=\"400\" height=\"400\" class=\"attachment-thegem-product-justified-square-m\" alt=\"El Parque Natural de Altm\u00fchltal se centra cada vez m\u00e1s en la turinfra\" \/> <\/picture> <div class=\"post-featured-content\"><a href=\"https:\/\/www.green-solutions.info\/es\/el-parque-natural-de-altmuehltal-se-centra-cada-vez-mas-en-la-turinfra\/\"> <picture> <source srcset=\"https:\/\/www.green-solutions.info\/wp-content\/uploads\/2025\/05\/altmuelttal_beitrag-thegem-product-justified-square-m.jpg 1x\" sizes=\"100vw\"> <img src=\"https:\/\/www.green-solutions.info\/wp-content\/uploads\/2025\/05\/altmuelttal_beitrag-thegem-product-justified-square-m.jpg\" width=\"400\" height=\"400\" class=\"img-responsive\" alt=\"altmuelttal_beitrag\" \/> <\/picture> <\/a><\/div> <\/div> <div class=\"overlay\"> <div class=\"overlay-circle\"><\/div> <div class=\"links-wrapper\"> <div class=\"links\"> <div class=\"caption\"> <a href=\"https:\/\/www.green-solutions.info\/es\/el-parque-natural-de-altmuehltal-se-centra-cada-vez-mas-en-la-turinfra\/\" class=\"portfolio-item-link\"> <span class=\"screen-reader-text\">El Parque Natural de Altm\u00fchltal se centra cada vez m\u00e1s en la turinfra<\/span> <\/a> <div class=\"slide-content\"> <div class=\"slide-content-visible\"> <div class=\"title\"> <span class=\"title-h5 \">El Parque Natural de Altm\u00fchltal se centra cada vez m\u00e1s en la turinfra<\/span> <\/div> <\/div> <div class=\"slide-content-hidden\"> <div class=\"description\"> <div class=\"subtitle\"> <span class=\"text-body\"><p>Naturpark Altn\u00fchltal conf\u00eda en tourinfra para gestionar su infraestructura de senderismo.<\/p>\n<\/span> <\/div> <\/div> <\/div> <\/div> <\/div> <\/div> <\/div> <\/div> <\/div> <\/div> <\/div> <div class=\"portfolio-item archivo-de-noticias pagina-de-inicio referencias-es col-xs-12 col-sm-6 columns-desktop-5 item-animations-not-inited post-hide-date appearance-type- post-101887 post type-post status-publish format-standard has-post-thumbnail category-archivo-de-noticias category-pagina-de-inicio category-referencias-es\" data-default-sort=\"211\" data-sort-date=\"1747002438\"> <div class=\"wrap clearfix\"> <div class=\"image post-101887 post type-post status-publish format-standard has-post-thumbnail category-archivo-de-noticias category-pagina-de-inicio category-referencias-es\"> <div class=\"image-inner \"> <picture> <img src=\"https:\/\/www.green-solutions.info\/wp-content\/uploads\/2026\/04\/transparent-thegem-product-justified-square-m.png\" width=\"400\" height=\"400\" class=\"attachment-thegem-product-justified-square-m\" alt=\"Conclusi\u00f3n del proyecto de ocio Ile Frankenpfalz\" \/> <\/picture> <div class=\"post-featured-content\"><a href=\"https:\/\/www.green-solutions.info\/es\/conclusion-del-proyecto-de-ocio-ile-frankenpfalz\/\"> <picture> <source srcset=\"https:\/\/www.green-solutions.info\/wp-content\/uploads\/2025\/05\/ile_wandern_beitrag-1-thegem-product-justified-square-m.jpg 1x\" sizes=\"100vw\"> <img src=\"https:\/\/www.green-solutions.info\/wp-content\/uploads\/2025\/05\/ile_wandern_beitrag-1-thegem-product-justified-square-m.jpg\" width=\"400\" height=\"400\" class=\"img-responsive\" alt=\"ile_wandern_beitrag\" \/> <\/picture> <\/a><\/div> <\/div> <div class=\"overlay\"> <div class=\"overlay-circle\"><\/div> <div class=\"links-wrapper\"> <div class=\"links\"> <div class=\"caption\"> <a href=\"https:\/\/www.green-solutions.info\/es\/conclusion-del-proyecto-de-ocio-ile-frankenpfalz\/\" class=\"portfolio-item-link\"> <span class=\"screen-reader-text\">Conclusi\u00f3n del proyecto de ocio Ile Frankenpfalz<\/span> <\/a> <div class=\"slide-content\"> <div class=\"slide-content-visible\"> <div class=\"title\"> <span class=\"title-h5 \">Conclusi\u00f3n del proyecto de ocio Ile Frankenpfalz<\/span> <\/div> <\/div> <div class=\"slide-content-hidden\"> <div class=\"description\"> <div class=\"subtitle\"> <span class=\"text-body\"><p>Finaliza con \u00e9xito un proyecto de senderismo y ciclismo en la regi\u00f3n ILE Frankenpfalz<\/p>\n<\/span> <\/div> <\/div> <\/div> <\/div> <\/div> <\/div> <\/div> <\/div> <\/div> <\/div> <\/div> <div class=\"portfolio-item archivo-de-noticias pagina-de-inicio referencias-es col-xs-12 col-sm-6 columns-desktop-5 item-animations-not-inited post-hide-date appearance-type- post-101561 post type-post status-publish format-standard has-post-thumbnail category-archivo-de-noticias category-pagina-de-inicio category-referencias-es\" data-default-sort=\"181\" data-sort-date=\"1741565628\"> <div class=\"wrap clearfix\"> <div class=\"image post-101561 post type-post status-publish format-standard has-post-thumbnail category-archivo-de-noticias category-pagina-de-inicio category-referencias-es\"> <div class=\"image-inner \"> <picture> <img src=\"https:\/\/www.green-solutions.info\/wp-content\/uploads\/2026\/04\/transparent-thegem-product-justified-square-m.png\" width=\"400\" height=\"400\" class=\"attachment-thegem-product-justified-square-m\" alt=\"El director de invierno en acci\u00f3n en el Marat\u00f3n de Esqu\u00ed de Engadina\" \/> <\/picture> <div class=\"post-featured-content\"><a href=\"https:\/\/www.green-solutions.info\/es\/el-director-de-invierno-en-accion-en-el-maraton-de-esqui-de-engadina\/\"> <picture> <source srcset=\"https:\/\/www.green-solutions.info\/wp-content\/uploads\/2025\/03\/engadin-skimarathon_beitrag-thegem-product-justified-square-m.jpg 1x\" sizes=\"100vw\"> <img src=\"https:\/\/www.green-solutions.info\/wp-content\/uploads\/2025\/03\/engadin-skimarathon_beitrag-thegem-product-justified-square-m.jpg\" width=\"400\" height=\"400\" class=\"img-responsive\" alt=\"engadin-skimarathon_beitrag\" \/> <\/picture> <\/a><\/div> <\/div> <div class=\"overlay\"> <div class=\"overlay-circle\"><\/div> <div class=\"links-wrapper\"> <div class=\"links\"> <div class=\"caption\"> <a href=\"https:\/\/www.green-solutions.info\/es\/el-director-de-invierno-en-accion-en-el-maraton-de-esqui-de-engadina\/\" class=\"portfolio-item-link\"> <span class=\"screen-reader-text\">El director de invierno en acci\u00f3n en el Marat\u00f3n de Esqu\u00ed de Engadina<\/span> <\/a> <div class=\"slide-content\"> <div class=\"slide-content-visible\"> <div class=\"title\"> <span class=\"title-h5 \">El director de invierno en acci\u00f3n en el Marat\u00f3n de Esqu\u00ed de Engadina<\/span> <\/div> <\/div> <div class=\"slide-content-hidden\"> <div class=\"description\"> <div class=\"subtitle\"> <span class=\"text-body\"><p>\u00a1Condiciones de pista perfectas en el Marat\u00f3n de Esqu\u00ed de Engadina!<\/p>\n<\/span> <\/div> <\/div> <\/div> <\/div> <\/div> <\/div> <\/div> <\/div> <\/div> <\/div> <\/div> <div class=\"portfolio-item archivo-de-noticias pagina-de-inicio referencias-es col-xs-12 col-sm-6 columns-desktop-5 item-animations-not-inited post-hide-date appearance-type- post-101556 post type-post status-publish format-standard has-post-thumbnail category-archivo-de-noticias category-pagina-de-inicio category-referencias-es\" data-default-sort=\"179\" data-sort-date=\"1740235799\"> <div class=\"wrap clearfix\"> <div class=\"image post-101556 post type-post status-publish format-standard has-post-thumbnail category-archivo-de-noticias category-pagina-de-inicio category-referencias-es\"> <div class=\"image-inner \"> <picture> <img src=\"https:\/\/www.green-solutions.info\/wp-content\/uploads\/2026\/04\/transparent-thegem-product-justified-square-m.png\" width=\"400\" height=\"400\" class=\"attachment-thegem-product-justified-square-m\" alt=\"Digitalizar el planeta &amp; tourinfra Valor a\u00f1adido para nuestros clientes y la naturaleza\" \/> <\/picture> <div class=\"post-featured-content\"><a href=\"https:\/\/www.green-solutions.info\/es\/digitalizar-el-planeta-tourinfra-valor-anadido-para-nuestros-clientes-y-la-naturaleza\/\"> <picture> <source srcset=\"https:\/\/www.green-solutions.info\/wp-content\/uploads\/2025\/02\/beitrag_digitize_the_planet-thegem-product-justified-square-m.jpg 1x\" sizes=\"100vw\"> <img src=\"https:\/\/www.green-solutions.info\/wp-content\/uploads\/2025\/02\/beitrag_digitize_the_planet-thegem-product-justified-square-m.jpg\" width=\"400\" height=\"400\" class=\"img-responsive\" alt=\"beitrag_digitize_the_planet\" \/> <\/picture> <\/a><\/div> <\/div> <div class=\"overlay\"> <div class=\"overlay-circle\"><\/div> <div class=\"links-wrapper\"> <div class=\"links\"> <div class=\"caption\"> <a href=\"https:\/\/www.green-solutions.info\/es\/digitalizar-el-planeta-tourinfra-valor-anadido-para-nuestros-clientes-y-la-naturaleza\/\" class=\"portfolio-item-link\"> <span class=\"screen-reader-text\">Digitalizar el planeta &amp; tourinfra Valor a\u00f1adido para nuestros clientes y la naturaleza<\/span> <\/a> <div class=\"slide-content\"> <div class=\"slide-content-visible\"> <div class=\"title\"> <span class=\"title-h5 \">Digitalizar el planeta &amp; tourinfra Valor a\u00f1adido para nuestros clientes y la naturaleza<\/span> <\/div> <\/div> <div class=\"slide-content-hidden\"> <div class=\"description\"> <div class=\"subtitle\"> <span class=\"text-body\"><p>Planificaci\u00f3n prospectiva &#8211; interfaz entre tourinfra y digitaliza el planeta<\/p>\n<\/span> <\/div> <\/div> <\/div> <\/div> <\/div> <\/div> <\/div> <\/div> <\/div> <\/div> <\/div> <div class=\"portfolio-item archivo-de-noticias pagina-de-inicio col-xs-12 col-sm-6 columns-desktop-5 item-animations-not-inited post-hide-date appearance-type- post-100787 post type-post status-publish format-standard has-post-thumbnail category-archivo-de-noticias category-pagina-de-inicio\" data-default-sort=\"178\" data-sort-date=\"1740008880\"> <div class=\"wrap clearfix\"> <div class=\"image post-100787 post type-post status-publish format-standard has-post-thumbnail category-archivo-de-noticias category-pagina-de-inicio\"> <div class=\"image-inner \"> <picture> <img src=\"https:\/\/www.green-solutions.info\/wp-content\/uploads\/2026\/04\/transparent-thegem-product-justified-square-m.png\" width=\"400\" height=\"400\" class=\"attachment-thegem-product-justified-square-m\" alt=\"Nuevo mapa de senderismo de Arberland\" \/> <\/picture> <div class=\"post-featured-content\"><a href=\"https:\/\/www.green-solutions.info\/es\/nuevo-mapa-de-senderismo-de-arberland\/\"> <picture> <source srcset=\"https:\/\/www.green-solutions.info\/wp-content\/uploads\/2025\/02\/wander_karte_regen-thegem-product-justified-square-m.jpg 1x\" sizes=\"100vw\"> <img src=\"https:\/\/www.green-solutions.info\/wp-content\/uploads\/2025\/02\/wander_karte_regen-thegem-product-justified-square-m.jpg\" width=\"400\" height=\"400\" class=\"img-responsive\" alt=\"wander_karte_regen\" \/> <\/picture> <\/a><\/div> <\/div> <div class=\"overlay\"> <div class=\"overlay-circle\"><\/div> <div class=\"links-wrapper\"> <div class=\"links\"> <div class=\"caption\"> <a href=\"https:\/\/www.green-solutions.info\/es\/nuevo-mapa-de-senderismo-de-arberland\/\" class=\"portfolio-item-link\"> <span class=\"screen-reader-text\">Nuevo mapa de senderismo de Arberland<\/span> <\/a> <div class=\"slide-content\"> <div class=\"slide-content-visible\"> <div class=\"title\"> <span class=\"title-h5 \">Nuevo mapa de senderismo de Arberland<\/span> <\/div> <\/div> <div class=\"slide-content-hidden\"> <div class=\"description\"> <div class=\"subtitle\"> <span class=\"text-body\"><p>Lo m\u00e1s destacado de las diversas opciones de senderismo en Arberland<\/p>\n<\/span> <\/div> <\/div> <\/div> <\/div> <\/div> <\/div> <\/div> <\/div> <\/div> <\/div> <\/div> <div class=\"portfolio-item archivo-de-noticias pagina-de-inicio referencias-es col-xs-12 col-sm-6 columns-desktop-5 item-animations-not-inited post-hide-date appearance-type- post-95971 post type-post status-publish format-standard has-post-thumbnail category-archivo-de-noticias category-pagina-de-inicio category-referencias-es\" data-default-sort=\"176\" data-sort-date=\"1739233219\"> <div class=\"wrap clearfix\"> <div class=\"image post-95971 post type-post status-publish format-standard has-post-thumbnail category-archivo-de-noticias category-pagina-de-inicio category-referencias-es\"> <div class=\"image-inner \"> <picture> <img src=\"https:\/\/www.green-solutions.info\/wp-content\/uploads\/2026\/04\/transparent-thegem-product-justified-square-m.png\" width=\"400\" height=\"400\" class=\"attachment-thegem-product-justified-square-m\" alt=\"Sistema de gu\u00eda de senderos Bodenmais \/ Bretterschachten\" \/> <\/picture> <div class=\"post-featured-content\"><a href=\"https:\/\/www.green-solutions.info\/es\/sistema-de-guia-de-senderos-bodenmais-bretterschachten\/\"> <picture> <source srcset=\"https:\/\/www.green-solutions.info\/wp-content\/uploads\/2025\/02\/beitrag_loipenleitsystem_500-thegem-product-justified-square-m.png 1x\" sizes=\"100vw\"> <img src=\"https:\/\/www.green-solutions.info\/wp-content\/uploads\/2025\/02\/beitrag_loipenleitsystem_500-thegem-product-justified-square-m.png\" width=\"400\" height=\"400\" class=\"img-responsive\" alt=\"beitrag_loipenleitsystem_500\" \/> <\/picture> <\/a><\/div> <\/div> <div class=\"overlay\"> <div class=\"overlay-circle\"><\/div> <div class=\"links-wrapper\"> <div class=\"links\"> <div class=\"caption\"> <a href=\"https:\/\/www.green-solutions.info\/es\/sistema-de-guia-de-senderos-bodenmais-bretterschachten\/\" class=\"portfolio-item-link\"> <span class=\"screen-reader-text\">Sistema de gu\u00eda de senderos Bodenmais \/ Bretterschachten<\/span> <\/a> <div class=\"slide-content\"> <div class=\"slide-content-visible\"> <div class=\"title\"> <span class=\"title-h5 \">Sistema de gu\u00eda de senderos Bodenmais \/ Bretterschachten<\/span> <\/div> <\/div> <div class=\"slide-content-hidden\"> <div class=\"description\"> <div class=\"subtitle\"> <span class=\"text-body\"><p>Se ha optimizado una red de pistas de 45 km y el n\u00famero total de pistas abarca ahora la impresionante cifra de 110 kil\u00f3metros para los esquiadores de fondo.<\/p>\n<\/span> <\/div> <\/div> <\/div> <\/div> <\/div> <\/div> <\/div> <\/div> <\/div> <\/div> <\/div> <div class=\"portfolio-item archivo-de-noticias pagina-de-inicio col-xs-12 col-sm-6 columns-desktop-5 item-animations-not-inited post-hide-date appearance-type- post-96094 post type-post status-publish format-standard has-post-thumbnail category-archivo-de-noticias category-pagina-de-inicio\" data-default-sort=\"211\" data-sort-date=\"1738188447\"> <div class=\"wrap clearfix\"> <div class=\"image post-96094 post type-post status-publish format-standard has-post-thumbnail category-archivo-de-noticias category-pagina-de-inicio\"> <div class=\"image-inner \"> <picture> <img src=\"https:\/\/www.green-solutions.info\/wp-content\/uploads\/2026\/04\/transparent-thegem-product-justified-square-m.png\" width=\"400\" height=\"400\" class=\"attachment-thegem-product-justified-square-m\" alt=\"Finalizaci\u00f3n del proyecto de senderismo en los distritos de Traunstein y Berchtesgadener Land\" \/> <\/picture> <div class=\"post-featured-content\"><a href=\"https:\/\/www.green-solutions.info\/es\/finalizacion-del-proyecto-de-senderismo-en-los-distritos-de-traunstein-y-berchtesgadener-land\/\"> <picture> <source srcset=\"https:\/\/www.green-solutions.info\/wp-content\/uploads\/2025\/01\/beitrag_chiemgau-thegem-product-justified-square-m.jpg 1x\" sizes=\"100vw\"> <img src=\"https:\/\/www.green-solutions.info\/wp-content\/uploads\/2025\/01\/beitrag_chiemgau-thegem-product-justified-square-m.jpg\" width=\"400\" height=\"400\" class=\"img-responsive\" alt=\"beitrag_chiemgau\" \/> <\/picture> <\/a><\/div> <\/div> <div class=\"overlay\"> <div class=\"overlay-circle\"><\/div> <div class=\"links-wrapper\"> <div class=\"links\"> <div class=\"caption\"> <a href=\"https:\/\/www.green-solutions.info\/es\/finalizacion-del-proyecto-de-senderismo-en-los-distritos-de-traunstein-y-berchtesgadener-land\/\" class=\"portfolio-item-link\"> <span class=\"screen-reader-text\">Finalizaci\u00f3n del proyecto de senderismo en los distritos de Traunstein y Berchtesgadener Land<\/span> <\/a> <div class=\"slide-content\"> <div class=\"slide-content-visible\"> <div class=\"title\"> <span class=\"title-h5 \">Finalizaci\u00f3n del proyecto de senderismo en los distritos de Traunstein y Berchtesgadener Land<\/span> <\/div> <\/div> <div class=\"slide-content-hidden\"> <div class=\"description\"> <div class=\"subtitle\"> <span class=\"text-body\"><p>Finalizaci\u00f3n con \u00e9xito de un proyecto de senderismo por parte de green-solutions: se\u00f1alizaci\u00f3n normalizada seg\u00fan las especificaciones del DAV en un tiempo r\u00e9cord.<\/p>\n<\/span> <\/div> <\/div> <\/div> <\/div> <\/div> <\/div> <\/div> <\/div> <\/div> <\/div> <\/div> <div class=\"portfolio-item archivo-de-noticias pagina-de-inicio referencias-es col-xs-12 col-sm-6 columns-desktop-5 item-animations-not-inited post-hide-date appearance-type- post-96186 post type-post status-publish format-standard has-post-thumbnail category-archivo-de-noticias category-pagina-de-inicio category-referencias-es\" data-default-sort=\"261\" data-sort-date=\"1731370048\"> <div class=\"wrap clearfix\"> <div class=\"image post-96186 post type-post status-publish format-standard has-post-thumbnail category-archivo-de-noticias category-pagina-de-inicio category-referencias-es\"> <div class=\"image-inner \"> <picture> <img src=\"https:\/\/www.green-solutions.info\/wp-content\/uploads\/2026\/04\/transparent-thegem-product-justified-square-m.png\" width=\"400\" height=\"400\" class=\"attachment-thegem-product-justified-square-m\" alt=\"Finalizaci\u00f3n del proyecto de senderismo en el distrito sur de Bad T\u00f6lz Wolfratshausen\" \/> <\/picture> <div class=\"post-featured-content\"><a href=\"https:\/\/www.green-solutions.info\/es\/finalizacion-del-proyecto-de-senderismo-en-el-distrito-sur-de-bad-toelz-wolfratshausen\/\"> <picture> <source srcset=\"https:\/\/www.green-solutions.info\/wp-content\/uploads\/2025\/01\/wandern_toelzer_land-thegem-product-justified-square-m.jpg 1x\" sizes=\"100vw\"> <img src=\"https:\/\/www.green-solutions.info\/wp-content\/uploads\/2025\/01\/wandern_toelzer_land-thegem-product-justified-square-m.jpg\" width=\"400\" height=\"400\" class=\"img-responsive\" alt=\"wandern_toelzer_land\" \/> <\/picture> <\/a><\/div> <\/div> <div class=\"overlay\"> <div class=\"overlay-circle\"><\/div> <div class=\"links-wrapper\"> <div class=\"links\"> <div class=\"caption\"> <a href=\"https:\/\/www.green-solutions.info\/es\/finalizacion-del-proyecto-de-senderismo-en-el-distrito-sur-de-bad-toelz-wolfratshausen\/\" class=\"portfolio-item-link\"> <span class=\"screen-reader-text\">Finalizaci\u00f3n del proyecto de senderismo en el distrito sur de Bad T\u00f6lz Wolfratshausen<\/span> <\/a> <div class=\"slide-content\"> <div class=\"slide-content-visible\"> <div class=\"title\"> <span class=\"title-h5 \">Finalizaci\u00f3n del proyecto de senderismo en el distrito sur de Bad T\u00f6lz Wolfratshausen<\/span> <\/div> <\/div> <div class=\"slide-content-hidden\"> <div class=\"description\"> <div class=\"subtitle\"> <span class=\"text-body\"><p>En el distrito meridional de Bad T\u00f6lz-Wolfratshausen, un concepto de ruta de senderismo intermunicipal proporciona una mejor orientaci\u00f3n.<\/p>\n<\/span> <\/div> <\/div> <\/div> <\/div> <\/div> <\/div> <\/div> <\/div> <\/div> <\/div> <\/div> <div class=\"portfolio-item archivo-de-noticias pagina-de-inicio referencias-es col-xs-12 col-sm-6 columns-desktop-5 item-animations-not-inited post-hide-date appearance-type- post-96005 post type-post status-publish format-standard has-post-thumbnail category-archivo-de-noticias category-pagina-de-inicio category-referencias-es\" data-default-sort=\"176\" data-sort-date=\"1728066290\"> <div class=\"wrap clearfix\"> <div class=\"image post-96005 post type-post status-publish format-standard has-post-thumbnail category-archivo-de-noticias category-pagina-de-inicio category-referencias-es\"> <div class=\"image-inner \"> <picture> <img src=\"https:\/\/www.green-solutions.info\/wp-content\/uploads\/2026\/04\/transparent-thegem-product-justified-square-m.png\" width=\"400\" height=\"400\" class=\"attachment-thegem-product-justified-square-m\" alt=\"Conclusi\u00f3n del proyecto de senderismo de la regi\u00f3n de Zugspitz\" \/> <\/picture> <div class=\"post-featured-content\"><a href=\"https:\/\/www.green-solutions.info\/es\/conclusion-del-proyecto-de-senderismo-de-la-region-de-zugspitz\/\"> <picture> <source srcset=\"https:\/\/www.green-solutions.info\/wp-content\/uploads\/2025\/01\/beitrag_zugspitz-region-thegem-product-justified-square-m.jpg 1x\" sizes=\"100vw\"> <img src=\"https:\/\/www.green-solutions.info\/wp-content\/uploads\/2025\/01\/beitrag_zugspitz-region-thegem-product-justified-square-m.jpg\" width=\"400\" height=\"400\" class=\"img-responsive\" alt=\"beitrag_zugspitz-region\" \/> <\/picture> <\/a><\/div> <\/div> <div class=\"overlay\"> <div class=\"overlay-circle\"><\/div> <div class=\"links-wrapper\"> <div class=\"links\"> <div class=\"caption\"> <a href=\"https:\/\/www.green-solutions.info\/es\/conclusion-del-proyecto-de-senderismo-de-la-region-de-zugspitz\/\" class=\"portfolio-item-link\"> <span class=\"screen-reader-text\">Conclusi\u00f3n del proyecto de senderismo de la regi\u00f3n de Zugspitz<\/span> <\/a> <div class=\"slide-content\"> <div class=\"slide-content-visible\"> <div class=\"title\"> <span class=\"title-h5 \">Conclusi\u00f3n del proyecto de senderismo de la regi\u00f3n de Zugspitz<\/span> <\/div> <\/div> <div class=\"slide-content-hidden\"> <div class=\"description\"> <div class=\"subtitle\"> <span class=\"text-body\"><p>Finalizaci\u00f3n de un proyecto de senderismo en la regi\u00f3n de Zugspitz con soluciones ecol\u00f3gicas.<\/p>\n<\/span> <\/div> <\/div> <\/div> <\/div> <\/div> <\/div> <\/div> <\/div> <\/div> <\/div> <\/div> <div class=\"portfolio-item archivo-de-noticias pagina-de-inicio referencias-es col-xs-12 col-sm-6 columns-desktop-5 item-animations-not-inited post-hide-date appearance-type- post-97230 post type-post status-publish format-standard has-post-thumbnail category-archivo-de-noticias category-pagina-de-inicio category-referencias-es\" data-default-sort=\"260\" data-sort-date=\"1695727996\"> <div class=\"wrap clearfix\"> <div class=\"image post-97230 post type-post status-publish format-standard has-post-thumbnail category-archivo-de-noticias category-pagina-de-inicio category-referencias-es\"> <div class=\"image-inner \"> <picture> <img src=\"https:\/\/www.green-solutions.info\/wp-content\/uploads\/2026\/04\/transparent-thegem-product-justified-square-m.png\" width=\"400\" height=\"400\" class=\"attachment-thegem-product-justified-square-m\" alt=\"Rutas de ciclismo y senderismo alrededor del Refugio de Monta\u00f1a HUBERTUS Allg\u00e4u\" \/> <\/picture> <div class=\"post-featured-content\"><a href=\"https:\/\/www.green-solutions.info\/es\/rutas-de-ciclismo-y-senderismo-alrededor-del-refugio-de-montana-hubertus-allgaeu\/\"> <picture> <source srcset=\"https:\/\/www.green-solutions.info\/wp-content\/uploads\/2023\/09\/rw_ww_HUBERTUS_Mountain_Refugio_Allgaeu_ents-thegem-product-justified-square-m.jpg 1x\" sizes=\"100vw\"> <img src=\"https:\/\/www.green-solutions.info\/wp-content\/uploads\/2023\/09\/rw_ww_HUBERTUS_Mountain_Refugio_Allgaeu_ents-thegem-product-justified-square-m.jpg\" width=\"400\" height=\"400\" class=\"img-responsive\" alt=\"rw_ww_HUBERTUS_Mountain_Refugio_Allgaeu_ents\" \/> <\/picture> <\/a><\/div> <\/div> <div class=\"overlay\"> <div class=\"overlay-circle\"><\/div> <div class=\"links-wrapper\"> <div class=\"links\"> <div class=\"caption\"> <a href=\"https:\/\/www.green-solutions.info\/es\/rutas-de-ciclismo-y-senderismo-alrededor-del-refugio-de-montana-hubertus-allgaeu\/\" class=\"portfolio-item-link\"> <span class=\"screen-reader-text\">Rutas de ciclismo y senderismo alrededor del Refugio de Monta\u00f1a HUBERTUS Allg\u00e4u<\/span> <\/a> <div class=\"slide-content\"> <div class=\"slide-content-visible\"> <div class=\"title\"> <span class=\"title-h5 \">Rutas de ciclismo y senderismo alrededor del Refugio de Monta\u00f1a HUBERTUS Allg\u00e4u<\/span> <\/div> <\/div> <div class=\"slide-content-hidden\"> <div class=\"description\"> <div class=\"subtitle\"> <span class=\"text-body\"><p>Maquetaci\u00f3n y cartograf\u00eda por green-solutions de un mapa de ciclismo y senderismo para el Refugio de Monta\u00f1a Allg\u00e4u &#8211; Hubertus<\/p>\n<\/span> <\/div> <\/div> <\/div> <\/div> <\/div> <\/div> <\/div> <\/div> <\/div> <\/div> <\/div> <div class=\"portfolio-item archivo-de-noticias pagina-de-inicio referencias-es col-xs-12 col-sm-6 columns-desktop-5 item-animations-not-inited post-hide-date appearance-type- post-97214 post type-post status-publish format-standard has-post-thumbnail category-archivo-de-noticias category-pagina-de-inicio category-referencias-es\" data-default-sort=\"240\" data-sort-date=\"1689075227\"> <div class=\"wrap clearfix\"> <div class=\"image post-97214 post type-post status-publish format-standard has-post-thumbnail category-archivo-de-noticias category-pagina-de-inicio category-referencias-es\"> <div class=\"image-inner \"> <picture> <img src=\"https:\/\/www.green-solutions.info\/wp-content\/uploads\/2026\/04\/transparent-thegem-product-justified-square-m.png\" width=\"400\" height=\"400\" class=\"attachment-thegem-product-justified-square-m\" alt=\"Acto informativo sobre el estado del concepto de tr\u00e1fico ciclista en Altm\u00fchlfranken\" \/> <\/picture> <div class=\"post-featured-content\"><a href=\"https:\/\/www.green-solutions.info\/es\/acto-informativo-sobre-el-estado-del-concepto-de-trafico-ciclista-en-altmuehlfranken\/\"> <picture> <source srcset=\"https:\/\/www.green-solutions.info\/wp-content\/uploads\/2023\/07\/infoveranstaltung-radvrkehrskonzept_ents-thegem-product-justified-square-m.jpg 1x\" sizes=\"100vw\"> <img src=\"https:\/\/www.green-solutions.info\/wp-content\/uploads\/2023\/07\/infoveranstaltung-radvrkehrskonzept_ents-thegem-product-justified-square-m.jpg\" width=\"400\" height=\"400\" class=\"img-responsive\" alt=\"infoveranstaltung-radvrkehrskonzept_ents\" \/> <\/picture> <\/a><\/div> <\/div> <div class=\"overlay\"> <div class=\"overlay-circle\"><\/div> <div class=\"links-wrapper\"> <div class=\"links\"> <div class=\"caption\"> <a href=\"https:\/\/www.green-solutions.info\/es\/acto-informativo-sobre-el-estado-del-concepto-de-trafico-ciclista-en-altmuehlfranken\/\" class=\"portfolio-item-link\"> <span class=\"screen-reader-text\">Acto informativo sobre el estado del concepto de tr\u00e1fico ciclista en Altm\u00fchlfranken<\/span> <\/a> <div class=\"slide-content\"> <div class=\"slide-content-visible\"> <div class=\"title\"> <span class=\"title-h5 \">Acto informativo sobre el estado del concepto de tr\u00e1fico ciclista en Altm\u00fchlfranken<\/span> <\/div> <\/div> <div class=\"slide-content-hidden\"> <div class=\"description\"> <div class=\"subtitle\"> <span class=\"text-body\"><p>Acto informativo para todos los ciudadanos sobre la situaci\u00f3n actual del concepto ciclista.<\/p>\n<\/span> <\/div> <\/div> <\/div> <\/div> <\/div> <\/div> <\/div> <\/div> <\/div> <\/div> <\/div> <div class=\"portfolio-item archivo-de-noticias pagina-de-inicio col-xs-12 col-sm-6 columns-desktop-5 item-animations-not-inited post-hide-date appearance-type- post-97020 post type-post status-publish format-standard has-post-thumbnail category-archivo-de-noticias category-pagina-de-inicio\" data-default-sort=\"244\" data-sort-date=\"1687952748\"> <div class=\"wrap clearfix\"> <div class=\"image post-97020 post type-post status-publish format-standard has-post-thumbnail category-archivo-de-noticias category-pagina-de-inicio\"> <div class=\"image-inner \"> <picture> <img src=\"https:\/\/www.green-solutions.info\/wp-content\/uploads\/2026\/04\/transparent-thegem-product-justified-square-m.png\" width=\"400\" height=\"400\" class=\"attachment-thegem-product-justified-square-m\" alt=\"Conferencia mundial \u00abDestinos Verdes Am\u00e9rica Latina 2023\u00bb\" \/> <\/picture> <div class=\"post-featured-content\"><a href=\"https:\/\/www.green-solutions.info\/es\/conferencia-mundial-destinos-verdes-america-latina-2023\/\"> <picture> <source srcset=\"https:\/\/www.green-solutions.info\/wp-content\/uploads\/2025\/01\/brasilien-thegem-product-justified-square-m.jpg 1x\" sizes=\"100vw\"> <img src=\"https:\/\/www.green-solutions.info\/wp-content\/uploads\/2025\/01\/brasilien-thegem-product-justified-square-m.jpg\" width=\"400\" height=\"400\" class=\"img-responsive\" alt=\"brasilien\" \/> <\/picture> <\/a><\/div> <\/div> <div class=\"overlay\"> <div class=\"overlay-circle\"><\/div> <div class=\"links-wrapper\"> <div class=\"links\"> <div class=\"caption\"> <a href=\"https:\/\/www.green-solutions.info\/es\/conferencia-mundial-destinos-verdes-america-latina-2023\/\" class=\"portfolio-item-link\"> <span class=\"screen-reader-text\">Conferencia mundial \u00abDestinos Verdes Am\u00e9rica Latina 2023\u00bb<\/span> <\/a> <div class=\"slide-content\"> <div class=\"slide-content-visible\"> <div class=\"title\"> <span class=\"title-h5 \">Conferencia mundial \u00abDestinos Verdes Am\u00e9rica Latina 2023\u00bb<\/span> <\/div> <\/div> <div class=\"slide-content-hidden\"> <div class=\"description\"> <div class=\"subtitle\"> <span class=\"text-body\"><p>Lo hemos planificado para 2024.<\/p>\n<\/span> <\/div> <\/div> <\/div> <\/div> <\/div> <\/div> <\/div> <\/div> <\/div> <\/div> <\/div> <div class=\"portfolio-item archivo-de-noticias pagina-de-inicio referencias-es col-xs-12 col-sm-6 columns-desktop-5 item-animations-not-inited post-hide-date appearance-type- post-97127 post type-post status-publish format-standard has-post-thumbnail category-archivo-de-noticias category-pagina-de-inicio category-referencias-es\" data-default-sort=\"243\" data-sort-date=\"1687261389\"> <div class=\"wrap clearfix\"> <div class=\"image post-97127 post type-post status-publish format-standard has-post-thumbnail category-archivo-de-noticias category-pagina-de-inicio category-referencias-es\"> <div class=\"image-inner \"> <picture> <img src=\"https:\/\/www.green-solutions.info\/wp-content\/uploads\/2026\/04\/transparent-thegem-product-justified-square-m.png\" width=\"400\" height=\"400\" class=\"attachment-thegem-product-justified-square-m\" alt=\"Mapa ciclista &#8211; BIKE &amp; WORK\" \/> <\/picture> <div class=\"post-featured-content\"><a href=\"https:\/\/www.green-solutions.info\/es\/mapa-ciclista-bike-work\/\"> <picture> <source srcset=\"https:\/\/www.green-solutions.info\/wp-content\/uploads\/2023\/06\/fahrradkarte_bike_n_work_ents-thegem-product-justified-square-m.jpg 1x\" sizes=\"100vw\"> <img src=\"https:\/\/www.green-solutions.info\/wp-content\/uploads\/2023\/06\/fahrradkarte_bike_n_work_ents-thegem-product-justified-square-m.jpg\" width=\"400\" height=\"400\" class=\"img-responsive\" alt=\"fahrradkarte_bike_n_work_ents\" \/> <\/picture> <\/a><\/div> <\/div> <div class=\"overlay\"> <div class=\"overlay-circle\"><\/div> <div class=\"links-wrapper\"> <div class=\"links\"> <div class=\"caption\"> <a href=\"https:\/\/www.green-solutions.info\/es\/mapa-ciclista-bike-work\/\" class=\"portfolio-item-link\"> <span class=\"screen-reader-text\">Mapa ciclista &#8211; BIKE &amp; WORK<\/span> <\/a> <div class=\"slide-content\"> <div class=\"slide-content-visible\"> <div class=\"title\"> <span class=\"title-h5 \">Mapa ciclista &#8211; BIKE &amp; WORK<\/span> <\/div> <\/div> <div class=\"slide-content-hidden\"> <div class=\"description\"> <div class=\"subtitle\"> <span class=\"text-body\"><p>BIKE &amp; WORK Maquetaci\u00f3n, logotipo y cartograf\u00eda por green-solutions.<\/p>\n<\/span> <\/div> <\/div> <\/div> <\/div> <\/div> <\/div> <\/div> <\/div> <\/div> <\/div> <\/div> <div class=\"portfolio-item archivo-de-noticias pagina-de-inicio referencias-es col-xs-12 col-sm-6 columns-desktop-5 item-animations-not-inited post-hide-date appearance-type- post-97118 post type-post status-publish format-standard has-post-thumbnail category-archivo-de-noticias category-pagina-de-inicio category-referencias-es\" data-default-sort=\"241\" data-sort-date=\"1685447077\"> <div class=\"wrap clearfix\"> <div class=\"image post-97118 post type-post status-publish format-standard has-post-thumbnail category-archivo-de-noticias category-pagina-de-inicio category-referencias-es\"> <div class=\"image-inner \"> <picture> <img src=\"https:\/\/www.green-solutions.info\/wp-content\/uploads\/2026\/04\/transparent-thegem-product-justified-square-m.png\" width=\"400\" height=\"400\" class=\"attachment-thegem-product-justified-square-m\" alt=\"\u00a1Altm\u00fchlfranken es ciclismo!\" \/> <\/picture> <div class=\"post-featured-content\"><a href=\"https:\/\/www.green-solutions.info\/es\/altmuehlfranken-es-ciclismo\/\"> <picture> <source srcset=\"https:\/\/www.green-solutions.info\/wp-content\/uploads\/2023\/05\/altmuehl_franken_radelt_ents-thegem-product-justified-square-m.jpg 1x\" sizes=\"100vw\"> <img src=\"https:\/\/www.green-solutions.info\/wp-content\/uploads\/2023\/05\/altmuehl_franken_radelt_ents-thegem-product-justified-square-m.jpg\" width=\"400\" height=\"400\" class=\"img-responsive\" alt=\"altmuehl_franken_radelt_ents\" \/> <\/picture> <\/a><\/div> <\/div> <div class=\"overlay\"> <div class=\"overlay-circle\"><\/div> <div class=\"links-wrapper\"> <div class=\"links\"> <div class=\"caption\"> <a href=\"https:\/\/www.green-solutions.info\/es\/altmuehlfranken-es-ciclismo\/\" class=\"portfolio-item-link\"> <span class=\"screen-reader-text\">\u00a1Altm\u00fchlfranken es ciclismo!<\/span> <\/a> <div class=\"slide-content\"> <div class=\"slide-content-visible\"> <div class=\"title\"> <span class=\"title-h5 \">\u00a1Altm\u00fchlfranken es ciclismo!<\/span> <\/div> <\/div> <div class=\"slide-content-hidden\"> <div class=\"description\"> <div class=\"subtitle\"> <span class=\"text-body\"><p>Comienza el estudio de rutas ciclistas para el concepto de ciclismo cotidiano y de ocio en todo el distrito de Altm\u00fchlfranken.<\/p>\n<\/span> <\/div> <\/div> <\/div> <\/div> <\/div> <\/div> <\/div> <\/div> <\/div> <\/div> <\/div> <div class=\"portfolio-item archivo-de-noticias pagina-de-inicio referencias-es col-xs-12 col-sm-6 columns-desktop-5 item-animations-not-inited post-hide-date appearance-type- post-97106 post type-post status-publish format-standard has-post-thumbnail category-archivo-de-noticias category-pagina-de-inicio category-referencias-es\" data-default-sort=\"242\" data-sort-date=\"1684842310\"> <div class=\"wrap clearfix\"> <div class=\"image post-97106 post type-post status-publish format-standard has-post-thumbnail category-archivo-de-noticias category-pagina-de-inicio category-referencias-es\"> <div class=\"image-inner \"> <picture> <img src=\"https:\/\/www.green-solutions.info\/wp-content\/uploads\/2026\/04\/transparent-thegem-product-justified-square-m.png\" width=\"400\" height=\"400\" class=\"attachment-thegem-product-justified-square-m\" alt=\"Se est\u00e1 optimizando la red de carriles bici del distrito de Starnberg &#8211; primera fase completada\" \/> <\/picture> <div class=\"post-featured-content\"><a href=\"https:\/\/www.green-solutions.info\/es\/se-esta-optimizando-la-red-de-carriles-bici-del-distrito-de-starnberg-primera-fase-completada\/\"> <picture> <source srcset=\"https:\/\/www.green-solutions.info\/wp-content\/uploads\/2023\/05\/Auftaktveranstaltung_c_Landratsamt-Starnberg_ents-thegem-product-justified-square-m.jpg 1x\" sizes=\"100vw\"> <img src=\"https:\/\/www.green-solutions.info\/wp-content\/uploads\/2023\/05\/Auftaktveranstaltung_c_Landratsamt-Starnberg_ents-thegem-product-justified-square-m.jpg\" width=\"400\" height=\"400\" class=\"img-responsive\" alt=\"Auftaktveranstaltung_c_Landratsamt-Starnberg_ents\" \/> <\/picture> <\/a><\/div> <\/div> <div class=\"overlay\"> <div class=\"overlay-circle\"><\/div> <div class=\"links-wrapper\"> <div class=\"links\"> <div class=\"caption\"> <a href=\"https:\/\/www.green-solutions.info\/es\/se-esta-optimizando-la-red-de-carriles-bici-del-distrito-de-starnberg-primera-fase-completada\/\" class=\"portfolio-item-link\"> <span class=\"screen-reader-text\">Se est\u00e1 optimizando la red de carriles bici del distrito de Starnberg &#8211; primera fase completada<\/span> <\/a> <div class=\"slide-content\"> <div class=\"slide-content-visible\"> <div class=\"title\"> <span class=\"title-h5 \">Se est\u00e1 optimizando la red de carriles bici del distrito de Starnberg &#8211; primera fase completada<\/span> <\/div> <\/div> <div class=\"slide-content-hidden\"> <div class=\"description\"> <div class=\"subtitle\"> <span class=\"text-body\"><p>La se\u00f1alizaci\u00f3n ciclista planificada por green-solutions se hace visible. Los municipios instalan la nueva se\u00f1alizaci\u00f3n de rutas ciclistas. La se\u00f1alizaci\u00f3n se comprueba con tourinfra. <\/p>\n<\/span> <\/div> <\/div> <\/div> <\/div> <\/div> <\/div> <\/div> <\/div> <\/div> <\/div> <\/div> <div class=\"portfolio-item archivo-de-noticias pagina-de-inicio col-xs-12 col-sm-6 columns-desktop-5 item-animations-not-inited post-hide-date appearance-type- post-96917 post type-post status-publish format-standard has-post-thumbnail category-archivo-de-noticias category-pagina-de-inicio\" data-default-sort=\"244\" data-sort-date=\"1683546427\"> <div class=\"wrap clearfix\"> <div class=\"image post-96917 post type-post status-publish format-standard has-post-thumbnail category-archivo-de-noticias category-pagina-de-inicio\"> <div class=\"image-inner \"> <picture> <img src=\"https:\/\/www.green-solutions.info\/wp-content\/uploads\/2026\/04\/transparent-thegem-product-justified-square-m.png\" width=\"400\" height=\"400\" class=\"attachment-thegem-product-justified-square-m\" alt=\"Internacionalizaci\u00f3n &#8211; Nuevos clientes en Brasil\" \/> <\/picture> <div class=\"post-featured-content\"><a href=\"https:\/\/www.green-solutions.info\/es\/internacionalizacion-nuevos-clientes-en-brasil\/\"> <picture> <source srcset=\"https:\/\/www.green-solutions.info\/wp-content\/uploads\/2025\/01\/brasilien_flag-thegem-product-justified-square-m.jpg 1x\" sizes=\"100vw\"> <img src=\"https:\/\/www.green-solutions.info\/wp-content\/uploads\/2025\/01\/brasilien_flag-thegem-product-justified-square-m.jpg\" width=\"400\" height=\"400\" class=\"img-responsive\" alt=\"brasilien_flag\" \/> <\/picture> <\/a><\/div> <\/div> <div class=\"overlay\"> <div class=\"overlay-circle\"><\/div> <div class=\"links-wrapper\"> <div class=\"links\"> <div class=\"caption\"> <a href=\"https:\/\/www.green-solutions.info\/es\/internacionalizacion-nuevos-clientes-en-brasil\/\" class=\"portfolio-item-link\"> <span class=\"screen-reader-text\">Internacionalizaci\u00f3n &#8211; Nuevos clientes en Brasil<\/span> <\/a> <div class=\"slide-content\"> <div class=\"slide-content-visible\"> <div class=\"title\"> <span class=\"title-h5 \">Internacionalizaci\u00f3n &#8211; Nuevos clientes en Brasil<\/span> <\/div> <\/div> <div class=\"slide-content-hidden\"> <div class=\"description\"> <div class=\"subtitle\"> <span class=\"text-body\"><p>Lo hemos planificado para 2024.<\/p>\n<\/span> <\/div> <\/div> <\/div> <\/div> <\/div> <\/div> <\/div> <\/div> <\/div> <\/div> <\/div> <div class=\"portfolio-item archivo-de-noticias pagina-de-inicio referencias-es col-xs-12 col-sm-6 columns-desktop-5 item-animations-not-inited post-hide-date appearance-type- post-97003 post type-post status-publish format-standard has-post-thumbnail category-archivo-de-noticias category-pagina-de-inicio category-referencias-es\" data-default-sort=\"245\" data-sort-date=\"1678967201\"> <div class=\"wrap clearfix\"> <div class=\"image post-97003 post type-post status-publish format-standard has-post-thumbnail category-archivo-de-noticias category-pagina-de-inicio category-referencias-es\"> <div class=\"image-inner \"> <picture> <img src=\"https:\/\/www.green-solutions.info\/wp-content\/uploads\/2026\/04\/transparent-thegem-product-justified-square-m.png\" width=\"400\" height=\"400\" class=\"attachment-thegem-product-justified-square-m\" alt=\"Mapa ciclista Carril bici Kocher-Jagst\" \/> <\/picture> <div class=\"post-featured-content\"><a href=\"https:\/\/www.green-solutions.info\/es\/mapa-ciclista-carril-bici-kocher-jagst\/\"> <picture> <source srcset=\"https:\/\/www.green-solutions.info\/wp-content\/uploads\/2023\/03\/rk_kocher-jagst-radweg_ents-thegem-product-justified-square-m.jpg 1x\" sizes=\"100vw\"> <img src=\"https:\/\/www.green-solutions.info\/wp-content\/uploads\/2023\/03\/rk_kocher-jagst-radweg_ents-thegem-product-justified-square-m.jpg\" width=\"400\" height=\"400\" class=\"img-responsive\" alt=\"rk_kocher-jagst-radweg_ents\" \/> <\/picture> <\/a><\/div> <\/div> <div class=\"overlay\"> <div class=\"overlay-circle\"><\/div> <div class=\"links-wrapper\"> <div class=\"links\"> <div class=\"caption\"> <a href=\"https:\/\/www.green-solutions.info\/es\/mapa-ciclista-carril-bici-kocher-jagst\/\" class=\"portfolio-item-link\"> <span class=\"screen-reader-text\">Mapa ciclista Carril bici Kocher-Jagst<\/span> <\/a> <div class=\"slide-content\"> <div class=\"slide-content-visible\"> <div class=\"title\"> <span class=\"title-h5 \">Mapa ciclista Carril bici Kocher-Jagst<\/span> <\/div> <\/div> <div class=\"slide-content-hidden\"> <div class=\"description\"> <div class=\"subtitle\"> <span class=\"text-body\"><p>Maquetaci\u00f3n y cartograf\u00eda por green-solutions<\/p>\n<\/span> <\/div> <\/div> <\/div> <\/div> <\/div> <\/div> <\/div> <\/div> <\/div> <\/div> <\/div> <div class=\"portfolio-item archivo-de-noticias pagina-de-inicio col-xs-12 col-sm-6 columns-desktop-5 item-animations-not-inited post-hide-date appearance-type- post-96908 post type-post status-publish format-standard has-post-thumbnail category-archivo-de-noticias category-pagina-de-inicio\" data-default-sort=\"248\" data-sort-date=\"1678189653\"> <div class=\"wrap clearfix\"> <div class=\"image post-96908 post type-post status-publish format-standard has-post-thumbnail category-archivo-de-noticias category-pagina-de-inicio\"> <div class=\"image-inner \"> <picture> <img src=\"https:\/\/www.green-solutions.info\/wp-content\/uploads\/2026\/04\/transparent-thegem-product-justified-square-m.png\" width=\"400\" height=\"400\" class=\"attachment-thegem-product-justified-square-m\" alt=\"ITB &#8211; Noticias\" \/> <\/picture> <div class=\"post-featured-content\"><a href=\"https:\/\/www.green-solutions.info\/es\/itb-noticias\/\"> <picture> <source srcset=\"https:\/\/www.green-solutions.info\/wp-content\/uploads\/2025\/01\/itb_berlin_2023-thegem-product-justified-square-m.jpg 1x\" sizes=\"100vw\"> <img src=\"https:\/\/www.green-solutions.info\/wp-content\/uploads\/2025\/01\/itb_berlin_2023-thegem-product-justified-square-m.jpg\" width=\"400\" height=\"400\" class=\"img-responsive\" alt=\"itb_berlin_2023\" \/> <\/picture> <\/a><\/div> <\/div> <div class=\"overlay\"> <div class=\"overlay-circle\"><\/div> <div class=\"links-wrapper\"> <div class=\"links\"> <div class=\"caption\"> <a href=\"https:\/\/www.green-solutions.info\/es\/itb-noticias\/\" class=\"portfolio-item-link\"> <span class=\"screen-reader-text\">ITB &#8211; Noticias<\/span> <\/a> <div class=\"slide-content\"> <div class=\"slide-content-visible\"> <div class=\"title\"> <span class=\"title-h5 \">ITB &#8211; Noticias<\/span> <\/div> <\/div> <div class=\"slide-content-hidden\"> <div class=\"description\"> <div class=\"subtitle\"> <span class=\"text-body\"><p>Lo hemos planificado para 2024.<\/p>\n<\/span> <\/div> <\/div> <\/div> <\/div> <\/div> <\/div> <\/div> <\/div> <\/div> <\/div> <\/div> <div class=\"portfolio-item archivo-de-noticias arge-nordico-es pagina-de-inicio referencias-es col-xs-12 col-sm-6 columns-desktop-5 item-animations-not-inited post-hide-date appearance-type- post-96893 post type-post status-publish format-standard has-post-thumbnail category-archivo-de-noticias category-arge-nordico-es category-pagina-de-inicio category-referencias-es\" data-default-sort=\"249\" data-sort-date=\"1676202477\"> <div class=\"wrap clearfix\"> <div class=\"image post-96893 post type-post status-publish format-standard has-post-thumbnail category-archivo-de-noticias category-arge-nordico-es category-pagina-de-inicio category-referencias-es\"> <div class=\"image-inner \"> <picture> <img src=\"https:\/\/www.green-solutions.info\/wp-content\/uploads\/2026\/04\/transparent-thegem-product-justified-square-m.png\" width=\"400\" height=\"400\" class=\"attachment-thegem-product-justified-square-m\" alt=\"Temporada ajetreada para el gestor de senderos para la temporada 2022-2023\" \/> <\/picture> <div class=\"post-featured-content\"><a href=\"https:\/\/www.green-solutions.info\/es\/temporada-ajetreada-para-el-gestor-de-senderos-para-la-temporada-2022-2023\/\"> <picture> <source srcset=\"https:\/\/www.green-solutions.info\/wp-content\/uploads\/2023\/02\/loipenmanager_Saison_22-23-thegem-product-justified-square-m.jpg 1x\" sizes=\"100vw\"> <img src=\"https:\/\/www.green-solutions.info\/wp-content\/uploads\/2023\/02\/loipenmanager_Saison_22-23-thegem-product-justified-square-m.jpg\" width=\"400\" height=\"400\" class=\"img-responsive\" alt=\"loipenmanager_Saison_22-23\" \/> <\/picture> <\/a><\/div> <\/div> <div class=\"overlay\"> <div class=\"overlay-circle\"><\/div> <div class=\"links-wrapper\"> <div class=\"links\"> <div class=\"caption\"> <a href=\"https:\/\/www.green-solutions.info\/es\/temporada-ajetreada-para-el-gestor-de-senderos-para-la-temporada-2022-2023\/\" class=\"portfolio-item-link\"> <span class=\"screen-reader-text\">Temporada ajetreada para el gestor de senderos para la temporada 2022-2023<\/span> <\/a> <div class=\"slide-content\"> <div class=\"slide-content-visible\"> <div class=\"title\"> <span class=\"title-h5 \">Temporada ajetreada para el gestor de senderos para la temporada 2022-2023<\/span> <\/div> <\/div> <div class=\"slide-content-hidden\"> <div class=\"description\"> <div class=\"subtitle\"> <span class=\"text-body\"><p>Gestor de senderos en uso en todos los Alpes<\/p>\n<\/span> <\/div> <\/div> <\/div> <\/div> <\/div> <\/div> <\/div> <\/div> <\/div> <\/div> <\/div> <div class=\"portfolio-item archivo-de-noticias pagina-de-inicio col-xs-12 col-sm-6 columns-desktop-5 item-animations-not-inited post-hide-date appearance-type- post-96809 post type-post status-publish format-standard has-post-thumbnail category-archivo-de-noticias category-pagina-de-inicio\" data-default-sort=\"250\" data-sort-date=\"1675684123\"> <div class=\"wrap clearfix\"> <div class=\"image post-96809 post type-post status-publish format-standard has-post-thumbnail category-archivo-de-noticias category-pagina-de-inicio\"> <div class=\"image-inner \"> <picture> <img src=\"https:\/\/www.green-solutions.info\/wp-content\/uploads\/2026\/04\/transparent-thegem-product-justified-square-m.png\" width=\"400\" height=\"400\" class=\"attachment-thegem-product-justified-square-m\" alt=\"Premio ADAC para el Turismo de Chiemgau\" \/> <\/picture> <div class=\"post-featured-content\"><a href=\"https:\/\/www.green-solutions.info\/es\/premio-adac-para-el-turismo-de-chiemgau\/\"> <picture> <source srcset=\"https:\/\/www.green-solutions.info\/wp-content\/uploads\/2023\/02\/ADAC_Ausz_Chiem_tour_ents-thegem-product-justified-square-m.jpg 1x\" sizes=\"100vw\"> <img src=\"https:\/\/www.green-solutions.info\/wp-content\/uploads\/2023\/02\/ADAC_Ausz_Chiem_tour_ents-thegem-product-justified-square-m.jpg\" width=\"400\" height=\"400\" class=\"img-responsive\" alt=\"ADAC_Ausz_Chiem_tour_ents\" \/> <\/picture> <\/a><\/div> <\/div> <div class=\"overlay\"> <div class=\"overlay-circle\"><\/div> <div class=\"links-wrapper\"> <div class=\"links\"> <div class=\"caption\"> <a href=\"https:\/\/www.green-solutions.info\/es\/premio-adac-para-el-turismo-de-chiemgau\/\" class=\"portfolio-item-link\"> <span class=\"screen-reader-text\">Premio ADAC para el Turismo de Chiemgau<\/span> <\/a> <div class=\"slide-content\"> <div class=\"slide-content-visible\"> <div class=\"title\"> <span class=\"title-h5 \">Premio ADAC para el Turismo de Chiemgau<\/span> <\/div> <\/div> <div class=\"slide-content-hidden\"> <div class=\"description\"> <div class=\"subtitle\"> <span class=\"text-body\"><p>Lo hemos planificado para 2024.<\/p>\n<\/span> <\/div> <\/div> <\/div> <\/div> <\/div> <\/div> <\/div> <\/div> <\/div> <\/div> <\/div> <div class=\"portfolio-item archivo-de-noticias pagina-de-inicio referencias-es col-xs-12 col-sm-6 columns-desktop-5 item-animations-not-inited post-hide-date appearance-type- post-96794 post type-post status-publish format-standard has-post-thumbnail category-archivo-de-noticias category-pagina-de-inicio category-referencias-es\" data-default-sort=\"251\" data-sort-date=\"1673956280\"> <div class=\"wrap clearfix\"> <div class=\"image post-96794 post type-post status-publish format-standard has-post-thumbnail category-archivo-de-noticias category-pagina-de-inicio category-referencias-es\"> <div class=\"image-inner \"> <picture> <img src=\"https:\/\/www.green-solutions.info\/wp-content\/uploads\/2026\/04\/transparent-thegem-product-justified-square-m.png\" width=\"400\" height=\"400\" class=\"attachment-thegem-product-justified-square-m\" alt=\"Tres de un golpe: mapas generales de las rutas ciclistas de larga distancia SAR, HZR y WTR\" \/> <\/picture> <div class=\"post-featured-content\"><a href=\"https:\/\/www.green-solutions.info\/es\/tres-de-un-golpe-mapas-generales-de-las-rutas-ciclistas-de-larga-distancia-sar-hzr-y-wtr\/\"> <picture> <source srcset=\"https:\/\/www.green-solutions.info\/wp-content\/uploads\/2023\/01\/lfrw_SAR_HZR_WTR_beitragsbild_ents-thegem-product-justified-square-m.jpg 1x\" sizes=\"100vw\"> <img src=\"https:\/\/www.green-solutions.info\/wp-content\/uploads\/2023\/01\/lfrw_SAR_HZR_WTR_beitragsbild_ents-thegem-product-justified-square-m.jpg\" width=\"400\" height=\"400\" class=\"img-responsive\" alt=\"lfrw_SAR_HZR_WTR_beitragsbild_ents\" \/> <\/picture> <\/a><\/div> <\/div> <div class=\"overlay\"> <div class=\"overlay-circle\"><\/div> <div class=\"links-wrapper\"> <div class=\"links\"> <div class=\"caption\"> <a href=\"https:\/\/www.green-solutions.info\/es\/tres-de-un-golpe-mapas-generales-de-las-rutas-ciclistas-de-larga-distancia-sar-hzr-y-wtr\/\" class=\"portfolio-item-link\"> <span class=\"screen-reader-text\">Tres de un golpe: mapas generales de las rutas ciclistas de larga distancia SAR, HZR y WTR<\/span> <\/a> <div class=\"slide-content\"> <div class=\"slide-content-visible\"> <div class=\"title\"> <span class=\"title-h5 \">Tres de un golpe: mapas generales de las rutas ciclistas de larga distancia SAR, HZR y WTR<\/span> <\/div> <\/div> <div class=\"slide-content-hidden\"> <div class=\"description\"> <div class=\"subtitle\"> <span class=\"text-body\"><p>Mapas ciclistas de las rutas ciclistas de largo recorrido de Baden Wurtemberg<\/p>\n<\/span> <\/div> <\/div> <\/div> <\/div> <\/div> <\/div> <\/div> <\/div> <\/div> <\/div> <\/div> <div class=\"portfolio-item archivo-de-noticias arge-nordico-es pagina-de-inicio referencias-es col-xs-12 col-sm-6 columns-desktop-5 item-animations-not-inited post-hide-date appearance-type- post-96707 post type-post status-publish format-standard has-post-thumbnail category-archivo-de-noticias category-arge-nordico-es category-pagina-de-inicio category-referencias-es\" data-default-sort=\"252\" data-sort-date=\"1671105144\"> <div class=\"wrap clearfix\"> <div class=\"image post-96707 post type-post status-publish format-standard has-post-thumbnail category-archivo-de-noticias category-arge-nordico-es category-pagina-de-inicio category-referencias-es\"> <div class=\"image-inner \"> <picture> <img src=\"https:\/\/www.green-solutions.info\/wp-content\/uploads\/2026\/04\/transparent-thegem-product-justified-square-m.png\" width=\"400\" height=\"400\" class=\"attachment-thegem-product-justified-square-m\" alt=\"Nuevos sistemas de gu\u00eda de senderos\" \/> <\/picture> <div class=\"post-featured-content\"><a href=\"https:\/\/www.green-solutions.info\/es\/nuevos-sistemas-de-guia-de-senderos\/\"> <picture> <source srcset=\"https:\/\/www.green-solutions.info\/wp-content\/uploads\/2022\/12\/loipenschild_ents-thegem-product-justified-square-m.jpg 1x\" sizes=\"100vw\"> <img src=\"https:\/\/www.green-solutions.info\/wp-content\/uploads\/2022\/12\/loipenschild_ents-thegem-product-justified-square-m.jpg\" width=\"400\" height=\"400\" class=\"img-responsive\" alt=\"loipenschild_ents\" \/> <\/picture> <\/a><\/div> <\/div> <div class=\"overlay\"> <div class=\"overlay-circle\"><\/div> <div class=\"links-wrapper\"> <div class=\"links\"> <div class=\"caption\"> <a href=\"https:\/\/www.green-solutions.info\/es\/nuevos-sistemas-de-guia-de-senderos\/\" class=\"portfolio-item-link\"> <span class=\"screen-reader-text\">Nuevos sistemas de gu\u00eda de senderos<\/span> <\/a> <div class=\"slide-content\"> <div class=\"slide-content-visible\"> <div class=\"title\"> <span class=\"title-h5 \">Nuevos sistemas de gu\u00eda de senderos<\/span> <\/div> <\/div> <div class=\"slide-content-hidden\"> <div class=\"description\"> <div class=\"subtitle\"> <span class=\"text-body\"><p>Se\u00f1alizaci\u00f3n de senderos basada en tourinfra de green-solutions &amp; Wiesendanger Medien<\/p>\n<\/span> <\/div> <\/div> <\/div> <\/div> <\/div> <\/div> <\/div> <\/div> <\/div> <\/div> <\/div> <\/div><!-- .portflio-set --> <div class=\"portfolio-item-size-container\"> <div class=\"portfolio-item col-xs-12 col-sm-6 columns-desktop-5 item-animations-not-inited post-hide-date post-96707 post type-post status-publish format-standard has-post-thumbnail category-archivo-de-noticias category-arge-nordico-es category-pagina-de-inicio category-referencias-es\"> <\/div> <\/div> <\/div><!-- .row--> <div class=\"portfolio-scroll-pagination\"><\/div> <script type=\"text\/javascript\">if (typeof(gem_fix_fullwidth_position) == \"function\") { gem_fix_fullwidth_position(document.querySelector(\".portfolio-row-outer.fullwidth-block-69ee1c50c3ca1\")); }<\/script> <\/div><!-- .full-width --> <\/div><!-- .portfolio--> <\/div><!-- .portfolio-preloader-wrapper--><div class=\"clearboth\"><\/div><style>#thegem-divider-69ee1c50f25f3 {margin-top: 60px !important;}<\/style><div id=\"thegem-divider-69ee1c50f25f3\" class=\"gem-divider  divider-hidden\" style=\"\" ><\/div>[\/vc_column][\/vc_row]<\/p>\n<\/div>","protected":false},"excerpt":{"rendered":"<p>[vc_row full_width=\u00bbstretch_row_content_no_spaces\u00bb equal_height=\u00bbyes\u00bb css=\u00bb.vc_custom_1548442690034{margin-bottom: 0px !important;padding-bottom: 0px !important;}\u00bb][vc_column disable_custom_paddings_mobile=\u00bbtrue\u00bb css=\u00bb.vc_custom_1554373630288{padding-right: 190px !important;padding-left: 70px !important;background: #323236 url(https:\/\/www.green-solutions.info\/wp-content\/uploads\/2019\/04\/OurBlogTitle.png?id=1917) !important;background-position: center !important;background-repeat: no-repeat&#8230;<\/p>\n","protected":false},"author":1,"featured_media":0,"parent":0,"menu_order":77,"comment_status":"closed","ping_status":"closed","template":"","meta":{"om_disable_all_campaigns":false,"_monsterinsights_skip_tracking":false,"_monsterinsights_sitenote_active":false,"_monsterinsights_sitenote_note":"","_monsterinsights_sitenote_category":0,"footnotes":""},"categories":[1286,1271,1272],"tags":[],"class_list":{"0":"post-98509","1":"page","2":"type-page","3":"status-publish","5":"category-diseno-2025","6":"category-diseno-2025-incompleto","7":"category-green-solutions-es"},"aioseo_notices":[],"_links":{"self":[{"href":"https:\/\/www.green-solutions.info\/es\/wp-json\/wp\/v2\/pages\/98509","targetHints":{"allow":["GET"]}}],"collection":[{"href":"https:\/\/www.green-solutions.info\/es\/wp-json\/wp\/v2\/pages"}],"about":[{"href":"https:\/\/www.green-solutions.info\/es\/wp-json\/wp\/v2\/types\/page"}],"author":[{"embeddable":true,"href":"https:\/\/www.green-solutions.info\/es\/wp-json\/wp\/v2\/users\/1"}],"replies":[{"embeddable":true,"href":"https:\/\/www.green-solutions.info\/es\/wp-json\/wp\/v2\/comments?post=98509"}],"version-history":[{"count":0,"href":"https:\/\/www.green-solutions.info\/es\/wp-json\/wp\/v2\/pages\/98509\/revisions"}],"wp:attachment":[{"href":"https:\/\/www.green-solutions.info\/es\/wp-json\/wp\/v2\/media?parent=98509"}],"wp:term":[{"taxonomy":"category","embeddable":true,"href":"https:\/\/www.green-solutions.info\/es\/wp-json\/wp\/v2\/categories?post=98509"},{"taxonomy":"post_tag","embeddable":true,"href":"https:\/\/www.green-solutions.info\/es\/wp-json\/wp\/v2\/tags?post=98509"}],"curies":[{"name":"wp","href":"https:\/\/api.w.org\/{rel}","templated":true}]}}