{"id":98013,"date":"2016-03-21T21:42:17","date_gmt":"2016-03-21T20:42:17","guid":{"rendered":"https:\/\/www.green-solutions.info\/proyectos-de-referencia\/"},"modified":"2025-02-15T14:45:11","modified_gmt":"2025-02-15T13:45:11","slug":"proyectos-de-referencia","status":"publish","type":"page","link":"https:\/\/www.green-solutions.info\/es\/proyectos-de-referencia\/","title":{"rendered":"Proyectos de referencia"},"content":{"rendered":"<div class=\"wpb-content-wrapper\"><p>[vc_row full_width=\u00bbstretch_row_content_no_spaces\u00bb equal_height=\u00bbyes\u00bb css=\u00bb.vc_custom_1550842308747{margin-bottom: 0px !important;padding-bottom: 0px !important;}\u00bb][vc_column disable_custom_paddings_mobile=\u00bbtrue\u00bb css=\u00bb.vc_custom_1554372732512{padding-right: 190px !important;padding-left: 70px !important;background: #323236 url(https:\/\/www.green-solutions.info\/wp-content\/uploads\/2019\/04\/AboutUsTitle.png?id=1914) !important;background-position: center !important;background-repeat: no-repeat !important;background-size: contain !important;}\u00bb offset=\u00bbvc_col-md-6 vc_col-sm-offset-0&#8243; el_class=\u00bbverticalPageTitle\u00bb]<div class=\"clearboth\"><\/div><style>#thegem-divider-69ee1c4b6060a {margin-top: 85px !important;}<\/style><div id=\"thegem-divider-69ee1c4b6060a\" class=\"gem-divider  \" style=\"\" ><\/div><div class=\"clearboth\"><\/div><style>#thegem-divider-69ee1c4b6067d {margin-top: 270px !important;}<\/style><div id=\"thegem-divider-69ee1c4b6067d\" class=\"gem-divider  divider-hidden\" style=\"\" ><\/div>[vc_column_text css=\u00bb\u00bb css_animation=\u00bbbottom-to-top\u00bb]<\/p>\n<div class=\"title-xlarge\"><span style=\"color: #ffffff;\"><br \/>\nf<span style=\"color: #a8c307;\">uera de digital<\/span> Clientes satisfechos<\/span><\/div>\n<p>[\/vc_column_text]<div class=\"clearboth\"><\/div><style>#thegem-divider-69ee1c4b606b3 {margin-top: 40px !important;}<\/style><div id=\"thegem-divider-69ee1c4b606b3\" class=\"gem-divider  \" style=\"\" ><\/div>[vc_column_text css=\u00bb\u00bb css_animation=\u00bbbottom-to-top\u00bb]<\/p>\n<div class=\"styled-subtitle\"><span style=\"color: #ffffff;\">\u00abTanto como sea necesario &#8211; tan poco como sea posible\u00bb<\/span><\/div>\n<p>[\/vc_column_text]<div class=\"clearboth\"><\/div><style>#thegem-divider-69ee1c4b606e3 {margin-top: 90px !important;}<\/style><div id=\"thegem-divider-69ee1c4b606e3\" class=\"gem-divider  \" style=\"\" ><\/div>[\/vc_column][vc_column css=\u00bb.vc_custom_1737157759784{background-image: url(https:\/\/www.green-solutions.info\/wp-content\/uploads\/2025\/01\/referenzen.png?id=82342) !important;background-position: center !important;background-repeat: no-repeat !important;background-size: cover !important;}\u00bb offset=\u00bbvc_col-md-6&#8243;]<div class=\"clearboth\"><\/div><style>#thegem-divider-69ee1c4b60713 {margin-top: 500px !important;}<\/style><div id=\"thegem-divider-69ee1c4b60713\" class=\"gem-divider  \" style=\"\" ><\/div>[\/vc_column][\/vc_row][vc_row][vc_column]<div class=\"clearboth\"><\/div><style>#thegem-divider-69ee1c4b6073e {margin-top: 60px !important;}<\/style><div id=\"thegem-divider-69ee1c4b6073e\" class=\"gem-divider  divider-hidden\" style=\"\" ><\/div>[\/vc_column][\/vc_row][vc_row][vc_column]<style>.portfolio.news-grid#style-3be7da5 .portfolio-item:not(.size-item), .preloader#style-preloader-3be7da5 .portfolio-item { padding: calc(20px\/2) !important; }.portfolio.news-grid#style-3be7da5 .portfolio-item.size-item { padding: 0 calc(20px\/2) !important; }.portfolio.news-grid#style-3be7da5 .portfolio-row, .preloader#style-preloader-3be7da5 .skeleton-posts.portfolio-row { margin: calc(-20px\/2); }.portfolio.news-grid#style-3be7da5.fullwidth-columns .portfolio-row { margin: calc(-20px\/2) 0; }.portfolio.news-grid#style-3be7da5 .fullwidth-block:not(.no-paddings) { padding-left: 20px; padding-right: 20px; }.portfolio.news-grid#style-3be7da5 .fullwidth-block .portfolio-row { padding-left: calc(20px\/2); padding-right: calc(20px\/2); }.portfolio.news-grid#style-3be7da5 .fullwidth-block .portfolio-top-panel { padding-left: 20px; padding-right: 20px; }.portfolio.news-grid#style-3be7da5.fullwidth-columns .with-filter-sidebar .filter-sidebar { padding-left: 20px; }.portfolio.news-grid#style-3be7da5.list-style.with-divider .portfolio-item .wrap:before { top: calc(-20px\/2); }.portfolio.news-grid#style-3be7da5 .fullwidth-block .portfolio-top-panel:not(.gem-sticky-block), .portfolio.news-grid#style-3be7da5 .portfolio-item.not-found .found-wrap { padding-left: 21px !important; padding-right: 21px !important; }.portfolio.news-grid#style-3be7da5 .with-filter-sidebar .filter-sidebar { padding-left: 21px !important; }.portfolio.news-grid#style-3be7da5 .portfolio-item .caption .title span { letter-spacing: px !important; }<\/style><style><\/style><div id=\"style-preloader-3be7da5\" class=\"preloader save-space\"><div class=\"preloader-spin\"><\/div><\/div> <div class=\"portfolio-preloader-wrapper panel-sidebar-position-left\"> <div class=\"portfolio portfolio-grid extended-portfolio-grid news-grid no-padding portfolio-pagination-scroll portfolio-style-justified background-style-transparent title-style-light hover-default-default title-on-hover caption-position-hover version-default loading-animation item-animation-fade-in fullwidth-columns fullwidth-columns-5 hover-title columns-tablet-2 columns-mobile-1 disable-isotope next-page-preloading \" id=\"style-3be7da5\" data-style-uid=\"3be7da5\" data-portfolio-uid=\"grid_058d440\" data-current-page=\"1\" data-per-page=\"50\" data-next-page=\"2\" data-pages-count=\"4\" data-hover=\"default\" data-portfolio-filter=\"[]\" data-portfolio-filter-attributes=\"null\" data-portfolio-filter-status=\"null\" data-portfolio-filter-price=\"null\" data-portfolio-filter-search=\"\"> <div class=\"portfolio-row-outer fullwidth-block fullwidth-block-69ee1c4b69bc1 no-paddings\"> <div class=\"portfolio-top-panel filter-type-default\"> <div class=\"portfolio-top-panel-row filter-style-buttons\"> <div class=\"portfolio-top-panel-left\"><div class=\"portfolio-filter-item portfolio-selected-filters left\"> <div class=\"portfolio-selected-filter-item clear-filters\"> Clear Filters\t<\/div> <\/div> <\/div> <div class=\"portfolio-top-panel-right\"> <div class=\"portfolio-sorting title-h6\"> <div class=\"orderby light\"> <label for=\"\" data-value=\"date\">Fecha<\/label> <a href=\"javascript:void(0);\" role=\"button\" class=\"sorting-switcher\" data-current=\"date\" aria-label=\"Order by\"><\/a> <label for=\"\" data-value=\"name\">Nombre<\/label> <\/div> <div class=\"portfolio-sorting-sep\"><\/div> <div class=\"order light\"> <label for=\"\" data-value=\"DESC\">Desc<\/label> <a href=\"javascript:void(0);\" role=\"button\" class=\"sorting-switcher\" data-current=\"DESC\" aria-label=\"Order\"><\/a> <label for=\"\" data-value=\"ASC\">Asc<\/label> <\/div> <\/div> <\/div> <\/div> <\/div> <div class=\"row portfolio-row\"> <div class=\"portfolio-set clearfix\" data-max-row-height=\"380\"> <div class=\"portfolio-item archivo-de-noticias pagina-de-inicio tourinfra-es col-xs-12 col-sm-6 columns-desktop-5 item-animations-not-inited post-hide-date appearance-type- post-102573 post type-post status-publish format-standard has-post-thumbnail category-archivo-de-noticias category-pagina-de-inicio category-tourinfra-es\" data-default-sort=\"242\" data-sort-date=\"1755119833\"> <div class=\"wrap clearfix\"> <div class=\"image post-102573 post type-post status-publish format-standard has-post-thumbnail category-archivo-de-noticias category-pagina-de-inicio category-tourinfra-es\"> <div class=\"image-inner \"> <picture> <img src=\"https:\/\/www.green-solutions.info\/wp-content\/uploads\/2026\/04\/transparent-thegem-product-justified-square-m.png\" width=\"400\" height=\"400\" class=\"attachment-thegem-product-justified-square-m\" alt=\"Grafschaft Bentheim conf\u00eda en tourinfra para el transporte en bicicleta\" \/> <\/picture> <div class=\"post-featured-content\"><a href=\"https:\/\/www.green-solutions.info\/es\/grafschaft-bentheim-confia-en-tourinfra-para-el-transporte-en-bicicleta\/\"> <picture> <source srcset=\"https:\/\/www.green-solutions.info\/wp-content\/uploads\/2025\/08\/logo_beitrag-thegem-product-justified-square-m.png 1x\" sizes=\"100vw\"> <img src=\"https:\/\/www.green-solutions.info\/wp-content\/uploads\/2025\/08\/logo_beitrag-thegem-product-justified-square-m.png\" width=\"400\" height=\"400\" class=\"img-responsive\" alt=\"logo_beitrag\" \/> <\/picture> <\/a><\/div> <\/div> <div class=\"overlay\"> <div class=\"overlay-circle\"><\/div> <div class=\"links-wrapper\"> <div class=\"links\"> <div class=\"caption\"> <a href=\"https:\/\/www.green-solutions.info\/es\/grafschaft-bentheim-confia-en-tourinfra-para-el-transporte-en-bicicleta\/\" class=\"portfolio-item-link\"> <span class=\"screen-reader-text\">Grafschaft Bentheim conf\u00eda en tourinfra para el transporte en bicicleta<\/span> <\/a> <div class=\"slide-content\"> <div class=\"slide-content-visible\"> <div class=\"title\"> <span class=\"title-h5 \">Grafschaft Bentheim conf\u00eda en tourinfra para el transporte en bicicleta<\/span> <\/div> <\/div> <div class=\"slide-content-hidden\"> <div class=\"description\"> <div class=\"subtitle\"> <span class=\"text-body\"><p>Grafschaft Bentheim conf\u00eda en tourinfra<\/p>\n<\/span> <\/div> <\/div> <\/div> <\/div> <\/div> <\/div> <\/div> <\/div> <\/div> <\/div> <\/div> <div class=\"portfolio-item archivo-de-noticias pagina-de-inicio referencias-es col-xs-12 col-sm-6 columns-desktop-5 item-animations-not-inited post-hide-date appearance-type- post-102433 post type-post status-publish format-standard has-post-thumbnail category-archivo-de-noticias category-pagina-de-inicio category-referencias-es\" data-default-sort=\"242\" data-sort-date=\"1747931794\"> <div class=\"wrap clearfix\"> <div class=\"image post-102433 post type-post status-publish format-standard has-post-thumbnail category-archivo-de-noticias category-pagina-de-inicio category-referencias-es\"> <div class=\"image-inner \"> <picture> <img src=\"https:\/\/www.green-solutions.info\/wp-content\/uploads\/2026\/04\/transparent-thegem-product-justified-square-m.png\" width=\"400\" height=\"400\" class=\"attachment-thegem-product-justified-square-m\" alt=\"La gesti\u00f3n QM en Chiemgau Rad &amp; MTB est\u00e1 en marcha\" \/> <\/picture> <div class=\"post-featured-content\"><a href=\"https:\/\/www.green-solutions.info\/es\/la-gestion-qm-en-chiemgau-rad-mtb-esta-en-marcha\/\"> <picture> <source srcset=\"https:\/\/www.green-solutions.info\/wp-content\/uploads\/2025\/05\/WEB_QM_Beitrag-thegem-product-justified-square-m.jpg 1x\" sizes=\"100vw\"> <img src=\"https:\/\/www.green-solutions.info\/wp-content\/uploads\/2025\/05\/WEB_QM_Beitrag-thegem-product-justified-square-m.jpg\" width=\"400\" height=\"400\" class=\"img-responsive\" alt=\"WEB_QM_Beitrag\" \/> <\/picture> <\/a><\/div> <\/div> <div class=\"overlay\"> <div class=\"overlay-circle\"><\/div> <div class=\"links-wrapper\"> <div class=\"links\"> <div class=\"caption\"> <a href=\"https:\/\/www.green-solutions.info\/es\/la-gestion-qm-en-chiemgau-rad-mtb-esta-en-marcha\/\" class=\"portfolio-item-link\"> <span class=\"screen-reader-text\">La gesti\u00f3n QM en Chiemgau Rad &amp; MTB est\u00e1 en marcha<\/span> <\/a> <div class=\"slide-content\"> <div class=\"slide-content-visible\"> <div class=\"title\"> <span class=\"title-h5 \">La gesti\u00f3n QM en Chiemgau Rad &amp; MTB est\u00e1 en marcha<\/span> <\/div> <\/div> <div class=\"slide-content-hidden\"> <div class=\"description\"> <div class=\"subtitle\"> <span class=\"text-body\"><p>Gesti\u00f3n QM bicicleta y BTT en Chiemgau por green-solutions<\/p>\n<\/span> <\/div> <\/div> <\/div> <\/div> <\/div> <\/div> <\/div> <\/div> <\/div> <\/div> <\/div> <div class=\"portfolio-item archivo-de-noticias pagina-de-inicio referencias-es col-xs-12 col-sm-6 columns-desktop-5 item-animations-not-inited post-hide-date appearance-type- post-101932 post type-post status-publish format-standard has-post-thumbnail category-archivo-de-noticias category-pagina-de-inicio category-referencias-es\" data-default-sort=\"242\" data-sort-date=\"1747173587\"> <div class=\"wrap clearfix\"> <div class=\"image post-101932 post type-post status-publish format-standard has-post-thumbnail category-archivo-de-noticias category-pagina-de-inicio category-referencias-es\"> <div class=\"image-inner \"> <picture> <img src=\"https:\/\/www.green-solutions.info\/wp-content\/uploads\/2026\/04\/transparent-thegem-product-justified-square-m.png\" width=\"400\" height=\"400\" class=\"attachment-thegem-product-justified-square-m\" alt=\"El Parque Natural de Altm\u00fchltal se centra cada vez m\u00e1s en la turinfra\" \/> <\/picture> <div class=\"post-featured-content\"><a href=\"https:\/\/www.green-solutions.info\/es\/el-parque-natural-de-altmuehltal-se-centra-cada-vez-mas-en-la-turinfra\/\"> <picture> <source srcset=\"https:\/\/www.green-solutions.info\/wp-content\/uploads\/2025\/05\/altmuelttal_beitrag-thegem-product-justified-square-m.jpg 1x\" sizes=\"100vw\"> <img src=\"https:\/\/www.green-solutions.info\/wp-content\/uploads\/2025\/05\/altmuelttal_beitrag-thegem-product-justified-square-m.jpg\" width=\"400\" height=\"400\" class=\"img-responsive\" alt=\"altmuelttal_beitrag\" \/> <\/picture> <\/a><\/div> <\/div> <div class=\"overlay\"> <div class=\"overlay-circle\"><\/div> <div class=\"links-wrapper\"> <div class=\"links\"> <div class=\"caption\"> <a href=\"https:\/\/www.green-solutions.info\/es\/el-parque-natural-de-altmuehltal-se-centra-cada-vez-mas-en-la-turinfra\/\" class=\"portfolio-item-link\"> <span class=\"screen-reader-text\">El Parque Natural de Altm\u00fchltal se centra cada vez m\u00e1s en la turinfra<\/span> <\/a> <div class=\"slide-content\"> <div class=\"slide-content-visible\"> <div class=\"title\"> <span class=\"title-h5 \">El Parque Natural de Altm\u00fchltal se centra cada vez m\u00e1s en la turinfra<\/span> <\/div> <\/div> <div class=\"slide-content-hidden\"> <div class=\"description\"> <div class=\"subtitle\"> <span class=\"text-body\"><p>Naturpark Altn\u00fchltal conf\u00eda en tourinfra para gestionar su infraestructura de senderismo.<\/p>\n<\/span> <\/div> <\/div> <\/div> <\/div> <\/div> <\/div> <\/div> <\/div> <\/div> <\/div> <\/div> <div class=\"portfolio-item archivo-de-noticias pagina-de-inicio referencias-es col-xs-12 col-sm-6 columns-desktop-5 item-animations-not-inited post-hide-date appearance-type- post-101887 post type-post status-publish format-standard has-post-thumbnail category-archivo-de-noticias category-pagina-de-inicio category-referencias-es\" data-default-sort=\"211\" data-sort-date=\"1747002438\"> <div class=\"wrap clearfix\"> <div class=\"image post-101887 post type-post status-publish format-standard has-post-thumbnail category-archivo-de-noticias category-pagina-de-inicio category-referencias-es\"> <div class=\"image-inner \"> <picture> <img src=\"https:\/\/www.green-solutions.info\/wp-content\/uploads\/2026\/04\/transparent-thegem-product-justified-square-m.png\" width=\"400\" height=\"400\" class=\"attachment-thegem-product-justified-square-m\" alt=\"Conclusi\u00f3n del proyecto de ocio Ile Frankenpfalz\" \/> <\/picture> <div class=\"post-featured-content\"><a href=\"https:\/\/www.green-solutions.info\/es\/conclusion-del-proyecto-de-ocio-ile-frankenpfalz\/\"> <picture> <source srcset=\"https:\/\/www.green-solutions.info\/wp-content\/uploads\/2025\/05\/ile_wandern_beitrag-1-thegem-product-justified-square-m.jpg 1x\" sizes=\"100vw\"> <img src=\"https:\/\/www.green-solutions.info\/wp-content\/uploads\/2025\/05\/ile_wandern_beitrag-1-thegem-product-justified-square-m.jpg\" width=\"400\" height=\"400\" class=\"img-responsive\" alt=\"ile_wandern_beitrag\" \/> <\/picture> <\/a><\/div> <\/div> <div class=\"overlay\"> <div class=\"overlay-circle\"><\/div> <div class=\"links-wrapper\"> <div class=\"links\"> <div class=\"caption\"> <a href=\"https:\/\/www.green-solutions.info\/es\/conclusion-del-proyecto-de-ocio-ile-frankenpfalz\/\" class=\"portfolio-item-link\"> <span class=\"screen-reader-text\">Conclusi\u00f3n del proyecto de ocio Ile Frankenpfalz<\/span> <\/a> <div class=\"slide-content\"> <div class=\"slide-content-visible\"> <div class=\"title\"> <span class=\"title-h5 \">Conclusi\u00f3n del proyecto de ocio Ile Frankenpfalz<\/span> <\/div> <\/div> <div class=\"slide-content-hidden\"> <div class=\"description\"> <div class=\"subtitle\"> <span class=\"text-body\"><p>Finaliza con \u00e9xito un proyecto de senderismo y ciclismo en la regi\u00f3n ILE Frankenpfalz<\/p>\n<\/span> <\/div> <\/div> <\/div> <\/div> <\/div> <\/div> <\/div> <\/div> <\/div> <\/div> <\/div> <div class=\"portfolio-item archivo-de-noticias pagina-de-inicio referencias-es col-xs-12 col-sm-6 columns-desktop-5 item-animations-not-inited post-hide-date appearance-type- post-101561 post type-post status-publish format-standard has-post-thumbnail category-archivo-de-noticias category-pagina-de-inicio category-referencias-es\" data-default-sort=\"181\" data-sort-date=\"1741565628\"> <div class=\"wrap clearfix\"> <div class=\"image post-101561 post type-post status-publish format-standard has-post-thumbnail category-archivo-de-noticias category-pagina-de-inicio category-referencias-es\"> <div class=\"image-inner \"> <picture> <img src=\"https:\/\/www.green-solutions.info\/wp-content\/uploads\/2026\/04\/transparent-thegem-product-justified-square-m.png\" width=\"400\" height=\"400\" class=\"attachment-thegem-product-justified-square-m\" alt=\"El director de invierno en acci\u00f3n en el Marat\u00f3n de Esqu\u00ed de Engadina\" \/> <\/picture> <div class=\"post-featured-content\"><a href=\"https:\/\/www.green-solutions.info\/es\/el-director-de-invierno-en-accion-en-el-maraton-de-esqui-de-engadina\/\"> <picture> <source srcset=\"https:\/\/www.green-solutions.info\/wp-content\/uploads\/2025\/03\/engadin-skimarathon_beitrag-thegem-product-justified-square-m.jpg 1x\" sizes=\"100vw\"> <img src=\"https:\/\/www.green-solutions.info\/wp-content\/uploads\/2025\/03\/engadin-skimarathon_beitrag-thegem-product-justified-square-m.jpg\" width=\"400\" height=\"400\" class=\"img-responsive\" alt=\"engadin-skimarathon_beitrag\" \/> <\/picture> <\/a><\/div> <\/div> <div class=\"overlay\"> <div class=\"overlay-circle\"><\/div> <div class=\"links-wrapper\"> <div class=\"links\"> <div class=\"caption\"> <a href=\"https:\/\/www.green-solutions.info\/es\/el-director-de-invierno-en-accion-en-el-maraton-de-esqui-de-engadina\/\" class=\"portfolio-item-link\"> <span class=\"screen-reader-text\">El director de invierno en acci\u00f3n en el Marat\u00f3n de Esqu\u00ed de Engadina<\/span> <\/a> <div class=\"slide-content\"> <div class=\"slide-content-visible\"> <div class=\"title\"> <span class=\"title-h5 \">El director de invierno en acci\u00f3n en el Marat\u00f3n de Esqu\u00ed de Engadina<\/span> <\/div> <\/div> <div class=\"slide-content-hidden\"> <div class=\"description\"> <div class=\"subtitle\"> <span class=\"text-body\"><p>\u00a1Condiciones de pista perfectas en el Marat\u00f3n de Esqu\u00ed de Engadina!<\/p>\n<\/span> <\/div> <\/div> <\/div> <\/div> <\/div> <\/div> <\/div> <\/div> <\/div> <\/div> <\/div> <div class=\"portfolio-item archivo-de-noticias pagina-de-inicio referencias-es col-xs-12 col-sm-6 columns-desktop-5 item-animations-not-inited post-hide-date appearance-type- post-101556 post type-post status-publish format-standard has-post-thumbnail category-archivo-de-noticias category-pagina-de-inicio category-referencias-es\" data-default-sort=\"179\" data-sort-date=\"1740235799\"> <div class=\"wrap clearfix\"> <div class=\"image post-101556 post type-post status-publish format-standard has-post-thumbnail category-archivo-de-noticias category-pagina-de-inicio category-referencias-es\"> <div class=\"image-inner \"> <picture> <img src=\"https:\/\/www.green-solutions.info\/wp-content\/uploads\/2026\/04\/transparent-thegem-product-justified-square-m.png\" width=\"400\" height=\"400\" class=\"attachment-thegem-product-justified-square-m\" alt=\"Digitalizar el planeta &amp; tourinfra Valor a\u00f1adido para nuestros clientes y la naturaleza\" \/> <\/picture> <div class=\"post-featured-content\"><a href=\"https:\/\/www.green-solutions.info\/es\/digitalizar-el-planeta-tourinfra-valor-anadido-para-nuestros-clientes-y-la-naturaleza\/\"> <picture> <source srcset=\"https:\/\/www.green-solutions.info\/wp-content\/uploads\/2025\/02\/beitrag_digitize_the_planet-thegem-product-justified-square-m.jpg 1x\" sizes=\"100vw\"> <img src=\"https:\/\/www.green-solutions.info\/wp-content\/uploads\/2025\/02\/beitrag_digitize_the_planet-thegem-product-justified-square-m.jpg\" width=\"400\" height=\"400\" class=\"img-responsive\" alt=\"beitrag_digitize_the_planet\" \/> <\/picture> <\/a><\/div> <\/div> <div class=\"overlay\"> <div class=\"overlay-circle\"><\/div> <div class=\"links-wrapper\"> <div class=\"links\"> <div class=\"caption\"> <a href=\"https:\/\/www.green-solutions.info\/es\/digitalizar-el-planeta-tourinfra-valor-anadido-para-nuestros-clientes-y-la-naturaleza\/\" class=\"portfolio-item-link\"> <span class=\"screen-reader-text\">Digitalizar el planeta &amp; tourinfra Valor a\u00f1adido para nuestros clientes y la naturaleza<\/span> <\/a> <div class=\"slide-content\"> <div class=\"slide-content-visible\"> <div class=\"title\"> <span class=\"title-h5 \">Digitalizar el planeta &amp; tourinfra Valor a\u00f1adido para nuestros clientes y la naturaleza<\/span> <\/div> <\/div> <div class=\"slide-content-hidden\"> <div class=\"description\"> <div class=\"subtitle\"> <span class=\"text-body\"><p>Planificaci\u00f3n prospectiva &#8211; interfaz entre tourinfra y digitaliza el planeta<\/p>\n<\/span> <\/div> <\/div> <\/div> <\/div> <\/div> <\/div> <\/div> <\/div> <\/div> <\/div> <\/div> <div class=\"portfolio-item archivo-de-noticias pagina-de-inicio referencias-es col-xs-12 col-sm-6 columns-desktop-5 item-animations-not-inited post-hide-date appearance-type- post-95971 post type-post status-publish format-standard has-post-thumbnail category-archivo-de-noticias category-pagina-de-inicio category-referencias-es\" data-default-sort=\"176\" data-sort-date=\"1739233219\"> <div class=\"wrap clearfix\"> <div class=\"image post-95971 post type-post status-publish format-standard has-post-thumbnail category-archivo-de-noticias category-pagina-de-inicio category-referencias-es\"> <div class=\"image-inner \"> <picture> <img src=\"https:\/\/www.green-solutions.info\/wp-content\/uploads\/2026\/04\/transparent-thegem-product-justified-square-m.png\" width=\"400\" height=\"400\" class=\"attachment-thegem-product-justified-square-m\" alt=\"Sistema de gu\u00eda de senderos Bodenmais \/ Bretterschachten\" \/> <\/picture> <div class=\"post-featured-content\"><a href=\"https:\/\/www.green-solutions.info\/es\/sistema-de-guia-de-senderos-bodenmais-bretterschachten\/\"> <picture> <source srcset=\"https:\/\/www.green-solutions.info\/wp-content\/uploads\/2025\/02\/beitrag_loipenleitsystem_500-thegem-product-justified-square-m.png 1x\" sizes=\"100vw\"> <img src=\"https:\/\/www.green-solutions.info\/wp-content\/uploads\/2025\/02\/beitrag_loipenleitsystem_500-thegem-product-justified-square-m.png\" width=\"400\" height=\"400\" class=\"img-responsive\" alt=\"beitrag_loipenleitsystem_500\" \/> <\/picture> <\/a><\/div> <\/div> <div class=\"overlay\"> <div class=\"overlay-circle\"><\/div> <div class=\"links-wrapper\"> <div class=\"links\"> <div class=\"caption\"> <a href=\"https:\/\/www.green-solutions.info\/es\/sistema-de-guia-de-senderos-bodenmais-bretterschachten\/\" class=\"portfolio-item-link\"> <span class=\"screen-reader-text\">Sistema de gu\u00eda de senderos Bodenmais \/ Bretterschachten<\/span> <\/a> <div class=\"slide-content\"> <div class=\"slide-content-visible\"> <div class=\"title\"> <span class=\"title-h5 \">Sistema de gu\u00eda de senderos Bodenmais \/ Bretterschachten<\/span> <\/div> <\/div> <div class=\"slide-content-hidden\"> <div class=\"description\"> <div class=\"subtitle\"> <span class=\"text-body\"><p>Se ha optimizado una red de pistas de 45 km y el n\u00famero total de pistas abarca ahora la impresionante cifra de 110 kil\u00f3metros para los esquiadores de fondo.<\/p>\n<\/span> <\/div> <\/div> <\/div> <\/div> <\/div> <\/div> <\/div> <\/div> <\/div> <\/div> <\/div> <div class=\"portfolio-item archivo-de-noticias pagina-de-inicio referencias-es col-xs-12 col-sm-6 columns-desktop-5 item-animations-not-inited post-hide-date appearance-type- post-96186 post type-post status-publish format-standard has-post-thumbnail category-archivo-de-noticias category-pagina-de-inicio category-referencias-es\" data-default-sort=\"261\" data-sort-date=\"1731370048\"> <div class=\"wrap clearfix\"> <div class=\"image post-96186 post type-post status-publish format-standard has-post-thumbnail category-archivo-de-noticias category-pagina-de-inicio category-referencias-es\"> <div class=\"image-inner \"> <picture> <img src=\"https:\/\/www.green-solutions.info\/wp-content\/uploads\/2026\/04\/transparent-thegem-product-justified-square-m.png\" width=\"400\" height=\"400\" class=\"attachment-thegem-product-justified-square-m\" alt=\"Finalizaci\u00f3n del proyecto de senderismo en el distrito sur de Bad T\u00f6lz Wolfratshausen\" \/> <\/picture> <div class=\"post-featured-content\"><a href=\"https:\/\/www.green-solutions.info\/es\/finalizacion-del-proyecto-de-senderismo-en-el-distrito-sur-de-bad-toelz-wolfratshausen\/\"> <picture> <source srcset=\"https:\/\/www.green-solutions.info\/wp-content\/uploads\/2025\/01\/wandern_toelzer_land-thegem-product-justified-square-m.jpg 1x\" sizes=\"100vw\"> <img src=\"https:\/\/www.green-solutions.info\/wp-content\/uploads\/2025\/01\/wandern_toelzer_land-thegem-product-justified-square-m.jpg\" width=\"400\" height=\"400\" class=\"img-responsive\" alt=\"wandern_toelzer_land\" \/> <\/picture> <\/a><\/div> <\/div> <div class=\"overlay\"> <div class=\"overlay-circle\"><\/div> <div class=\"links-wrapper\"> <div class=\"links\"> <div class=\"caption\"> <a href=\"https:\/\/www.green-solutions.info\/es\/finalizacion-del-proyecto-de-senderismo-en-el-distrito-sur-de-bad-toelz-wolfratshausen\/\" class=\"portfolio-item-link\"> <span class=\"screen-reader-text\">Finalizaci\u00f3n del proyecto de senderismo en el distrito sur de Bad T\u00f6lz Wolfratshausen<\/span> <\/a> <div class=\"slide-content\"> <div class=\"slide-content-visible\"> <div class=\"title\"> <span class=\"title-h5 \">Finalizaci\u00f3n del proyecto de senderismo en el distrito sur de Bad T\u00f6lz Wolfratshausen<\/span> <\/div> <\/div> <div class=\"slide-content-hidden\"> <div class=\"description\"> <div class=\"subtitle\"> <span class=\"text-body\"><p>En el distrito meridional de Bad T\u00f6lz-Wolfratshausen, un concepto de ruta de senderismo intermunicipal proporciona una mejor orientaci\u00f3n.<\/p>\n<\/span> <\/div> <\/div> <\/div> <\/div> <\/div> <\/div> <\/div> <\/div> <\/div> <\/div> <\/div> <div class=\"portfolio-item archivo-de-noticias pagina-de-inicio referencias-es col-xs-12 col-sm-6 columns-desktop-5 item-animations-not-inited post-hide-date appearance-type- post-96005 post type-post status-publish format-standard has-post-thumbnail category-archivo-de-noticias category-pagina-de-inicio category-referencias-es\" data-default-sort=\"176\" data-sort-date=\"1728066290\"> <div class=\"wrap clearfix\"> <div class=\"image post-96005 post type-post status-publish format-standard has-post-thumbnail category-archivo-de-noticias category-pagina-de-inicio category-referencias-es\"> <div class=\"image-inner \"> <picture> <img src=\"https:\/\/www.green-solutions.info\/wp-content\/uploads\/2026\/04\/transparent-thegem-product-justified-square-m.png\" width=\"400\" height=\"400\" class=\"attachment-thegem-product-justified-square-m\" alt=\"Conclusi\u00f3n del proyecto de senderismo de la regi\u00f3n de Zugspitz\" \/> <\/picture> <div class=\"post-featured-content\"><a href=\"https:\/\/www.green-solutions.info\/es\/conclusion-del-proyecto-de-senderismo-de-la-region-de-zugspitz\/\"> <picture> <source srcset=\"https:\/\/www.green-solutions.info\/wp-content\/uploads\/2025\/01\/beitrag_zugspitz-region-thegem-product-justified-square-m.jpg 1x\" sizes=\"100vw\"> <img src=\"https:\/\/www.green-solutions.info\/wp-content\/uploads\/2025\/01\/beitrag_zugspitz-region-thegem-product-justified-square-m.jpg\" width=\"400\" height=\"400\" class=\"img-responsive\" alt=\"beitrag_zugspitz-region\" \/> <\/picture> <\/a><\/div> <\/div> <div class=\"overlay\"> <div class=\"overlay-circle\"><\/div> <div class=\"links-wrapper\"> <div class=\"links\"> <div class=\"caption\"> <a href=\"https:\/\/www.green-solutions.info\/es\/conclusion-del-proyecto-de-senderismo-de-la-region-de-zugspitz\/\" class=\"portfolio-item-link\"> <span class=\"screen-reader-text\">Conclusi\u00f3n del proyecto de senderismo de la regi\u00f3n de Zugspitz<\/span> <\/a> <div class=\"slide-content\"> <div class=\"slide-content-visible\"> <div class=\"title\"> <span class=\"title-h5 \">Conclusi\u00f3n del proyecto de senderismo de la regi\u00f3n de Zugspitz<\/span> <\/div> <\/div> <div class=\"slide-content-hidden\"> <div class=\"description\"> <div class=\"subtitle\"> <span class=\"text-body\"><p>Finalizaci\u00f3n de un proyecto de senderismo en la regi\u00f3n de Zugspitz con soluciones ecol\u00f3gicas.<\/p>\n<\/span> <\/div> <\/div> <\/div> <\/div> <\/div> <\/div> <\/div> <\/div> <\/div> <\/div> <\/div> <div class=\"portfolio-item archivo-de-noticias pagina-de-inicio referencias-es col-xs-12 col-sm-6 columns-desktop-5 item-animations-not-inited post-hide-date appearance-type- post-97230 post type-post status-publish format-standard has-post-thumbnail category-archivo-de-noticias category-pagina-de-inicio category-referencias-es\" data-default-sort=\"260\" data-sort-date=\"1695727996\"> <div class=\"wrap clearfix\"> <div class=\"image post-97230 post type-post status-publish format-standard has-post-thumbnail category-archivo-de-noticias category-pagina-de-inicio category-referencias-es\"> <div class=\"image-inner \"> <picture> <img src=\"https:\/\/www.green-solutions.info\/wp-content\/uploads\/2026\/04\/transparent-thegem-product-justified-square-m.png\" width=\"400\" height=\"400\" class=\"attachment-thegem-product-justified-square-m\" alt=\"Rutas de ciclismo y senderismo alrededor del Refugio de Monta\u00f1a HUBERTUS Allg\u00e4u\" \/> <\/picture> <div class=\"post-featured-content\"><a href=\"https:\/\/www.green-solutions.info\/es\/rutas-de-ciclismo-y-senderismo-alrededor-del-refugio-de-montana-hubertus-allgaeu\/\"> <picture> <source srcset=\"https:\/\/www.green-solutions.info\/wp-content\/uploads\/2023\/09\/rw_ww_HUBERTUS_Mountain_Refugio_Allgaeu_ents-thegem-product-justified-square-m.jpg 1x\" sizes=\"100vw\"> <img src=\"https:\/\/www.green-solutions.info\/wp-content\/uploads\/2023\/09\/rw_ww_HUBERTUS_Mountain_Refugio_Allgaeu_ents-thegem-product-justified-square-m.jpg\" width=\"400\" height=\"400\" class=\"img-responsive\" alt=\"rw_ww_HUBERTUS_Mountain_Refugio_Allgaeu_ents\" \/> <\/picture> <\/a><\/div> <\/div> <div class=\"overlay\"> <div class=\"overlay-circle\"><\/div> <div class=\"links-wrapper\"> <div class=\"links\"> <div class=\"caption\"> <a href=\"https:\/\/www.green-solutions.info\/es\/rutas-de-ciclismo-y-senderismo-alrededor-del-refugio-de-montana-hubertus-allgaeu\/\" class=\"portfolio-item-link\"> <span class=\"screen-reader-text\">Rutas de ciclismo y senderismo alrededor del Refugio de Monta\u00f1a HUBERTUS Allg\u00e4u<\/span> <\/a> <div class=\"slide-content\"> <div class=\"slide-content-visible\"> <div class=\"title\"> <span class=\"title-h5 \">Rutas de ciclismo y senderismo alrededor del Refugio de Monta\u00f1a HUBERTUS Allg\u00e4u<\/span> <\/div> <\/div> <div class=\"slide-content-hidden\"> <div class=\"description\"> <div class=\"subtitle\"> <span class=\"text-body\"><p>Maquetaci\u00f3n y cartograf\u00eda por green-solutions de un mapa de ciclismo y senderismo para el Refugio de Monta\u00f1a Allg\u00e4u &#8211; Hubertus<\/p>\n<\/span> <\/div> <\/div> <\/div> <\/div> <\/div> <\/div> <\/div> <\/div> <\/div> <\/div> <\/div> <div class=\"portfolio-item archivo-de-noticias pagina-de-inicio referencias-es col-xs-12 col-sm-6 columns-desktop-5 item-animations-not-inited post-hide-date appearance-type- post-97214 post type-post status-publish format-standard has-post-thumbnail category-archivo-de-noticias category-pagina-de-inicio category-referencias-es\" data-default-sort=\"240\" data-sort-date=\"1689075227\"> <div class=\"wrap clearfix\"> <div class=\"image post-97214 post type-post status-publish format-standard has-post-thumbnail category-archivo-de-noticias category-pagina-de-inicio category-referencias-es\"> <div class=\"image-inner \"> <picture> <img src=\"https:\/\/www.green-solutions.info\/wp-content\/uploads\/2026\/04\/transparent-thegem-product-justified-square-m.png\" width=\"400\" height=\"400\" class=\"attachment-thegem-product-justified-square-m\" alt=\"Acto informativo sobre el estado del concepto de tr\u00e1fico ciclista en Altm\u00fchlfranken\" \/> <\/picture> <div class=\"post-featured-content\"><a href=\"https:\/\/www.green-solutions.info\/es\/acto-informativo-sobre-el-estado-del-concepto-de-trafico-ciclista-en-altmuehlfranken\/\"> <picture> <source srcset=\"https:\/\/www.green-solutions.info\/wp-content\/uploads\/2023\/07\/infoveranstaltung-radvrkehrskonzept_ents-thegem-product-justified-square-m.jpg 1x\" sizes=\"100vw\"> <img src=\"https:\/\/www.green-solutions.info\/wp-content\/uploads\/2023\/07\/infoveranstaltung-radvrkehrskonzept_ents-thegem-product-justified-square-m.jpg\" width=\"400\" height=\"400\" class=\"img-responsive\" alt=\"infoveranstaltung-radvrkehrskonzept_ents\" \/> <\/picture> <\/a><\/div> <\/div> <div class=\"overlay\"> <div class=\"overlay-circle\"><\/div> <div class=\"links-wrapper\"> <div class=\"links\"> <div class=\"caption\"> <a href=\"https:\/\/www.green-solutions.info\/es\/acto-informativo-sobre-el-estado-del-concepto-de-trafico-ciclista-en-altmuehlfranken\/\" class=\"portfolio-item-link\"> <span class=\"screen-reader-text\">Acto informativo sobre el estado del concepto de tr\u00e1fico ciclista en Altm\u00fchlfranken<\/span> <\/a> <div class=\"slide-content\"> <div class=\"slide-content-visible\"> <div class=\"title\"> <span class=\"title-h5 \">Acto informativo sobre el estado del concepto de tr\u00e1fico ciclista en Altm\u00fchlfranken<\/span> <\/div> <\/div> <div class=\"slide-content-hidden\"> <div class=\"description\"> <div class=\"subtitle\"> <span class=\"text-body\"><p>Acto informativo para todos los ciudadanos sobre la situaci\u00f3n actual del concepto ciclista.<\/p>\n<\/span> <\/div> <\/div> <\/div> <\/div> <\/div> <\/div> <\/div> <\/div> <\/div> <\/div> <\/div> <div class=\"portfolio-item archivo-de-noticias pagina-de-inicio referencias-es col-xs-12 col-sm-6 columns-desktop-5 item-animations-not-inited post-hide-date appearance-type- post-97127 post type-post status-publish format-standard has-post-thumbnail category-archivo-de-noticias category-pagina-de-inicio category-referencias-es\" data-default-sort=\"243\" data-sort-date=\"1687261389\"> <div class=\"wrap clearfix\"> <div class=\"image post-97127 post type-post status-publish format-standard has-post-thumbnail category-archivo-de-noticias category-pagina-de-inicio category-referencias-es\"> <div class=\"image-inner \"> <picture> <img src=\"https:\/\/www.green-solutions.info\/wp-content\/uploads\/2026\/04\/transparent-thegem-product-justified-square-m.png\" width=\"400\" height=\"400\" class=\"attachment-thegem-product-justified-square-m\" alt=\"Mapa ciclista &#8211; BIKE &amp; WORK\" \/> <\/picture> <div class=\"post-featured-content\"><a href=\"https:\/\/www.green-solutions.info\/es\/mapa-ciclista-bike-work\/\"> <picture> <source srcset=\"https:\/\/www.green-solutions.info\/wp-content\/uploads\/2023\/06\/fahrradkarte_bike_n_work_ents-thegem-product-justified-square-m.jpg 1x\" sizes=\"100vw\"> <img src=\"https:\/\/www.green-solutions.info\/wp-content\/uploads\/2023\/06\/fahrradkarte_bike_n_work_ents-thegem-product-justified-square-m.jpg\" width=\"400\" height=\"400\" class=\"img-responsive\" alt=\"fahrradkarte_bike_n_work_ents\" \/> <\/picture> <\/a><\/div> <\/div> <div class=\"overlay\"> <div class=\"overlay-circle\"><\/div> <div class=\"links-wrapper\"> <div class=\"links\"> <div class=\"caption\"> <a href=\"https:\/\/www.green-solutions.info\/es\/mapa-ciclista-bike-work\/\" class=\"portfolio-item-link\"> <span class=\"screen-reader-text\">Mapa ciclista &#8211; BIKE &amp; WORK<\/span> <\/a> <div class=\"slide-content\"> <div class=\"slide-content-visible\"> <div class=\"title\"> <span class=\"title-h5 \">Mapa ciclista &#8211; BIKE &amp; WORK<\/span> <\/div> <\/div> <div class=\"slide-content-hidden\"> <div class=\"description\"> <div class=\"subtitle\"> <span class=\"text-body\"><p>BIKE &amp; WORK Maquetaci\u00f3n, logotipo y cartograf\u00eda por green-solutions.<\/p>\n<\/span> <\/div> <\/div> <\/div> <\/div> <\/div> <\/div> <\/div> <\/div> <\/div> <\/div> <\/div> <div class=\"portfolio-item archivo-de-noticias pagina-de-inicio referencias-es col-xs-12 col-sm-6 columns-desktop-5 item-animations-not-inited post-hide-date appearance-type- post-97118 post type-post status-publish format-standard has-post-thumbnail category-archivo-de-noticias category-pagina-de-inicio category-referencias-es\" data-default-sort=\"241\" data-sort-date=\"1685447077\"> <div class=\"wrap clearfix\"> <div class=\"image post-97118 post type-post status-publish format-standard has-post-thumbnail category-archivo-de-noticias category-pagina-de-inicio category-referencias-es\"> <div class=\"image-inner \"> <picture> <img src=\"https:\/\/www.green-solutions.info\/wp-content\/uploads\/2026\/04\/transparent-thegem-product-justified-square-m.png\" width=\"400\" height=\"400\" class=\"attachment-thegem-product-justified-square-m\" alt=\"\u00a1Altm\u00fchlfranken es ciclismo!\" \/> <\/picture> <div class=\"post-featured-content\"><a href=\"https:\/\/www.green-solutions.info\/es\/altmuehlfranken-es-ciclismo\/\"> <picture> <source srcset=\"https:\/\/www.green-solutions.info\/wp-content\/uploads\/2023\/05\/altmuehl_franken_radelt_ents-thegem-product-justified-square-m.jpg 1x\" sizes=\"100vw\"> <img src=\"https:\/\/www.green-solutions.info\/wp-content\/uploads\/2023\/05\/altmuehl_franken_radelt_ents-thegem-product-justified-square-m.jpg\" width=\"400\" height=\"400\" class=\"img-responsive\" alt=\"altmuehl_franken_radelt_ents\" \/> <\/picture> <\/a><\/div> <\/div> <div class=\"overlay\"> <div class=\"overlay-circle\"><\/div> <div class=\"links-wrapper\"> <div class=\"links\"> <div class=\"caption\"> <a href=\"https:\/\/www.green-solutions.info\/es\/altmuehlfranken-es-ciclismo\/\" class=\"portfolio-item-link\"> <span class=\"screen-reader-text\">\u00a1Altm\u00fchlfranken es ciclismo!<\/span> <\/a> <div class=\"slide-content\"> <div class=\"slide-content-visible\"> <div class=\"title\"> <span class=\"title-h5 \">\u00a1Altm\u00fchlfranken es ciclismo!<\/span> <\/div> <\/div> <div class=\"slide-content-hidden\"> <div class=\"description\"> <div class=\"subtitle\"> <span class=\"text-body\"><p>Comienza el estudio de rutas ciclistas para el concepto de ciclismo cotidiano y de ocio en todo el distrito de Altm\u00fchlfranken.<\/p>\n<\/span> <\/div> <\/div> <\/div> <\/div> <\/div> <\/div> <\/div> <\/div> <\/div> <\/div> <\/div> <div class=\"portfolio-item archivo-de-noticias pagina-de-inicio referencias-es col-xs-12 col-sm-6 columns-desktop-5 item-animations-not-inited post-hide-date appearance-type- post-97106 post type-post status-publish format-standard has-post-thumbnail category-archivo-de-noticias category-pagina-de-inicio category-referencias-es\" data-default-sort=\"242\" data-sort-date=\"1684842310\"> <div class=\"wrap clearfix\"> <div class=\"image post-97106 post type-post status-publish format-standard has-post-thumbnail category-archivo-de-noticias category-pagina-de-inicio category-referencias-es\"> <div class=\"image-inner \"> <picture> <img src=\"https:\/\/www.green-solutions.info\/wp-content\/uploads\/2026\/04\/transparent-thegem-product-justified-square-m.png\" width=\"400\" height=\"400\" class=\"attachment-thegem-product-justified-square-m\" alt=\"Se est\u00e1 optimizando la red de carriles bici del distrito de Starnberg &#8211; primera fase completada\" \/> <\/picture> <div class=\"post-featured-content\"><a href=\"https:\/\/www.green-solutions.info\/es\/se-esta-optimizando-la-red-de-carriles-bici-del-distrito-de-starnberg-primera-fase-completada\/\"> <picture> <source srcset=\"https:\/\/www.green-solutions.info\/wp-content\/uploads\/2023\/05\/Auftaktveranstaltung_c_Landratsamt-Starnberg_ents-thegem-product-justified-square-m.jpg 1x\" sizes=\"100vw\"> <img src=\"https:\/\/www.green-solutions.info\/wp-content\/uploads\/2023\/05\/Auftaktveranstaltung_c_Landratsamt-Starnberg_ents-thegem-product-justified-square-m.jpg\" width=\"400\" height=\"400\" class=\"img-responsive\" alt=\"Auftaktveranstaltung_c_Landratsamt-Starnberg_ents\" \/> <\/picture> <\/a><\/div> <\/div> <div class=\"overlay\"> <div class=\"overlay-circle\"><\/div> <div class=\"links-wrapper\"> <div class=\"links\"> <div class=\"caption\"> <a href=\"https:\/\/www.green-solutions.info\/es\/se-esta-optimizando-la-red-de-carriles-bici-del-distrito-de-starnberg-primera-fase-completada\/\" class=\"portfolio-item-link\"> <span class=\"screen-reader-text\">Se est\u00e1 optimizando la red de carriles bici del distrito de Starnberg &#8211; primera fase completada<\/span> <\/a> <div class=\"slide-content\"> <div class=\"slide-content-visible\"> <div class=\"title\"> <span class=\"title-h5 \">Se est\u00e1 optimizando la red de carriles bici del distrito de Starnberg &#8211; primera fase completada<\/span> <\/div> <\/div> <div class=\"slide-content-hidden\"> <div class=\"description\"> <div class=\"subtitle\"> <span class=\"text-body\"><p>La se\u00f1alizaci\u00f3n ciclista planificada por green-solutions se hace visible. Los municipios instalan la nueva se\u00f1alizaci\u00f3n de rutas ciclistas. La se\u00f1alizaci\u00f3n se comprueba con tourinfra. <\/p>\n<\/span> <\/div> <\/div> <\/div> <\/div> <\/div> <\/div> <\/div> <\/div> <\/div> <\/div> <\/div> <div class=\"portfolio-item archivo-de-noticias pagina-de-inicio referencias-es col-xs-12 col-sm-6 columns-desktop-5 item-animations-not-inited post-hide-date appearance-type- post-97003 post type-post status-publish format-standard has-post-thumbnail category-archivo-de-noticias category-pagina-de-inicio category-referencias-es\" data-default-sort=\"245\" data-sort-date=\"1678967201\"> <div class=\"wrap clearfix\"> <div class=\"image post-97003 post type-post status-publish format-standard has-post-thumbnail category-archivo-de-noticias category-pagina-de-inicio category-referencias-es\"> <div class=\"image-inner \"> <picture> <img src=\"https:\/\/www.green-solutions.info\/wp-content\/uploads\/2026\/04\/transparent-thegem-product-justified-square-m.png\" width=\"400\" height=\"400\" class=\"attachment-thegem-product-justified-square-m\" alt=\"Mapa ciclista Carril bici Kocher-Jagst\" \/> <\/picture> <div class=\"post-featured-content\"><a href=\"https:\/\/www.green-solutions.info\/es\/mapa-ciclista-carril-bici-kocher-jagst\/\"> <picture> <source srcset=\"https:\/\/www.green-solutions.info\/wp-content\/uploads\/2023\/03\/rk_kocher-jagst-radweg_ents-thegem-product-justified-square-m.jpg 1x\" sizes=\"100vw\"> <img src=\"https:\/\/www.green-solutions.info\/wp-content\/uploads\/2023\/03\/rk_kocher-jagst-radweg_ents-thegem-product-justified-square-m.jpg\" width=\"400\" height=\"400\" class=\"img-responsive\" alt=\"rk_kocher-jagst-radweg_ents\" \/> <\/picture> <\/a><\/div> <\/div> <div class=\"overlay\"> <div class=\"overlay-circle\"><\/div> <div class=\"links-wrapper\"> <div class=\"links\"> <div class=\"caption\"> <a href=\"https:\/\/www.green-solutions.info\/es\/mapa-ciclista-carril-bici-kocher-jagst\/\" class=\"portfolio-item-link\"> <span class=\"screen-reader-text\">Mapa ciclista Carril bici Kocher-Jagst<\/span> <\/a> <div class=\"slide-content\"> <div class=\"slide-content-visible\"> <div class=\"title\"> <span class=\"title-h5 \">Mapa ciclista Carril bici Kocher-Jagst<\/span> <\/div> <\/div> <div class=\"slide-content-hidden\"> <div class=\"description\"> <div class=\"subtitle\"> <span class=\"text-body\"><p>Maquetaci\u00f3n y cartograf\u00eda por green-solutions<\/p>\n<\/span> <\/div> <\/div> <\/div> <\/div> <\/div> <\/div> <\/div> <\/div> <\/div> <\/div> <\/div> <div class=\"portfolio-item archivo-de-noticias arge-nordico-es pagina-de-inicio referencias-es col-xs-12 col-sm-6 columns-desktop-5 item-animations-not-inited post-hide-date appearance-type- post-96893 post type-post status-publish format-standard has-post-thumbnail category-archivo-de-noticias category-arge-nordico-es category-pagina-de-inicio category-referencias-es\" data-default-sort=\"249\" data-sort-date=\"1676202477\"> <div class=\"wrap clearfix\"> <div class=\"image post-96893 post type-post status-publish format-standard has-post-thumbnail category-archivo-de-noticias category-arge-nordico-es category-pagina-de-inicio category-referencias-es\"> <div class=\"image-inner \"> <picture> <img src=\"https:\/\/www.green-solutions.info\/wp-content\/uploads\/2026\/04\/transparent-thegem-product-justified-square-m.png\" width=\"400\" height=\"400\" class=\"attachment-thegem-product-justified-square-m\" alt=\"Temporada ajetreada para el gestor de senderos para la temporada 2022-2023\" \/> <\/picture> <div class=\"post-featured-content\"><a href=\"https:\/\/www.green-solutions.info\/es\/temporada-ajetreada-para-el-gestor-de-senderos-para-la-temporada-2022-2023\/\"> <picture> <source srcset=\"https:\/\/www.green-solutions.info\/wp-content\/uploads\/2023\/02\/loipenmanager_Saison_22-23-thegem-product-justified-square-m.jpg 1x\" sizes=\"100vw\"> <img src=\"https:\/\/www.green-solutions.info\/wp-content\/uploads\/2023\/02\/loipenmanager_Saison_22-23-thegem-product-justified-square-m.jpg\" width=\"400\" height=\"400\" class=\"img-responsive\" alt=\"loipenmanager_Saison_22-23\" \/> <\/picture> <\/a><\/div> <\/div> <div class=\"overlay\"> <div class=\"overlay-circle\"><\/div> <div class=\"links-wrapper\"> <div class=\"links\"> <div class=\"caption\"> <a href=\"https:\/\/www.green-solutions.info\/es\/temporada-ajetreada-para-el-gestor-de-senderos-para-la-temporada-2022-2023\/\" class=\"portfolio-item-link\"> <span class=\"screen-reader-text\">Temporada ajetreada para el gestor de senderos para la temporada 2022-2023<\/span> <\/a> <div class=\"slide-content\"> <div class=\"slide-content-visible\"> <div class=\"title\"> <span class=\"title-h5 \">Temporada ajetreada para el gestor de senderos para la temporada 2022-2023<\/span> <\/div> <\/div> <div class=\"slide-content-hidden\"> <div class=\"description\"> <div class=\"subtitle\"> <span class=\"text-body\"><p>Gestor de senderos en uso en todos los Alpes<\/p>\n<\/span> <\/div> <\/div> <\/div> <\/div> <\/div> <\/div> <\/div> <\/div> <\/div> <\/div> <\/div> <div class=\"portfolio-item archivo-de-noticias pagina-de-inicio referencias-es col-xs-12 col-sm-6 columns-desktop-5 item-animations-not-inited post-hide-date appearance-type- post-96794 post type-post status-publish format-standard has-post-thumbnail category-archivo-de-noticias category-pagina-de-inicio category-referencias-es\" data-default-sort=\"251\" data-sort-date=\"1673956280\"> <div class=\"wrap clearfix\"> <div class=\"image post-96794 post type-post status-publish format-standard has-post-thumbnail category-archivo-de-noticias category-pagina-de-inicio category-referencias-es\"> <div class=\"image-inner \"> <picture> <img src=\"https:\/\/www.green-solutions.info\/wp-content\/uploads\/2026\/04\/transparent-thegem-product-justified-square-m.png\" width=\"400\" height=\"400\" class=\"attachment-thegem-product-justified-square-m\" alt=\"Tres de un golpe: mapas generales de las rutas ciclistas de larga distancia SAR, HZR y WTR\" \/> <\/picture> <div class=\"post-featured-content\"><a href=\"https:\/\/www.green-solutions.info\/es\/tres-de-un-golpe-mapas-generales-de-las-rutas-ciclistas-de-larga-distancia-sar-hzr-y-wtr\/\"> <picture> <source srcset=\"https:\/\/www.green-solutions.info\/wp-content\/uploads\/2023\/01\/lfrw_SAR_HZR_WTR_beitragsbild_ents-thegem-product-justified-square-m.jpg 1x\" sizes=\"100vw\"> <img src=\"https:\/\/www.green-solutions.info\/wp-content\/uploads\/2023\/01\/lfrw_SAR_HZR_WTR_beitragsbild_ents-thegem-product-justified-square-m.jpg\" width=\"400\" height=\"400\" class=\"img-responsive\" alt=\"lfrw_SAR_HZR_WTR_beitragsbild_ents\" \/> <\/picture> <\/a><\/div> <\/div> <div class=\"overlay\"> <div class=\"overlay-circle\"><\/div> <div class=\"links-wrapper\"> <div class=\"links\"> <div class=\"caption\"> <a href=\"https:\/\/www.green-solutions.info\/es\/tres-de-un-golpe-mapas-generales-de-las-rutas-ciclistas-de-larga-distancia-sar-hzr-y-wtr\/\" class=\"portfolio-item-link\"> <span class=\"screen-reader-text\">Tres de un golpe: mapas generales de las rutas ciclistas de larga distancia SAR, HZR y WTR<\/span> <\/a> <div class=\"slide-content\"> <div class=\"slide-content-visible\"> <div class=\"title\"> <span class=\"title-h5 \">Tres de un golpe: mapas generales de las rutas ciclistas de larga distancia SAR, HZR y WTR<\/span> <\/div> <\/div> <div class=\"slide-content-hidden\"> <div class=\"description\"> <div class=\"subtitle\"> <span class=\"text-body\"><p>Mapas ciclistas de las rutas ciclistas de largo recorrido de Baden Wurtemberg<\/p>\n<\/span> <\/div> <\/div> <\/div> <\/div> <\/div> <\/div> <\/div> <\/div> <\/div> <\/div> <\/div> <div class=\"portfolio-item archivo-de-noticias arge-nordico-es pagina-de-inicio referencias-es col-xs-12 col-sm-6 columns-desktop-5 item-animations-not-inited post-hide-date appearance-type- post-96707 post type-post status-publish format-standard has-post-thumbnail category-archivo-de-noticias category-arge-nordico-es category-pagina-de-inicio category-referencias-es\" data-default-sort=\"252\" data-sort-date=\"1671105144\"> <div class=\"wrap clearfix\"> <div class=\"image post-96707 post type-post status-publish format-standard has-post-thumbnail category-archivo-de-noticias category-arge-nordico-es category-pagina-de-inicio category-referencias-es\"> <div class=\"image-inner \"> <picture> <img src=\"https:\/\/www.green-solutions.info\/wp-content\/uploads\/2026\/04\/transparent-thegem-product-justified-square-m.png\" width=\"400\" height=\"400\" class=\"attachment-thegem-product-justified-square-m\" alt=\"Nuevos sistemas de gu\u00eda de senderos\" \/> <\/picture> <div class=\"post-featured-content\"><a href=\"https:\/\/www.green-solutions.info\/es\/nuevos-sistemas-de-guia-de-senderos\/\"> <picture> <source srcset=\"https:\/\/www.green-solutions.info\/wp-content\/uploads\/2022\/12\/loipenschild_ents-thegem-product-justified-square-m.jpg 1x\" sizes=\"100vw\"> <img src=\"https:\/\/www.green-solutions.info\/wp-content\/uploads\/2022\/12\/loipenschild_ents-thegem-product-justified-square-m.jpg\" width=\"400\" height=\"400\" class=\"img-responsive\" alt=\"loipenschild_ents\" \/> <\/picture> <\/a><\/div> <\/div> <div class=\"overlay\"> <div class=\"overlay-circle\"><\/div> <div class=\"links-wrapper\"> <div class=\"links\"> <div class=\"caption\"> <a href=\"https:\/\/www.green-solutions.info\/es\/nuevos-sistemas-de-guia-de-senderos\/\" class=\"portfolio-item-link\"> <span class=\"screen-reader-text\">Nuevos sistemas de gu\u00eda de senderos<\/span> <\/a> <div class=\"slide-content\"> <div class=\"slide-content-visible\"> <div class=\"title\"> <span class=\"title-h5 \">Nuevos sistemas de gu\u00eda de senderos<\/span> <\/div> <\/div> <div class=\"slide-content-hidden\"> <div class=\"description\"> <div class=\"subtitle\"> <span class=\"text-body\"><p>Se\u00f1alizaci\u00f3n de senderos basada en tourinfra de green-solutions &amp; Wiesendanger Medien<\/p>\n<\/span> <\/div> <\/div> <\/div> <\/div> <\/div> <\/div> <\/div> <\/div> <\/div> <\/div> <\/div> <div class=\"portfolio-item archivo-de-noticias pagina-de-inicio referencias-es col-xs-12 col-sm-6 columns-desktop-5 item-animations-not-inited post-hide-date appearance-type- post-96698 post type-post status-publish format-standard has-post-thumbnail category-archivo-de-noticias category-pagina-de-inicio category-referencias-es\" data-default-sort=\"253\" data-sort-date=\"1666266777\"> <div class=\"wrap clearfix\"> <div class=\"image post-96698 post type-post status-publish format-standard has-post-thumbnail category-archivo-de-noticias category-pagina-de-inicio category-referencias-es\"> <div class=\"image-inner \"> <picture> <img src=\"https:\/\/www.green-solutions.info\/wp-content\/uploads\/2026\/04\/transparent-thegem-product-justified-square-m.png\" width=\"400\" height=\"400\" class=\"attachment-thegem-product-justified-square-m\" alt=\"Mapa de la Ruta de Peregrinaci\u00f3n de Lakeland\" \/> <\/picture> <div class=\"post-featured-content\"><a href=\"https:\/\/www.green-solutions.info\/es\/mapa-de-la-ruta-de-peregrinacion-de-lakeland\/\"> <picture> <source srcset=\"https:\/\/www.green-solutions.info\/wp-content\/uploads\/2022\/10\/pilgerweg_seenland_ents-thegem-product-justified-square-m.jpg 1x\" sizes=\"100vw\"> <img src=\"https:\/\/www.green-solutions.info\/wp-content\/uploads\/2022\/10\/pilgerweg_seenland_ents-thegem-product-justified-square-m.jpg\" width=\"400\" height=\"400\" class=\"img-responsive\" alt=\"pilgerweg_seenland_ents\" \/> <\/picture> <\/a><\/div> <\/div> <div class=\"overlay\"> <div class=\"overlay-circle\"><\/div> <div class=\"links-wrapper\"> <div class=\"links\"> <div class=\"caption\"> <a href=\"https:\/\/www.green-solutions.info\/es\/mapa-de-la-ruta-de-peregrinacion-de-lakeland\/\" class=\"portfolio-item-link\"> <span class=\"screen-reader-text\">Mapa de la Ruta de Peregrinaci\u00f3n de Lakeland<\/span> <\/a> <div class=\"slide-content\"> <div class=\"slide-content-visible\"> <div class=\"title\"> <span class=\"title-h5 \">Mapa de la Ruta de Peregrinaci\u00f3n de Lakeland<\/span> <\/div> <\/div> <div class=\"slide-content-hidden\"> <div class=\"description\"> <div class=\"subtitle\"> <span class=\"text-body\"><p>Mapa de la Ruta de Peregrinaci\u00f3n de Lakeland<\/p>\n<\/span> <\/div> <\/div> <\/div> <\/div> <\/div> <\/div> <\/div> <\/div> <\/div> <\/div> <\/div> <div class=\"portfolio-item archivo-de-noticias pagina-de-inicio referencias-es col-xs-12 col-sm-6 columns-desktop-5 item-animations-not-inited post-hide-date appearance-type- post-96686 post type-post status-publish format-standard has-post-thumbnail category-archivo-de-noticias category-pagina-de-inicio category-referencias-es\" data-default-sort=\"254\" data-sort-date=\"1663674810\"> <div class=\"wrap clearfix\"> <div class=\"image post-96686 post type-post status-publish format-standard has-post-thumbnail category-archivo-de-noticias category-pagina-de-inicio category-referencias-es\"> <div class=\"image-inner \"> <picture> <img src=\"https:\/\/www.green-solutions.info\/wp-content\/uploads\/2026\/04\/transparent-thegem-product-justified-square-m.png\" width=\"400\" height=\"400\" class=\"attachment-thegem-product-justified-square-m\" alt=\"Bad Griesbach &#8211; Mapa ciclista con sugerencias de rutas\" \/> <\/picture> <div class=\"post-featured-content\"><a href=\"https:\/\/www.green-solutions.info\/es\/bad-griesbach-mapa-ciclista-con-sugerencias-de-rutas\/\"> <picture> <source srcset=\"https:\/\/www.green-solutions.info\/wp-content\/uploads\/2022\/09\/bad_griessbach_ents-thegem-product-justified-square-m.jpg 1x\" sizes=\"100vw\"> <img src=\"https:\/\/www.green-solutions.info\/wp-content\/uploads\/2022\/09\/bad_griessbach_ents-thegem-product-justified-square-m.jpg\" width=\"400\" height=\"400\" class=\"img-responsive\" alt=\"bad_griessbach_ents\" \/> <\/picture> <\/a><\/div> <\/div> <div class=\"overlay\"> <div class=\"overlay-circle\"><\/div> <div class=\"links-wrapper\"> <div class=\"links\"> <div class=\"caption\"> <a href=\"https:\/\/www.green-solutions.info\/es\/bad-griesbach-mapa-ciclista-con-sugerencias-de-rutas\/\" class=\"portfolio-item-link\"> <span class=\"screen-reader-text\">Bad Griesbach &#8211; Mapa ciclista con sugerencias de rutas<\/span> <\/a> <div class=\"slide-content\"> <div class=\"slide-content-visible\"> <div class=\"title\"> <span class=\"title-h5 \">Bad Griesbach &#8211; Mapa ciclista con sugerencias de rutas<\/span> <\/div> <\/div> <div class=\"slide-content-hidden\"> <div class=\"description\"> <div class=\"subtitle\"> <span class=\"text-body\"><p>Bad Griesbach &#8211; Mapa ciclista con sugerencias de rutas<\/p>\n<\/span> <\/div> <\/div> <\/div> <\/div> <\/div> <\/div> <\/div> <\/div> <\/div> <\/div> <\/div> <div class=\"portfolio-item archivo-de-noticias pagina-de-inicio referencias-es col-xs-12 col-sm-6 columns-desktop-5 item-animations-not-inited post-hide-date appearance-type- post-96426 post type-post status-publish format-standard has-post-thumbnail category-archivo-de-noticias category-pagina-de-inicio category-referencias-es\" data-default-sort=\"256\" data-sort-date=\"1659441266\"> <div class=\"wrap clearfix\"> <div class=\"image post-96426 post type-post status-publish format-standard has-post-thumbnail category-archivo-de-noticias category-pagina-de-inicio category-referencias-es\"> <div class=\"image-inner \"> <picture> <img src=\"https:\/\/www.green-solutions.info\/wp-content\/uploads\/2026\/04\/transparent-thegem-product-justified-square-m.png\" width=\"400\" height=\"400\" class=\"attachment-thegem-product-justified-square-m\" alt=\"Gesti\u00f3n de calidad y montaje en Trans Bayerwald\" \/> <\/picture> <div class=\"post-featured-content\"><a href=\"https:\/\/www.green-solutions.info\/es\/gestion-de-calidad-y-montaje-en-trans-bayerwald\/\"> <picture> <source srcset=\"https:\/\/www.green-solutions.info\/wp-content\/uploads\/2022\/08\/qm_tb_ents-thegem-product-justified-square-m.jpg 1x\" sizes=\"100vw\"> <img src=\"https:\/\/www.green-solutions.info\/wp-content\/uploads\/2022\/08\/qm_tb_ents-thegem-product-justified-square-m.jpg\" width=\"400\" height=\"400\" class=\"img-responsive\" alt=\"qm_tb_ents\" \/> <\/picture> <\/a><\/div> <\/div> <div class=\"overlay\"> <div class=\"overlay-circle\"><\/div> <div class=\"links-wrapper\"> <div class=\"links\"> <div class=\"caption\"> <a href=\"https:\/\/www.green-solutions.info\/es\/gestion-de-calidad-y-montaje-en-trans-bayerwald\/\" class=\"portfolio-item-link\"> <span class=\"screen-reader-text\">Gesti\u00f3n de calidad y montaje en Trans Bayerwald<\/span> <\/a> <div class=\"slide-content\"> <div class=\"slide-content-visible\"> <div class=\"title\"> <span class=\"title-h5 \">Gesti\u00f3n de calidad y montaje en Trans Bayerwald<\/span> <\/div> <\/div> <div class=\"slide-content-hidden\"> <div class=\"description\"> <div class=\"subtitle\"> <span class=\"text-body\"><p>Uso al aire libre en el Trans Bayerwald<\/p>\n<\/span> <\/div> <\/div> <\/div> <\/div> <\/div> <\/div> <\/div> <\/div> <\/div> <\/div> <\/div> <div class=\"portfolio-item archivo-de-noticias pagina-de-inicio referencias-es col-xs-12 col-sm-6 columns-desktop-5 item-animations-not-inited post-hide-date appearance-type- post-96408 post type-post status-publish format-standard has-post-thumbnail category-archivo-de-noticias category-pagina-de-inicio category-referencias-es\" data-default-sort=\"269\" data-sort-date=\"1659009289\"> <div class=\"wrap clearfix\"> <div class=\"image post-96408 post type-post status-publish format-standard has-post-thumbnail category-archivo-de-noticias category-pagina-de-inicio category-referencias-es\"> <div class=\"image-inner \"> <picture> <img src=\"https:\/\/www.green-solutions.info\/wp-content\/uploads\/2026\/04\/transparent-thegem-product-justified-square-m.png\" width=\"400\" height=\"400\" class=\"attachment-thegem-product-justified-square-m\" alt=\"La Reserva de la Biosfera del Rh\u00f6n conf\u00eda en tourinfra\" \/> <\/picture> <div class=\"post-featured-content\"><a href=\"https:\/\/www.green-solutions.info\/es\/la-reserva-de-la-biosfera-del-rhoen-confia-en-tourinfra\/\"> <picture> <source srcset=\"https:\/\/www.green-solutions.info\/wp-content\/uploads\/2022\/07\/rhoen_beitragsbild_ents-thegem-product-justified-square-m.jpg 1x\" sizes=\"100vw\"> <img src=\"https:\/\/www.green-solutions.info\/wp-content\/uploads\/2022\/07\/rhoen_beitragsbild_ents-thegem-product-justified-square-m.jpg\" width=\"400\" height=\"400\" class=\"img-responsive\" alt=\"rhoen_beitragsbild_ents\" \/> <\/picture> <\/a><\/div> <\/div> <div class=\"overlay\"> <div class=\"overlay-circle\"><\/div> <div class=\"links-wrapper\"> <div class=\"links\"> <div class=\"caption\"> <a href=\"https:\/\/www.green-solutions.info\/es\/la-reserva-de-la-biosfera-del-rhoen-confia-en-tourinfra\/\" class=\"portfolio-item-link\"> <span class=\"screen-reader-text\">La Reserva de la Biosfera del Rh\u00f6n conf\u00eda en tourinfra<\/span> <\/a> <div class=\"slide-content\"> <div class=\"slide-content-visible\"> <div class=\"title\"> <span class=\"title-h5 \">La Reserva de la Biosfera del Rh\u00f6n conf\u00eda en tourinfra<\/span> <\/div> <\/div> <div class=\"slide-content-hidden\"> <div class=\"description\"> <div class=\"subtitle\"> <span class=\"text-body\"><p>La Reserva de la Biosfera del Rh\u00f6n conf\u00eda en tourinfra<\/p>\n<\/span> <\/div> <\/div> <\/div> <\/div> <\/div> <\/div> <\/div> <\/div> <\/div> <\/div> <\/div> <div class=\"portfolio-item archivo-de-noticias pagina-de-inicio referencias-es col-xs-12 col-sm-6 columns-desktop-5 item-animations-not-inited post-hide-date appearance-type- post-96394 post type-post status-publish format-standard has-post-thumbnail category-archivo-de-noticias category-pagina-de-inicio category-referencias-es\" data-default-sort=\"257\" data-sort-date=\"1654775715\"> <div class=\"wrap clearfix\"> <div class=\"image post-96394 post type-post status-publish format-standard has-post-thumbnail category-archivo-de-noticias category-pagina-de-inicio category-referencias-es\"> <div class=\"image-inner \"> <picture> <img src=\"https:\/\/www.green-solutions.info\/wp-content\/uploads\/2026\/04\/transparent-thegem-product-justified-square-m.png\" width=\"400\" height=\"400\" class=\"attachment-thegem-product-justified-square-m\" alt=\"El Parque Natural de Steigerwald conf\u00eda en tourinfra\" \/> <\/picture> <div class=\"post-featured-content\"><a href=\"https:\/\/www.green-solutions.info\/es\/el-parque-natural-de-steigerwald-confia-en-tourinfra\/\"> <picture> <source srcset=\"https:\/\/www.green-solutions.info\/wp-content\/uploads\/2022\/06\/Hauptwegweiser_Naturpark_Steigerwald_ents-thegem-product-justified-square-m.jpg 1x\" sizes=\"100vw\"> <img src=\"https:\/\/www.green-solutions.info\/wp-content\/uploads\/2022\/06\/Hauptwegweiser_Naturpark_Steigerwald_ents-thegem-product-justified-square-m.jpg\" width=\"400\" height=\"400\" class=\"img-responsive\" alt=\"Hauptwegweiser_Naturpark_Steigerwald_ents\" \/> <\/picture> <\/a><\/div> <\/div> <div class=\"overlay\"> <div class=\"overlay-circle\"><\/div> <div class=\"links-wrapper\"> <div class=\"links\"> <div class=\"caption\"> <a href=\"https:\/\/www.green-solutions.info\/es\/el-parque-natural-de-steigerwald-confia-en-tourinfra\/\" class=\"portfolio-item-link\"> <span class=\"screen-reader-text\">El Parque Natural de Steigerwald conf\u00eda en tourinfra<\/span> <\/a> <div class=\"slide-content\"> <div class=\"slide-content-visible\"> <div class=\"title\"> <span class=\"title-h5 \">El Parque Natural de Steigerwald conf\u00eda en tourinfra<\/span> <\/div> <\/div> <div class=\"slide-content-hidden\"> <div class=\"description\"> <div class=\"subtitle\"> <span class=\"text-body\"><p>El Parque Natural de Steigerwald conf\u00eda en tourinfra<\/p>\n<\/span> <\/div> <\/div> <\/div> <\/div> <\/div> <\/div> <\/div> <\/div> <\/div> <\/div> <\/div> <div class=\"portfolio-item archivo-de-noticias pagina-de-inicio referencias-es col-xs-12 col-sm-6 columns-desktop-5 item-animations-not-inited post-hide-date appearance-type- post-96290 post type-post status-publish format-standard has-post-thumbnail category-archivo-de-noticias category-pagina-de-inicio category-referencias-es\" data-default-sort=\"262\" data-sort-date=\"1648122962\"> <div class=\"wrap clearfix\"> <div class=\"image post-96290 post type-post status-publish format-standard has-post-thumbnail category-archivo-de-noticias category-pagina-de-inicio category-referencias-es\"> <div class=\"image-inner \"> <picture> <img src=\"https:\/\/www.green-solutions.info\/wp-content\/uploads\/2026\/04\/transparent-thegem-product-justified-square-m.png\" width=\"400\" height=\"400\" class=\"attachment-thegem-product-justified-square-m\" alt=\"Parque de carreras Miesbach Hausham\" \/> <\/picture> <div class=\"post-featured-content\"><a href=\"https:\/\/www.green-solutions.info\/es\/parque-de-carreras-miesbach-hausham\/\"> <picture> <source srcset=\"https:\/\/www.green-solutions.info\/wp-content\/uploads\/2022\/03\/IMG_3339-2.jpg-web-800_ents-thegem-product-justified-square-m.jpg 1x\" sizes=\"100vw\"> <img src=\"https:\/\/www.green-solutions.info\/wp-content\/uploads\/2022\/03\/IMG_3339-2.jpg-web-800_ents-thegem-product-justified-square-m.jpg\" width=\"400\" height=\"400\" class=\"img-responsive\" alt=\"IMG_3339-2.jpg-web-800_ents\" \/> <\/picture> <\/a><\/div> <\/div> <div class=\"overlay\"> <div class=\"overlay-circle\"><\/div> <div class=\"links-wrapper\"> <div class=\"links\"> <div class=\"caption\"> <a href=\"https:\/\/www.green-solutions.info\/es\/parque-de-carreras-miesbach-hausham\/\" class=\"portfolio-item-link\"> <span class=\"screen-reader-text\">Parque de carreras Miesbach Hausham<\/span> <\/a> <div class=\"slide-content\"> <div class=\"slide-content-visible\"> <div class=\"title\"> <span class=\"title-h5 \">Parque de carreras Miesbach Hausham<\/span> <\/div> <\/div> <div class=\"slide-content-hidden\"> <div class=\"description\"> <div class=\"subtitle\"> <span class=\"text-body\"><p>Medidas de direcci\u00f3n e infraestructura para el parque de carreras Miesbach-Hausham<\/p>\n<\/span> <\/div> <\/div> <\/div> <\/div> <\/div> <\/div> <\/div> <\/div> <\/div> <\/div> <\/div> <div class=\"portfolio-item archivo-de-noticias arge-nordico-es pagina-de-inicio referencias-es col-xs-12 col-sm-6 columns-desktop-5 item-animations-not-inited post-hide-date appearance-type- post-96216 post type-post status-publish format-standard has-post-thumbnail category-archivo-de-noticias category-arge-nordico-es category-pagina-de-inicio category-referencias-es\" data-default-sort=\"269\" data-sort-date=\"1639914983\"> <div class=\"wrap clearfix\"> <div class=\"image post-96216 post type-post status-publish format-standard has-post-thumbnail category-archivo-de-noticias category-arge-nordico-es category-pagina-de-inicio category-referencias-es\"> <div class=\"image-inner \"> <picture> <img src=\"https:\/\/www.green-solutions.info\/wp-content\/uploads\/2026\/04\/transparent-thegem-product-justified-square-m.png\" width=\"400\" height=\"400\" class=\"attachment-thegem-product-justified-square-m\" alt=\"Gestores de senderos en acci\u00f3n del Rh\u00f6n a Sankt Moritz\" \/> <\/picture> <div class=\"post-featured-content\"><a href=\"https:\/\/www.green-solutions.info\/es\/gestores-de-senderos-en-accion-del-rhoen-a-sankt-moritz\/\"> <picture> <source srcset=\"https:\/\/www.green-solutions.info\/wp-content\/uploads\/2021\/12\/beitraege-lm_ents-thegem-product-justified-square-m.jpg 1x\" sizes=\"100vw\"> <img src=\"https:\/\/www.green-solutions.info\/wp-content\/uploads\/2021\/12\/beitraege-lm_ents-thegem-product-justified-square-m.jpg\" width=\"400\" height=\"400\" class=\"img-responsive\" alt=\"beitraege-lm_ents\" \/> <\/picture> <\/a><\/div> <\/div> <div class=\"overlay\"> <div class=\"overlay-circle\"><\/div> <div class=\"links-wrapper\"> <div class=\"links\"> <div class=\"caption\"> <a href=\"https:\/\/www.green-solutions.info\/es\/gestores-de-senderos-en-accion-del-rhoen-a-sankt-moritz\/\" class=\"portfolio-item-link\"> <span class=\"screen-reader-text\">Gestores de senderos en acci\u00f3n del Rh\u00f6n a Sankt Moritz<\/span> <\/a> <div class=\"slide-content\"> <div class=\"slide-content-visible\"> <div class=\"title\"> <span class=\"title-h5 \">Gestores de senderos en acci\u00f3n del Rh\u00f6n a Sankt Moritz<\/span> <\/div> <\/div> <div class=\"slide-content-hidden\"> <div class=\"description\"> <div class=\"subtitle\"> <span class=\"text-body\"><p>Lo hemos planificado para 2024.<\/p>\n<\/span> <\/div> <\/div> <\/div> <\/div> <\/div> <\/div> <\/div> <\/div> <\/div> <\/div> <\/div> <div class=\"portfolio-item archivo-de-noticias liberacion-tourinfra pagina-de-inicio referencias-es col-xs-12 col-sm-6 columns-desktop-5 item-animations-not-inited post-hide-date appearance-type- post-96192 post type-post status-publish format-standard has-post-thumbnail category-archivo-de-noticias category-liberacion-tourinfra category-pagina-de-inicio category-referencias-es\" data-default-sort=\"266\" data-sort-date=\"1638014240\"> <div class=\"wrap clearfix\"> <div class=\"image post-96192 post type-post status-publish format-standard has-post-thumbnail category-archivo-de-noticias category-liberacion-tourinfra category-pagina-de-inicio category-referencias-es\"> <div class=\"image-inner \"> <picture> <img src=\"https:\/\/www.green-solutions.info\/wp-content\/uploads\/2026\/04\/transparent-thegem-product-justified-square-m.png\" width=\"400\" height=\"400\" class=\"attachment-thegem-product-justified-square-m\" alt=\"Entra en funcionamiento el nuevo sistema de gesti\u00f3n de la calidad\" \/> <\/picture> <div class=\"post-featured-content\"><a href=\"https:\/\/www.green-solutions.info\/es\/entra-en-funcionamiento-el-nuevo-sistema-de-gestion-de-la-calidad\/\"> <picture> <source srcset=\"https:\/\/www.green-solutions.info\/wp-content\/uploads\/2021\/11\/qm2_beitrag_ents-thegem-product-justified-square-m.jpg 1x\" sizes=\"100vw\"> <img src=\"https:\/\/www.green-solutions.info\/wp-content\/uploads\/2021\/11\/qm2_beitrag_ents-thegem-product-justified-square-m.jpg\" width=\"400\" height=\"400\" class=\"img-responsive\" alt=\"qm2_beitrag_ents\" \/> <\/picture> <\/a><\/div> <\/div> <div class=\"overlay\"> <div class=\"overlay-circle\"><\/div> <div class=\"links-wrapper\"> <div class=\"links\"> <div class=\"caption\"> <a href=\"https:\/\/www.green-solutions.info\/es\/entra-en-funcionamiento-el-nuevo-sistema-de-gestion-de-la-calidad\/\" class=\"portfolio-item-link\"> <span class=\"screen-reader-text\">Entra en funcionamiento el nuevo sistema de gesti\u00f3n de la calidad<\/span> <\/a> <div class=\"slide-content\"> <div class=\"slide-content-visible\"> <div class=\"title\"> <span class=\"title-h5 \">Entra en funcionamiento el nuevo sistema de gesti\u00f3n de la calidad<\/span> <\/div> <\/div> <div class=\"slide-content-hidden\"> <div class=\"description\"> <div class=\"subtitle\"> <span class=\"text-body\"><p>Gesti\u00f3n de calidad ampliada a disposici\u00f3n de todos los usuarios y clientes de tourinfra\u00ae.<\/p>\n<\/span> <\/div> <\/div> <\/div> <\/div> <\/div> <\/div> <\/div> <\/div> <\/div> <\/div> <\/div> <div class=\"portfolio-item archivo-de-noticias referencias-es tourinfra-es col-xs-12 col-sm-6 columns-desktop-5 item-animations-not-inited post-hide-date appearance-type- post-94092 post type-post status-publish format-standard has-post-thumbnail category-archivo-de-noticias category-referencias-es category-tourinfra-es\" data-default-sort=\"229\" data-sort-date=\"1636985862\"> <div class=\"wrap clearfix\"> <div class=\"image post-94092 post type-post status-publish format-standard has-post-thumbnail category-archivo-de-noticias category-referencias-es category-tourinfra-es\"> <div class=\"image-inner \"> <picture> <img src=\"https:\/\/www.green-solutions.info\/wp-content\/uploads\/2026\/04\/transparent-thegem-product-justified-square-m.png\" width=\"400\" height=\"400\" class=\"attachment-thegem-product-justified-square-m\" alt=\"Nueva se\u00f1alizaci\u00f3n de rutas de senderismo en el ILE Zellertal\" \/> <\/picture> <div class=\"post-featured-content\"><a href=\"https:\/\/www.green-solutions.info\/es\/nueva-senalizacion-de-rutas-de-senderismo-en-el-ile-zellertal\/\"> <picture> <source srcset=\"https:\/\/www.green-solutions.info\/wp-content\/uploads\/2021\/11\/beitraege-ile_ents-thegem-product-justified-square-m.jpg 1x\" sizes=\"100vw\"> <img src=\"https:\/\/www.green-solutions.info\/wp-content\/uploads\/2021\/11\/beitraege-ile_ents-thegem-product-justified-square-m.jpg\" width=\"400\" height=\"400\" class=\"img-responsive\" alt=\"beitraege-ile_ents\" \/> <\/picture> <\/a><\/div> <\/div> <div class=\"overlay\"> <div class=\"overlay-circle\"><\/div> <div class=\"links-wrapper\"> <div class=\"links\"> <div class=\"caption\"> <a href=\"https:\/\/www.green-solutions.info\/es\/nueva-senalizacion-de-rutas-de-senderismo-en-el-ile-zellertal\/\" class=\"portfolio-item-link\"> <span class=\"screen-reader-text\">Nueva se\u00f1alizaci\u00f3n de rutas de senderismo en el ILE Zellertal<\/span> <\/a> <div class=\"slide-content\"> <div class=\"slide-content-visible\"> <div class=\"title\"> <span class=\"title-h5 \">Nueva se\u00f1alizaci\u00f3n de rutas de senderismo en el ILE Zellertal<\/span> <\/div> <\/div> <div class=\"slide-content-hidden\"> <div class=\"description\"> <div class=\"subtitle\"> <span class=\"text-body\"><p>Nueva se\u00f1alizaci\u00f3n de rutas de senderismo en el ILE Zellertal realizada con ayuda de tourinfra.<\/p>\n<\/span> <\/div> <\/div> <\/div> <\/div> <\/div> <\/div> <\/div> <\/div> <\/div> <\/div> <\/div> <div class=\"portfolio-item archivo-de-noticias referencias-es col-xs-12 col-sm-6 columns-desktop-5 item-animations-not-inited post-hide-date appearance-type- post-94105 post type-post status-publish format-standard has-post-thumbnail category-archivo-de-noticias category-referencias-es\" data-default-sort=\"105\" data-sort-date=\"1636621778\"> <div class=\"wrap clearfix\"> <div class=\"image post-94105 post type-post status-publish format-standard has-post-thumbnail category-archivo-de-noticias category-referencias-es\"> <div class=\"image-inner \"> <picture> <img src=\"https:\/\/www.green-solutions.info\/wp-content\/uploads\/2026\/04\/transparent-thegem-product-justified-square-m.png\" width=\"400\" height=\"400\" class=\"attachment-thegem-product-justified-square-m\" alt=\"Cliente premium de Emsland viajando por el norte con tourinframobil\" \/> <\/picture> <div class=\"post-featured-content\"><a href=\"https:\/\/www.green-solutions.info\/es\/cliente-premium-de-emsland-viajando-por-el-norte-con-tourinframobil\/\"> <picture> <source srcset=\"https:\/\/www.green-solutions.info\/wp-content\/uploads\/2021\/11\/rtl-nord_ents-thegem-product-justified-square-m.jpg 1x\" sizes=\"100vw\"> <img src=\"https:\/\/www.green-solutions.info\/wp-content\/uploads\/2021\/11\/rtl-nord_ents-thegem-product-justified-square-m.jpg\" width=\"400\" height=\"400\" class=\"img-responsive\" alt=\"rtl-nord_ents\" \/> <\/picture> <\/a><\/div> <\/div> <div class=\"overlay\"> <div class=\"overlay-circle\"><\/div> <div class=\"links-wrapper\"> <div class=\"links\"> <div class=\"caption\"> <a href=\"https:\/\/www.green-solutions.info\/es\/cliente-premium-de-emsland-viajando-por-el-norte-con-tourinframobil\/\" class=\"portfolio-item-link\"> <span class=\"screen-reader-text\">Cliente premium de Emsland viajando por el norte con tourinframobil<\/span> <\/a> <div class=\"slide-content\"> <div class=\"slide-content-visible\"> <div class=\"title\"> <span class=\"title-h5 \">Cliente premium de Emsland viajando por el norte con tourinframobil<\/span> <\/div> <\/div> <div class=\"slide-content-hidden\"> <div class=\"description\"> <div class=\"subtitle\"> <span class=\"text-body\"><p>Tourinramobil en acci\u00f3n en Emsland, RTL ech\u00f3 un vistazo m\u00e1s de cerca.<\/p>\n<\/span> <\/div> <\/div> <\/div> <\/div> <\/div> <\/div> <\/div> <\/div> <\/div> <\/div> <\/div> <div class=\"portfolio-item archivo-de-noticias referencias-es col-xs-12 col-sm-6 columns-desktop-5 item-animations-not-inited post-hide-date appearance-type- post-94198 post type-post status-publish format-standard has-post-thumbnail category-archivo-de-noticias category-referencias-es\" data-default-sort=\"104\" data-sort-date=\"1628171262\"> <div class=\"wrap clearfix\"> <div class=\"image post-94198 post type-post status-publish format-standard has-post-thumbnail category-archivo-de-noticias category-referencias-es\"> <div class=\"image-inner \"> <picture> <img src=\"https:\/\/www.green-solutions.info\/wp-content\/uploads\/2026\/04\/transparent-thegem-product-justified-square-m.png\" width=\"400\" height=\"400\" class=\"attachment-thegem-product-justified-square-m\" alt=\"Un d\u00fao perfecto &#8211; Mapa BTT Chiemgau Oeste y Este\" \/> <\/picture> <div class=\"post-featured-content\"><a href=\"https:\/\/www.green-solutions.info\/es\/un-duo-perfecto-mapa-btt-chiemgau-oeste-y-este\/\"> <picture> <source srcset=\"https:\/\/www.green-solutions.info\/wp-content\/uploads\/2021\/08\/image00068web800x700_mtb_chiem_ents-thegem-product-justified-square-m.jpg 1x\" sizes=\"100vw\"> <img src=\"https:\/\/www.green-solutions.info\/wp-content\/uploads\/2021\/08\/image00068web800x700_mtb_chiem_ents-thegem-product-justified-square-m.jpg\" width=\"400\" height=\"400\" class=\"img-responsive\" alt=\"image00068web800x700_mtb_chiem_ents\" \/> <\/picture> <\/a><\/div> <\/div> <div class=\"overlay\"> <div class=\"overlay-circle\"><\/div> <div class=\"links-wrapper\"> <div class=\"links\"> <div class=\"caption\"> <a href=\"https:\/\/www.green-solutions.info\/es\/un-duo-perfecto-mapa-btt-chiemgau-oeste-y-este\/\" class=\"portfolio-item-link\"> <span class=\"screen-reader-text\">Un d\u00fao perfecto &#8211; Mapa BTT Chiemgau Oeste y Este<\/span> <\/a> <div class=\"slide-content\"> <div class=\"slide-content-visible\"> <div class=\"title\"> <span class=\"title-h5 \">Un d\u00fao perfecto &#8211; Mapa BTT Chiemgau Oeste y Este<\/span> <\/div> <\/div> <div class=\"slide-content-hidden\"> <div class=\"description\"> <div class=\"subtitle\"> <span class=\"text-body\"><p>Mapa BTT de Chiemgau Oeste y Este<\/p>\n<\/span> <\/div> <\/div> <\/div> <\/div> <\/div> <\/div> <\/div> <\/div> <\/div> <\/div> <\/div> <div class=\"portfolio-item archivo-de-noticias referencias-es col-xs-12 col-sm-6 columns-desktop-5 item-animations-not-inited post-hide-date appearance-type- post-94210 post type-post status-publish format-standard has-post-thumbnail category-archivo-de-noticias category-referencias-es\" data-default-sort=\"463\" data-sort-date=\"1628074749\"> <div class=\"wrap clearfix\"> <div class=\"image post-94210 post type-post status-publish format-standard has-post-thumbnail category-archivo-de-noticias category-referencias-es\"> <div class=\"image-inner \"> <picture> <img src=\"https:\/\/www.green-solutions.info\/wp-content\/uploads\/2026\/04\/transparent-thegem-product-justified-square-m.png\" width=\"400\" height=\"400\" class=\"attachment-thegem-product-justified-square-m\" alt=\"Dos de golpe &#8211; Mapa de ciclismo y senderismo de Pfaffenhofen\" \/> <\/picture> <div class=\"post-featured-content\"><a href=\"https:\/\/www.green-solutions.info\/es\/dos-de-golpe-mapa-de-ciclismo-y-senderismo-de-pfaffenhofen\/\"> <picture> <source srcset=\"https:\/\/www.green-solutions.info\/wp-content\/uploads\/2021\/08\/DSCF0970-Beitragsbild_wk_pfaff_ents-thegem-product-justified-square-m.jpg 1x\" sizes=\"100vw\"> <img src=\"https:\/\/www.green-solutions.info\/wp-content\/uploads\/2021\/08\/DSCF0970-Beitragsbild_wk_pfaff_ents-thegem-product-justified-square-m.jpg\" width=\"400\" height=\"400\" class=\"img-responsive\" alt=\"DSCF0970-Beitragsbild_wk_pfaff_ents\" \/> <\/picture> <\/a><\/div> <\/div> <div class=\"overlay\"> <div class=\"overlay-circle\"><\/div> <div class=\"links-wrapper\"> <div class=\"links\"> <div class=\"caption\"> <a href=\"https:\/\/www.green-solutions.info\/es\/dos-de-golpe-mapa-de-ciclismo-y-senderismo-de-pfaffenhofen\/\" class=\"portfolio-item-link\"> <span class=\"screen-reader-text\">Dos de golpe &#8211; Mapa de ciclismo y senderismo de Pfaffenhofen<\/span> <\/a> <div class=\"slide-content\"> <div class=\"slide-content-visible\"> <div class=\"title\"> <span class=\"title-h5 \">Dos de golpe &#8211; Mapa de ciclismo y senderismo de Pfaffenhofen<\/span> <\/div> <\/div> <div class=\"slide-content-hidden\"> <div class=\"description\"> <div class=\"subtitle\"> <span class=\"text-body\"><p>Mapa de ciclismo y senderismo de Pfaffenhofen<\/p>\n<\/span> <\/div> <\/div> <\/div> <\/div> <\/div> <\/div> <\/div> <\/div> <\/div> <\/div> <\/div> <div class=\"portfolio-item archivo-de-noticias cartografia-es referencias-es col-xs-12 col-sm-6 columns-desktop-5 item-animations-not-inited post-hide-date appearance-type- post-94594 post type-post status-publish format-standard has-post-thumbnail category-archivo-de-noticias category-cartografia-es category-referencias-es\" data-default-sort=\"524\" data-sort-date=\"1625732887\"> <div class=\"wrap clearfix\"> <div class=\"image post-94594 post type-post status-publish format-standard has-post-thumbnail category-archivo-de-noticias category-cartografia-es category-referencias-es\"> <div class=\"image-inner \"> <picture> <img src=\"https:\/\/www.green-solutions.info\/wp-content\/uploads\/2026\/04\/transparent-thegem-product-justified-square-m.png\" width=\"400\" height=\"400\" class=\"attachment-thegem-product-justified-square-m\" alt=\"Obermain Jura &#8211; El Jard\u00edn de Dios\" \/> <\/picture> <div class=\"post-featured-content\"><a href=\"https:\/\/www.green-solutions.info\/es\/obermain-jura-el-jardin-de-dios\/\"> <picture> <source srcset=\"https:\/\/www.green-solutions.info\/wp-content\/uploads\/2021\/07\/IMG_2419-Beitragsbild_ents-thegem-product-justified-square-m.jpg 1x\" sizes=\"100vw\"> <img src=\"https:\/\/www.green-solutions.info\/wp-content\/uploads\/2021\/07\/IMG_2419-Beitragsbild_ents-thegem-product-justified-square-m.jpg\" width=\"400\" height=\"400\" class=\"img-responsive\" alt=\"IMG_2419-Beitragsbild_ents\" \/> <\/picture> <\/a><\/div> <\/div> <div class=\"overlay\"> <div class=\"overlay-circle\"><\/div> <div class=\"links-wrapper\"> <div class=\"links\"> <div class=\"caption\"> <a href=\"https:\/\/www.green-solutions.info\/es\/obermain-jura-el-jardin-de-dios\/\" class=\"portfolio-item-link\"> <span class=\"screen-reader-text\">Obermain Jura &#8211; El Jard\u00edn de Dios<\/span> <\/a> <div class=\"slide-content\"> <div class=\"slide-content-visible\"> <div class=\"title\"> <span class=\"title-h5 \">Obermain Jura &#8211; El Jard\u00edn de Dios<\/span> <\/div> <\/div> <div class=\"slide-content-hidden\"> <div class=\"description\"> <div class=\"subtitle\"> <span class=\"text-body\"><p>Obermain Jura &#8211; El Jard\u00edn de Dios Todo de un vistazo &#8211; Mapa general de la regi\u00f3n tur\u00edstica<\/p>\n<\/span> <\/div> <\/div> <\/div> <\/div> <\/div> <\/div> <\/div> <\/div> <\/div> <\/div> <\/div> <div class=\"portfolio-item archivo-de-noticias cartografia-es referencias-es col-xs-12 col-sm-6 columns-desktop-5 item-animations-not-inited post-hide-date appearance-type- post-94407 post type-post status-publish format-standard has-post-thumbnail category-archivo-de-noticias category-cartografia-es category-referencias-es\" data-default-sort=\"539\" data-sort-date=\"1622104200\"> <div class=\"wrap clearfix\"> <div class=\"image post-94407 post type-post status-publish format-standard has-post-thumbnail category-archivo-de-noticias category-cartografia-es category-referencias-es\"> <div class=\"image-inner \"> <picture> <img src=\"https:\/\/www.green-solutions.info\/wp-content\/uploads\/2026\/04\/transparent-thegem-product-justified-square-m.png\" width=\"400\" height=\"400\" class=\"attachment-thegem-product-justified-square-m\" alt=\"Recorridos de descubrimiento en autocaravana entre el Rin y el Alb Suabo\" \/> <\/picture> <div class=\"post-featured-content\"><a href=\"https:\/\/www.green-solutions.info\/es\/recorridos-de-descubrimiento-en-autocaravana-entre-el-rin-y-el-alb-suabo\/\"> <picture> <source srcset=\"https:\/\/www.green-solutions.info\/wp-content\/uploads\/2021\/05\/IMG_2403.Titelbild-neujpg_ents-thegem-product-justified-square-m.jpg 1x\" sizes=\"100vw\"> <img src=\"https:\/\/www.green-solutions.info\/wp-content\/uploads\/2021\/05\/IMG_2403.Titelbild-neujpg_ents-thegem-product-justified-square-m.jpg\" width=\"400\" height=\"400\" class=\"img-responsive\" alt=\"IMG_2403.Titelbild-neujpg_ents\" \/> <\/picture> <\/a><\/div> <\/div> <div class=\"overlay\"> <div class=\"overlay-circle\"><\/div> <div class=\"links-wrapper\"> <div class=\"links\"> <div class=\"caption\"> <a href=\"https:\/\/www.green-solutions.info\/es\/recorridos-de-descubrimiento-en-autocaravana-entre-el-rin-y-el-alb-suabo\/\" class=\"portfolio-item-link\"> <span class=\"screen-reader-text\">Recorridos de descubrimiento en autocaravana entre el Rin y el Alb Suabo<\/span> <\/a> <div class=\"slide-content\"> <div class=\"slide-content-visible\"> <div class=\"title\"> <span class=\"title-h5 \">Recorridos de descubrimiento en autocaravana entre el Rin y el Alb Suabo<\/span> <\/div> <\/div> <div class=\"slide-content-hidden\"> <div class=\"description\"> <div class=\"subtitle\"> <span class=\"text-body\"><p>Recorridos de descubrimiento en autocaravana entre el Rin y el Alb Suabo<\/p>\n<\/span> <\/div> <\/div> <\/div> <\/div> <\/div> <\/div> <\/div> <\/div> <\/div> <\/div> <\/div> <div class=\"portfolio-item archivo-de-noticias referencias-es col-xs-12 col-sm-6 columns-desktop-5 item-animations-not-inited post-hide-date appearance-type- post-94615 post type-post status-publish format-standard has-post-thumbnail category-archivo-de-noticias category-referencias-es\" data-default-sort=\"540\" data-sort-date=\"1613036566\"> <div class=\"wrap clearfix\"> <div class=\"image post-94615 post type-post status-publish format-standard has-post-thumbnail category-archivo-de-noticias category-referencias-es\"> <div class=\"image-inner \"> <picture> <img src=\"https:\/\/www.green-solutions.info\/wp-content\/uploads\/2026\/04\/transparent-thegem-product-justified-square-m.png\" width=\"400\" height=\"400\" class=\"attachment-thegem-product-justified-square-m\" alt=\"Experimenta, aprende, descubre &#8211; Mapa ciclista de Simultankirchen\" \/> <\/picture> <div class=\"post-featured-content\"><a href=\"https:\/\/www.green-solutions.info\/es\/experimenta-aprende-descubre-mapa-ciclista-de-simultankirchen\/\"> <picture> <source srcset=\"https:\/\/www.green-solutions.info\/wp-content\/uploads\/2021\/02\/IMG_2188BBeitragsbildneu-_ents-1-thegem-product-justified-square-m.jpg 1x\" sizes=\"100vw\"> <img src=\"https:\/\/www.green-solutions.info\/wp-content\/uploads\/2021\/02\/IMG_2188BBeitragsbildneu-_ents-1-thegem-product-justified-square-m.jpg\" width=\"400\" height=\"400\" class=\"img-responsive\" alt=\"IMG_2188BBeitragsbildneu-_ents\" \/> <\/picture> <\/a><\/div> <\/div> <div class=\"overlay\"> <div class=\"overlay-circle\"><\/div> <div class=\"links-wrapper\"> <div class=\"links\"> <div class=\"caption\"> <a href=\"https:\/\/www.green-solutions.info\/es\/experimenta-aprende-descubre-mapa-ciclista-de-simultankirchen\/\" class=\"portfolio-item-link\"> <span class=\"screen-reader-text\">Experimenta, aprende, descubre &#8211; Mapa ciclista de Simultankirchen<\/span> <\/a> <div class=\"slide-content\"> <div class=\"slide-content-visible\"> <div class=\"title\"> <span class=\"title-h5 \">Experimenta, aprende, descubre &#8211; Mapa ciclista de Simultankirchen<\/span> <\/div> <\/div> <div class=\"slide-content-hidden\"> <div class=\"description\"> <div class=\"subtitle\"> <span class=\"text-body\"><p>Un paquete integral sin preocupaciones para el F\u00f6rderverein de Simultankirchen. Desde el trazado de rutas y la se\u00f1alizaci\u00f3n hasta el mapa impreso y la salida del recorrido en el sitio web: todo de una sola mano de green-solutions. <\/p>\n<\/span> <\/div> <\/div> <\/div> <\/div> <\/div> <\/div> <\/div> <\/div> <\/div> <\/div> <\/div> <div class=\"portfolio-item archivo-de-noticias arge-nordico-es referencias-es col-xs-12 col-sm-6 columns-desktop-5 item-animations-not-inited post-hide-date appearance-type- post-94701 post type-post status-publish format-standard has-post-thumbnail category-archivo-de-noticias category-arge-nordico-es category-referencias-es\" data-default-sort=\"525\" data-sort-date=\"1612310127\"> <div class=\"wrap clearfix\"> <div class=\"image post-94701 post type-post status-publish format-standard has-post-thumbnail category-archivo-de-noticias category-arge-nordico-es category-referencias-es\"> <div class=\"image-inner \"> <picture> <img src=\"https:\/\/www.green-solutions.info\/wp-content\/uploads\/2026\/04\/transparent-thegem-product-justified-square-m.png\" width=\"400\" height=\"400\" class=\"attachment-thegem-product-justified-square-m\" alt=\"Gestor de senderos en acci\u00f3n en el Rh\u00f6n\" \/> <\/picture> <div class=\"post-featured-content\"><a href=\"https:\/\/www.green-solutions.info\/es\/gestor-de-senderos-en-accion-en-el-rhoen\/\"> <picture> <source srcset=\"https:\/\/www.green-solutions.info\/wp-content\/uploads\/2021\/02\/loipenpark_ents-thegem-product-justified-square-m.jpg 1x\" sizes=\"100vw\"> <img src=\"https:\/\/www.green-solutions.info\/wp-content\/uploads\/2021\/02\/loipenpark_ents-thegem-product-justified-square-m.jpg\" width=\"400\" height=\"400\" class=\"img-responsive\" alt=\"loipenpark_ents\" \/> <\/picture> <\/a><\/div> <\/div> <div class=\"overlay\"> <div class=\"overlay-circle\"><\/div> <div class=\"links-wrapper\"> <div class=\"links\"> <div class=\"caption\"> <a href=\"https:\/\/www.green-solutions.info\/es\/gestor-de-senderos-en-accion-en-el-rhoen\/\" class=\"portfolio-item-link\"> <span class=\"screen-reader-text\">Gestor de senderos en acci\u00f3n en el Rh\u00f6n<\/span> <\/a> <div class=\"slide-content\"> <div class=\"slide-content-visible\"> <div class=\"title\"> <span class=\"title-h5 \">Gestor de senderos en acci\u00f3n en el Rh\u00f6n<\/span> <\/div> <\/div> <div class=\"slide-content-hidden\"> <div class=\"description\"> <div class=\"subtitle\"> <span class=\"text-body\"><p>Gestor de senderos en el Rh\u00f6n<\/p>\n<\/span> <\/div> <\/div> <\/div> <\/div> <\/div> <\/div> <\/div> <\/div> <\/div> <\/div> <\/div> <div class=\"portfolio-item archivo-de-noticias arge-nordico-es referencias-es col-xs-12 col-sm-6 columns-desktop-5 item-animations-not-inited post-hide-date appearance-type- post-94804 post type-post status-publish format-standard has-post-thumbnail category-archivo-de-noticias category-arge-nordico-es category-referencias-es\" data-default-sort=\"526\" data-sort-date=\"1612129212\"> <div class=\"wrap clearfix\"> <div class=\"image post-94804 post type-post status-publish format-standard has-post-thumbnail category-archivo-de-noticias category-arge-nordico-es category-referencias-es\"> <div class=\"image-inner \"> <picture> <img src=\"https:\/\/www.green-solutions.info\/wp-content\/uploads\/2026\/04\/transparent-thegem-product-justified-square-m.png\" width=\"400\" height=\"400\" class=\"attachment-thegem-product-justified-square-m\" alt=\"Gestores de senderos en acci\u00f3n en Engadina y Davos\" \/> <\/picture> <div class=\"post-featured-content\"><a href=\"https:\/\/www.green-solutions.info\/es\/gestores-de-senderos-en-accion-en-engadina-y-davos\/\"> <picture> <source srcset=\"https:\/\/www.green-solutions.info\/wp-content\/uploads\/2021\/01\/wp_engadin_ents-thegem-product-justified-square-m.jpg 1x\" sizes=\"100vw\"> <img src=\"https:\/\/www.green-solutions.info\/wp-content\/uploads\/2021\/01\/wp_engadin_ents-thegem-product-justified-square-m.jpg\" width=\"400\" height=\"400\" class=\"img-responsive\" alt=\"wp_engadin_ents\" \/> <\/picture> <\/a><\/div> <\/div> <div class=\"overlay\"> <div class=\"overlay-circle\"><\/div> <div class=\"links-wrapper\"> <div class=\"links\"> <div class=\"caption\"> <a href=\"https:\/\/www.green-solutions.info\/es\/gestores-de-senderos-en-accion-en-engadina-y-davos\/\" class=\"portfolio-item-link\"> <span class=\"screen-reader-text\">Gestores de senderos en acci\u00f3n en Engadina y Davos<\/span> <\/a> <div class=\"slide-content\"> <div class=\"slide-content-visible\"> <div class=\"title\"> <span class=\"title-h5 \">Gestores de senderos en acci\u00f3n en Engadina y Davos<\/span> <\/div> <\/div> <div class=\"slide-content-hidden\"> <div class=\"description\"> <div class=\"subtitle\"> <span class=\"text-body\"><p>Gestor de senderos en acci\u00f3n en la Engadina<\/p>\n<\/span> <\/div> <\/div> <\/div> <\/div> <\/div> <\/div> <\/div> <\/div> <\/div> <\/div> <\/div> <div class=\"portfolio-item archivo-de-noticias arge-nordico-es referencias-es col-xs-12 col-sm-6 columns-desktop-5 item-animations-not-inited post-hide-date appearance-type- post-94825 post type-post status-publish format-standard has-post-thumbnail category-archivo-de-noticias category-arge-nordico-es category-referencias-es\" data-default-sort=\"531\" data-sort-date=\"1606998657\"> <div class=\"wrap clearfix\"> <div class=\"image post-94825 post type-post status-publish format-standard has-post-thumbnail category-archivo-de-noticias category-arge-nordico-es category-referencias-es\"> <div class=\"image-inner \"> <picture> <img src=\"https:\/\/www.green-solutions.info\/wp-content\/uploads\/2026\/04\/transparent-thegem-product-justified-square-m.png\" width=\"400\" height=\"400\" class=\"attachment-thegem-product-justified-square-m\" alt=\"Para\u00edso para los esquiadores de fondo &#8211; Nueva se\u00f1alizaci\u00f3n del Tannheimer Tal y gestor de pistas\" \/> <\/picture> <div class=\"post-featured-content\"><a href=\"https:\/\/www.green-solutions.info\/es\/paraiso-para-los-esquiadores-de-fondo-nueva-senalizacion-del-tannheimer-tal-y-gestor-de-pistas\/\"> <picture> <source srcset=\"https:\/\/www.green-solutions.info\/wp-content\/uploads\/2020\/12\/loipenmanager-tannheimer-tal_ents-1-thegem-product-justified-square-m.jpg 1x\" sizes=\"100vw\"> <img src=\"https:\/\/www.green-solutions.info\/wp-content\/uploads\/2020\/12\/loipenmanager-tannheimer-tal_ents-1-thegem-product-justified-square-m.jpg\" width=\"400\" height=\"400\" class=\"img-responsive\" alt=\"loipenmanager-tannheimer-tal_ents\" \/> <\/picture> <\/a><\/div> <\/div> <div class=\"overlay\"> <div class=\"overlay-circle\"><\/div> <div class=\"links-wrapper\"> <div class=\"links\"> <div class=\"caption\"> <a href=\"https:\/\/www.green-solutions.info\/es\/paraiso-para-los-esquiadores-de-fondo-nueva-senalizacion-del-tannheimer-tal-y-gestor-de-pistas\/\" class=\"portfolio-item-link\"> <span class=\"screen-reader-text\">Para\u00edso para los esquiadores de fondo &#8211; Nueva se\u00f1alizaci\u00f3n del Tannheimer Tal y gestor de pistas<\/span> <\/a> <div class=\"slide-content\"> <div class=\"slide-content-visible\"> <div class=\"title\"> <span class=\"title-h5 \">Para\u00edso para los esquiadores de fondo &#8211; Nueva se\u00f1alizaci\u00f3n del Tannheimer Tal y gestor de pistas<\/span> <\/div> <\/div> <div class=\"slide-content-hidden\"> <div class=\"description\"> <div class=\"subtitle\"> <span class=\"text-body\"><p>Gestor de senderos y se\u00f1alizaci\u00f3n de senderos para el Tannheimer Tal<\/p>\n<\/span> <\/div> <\/div> <\/div> <\/div> <\/div> <\/div> <\/div> <\/div> <\/div> <\/div> <\/div> <div class=\"portfolio-item archivo-de-noticias cartografia-es referencias-es col-xs-12 col-sm-6 columns-desktop-5 item-animations-not-inited post-hide-date appearance-type- post-94911 post type-post status-publish format-standard has-post-thumbnail category-archivo-de-noticias category-cartografia-es category-referencias-es\" data-default-sort=\"105\" data-sort-date=\"1605776709\"> <div class=\"wrap clearfix\"> <div class=\"image post-94911 post type-post status-publish format-standard has-post-thumbnail category-archivo-de-noticias category-cartografia-es category-referencias-es\"> <div class=\"image-inner \"> <picture> <img src=\"https:\/\/www.green-solutions.info\/wp-content\/uploads\/2026\/04\/transparent-thegem-product-justified-square-m.png\" width=\"400\" height=\"400\" class=\"attachment-thegem-product-justified-square-m\" alt=\"Un mapa de senderismo y marcha n\u00f3rdica para Bad Griesbach\" \/> <\/picture> <div class=\"post-featured-content\"><a href=\"https:\/\/www.green-solutions.info\/es\/un-mapa-de-senderismo-y-marcha-nordica-para-bad-griesbach\/\"> <picture> <source srcset=\"https:\/\/www.green-solutions.info\/wp-content\/uploads\/2020\/11\/bad_giressbach_beitrag_ents-thegem-product-justified-square-m.jpg 1x\" sizes=\"100vw\"> <img src=\"https:\/\/www.green-solutions.info\/wp-content\/uploads\/2020\/11\/bad_giressbach_beitrag_ents-thegem-product-justified-square-m.jpg\" width=\"400\" height=\"400\" class=\"img-responsive\" alt=\"bad_giressbach_beitrag_ents\" \/> <\/picture> <\/a><\/div> <\/div> <div class=\"overlay\"> <div class=\"overlay-circle\"><\/div> <div class=\"links-wrapper\"> <div class=\"links\"> <div class=\"caption\"> <a href=\"https:\/\/www.green-solutions.info\/es\/un-mapa-de-senderismo-y-marcha-nordica-para-bad-griesbach\/\" class=\"portfolio-item-link\"> <span class=\"screen-reader-text\">Un mapa de senderismo y marcha n\u00f3rdica para Bad Griesbach<\/span> <\/a> <div class=\"slide-content\"> <div class=\"slide-content-visible\"> <div class=\"title\"> <span class=\"title-h5 \">Un mapa de senderismo y marcha n\u00f3rdica para Bad Griesbach<\/span> <\/div> <\/div> <div class=\"slide-content-hidden\"> <div class=\"description\"> <div class=\"subtitle\"> <span class=\"text-body\"><p>El Servicio de Hu\u00e9spedes y Balnearios de Bad Griesbach ha encargado a green-solutions el dise\u00f1o y la realizaci\u00f3n de un mapa de senderismo y marcha n\u00f3rdica.<\/p>\n<\/span> <\/div> <\/div> <\/div> <\/div> <\/div> <\/div> <\/div> <\/div> <\/div> <\/div> <\/div> <div class=\"portfolio-item archivo-de-noticias referencias-es col-xs-12 col-sm-6 columns-desktop-5 item-animations-not-inited post-hide-date appearance-type- post-94928 post type-post status-publish format-standard has-post-thumbnail category-archivo-de-noticias category-referencias-es\" data-default-sort=\"530\" data-sort-date=\"1600906366\"> <div class=\"wrap clearfix\"> <div class=\"image post-94928 post type-post status-publish format-standard has-post-thumbnail category-archivo-de-noticias category-referencias-es\"> <div class=\"image-inner \"> <picture> <img src=\"https:\/\/www.green-solutions.info\/wp-content\/uploads\/2026\/04\/transparent-thegem-product-justified-square-m.png\" width=\"400\" height=\"400\" class=\"attachment-thegem-product-justified-square-m\" alt=\"Se est\u00e1 instalando la se\u00f1alizaci\u00f3n BTT en los Alpes Chiemgau\" \/> <\/picture> <div class=\"post-featured-content\"><a href=\"https:\/\/www.green-solutions.info\/es\/se-esta-instalando-la-senalizacion-btt-en-los-alpes-chiemgau\/\"> <picture> <source srcset=\"https:\/\/www.green-solutions.info\/wp-content\/uploads\/2020\/09\/web_mtb_montage_06_ents-thegem-product-justified-square-m.jpg 1x\" sizes=\"100vw\"> <img src=\"https:\/\/www.green-solutions.info\/wp-content\/uploads\/2020\/09\/web_mtb_montage_06_ents-thegem-product-justified-square-m.jpg\" width=\"400\" height=\"400\" class=\"img-responsive\" alt=\"web_mtb_montage_06_ents\" \/> <\/picture> <\/a><\/div> <\/div> <div class=\"overlay\"> <div class=\"overlay-circle\"><\/div> <div class=\"links-wrapper\"> <div class=\"links\"> <div class=\"caption\"> <a href=\"https:\/\/www.green-solutions.info\/es\/se-esta-instalando-la-senalizacion-btt-en-los-alpes-chiemgau\/\" class=\"portfolio-item-link\"> <span class=\"screen-reader-text\">Se est\u00e1 instalando la se\u00f1alizaci\u00f3n BTT en los Alpes Chiemgau<\/span> <\/a> <div class=\"slide-content\"> <div class=\"slide-content-visible\"> <div class=\"title\"> <span class=\"title-h5 \">Se est\u00e1 instalando la se\u00f1alizaci\u00f3n BTT en los Alpes Chiemgau<\/span> <\/div> <\/div> <div class=\"slide-content-hidden\"> <div class=\"description\"> <div class=\"subtitle\"> <span class=\"text-body\"><p>Se instala la se\u00f1alizaci\u00f3n MTB<\/p>\n<\/span> <\/div> <\/div> <\/div> <\/div> <\/div> <\/div> <\/div> <\/div> <\/div> <\/div> <\/div> <div class=\"portfolio-item archivo-de-noticias referencias-es col-xs-12 col-sm-6 columns-desktop-5 item-animations-not-inited post-hide-date appearance-type- post-95015 post type-post status-publish format-standard has-post-thumbnail category-archivo-de-noticias category-referencias-es\" data-default-sort=\"288\" data-sort-date=\"1594297549\"> <div class=\"wrap clearfix\"> <div class=\"image post-95015 post type-post status-publish format-standard has-post-thumbnail category-archivo-de-noticias category-referencias-es\"> <div class=\"image-inner \"> <picture> <img src=\"https:\/\/www.green-solutions.info\/wp-content\/uploads\/2026\/04\/transparent-thegem-product-justified-square-m.png\" width=\"400\" height=\"400\" class=\"attachment-thegem-product-justified-square-m\" alt=\"rad &amp; tour &#8211; Emsland Tourismus\" \/> <\/picture> <div class=\"post-featured-content\"><a href=\"https:\/\/www.green-solutions.info\/es\/rad-tour-emsland-tourismus\/\"> <picture> <source srcset=\"https:\/\/www.green-solutions.info\/wp-content\/uploads\/2020\/07\/rad_tour_emsland-thegem-product-justified-square-m.jpg 1x\" sizes=\"100vw\"> <img src=\"https:\/\/www.green-solutions.info\/wp-content\/uploads\/2020\/07\/rad_tour_emsland-thegem-product-justified-square-m.jpg\" width=\"400\" height=\"400\" class=\"img-responsive\" alt=\"rad_tour_emsland\" \/> <\/picture> <\/a><\/div> <\/div> <div class=\"overlay\"> <div class=\"overlay-circle\"><\/div> <div class=\"links-wrapper\"> <div class=\"links\"> <div class=\"caption\"> <a href=\"https:\/\/www.green-solutions.info\/es\/rad-tour-emsland-tourismus\/\" class=\"portfolio-item-link\"> <span class=\"screen-reader-text\">rad &amp; tour &#8211; Emsland Tourismus<\/span> <\/a> <div class=\"slide-content\"> <div class=\"slide-content-visible\"> <div class=\"title\"> <span class=\"title-h5 \">rad &amp; tour &#8211; Emsland Tourismus<\/span> <\/div> <\/div> <div class=\"slide-content-hidden\"> <div class=\"description\"> <div class=\"subtitle\"> <span class=\"text-body\"><p>El sur de Emsland y Grafschaft Bentheim son regiones de ocio perfectas para el ciclismo.<\/p>\n<\/span> <\/div> <\/div> <\/div> <\/div> <\/div> <\/div> <\/div> <\/div> <\/div> <\/div> <\/div> <div class=\"portfolio-item archivo-de-noticias referencias-es col-xs-12 col-sm-6 columns-desktop-5 item-animations-not-inited post-hide-date appearance-type- post-95541 post type-post status-publish format-standard has-post-thumbnail category-archivo-de-noticias category-referencias-es\" data-default-sort=\"521\" data-sort-date=\"1589987733\"> <div class=\"wrap clearfix\"> <div class=\"image post-95541 post type-post status-publish format-standard has-post-thumbnail category-archivo-de-noticias category-referencias-es\"> <div class=\"image-inner \"> <picture> <img src=\"https:\/\/www.green-solutions.info\/wp-content\/uploads\/2026\/04\/transparent-thegem-product-justified-square-m.png\" width=\"400\" height=\"400\" class=\"attachment-thegem-product-justified-square-m\" alt=\"El Emsland: la segunda regi\u00f3n de vacaciones en bicicleta m\u00e1s popular de Alemania\" \/> <\/picture> <div class=\"post-featured-content\"><a href=\"https:\/\/www.green-solutions.info\/es\/el-emsland-la-segunda-region-de-vacaciones-en-bicicleta-mas-popular-de-alemania\/\"> <picture> <source srcset=\"https:\/\/www.green-solutions.info\/wp-content\/uploads\/2020\/05\/emsland_RadExpress-thegem-product-justified-square-m.jpg 1x\" sizes=\"100vw\"> <img src=\"https:\/\/www.green-solutions.info\/wp-content\/uploads\/2020\/05\/emsland_RadExpress-thegem-product-justified-square-m.jpg\" width=\"400\" height=\"400\" class=\"img-responsive\" alt=\"emsland_RadExpress\" \/> <\/picture> <\/a><\/div> <\/div> <div class=\"overlay\"> <div class=\"overlay-circle\"><\/div> <div class=\"links-wrapper\"> <div class=\"links\"> <div class=\"caption\"> <a href=\"https:\/\/www.green-solutions.info\/es\/el-emsland-la-segunda-region-de-vacaciones-en-bicicleta-mas-popular-de-alemania\/\" class=\"portfolio-item-link\"> <span class=\"screen-reader-text\">El Emsland: la segunda regi\u00f3n de vacaciones en bicicleta m\u00e1s popular de Alemania<\/span> <\/a> <div class=\"slide-content\"> <div class=\"slide-content-visible\"> <div class=\"title\"> <span class=\"title-h5 \">El Emsland: la segunda regi\u00f3n de vacaciones en bicicleta m\u00e1s popular de Alemania<\/span> <\/div> <\/div> <div class=\"slide-content-hidden\"> <div class=\"description\"> <div class=\"subtitle\"> <span class=\"text-body\"><p>El Emsland: la segunda regi\u00f3n de vacaciones en bicicleta m\u00e1s popular de Alemania<\/p>\n<\/span> <\/div> <\/div> <\/div> <\/div> <\/div> <\/div> <\/div> <\/div> <\/div> <\/div> <\/div> <div class=\"portfolio-item archivo-de-noticias referencias-es col-xs-12 col-sm-6 columns-desktop-5 item-animations-not-inited post-hide-date appearance-type- post-95875 post type-post status-publish format-standard has-post-thumbnail category-archivo-de-noticias category-referencias-es\" data-default-sort=\"40\" data-sort-date=\"1589243984\"> <div class=\"wrap clearfix\"> <div class=\"image post-95875 post type-post status-publish format-standard has-post-thumbnail category-archivo-de-noticias category-referencias-es\"> <div class=\"image-inner \"> <picture> <img src=\"https:\/\/www.green-solutions.info\/wp-content\/uploads\/2026\/04\/transparent-thegem-product-justified-square-m.png\" width=\"400\" height=\"400\" class=\"attachment-thegem-product-justified-square-m\" alt=\"Trans-Bayerwald galardonada: 3er LUGAR en el Premio ADAC de Turismo\" \/> <\/picture> <div class=\"post-featured-content\"><a href=\"https:\/\/www.green-solutions.info\/es\/trans-bayerwald-galardonada-3er-lugar-en-el-premio-adac-de-turismo\/\"> <picture> <source srcset=\"https:\/\/www.green-solutions.info\/wp-content\/uploads\/2020\/05\/tbw_preis_ents-thegem-product-justified-square-m.jpg 1x\" sizes=\"100vw\"> <img src=\"https:\/\/www.green-solutions.info\/wp-content\/uploads\/2020\/05\/tbw_preis_ents-thegem-product-justified-square-m.jpg\" width=\"400\" height=\"400\" class=\"img-responsive\" alt=\"tbw_preis_ents\" \/> <\/picture> <\/a><\/div> <\/div> <div class=\"overlay\"> <div class=\"overlay-circle\"><\/div> <div class=\"links-wrapper\"> <div class=\"links\"> <div class=\"caption\"> <a href=\"https:\/\/www.green-solutions.info\/es\/trans-bayerwald-galardonada-3er-lugar-en-el-premio-adac-de-turismo\/\" class=\"portfolio-item-link\"> <span class=\"screen-reader-text\">Trans-Bayerwald galardonada: 3er LUGAR en el Premio ADAC de Turismo<\/span> <\/a> <div class=\"slide-content\"> <div class=\"slide-content-visible\"> <div class=\"title\"> <span class=\"title-h5 \">Trans-Bayerwald galardonada: 3er LUGAR en el Premio ADAC de Turismo<\/span> <\/div> <\/div> <div class=\"slide-content-hidden\"> <div class=\"description\"> <div class=\"subtitle\"> <span class=\"text-body\"><p>Trans-Bayerwald galardonada: 3er LUGAR en el Premio ADAC de Turismo Baviera 2020<\/p>\n<\/span> <\/div> <\/div> <\/div> <\/div> <\/div> <\/div> <\/div> <\/div> <\/div> <\/div> <\/div> <div class=\"portfolio-item archivo-de-noticias referencias-es col-xs-12 col-sm-6 columns-desktop-5 item-animations-not-inited post-hide-date appearance-type- post-96573 post type-post status-publish format-standard has-post-thumbnail category-archivo-de-noticias category-referencias-es\" data-default-sort=\"536\" data-sort-date=\"1583488371\"> <div class=\"wrap clearfix\"> <div class=\"image post-96573 post type-post status-publish format-standard has-post-thumbnail category-archivo-de-noticias category-referencias-es\"> <div class=\"image-inner \"> <picture> <img src=\"https:\/\/www.green-solutions.info\/wp-content\/uploads\/2026\/04\/transparent-thegem-product-justified-square-m.png\" width=\"400\" height=\"400\" class=\"attachment-thegem-product-justified-square-m\" alt=\"Gesti\u00f3n de la calidad en el Parque Natural de los Alpes de Ammergau\" \/> <\/picture> <div class=\"post-featured-content\"><a href=\"https:\/\/www.green-solutions.info\/es\/gestion-de-la-calidad-en-el-parque-natural-de-los-alpes-de-ammergau\/\"> <picture> <source srcset=\"https:\/\/www.green-solutions.info\/wp-content\/uploads\/2020\/03\/ammergauer_alpen_beitrag_ent-thegem-product-justified-square-m.jpg 1x\" sizes=\"100vw\"> <img src=\"https:\/\/www.green-solutions.info\/wp-content\/uploads\/2020\/03\/ammergauer_alpen_beitrag_ent-thegem-product-justified-square-m.jpg\" width=\"400\" height=\"400\" class=\"img-responsive\" alt=\"ammergauer_alpen_beitrag_ent\" \/> <\/picture> <\/a><\/div> <\/div> <div class=\"overlay\"> <div class=\"overlay-circle\"><\/div> <div class=\"links-wrapper\"> <div class=\"links\"> <div class=\"caption\"> <a href=\"https:\/\/www.green-solutions.info\/es\/gestion-de-la-calidad-en-el-parque-natural-de-los-alpes-de-ammergau\/\" class=\"portfolio-item-link\"> <span class=\"screen-reader-text\">Gesti\u00f3n de la calidad en el Parque Natural de los Alpes de Ammergau<\/span> <\/a> <div class=\"slide-content\"> <div class=\"slide-content-visible\"> <div class=\"title\"> <span class=\"title-h5 \">Gesti\u00f3n de la calidad en el Parque Natural de los Alpes de Ammergau<\/span> <\/div> <\/div> <div class=\"slide-content-hidden\"> <div class=\"description\"> <div class=\"subtitle\"> <span class=\"text-body\"><p>La digitalizaci\u00f3n en los Alpes de Ammergau se hace visible<\/p>\n<\/span> <\/div> <\/div> <\/div> <\/div> <\/div> <\/div> <\/div> <\/div> <\/div> <\/div> <\/div> <div class=\"portfolio-item archivo-de-noticias referencias-es col-xs-12 col-sm-6 columns-desktop-5 item-animations-not-inited post-hide-date appearance-type- post-96492 post type-post status-publish format-standard has-post-thumbnail category-archivo-de-noticias category-referencias-es\" data-default-sort=\"45\" data-sort-date=\"1582906577\"> <div class=\"wrap clearfix\"> <div class=\"image post-96492 post type-post status-publish format-standard has-post-thumbnail category-archivo-de-noticias category-referencias-es\"> <div class=\"image-inner \"> <picture> <img src=\"https:\/\/www.green-solutions.info\/wp-content\/uploads\/2026\/04\/transparent-thegem-product-justified-square-m.png\" width=\"400\" height=\"400\" class=\"attachment-thegem-product-justified-square-m\" alt=\"Baviera cuenta con un nuevo sistema de orientaci\u00f3n MTB\" \/> <\/picture> <div class=\"post-featured-content\"><a href=\"https:\/\/www.green-solutions.info\/es\/baviera-cuenta-con-un-nuevo-sistema-de-orientacion-mtb\/\"> <picture> <source srcset=\"https:\/\/www.green-solutions.info\/wp-content\/uploads\/2020\/02\/mtb-chiemgau-1_enst-thegem-product-justified-square-m.jpg 1x\" sizes=\"100vw\"> <img src=\"https:\/\/www.green-solutions.info\/wp-content\/uploads\/2020\/02\/mtb-chiemgau-1_enst-thegem-product-justified-square-m.jpg\" width=\"400\" height=\"400\" class=\"img-responsive\" alt=\"mtb-chiemgau-1_enst\" \/> <\/picture> <\/a><\/div> <\/div> <div class=\"overlay\"> <div class=\"overlay-circle\"><\/div> <div class=\"links-wrapper\"> <div class=\"links\"> <div class=\"caption\"> <a href=\"https:\/\/www.green-solutions.info\/es\/baviera-cuenta-con-un-nuevo-sistema-de-orientacion-mtb\/\" class=\"portfolio-item-link\"> <span class=\"screen-reader-text\">Baviera cuenta con un nuevo sistema de orientaci\u00f3n MTB<\/span> <\/a> <div class=\"slide-content\"> <div class=\"slide-content-visible\"> <div class=\"title\"> <span class=\"title-h5 \">Baviera cuenta con un nuevo sistema de orientaci\u00f3n MTB<\/span> <\/div> <\/div> <div class=\"slide-content-hidden\"> <div class=\"description\"> <div class=\"subtitle\"> <span class=\"text-body\"><p>Baviera cuenta con un nuevo sistema de orientaci\u00f3n MTB<\/p>\n<\/span> <\/div> <\/div> <\/div> <\/div> <\/div> <\/div> <\/div> <\/div> <\/div> <\/div> <\/div> <div class=\"portfolio-item archivo-de-noticias referencias-es col-xs-12 col-sm-6 columns-desktop-5 item-animations-not-inited post-hide-date appearance-type- post-96584 post type-post status-publish format-standard has-post-thumbnail category-archivo-de-noticias category-referencias-es\" data-default-sort=\"545\" data-sort-date=\"1581503031\"> <div class=\"wrap clearfix\"> <div class=\"image post-96584 post type-post status-publish format-standard has-post-thumbnail category-archivo-de-noticias category-referencias-es\"> <div class=\"image-inner \"> <picture> <img src=\"https:\/\/www.green-solutions.info\/wp-content\/uploads\/2026\/04\/transparent-thegem-product-justified-square-m.png\" width=\"400\" height=\"400\" class=\"attachment-thegem-product-justified-square-m\" alt=\"Tarjeta WineExperienceCard de green-solutions\" \/> <\/picture> <div class=\"post-featured-content\"><a href=\"https:\/\/www.green-solutions.info\/es\/tarjeta-wineexperiencecard-de-green-solutions\/\"> <picture> <source srcset=\"https:\/\/www.green-solutions.info\/wp-content\/uploads\/2020\/02\/heilbronnerlanad_beitrag_ents-thegem-product-justified-square-m.jpg 1x\" sizes=\"100vw\"> <img src=\"https:\/\/www.green-solutions.info\/wp-content\/uploads\/2020\/02\/heilbronnerlanad_beitrag_ents-thegem-product-justified-square-m.jpg\" width=\"400\" height=\"400\" class=\"img-responsive\" alt=\"heilbronnerlanad_beitrag_ents\" \/> <\/picture> <\/a><\/div> <\/div> <div class=\"overlay\"> <div class=\"overlay-circle\"><\/div> <div class=\"links-wrapper\"> <div class=\"links\"> <div class=\"caption\"> <a href=\"https:\/\/www.green-solutions.info\/es\/tarjeta-wineexperiencecard-de-green-solutions\/\" class=\"portfolio-item-link\"> <span class=\"screen-reader-text\">Tarjeta WineExperienceCard de green-solutions<\/span> <\/a> <div class=\"slide-content\"> <div class=\"slide-content-visible\"> <div class=\"title\"> <span class=\"title-h5 \">Tarjeta WineExperienceCard de green-solutions<\/span> <\/div> <\/div> <div class=\"slide-content-hidden\"> <div class=\"description\"> <div class=\"subtitle\"> <span class=\"text-body\"><p>WineExperienceMap en la regi\u00f3n de Heilbronn realizado por green-solutions<\/p>\n<\/span> <\/div> <\/div> <\/div> <\/div> <\/div> <\/div> <\/div> <\/div> <\/div> <\/div> <\/div> <div class=\"portfolio-item archivo-de-noticias referencias-es col-xs-12 col-sm-6 columns-desktop-5 item-animations-not-inited post-hide-date appearance-type- post-91988 post type-post status-publish format-standard has-post-thumbnail category-archivo-de-noticias category-referencias-es\" data-default-sort=\"545\" data-sort-date=\"1580158496\"> <div class=\"wrap clearfix\"> <div class=\"image post-91988 post type-post status-publish format-standard has-post-thumbnail category-archivo-de-noticias category-referencias-es\"> <div class=\"image-inner \"> <picture> <img src=\"https:\/\/www.green-solutions.info\/wp-content\/uploads\/2026\/04\/transparent-thegem-product-justified-square-m.png\" width=\"400\" height=\"400\" class=\"attachment-thegem-product-justified-square-m\" alt=\"Tannheimer Tal conf\u00eda en el gestor de senderos\" \/> <\/picture> <div class=\"post-featured-content\"><a href=\"https:\/\/www.green-solutions.info\/es\/tannheimer-tal-confia-en-el-gestor-de-senderos\/\"> <picture> <source srcset=\"https:\/\/www.green-solutions.info\/wp-content\/uploads\/2020\/01\/tannheimer-tal_ents-thegem-product-justified-square-m.jpg 1x\" sizes=\"100vw\"> <img src=\"https:\/\/www.green-solutions.info\/wp-content\/uploads\/2020\/01\/tannheimer-tal_ents-thegem-product-justified-square-m.jpg\" width=\"400\" height=\"400\" class=\"img-responsive\" alt=\"tannheimer-tal_ents\" \/> <\/picture> <\/a><\/div> <\/div> <div class=\"overlay\"> <div class=\"overlay-circle\"><\/div> <div class=\"links-wrapper\"> <div class=\"links\"> <div class=\"caption\"> <a href=\"https:\/\/www.green-solutions.info\/es\/tannheimer-tal-confia-en-el-gestor-de-senderos\/\" class=\"portfolio-item-link\"> <span class=\"screen-reader-text\">Tannheimer Tal conf\u00eda en el gestor de senderos<\/span> <\/a> <div class=\"slide-content\"> <div class=\"slide-content-visible\"> <div class=\"title\"> <span class=\"title-h5 \">Tannheimer Tal conf\u00eda en el gestor de senderos<\/span> <\/div> <\/div> <div class=\"slide-content-hidden\"> <div class=\"description\"> <div class=\"subtitle\"> <span class=\"text-body\"><p>Tannheimer Tal conf\u00eda en el gestor de senderos<\/p>\n<\/span> <\/div> <\/div> <\/div> <\/div> <\/div> <\/div> <\/div> <\/div> <\/div> <\/div> <\/div> <div class=\"portfolio-item archivo-de-noticias referencias-es col-xs-12 col-sm-6 columns-desktop-5 item-animations-not-inited post-hide-date appearance-type- post-90111 post type-post status-publish format-standard has-post-thumbnail category-archivo-de-noticias category-referencias-es tag-carriles-bici tag-cicloviajeregion tag-green-solutions-es tag-planificacion tag-senalizacion-fgsv tag-tourinfra-es tag-tourinfra-movil\" data-default-sort=\"112\" data-sort-date=\"1580001000\"> <div class=\"wrap clearfix\"> <div class=\"image post-90111 post type-post status-publish format-standard has-post-thumbnail category-archivo-de-noticias category-referencias-es tag-carriles-bici tag-cicloviajeregion tag-green-solutions-es tag-planificacion tag-senalizacion-fgsv tag-tourinfra-es tag-tourinfra-movil\"> <div class=\"image-inner \"> <picture> <img src=\"https:\/\/www.green-solutions.info\/wp-content\/uploads\/2026\/04\/transparent-thegem-product-justified-square-m.png\" width=\"400\" height=\"400\" class=\"attachment-thegem-product-justified-square-m\" alt=\"\u00c9xito de nuestra planificaci\u00f3n &#8211; Inn-Salzach se convierte en una CycleTravelRegion\" \/> <\/picture> <div class=\"post-featured-content\"><a href=\"https:\/\/www.green-solutions.info\/es\/exito-de-nuestra-planificacion-inn-salzach-se-convierte-en-una-cycletravelregion\/\"> <picture> <source srcset=\"https:\/\/www.green-solutions.info\/wp-content\/uploads\/2020\/01\/inn-salzach-beitrag_ents-thegem-product-justified-square-m.jpg 1x\" sizes=\"100vw\"> <img src=\"https:\/\/www.green-solutions.info\/wp-content\/uploads\/2020\/01\/inn-salzach-beitrag_ents-thegem-product-justified-square-m.jpg\" width=\"400\" height=\"400\" class=\"img-responsive\" alt=\"inn-salzach-beitrag_ents\" \/> <\/picture> <\/a><\/div> <\/div> <div class=\"overlay\"> <div class=\"overlay-circle\"><\/div> <div class=\"links-wrapper\"> <div class=\"links\"> <div class=\"caption\"> <a href=\"https:\/\/www.green-solutions.info\/es\/exito-de-nuestra-planificacion-inn-salzach-se-convierte-en-una-cycletravelregion\/\" class=\"portfolio-item-link\"> <span class=\"screen-reader-text\">\u00c9xito de nuestra planificaci\u00f3n &#8211; Inn-Salzach se convierte en una CycleTravelRegion<\/span> <\/a> <div class=\"slide-content\"> <div class=\"slide-content-visible\"> <div class=\"title\"> <span class=\"title-h5 \">\u00c9xito de nuestra planificaci\u00f3n &#8211; Inn-Salzach se convierte en una CycleTravelRegion<\/span> <\/div> <\/div> <div class=\"slide-content-hidden\"> <div class=\"description\"> <div class=\"subtitle\"> <span class=\"text-body\"><p>\u00c9xito de nuestra planificaci\u00f3n &#8211; Inn-Salzach se convierte en una CycleTravelRegion<\/p>\n<\/span> <\/div> <\/div> <\/div> <\/div> <\/div> <\/div> <\/div> <\/div> <\/div> <\/div> <\/div> <div class=\"portfolio-item archivo-de-noticias referencias-es tourinfra-es col-xs-12 col-sm-6 columns-desktop-5 item-animations-not-inited post-hide-date appearance-type- post-92021 post type-post status-publish format-standard has-post-thumbnail category-archivo-de-noticias category-referencias-es category-tourinfra-es tag-gestor-de-senderos tag-modulo-de-sendero tag-tourinfra-es\" data-default-sort=\"193\" data-sort-date=\"1576966859\"> <div class=\"wrap clearfix\"> <div class=\"image post-92021 post type-post status-publish format-standard has-post-thumbnail category-archivo-de-noticias category-referencias-es category-tourinfra-es tag-gestor-de-senderos tag-modulo-de-sendero tag-tourinfra-es\"> <div class=\"image-inner \"> <picture> <img src=\"https:\/\/www.green-solutions.info\/wp-content\/uploads\/2026\/04\/transparent-thegem-product-justified-square-m.png\" width=\"400\" height=\"400\" class=\"attachment-thegem-product-justified-square-m\" alt=\"El director de Trail est\u00e1 listo para la temporada en los Alpes\" \/> <\/picture> <div class=\"post-featured-content\"><a href=\"https:\/\/www.green-solutions.info\/es\/el-director-de-trail-esta-listo-para-la-temporada-en-los-alpes\/\"> <picture> <source srcset=\"https:\/\/www.green-solutions.info\/wp-content\/uploads\/2019\/12\/loipenmanager_gr_ents-thegem-product-justified-square-m.jpg 1x\" sizes=\"100vw\"> <img src=\"https:\/\/www.green-solutions.info\/wp-content\/uploads\/2019\/12\/loipenmanager_gr_ents-thegem-product-justified-square-m.jpg\" width=\"400\" height=\"400\" class=\"img-responsive\" alt=\"loipenmanager_gr_ents\" \/> <\/picture> <\/a><\/div> <\/div> <div class=\"overlay\"> <div class=\"overlay-circle\"><\/div> <div class=\"links-wrapper\"> <div class=\"links\"> <div class=\"caption\"> <a href=\"https:\/\/www.green-solutions.info\/es\/el-director-de-trail-esta-listo-para-la-temporada-en-los-alpes\/\" class=\"portfolio-item-link\"> <span class=\"screen-reader-text\">El director de Trail est\u00e1 listo para la temporada en los Alpes<\/span> <\/a> <div class=\"slide-content\"> <div class=\"slide-content-visible\"> <div class=\"title\"> <span class=\"title-h5 \">El director de Trail est\u00e1 listo para la temporada en los Alpes<\/span> <\/div> <\/div> <div class=\"slide-content-hidden\"> <div class=\"description\"> <div class=\"subtitle\"> <span class=\"text-body\"><p>El director de Trail est\u00e1 listo para la temporada en los Alpes<\/p>\n<\/span> <\/div> <\/div> <\/div> <\/div> <\/div> <\/div> <\/div> <\/div> <\/div> <\/div> <\/div> <div class=\"portfolio-item archivo-de-noticias referencias-es sin-categorizar col-xs-12 col-sm-6 columns-desktop-5 item-animations-not-inited post-hide-date appearance-type- post-92096 post type-post status-publish format-standard has-post-thumbnail category-archivo-de-noticias category-referencias-es category-sin-categorizar tag-carril-bici-de-la-posada tag-cartografia tag-cicloturismo tag-folleto tag-osm-es tag-pagina-de-inicio tag-tourinfra-es\" data-default-sort=\"513\" data-sort-date=\"1574008394\"> <div class=\"wrap clearfix\"> <div class=\"image post-92096 post type-post status-publish format-standard has-post-thumbnail category-archivo-de-noticias category-referencias-es category-sin-categorizar tag-carril-bici-de-la-posada tag-cartografia tag-cicloturismo tag-folleto tag-osm-es tag-pagina-de-inicio tag-tourinfra-es\"> <div class=\"image-inner \"> <picture> <img src=\"https:\/\/www.green-solutions.info\/wp-content\/uploads\/2026\/04\/transparent-thegem-product-justified-square-m.png\" width=\"400\" height=\"400\" class=\"attachment-thegem-product-justified-square-m\" alt=\"Folleto ciclista Carril bici de la posada\" \/> <\/picture> <div class=\"post-featured-content\"><a href=\"https:\/\/www.green-solutions.info\/es\/folleto-ciclista-carril-bici-de-la-posada\/\"> <picture> <source srcset=\"https:\/\/www.green-solutions.info\/wp-content\/uploads\/2019\/11\/inn-radweg-beitrag_ents-1-thegem-product-justified-square-m.jpg 1x\" sizes=\"100vw\"> <img src=\"https:\/\/www.green-solutions.info\/wp-content\/uploads\/2019\/11\/inn-radweg-beitrag_ents-1-thegem-product-justified-square-m.jpg\" width=\"400\" height=\"400\" class=\"img-responsive\" alt=\"inn-radweg-beitrag_ents\" \/> <\/picture> <\/a><\/div> <\/div> <div class=\"overlay\"> <div class=\"overlay-circle\"><\/div> <div class=\"links-wrapper\"> <div class=\"links\"> <div class=\"caption\"> <a href=\"https:\/\/www.green-solutions.info\/es\/folleto-ciclista-carril-bici-de-la-posada\/\" class=\"portfolio-item-link\"> <span class=\"screen-reader-text\">Folleto ciclista Carril bici de la posada<\/span> <\/a> <div class=\"slide-content\"> <div class=\"slide-content-visible\"> <div class=\"title\"> <span class=\"title-h5 \">Folleto ciclista Carril bici de la posada<\/span> <\/div> <\/div> <div class=\"slide-content-hidden\"> <div class=\"description\"> <div class=\"subtitle\"> <span class=\"text-body\"><p>Folleto ciclista para el carril bici de la Posada<\/p>\n<\/span> <\/div> <\/div> <\/div> <\/div> <\/div> <\/div> <\/div> <\/div> <\/div> <\/div> <\/div> <div class=\"portfolio-item archivo-de-noticias referencias-es sin-categorizar col-xs-12 col-sm-6 columns-desktop-5 item-animations-not-inited post-hide-date appearance-type- post-92225 post type-post status-publish format-standard has-post-thumbnail category-archivo-de-noticias category-referencias-es category-sin-categorizar tag-alto-palatinado-es tag-modulo-de-visitas tag-naturaleza-navi tag-pagina-de-inicio tag-tourinfra-es\" data-default-sort=\"217\" data-sort-date=\"1573003692\"> <div class=\"wrap clearfix\"> <div class=\"image post-92225 post type-post status-publish format-standard has-post-thumbnail category-archivo-de-noticias category-referencias-es category-sin-categorizar tag-alto-palatinado-es tag-modulo-de-visitas tag-naturaleza-navi tag-pagina-de-inicio tag-tourinfra-es\"> <div class=\"image-inner \"> <picture> <img src=\"https:\/\/www.green-solutions.info\/wp-content\/uploads\/2026\/04\/transparent-thegem-product-justified-square-m.png\" width=\"400\" height=\"400\" class=\"attachment-thegem-product-justified-square-m\" alt=\"Nature Navi entra en funcionamiento en el bosque del Alto Palatinado\" \/> <\/picture> <div class=\"post-featured-content\"><a href=\"https:\/\/www.green-solutions.info\/es\/nature-navi-entra-en-funcionamiento-en-el-bosque-del-alto-palatinado\/\"> <picture> <source srcset=\"https:\/\/www.green-solutions.info\/wp-content\/uploads\/2019\/11\/oberpfaelzter_natur-navi_ents-thegem-product-justified-square-m.jpg 1x\" sizes=\"100vw\"> <img src=\"https:\/\/www.green-solutions.info\/wp-content\/uploads\/2019\/11\/oberpfaelzter_natur-navi_ents-thegem-product-justified-square-m.jpg\" width=\"400\" height=\"400\" class=\"img-responsive\" alt=\"oberpfaelzter_natur-navi_ents\" \/> <\/picture> <\/a><\/div> <\/div> <div class=\"overlay\"> <div class=\"overlay-circle\"><\/div> <div class=\"links-wrapper\"> <div class=\"links\"> <div class=\"caption\"> <a href=\"https:\/\/www.green-solutions.info\/es\/nature-navi-entra-en-funcionamiento-en-el-bosque-del-alto-palatinado\/\" class=\"portfolio-item-link\"> <span class=\"screen-reader-text\">Nature Navi entra en funcionamiento en el bosque del Alto Palatinado<\/span> <\/a> <div class=\"slide-content\"> <div class=\"slide-content-visible\"> <div class=\"title\"> <span class=\"title-h5 \">Nature Navi entra en funcionamiento en el bosque del Alto Palatinado<\/span> <\/div> <\/div> <div class=\"slide-content-hidden\"> <div class=\"description\"> <div class=\"subtitle\"> <span class=\"text-body\"><p>Nature Navi entra en funcionamiento. El resultado del proyecto constituye la base de los futuros m\u00f3dulos tur\u00edsticos de green-solutions <\/p>\n<\/span> <\/div> <\/div> <\/div> <\/div> <\/div> <\/div> <\/div> <\/div> <\/div> <\/div> <\/div> <div class=\"portfolio-item archivo-de-noticias cartografia-es referencias-es sin-categorizar col-xs-12 col-sm-6 columns-desktop-5 item-animations-not-inited post-hide-date appearance-type- post-92440 post type-post status-publish format-standard has-post-thumbnail category-archivo-de-noticias category-cartografia-es category-referencias-es category-sin-categorizar tag-alpes-de-ammergau-es tag-cartografia tag-mapa-de-senderismo tag-pagina-de-inicio tag-rutas-de-senderismo-es-2 tag-tourinfra-es\" data-default-sort=\"434\" data-sort-date=\"1572996426\"> <div class=\"wrap clearfix\"> <div class=\"image post-92440 post type-post status-publish format-standard has-post-thumbnail category-archivo-de-noticias category-cartografia-es category-referencias-es category-sin-categorizar tag-alpes-de-ammergau-es tag-cartografia tag-mapa-de-senderismo tag-pagina-de-inicio tag-rutas-de-senderismo-es-2 tag-tourinfra-es\"> <div class=\"image-inner \"> <picture> <img src=\"https:\/\/www.green-solutions.info\/wp-content\/uploads\/2026\/04\/transparent-thegem-product-justified-square-m.png\" width=\"400\" height=\"400\" class=\"attachment-thegem-product-justified-square-m\" alt=\"Mapa de senderismo Alpes de Ammergau\" \/> <\/picture> <div class=\"post-featured-content\"><a href=\"https:\/\/www.green-solutions.info\/es\/mapa-de-senderismo-alpes-de-ammergau\/\"> <picture> <source srcset=\"https:\/\/www.green-solutions.info\/wp-content\/uploads\/2019\/11\/karte_beitrag_ents-thegem-product-justified-square-m.jpg 1x\" sizes=\"100vw\"> <img src=\"https:\/\/www.green-solutions.info\/wp-content\/uploads\/2019\/11\/karte_beitrag_ents-thegem-product-justified-square-m.jpg\" width=\"400\" height=\"400\" class=\"img-responsive\" alt=\"karte_beitrag_ents\" \/> <\/picture> <\/a><\/div> <\/div> <div class=\"overlay\"> <div class=\"overlay-circle\"><\/div> <div class=\"links-wrapper\"> <div class=\"links\"> <div class=\"caption\"> <a href=\"https:\/\/www.green-solutions.info\/es\/mapa-de-senderismo-alpes-de-ammergau\/\" class=\"portfolio-item-link\"> <span class=\"screen-reader-text\">Mapa de senderismo Alpes de Ammergau<\/span> <\/a> <div class=\"slide-content\"> <div class=\"slide-content-visible\"> <div class=\"title\"> <span class=\"title-h5 \">Mapa de senderismo Alpes de Ammergau<\/span> <\/div> <\/div> <div class=\"slide-content-hidden\"> <div class=\"description\"> <div class=\"subtitle\"> <span class=\"text-body\"><p>El extenso mapa de senderismo se cre\u00f3 en estrecha colaboraci\u00f3n con el equipo de Ammergauer Alpen GmbH. Los hu\u00e9spedes no s\u00f3lo encontrar\u00e1n una gran variedad de senderos tem\u00e1ticos y excursiones a caba\u00f1as, sino tambi\u00e9n rutas de senderismo invernal y excursiones alpinas de monta\u00f1a. <\/p>\n<\/span> <\/div> <\/div> <\/div> <\/div> <\/div> <\/div> <\/div> <\/div> <\/div> <\/div> <\/div> <\/div><!-- .portflio-set --> <div class=\"portfolio-item-size-container\"> <div class=\"portfolio-item col-xs-12 col-sm-6 columns-desktop-5 item-animations-not-inited post-hide-date post-92440 post type-post status-publish format-standard has-post-thumbnail category-archivo-de-noticias category-cartografia-es category-referencias-es category-sin-categorizar tag-alpes-de-ammergau-es tag-cartografia tag-mapa-de-senderismo tag-pagina-de-inicio tag-rutas-de-senderismo-es-2 tag-tourinfra-es\"> <\/div> <\/div> <\/div><!-- .row--> <div class=\"portfolio-scroll-pagination\"><\/div> <script type=\"text\/javascript\">if (typeof(gem_fix_fullwidth_position) == \"function\") { gem_fix_fullwidth_position(document.querySelector(\".portfolio-row-outer.fullwidth-block-69ee1c4b69bc1\")); }<\/script> <\/div><!-- .full-width --> <\/div><!-- .portfolio--> <\/div><!-- .portfolio-preloader-wrapper--><div class=\"clearboth\"><\/div><style>#thegem-divider-69ee1c4bca25e {margin-top: 60px !important;}<\/style><div id=\"thegem-divider-69ee1c4bca25e\" class=\"gem-divider  divider-hidden\" style=\"\" ><\/div>[\/vc_column][\/vc_row]<\/p>\n<\/div>","protected":false},"excerpt":{"rendered":"<p>[vc_row full_width=\u00bbstretch_row_content_no_spaces\u00bb equal_height=\u00bbyes\u00bb css=\u00bb.vc_custom_1550842308747{margin-bottom: 0px !important;padding-bottom: 0px !important;}\u00bb][vc_column disable_custom_paddings_mobile=\u00bbtrue\u00bb css=\u00bb.vc_custom_1554372732512{padding-right: 190px !important;padding-left: 70px !important;background: #323236 url(https:\/\/www.green-solutions.info\/wp-content\/uploads\/2019\/04\/AboutUsTitle.png?id=1914) !important;background-position: center !important;background-repeat: no-repeat&#8230;<\/p>\n","protected":false},"author":1,"featured_media":0,"parent":0,"menu_order":78,"comment_status":"closed","ping_status":"closed","template":"","meta":{"om_disable_all_campaigns":false,"_monsterinsights_skip_tracking":false,"_monsterinsights_sitenote_active":false,"_monsterinsights_sitenote_note":"","_monsterinsights_sitenote_category":0,"footnotes":""},"categories":[1286,1271,1272],"tags":[],"class_list":{"0":"post-98013","1":"page","2":"type-page","3":"status-publish","5":"category-diseno-2025","6":"category-diseno-2025-incompleto","7":"category-green-solutions-es"},"aioseo_notices":[],"_links":{"self":[{"href":"https:\/\/www.green-solutions.info\/es\/wp-json\/wp\/v2\/pages\/98013","targetHints":{"allow":["GET"]}}],"collection":[{"href":"https:\/\/www.green-solutions.info\/es\/wp-json\/wp\/v2\/pages"}],"about":[{"href":"https:\/\/www.green-solutions.info\/es\/wp-json\/wp\/v2\/types\/page"}],"author":[{"embeddable":true,"href":"https:\/\/www.green-solutions.info\/es\/wp-json\/wp\/v2\/users\/1"}],"replies":[{"embeddable":true,"href":"https:\/\/www.green-solutions.info\/es\/wp-json\/wp\/v2\/comments?post=98013"}],"version-history":[{"count":0,"href":"https:\/\/www.green-solutions.info\/es\/wp-json\/wp\/v2\/pages\/98013\/revisions"}],"wp:attachment":[{"href":"https:\/\/www.green-solutions.info\/es\/wp-json\/wp\/v2\/media?parent=98013"}],"wp:term":[{"taxonomy":"category","embeddable":true,"href":"https:\/\/www.green-solutions.info\/es\/wp-json\/wp\/v2\/categories?post=98013"},{"taxonomy":"post_tag","embeddable":true,"href":"https:\/\/www.green-solutions.info\/es\/wp-json\/wp\/v2\/tags?post=98013"}],"curies":[{"name":"wp","href":"https:\/\/api.w.org\/{rel}","templated":true}]}}